{"id":18,"date":"2025-03-19T09:30:22","date_gmt":"2025-03-19T09:30:22","guid":{"rendered":"https:\/\/iil.ee\/?page_id=18"},"modified":"2025-06-12T12:06:27","modified_gmt":"2025-06-12T09:06:27","slug":"avaleht","status":"publish","type":"page","link":"https:\/\/iil.ee\/en\/","title":{"rendered":"Home page"},"content":{"rendered":"<section class=\"bde-section-18-100 bde-section\">\n              \n  \n  \n\t    \n      <div class=\"section-background-video\">\n              <video\n          autoplay\n muted\n playsinline\n loop\n>\n        <source src=\"https:\/\/iil.ee\/wp-content\/uploads\/2025\/06\/Bussi-loop-kodukale-1.mp4\" type=\"video\/mp4\" \/>\n      <\/video>\n      <\/div>\n\n\n  <div class=\"section-background-overlay\"><\/div>\n\n\n        <div class=\"section-shape-divider-wrapper section-shape-divider-wrapper--1\">\n          <span class=\"section-shape-divider\">\n                      <svg\n                xmlns=\"http:\/\/www.w3.org\/2000\/svg\"\n                viewbox=\"0 0 1440 320\"\n                preserveaspectratio=\"none\"\n            >\n              <path fill=\"currentColor\" fill-opacity=\"1\" d=\"M0,224L48,240C96,256,192,288,288,256C384,224,480,128,576,80C672,32,768,32,864,69.3C960,107,1056,181,1152,176C1248,171,1344,85,1392,42.7L1440,0L1440,320L1392,320C1344,320,1248,320,1152,320C1056,320,960,320,864,320C768,320,672,320,576,320C480,320,384,320,288,320C192,320,96,320,48,320L0,320Z\"><\/path>\n            <\/svg>\n                    <\/span>\n      <\/div>\n  <div class=\"section-container\"><div class=\"bde-div-18-233 bde-div\">\n  \n  \n\t\n\n\n\n<h1 class=\"bde-dual-heading-18-155 bde-dual-heading\">\n\n\n            <span data-style=\"primary\" class=\"dual-heading--primary\">IIL<\/span>\n\n            <span data-style=\"primary\" class=\"dual-heading--primary\">connects<\/span>\n\n\n\n<\/h1>\n<\/div><div class=\"bde-columns-18-102 bde-columns\"><div class=\"bde-column-18-103 bde-column\">\n  \n  \n\t\n\n\n\n<a class=\"bde-container-link-18-317 bde-container-link breakdance-link\" href=\"https:\/\/ytkpohja.pilet.ee\/et\/explore\" target=\"_self\" data-type=\"url\">\n  \n  \n\t\n\n\n\n<div class=\"bde-div-18-316 bde-div\">\n  \n  \n\t\n\n\n\n<div class=\"bde-div-18-108 bde-div\">\n  \n  \n\t\n\n\n\n<h3 class=\"bde-heading-18-105 bde-heading\">\nTimetables\n<\/h3><div class=\"bde-text-18-106 bde-text\">\nWhat time do the buses leave from my stop?<br>Will my bus arrive on time?\n<\/div><div class=\"bde-div-18-110 bde-div\">\n  \n  \n\t\n\n\n\n<div class=\"bde-text-18-107 bde-text\">\nSee departure times\n<\/div><div class=\"bde-icon-18-109 bde-icon\">\n\n    \n            <div class=\"bde-icon-icon breakdance-icon-atom\" >\n    \n                    <svg xmlns=\"http:\/\/www.w3.org\/2000\/svg\" viewbox=\"0 0 448 512\"><!--! Font Awesome Free 6.5.1 by @fontawesome - https:\/\/fontawesome.com License - https:\/\/fontawesome.com\/license\/free (Icons: CC BY 4.0, Fonts: SIL OFL 1.1, Code: MIT License) Copyright 2023 Fonticons, Inc. --><path d=\"M438.6 278.6c12.5-12.5 12.5-32.8 0-45.3l-160-160c-12.5-12.5-32.8-12.5-45.3 0s-12.5 32.8 0 45.3L338.8 224 32 224c-17.7 0-32 14.3-32 32s14.3 32 32 32l306.7 0L233.4 393.4c-12.5 12.5-12.5 32.8 0 45.3s32.8 12.5 45.3 0l160-160z\"\/><\/svg>\n        \n        \n        \n            <\/div>\n    \n\n\n<\/div>\n<\/div>\n<\/div><div class=\"bde-div-18-227 bde-div\">\n  \n  \n\t\n\n\n\n<img decoding=\"async\" class=\"bde-image2-18-228 bde-image2\" src=\"https:\/\/iil.ee\/wp-content\/uploads\/2025\/04\/buss-kellaga.svg\" loading=\"lazy\">\n<\/div>\n<\/div>\n\n<\/a>\n<\/div><div class=\"bde-column-18-104 bde-column\">\n  \n  \n\t\n\n\n\n<a class=\"bde-container-link-18-319 bde-container-link breakdance-link\" href=\"https:\/\/ytkpohja.pilet.ee\/et\/journey-planner\" target=\"_self\" data-type=\"url\">\n  \n  \n\t\n\n\n\n<div class=\"bde-div-18-318 bde-div\">\n  \n  \n\t\n\n\n\n<div class=\"bde-div-18-111 bde-div\">\n  \n  \n\t\n\n\n\n<h3 class=\"bde-heading-18-112 bde-heading\">\nJourney planner\n<\/h3><div class=\"bde-text-18-113 bde-text\">\nHow can I get to my destination in comfort?\n<\/div><div class=\"bde-div-18-114 bde-div\">\n  \n  \n\t\n\n\n\n<div class=\"bde-text-18-115 bde-text\">\nPlan my journey\n<\/div><div class=\"bde-icon-18-116 bde-icon\">\n\n    \n            <div class=\"bde-icon-icon breakdance-icon-atom\" >\n    \n                    <svg xmlns=\"http:\/\/www.w3.org\/2000\/svg\" viewbox=\"0 0 448 512\"><!--! Font Awesome Free 6.5.1 by @fontawesome - https:\/\/fontawesome.com License - https:\/\/fontawesome.com\/license\/free (Icons: CC BY 4.0, Fonts: SIL OFL 1.1, Code: MIT License) Copyright 2023 Fonticons, Inc. --><path d=\"M438.6 278.6c12.5-12.5 12.5-32.8 0-45.3l-160-160c-12.5-12.5-32.8-12.5-45.3 0s-12.5 32.8 0 45.3L338.8 224 32 224c-17.7 0-32 14.3-32 32s14.3 32 32 32l306.7 0L233.4 393.4c-12.5 12.5-12.5 32.8 0 45.3s32.8 12.5 45.3 0l160-160z\"\/><\/svg>\n        \n        \n        \n            <\/div>\n    \n\n\n<\/div>\n<\/div>\n<\/div><div class=\"bde-div-18-225 bde-div\">\n  \n  \n\t\n\n\n\n<img decoding=\"async\" class=\"bde-image2-18-226 bde-image2\" src=\"https:\/\/iil.ee\/wp-content\/uploads\/2025\/05\/distants.svg\" loading=\"lazy\">\n<\/div>\n<\/div>\n\n<\/a>\n<\/div><\/div><\/div>\n<\/section><section class=\"bde-section-18-222 bde-section\">\n  \n  \n\t\n\n\n\n<div class=\"section-container\"><div class=\"bde-grid-18-223 bde-grid\">\n  \n  \n\t\n\n\n\n<a class=\"bde-container-link-18-235 bde-container-link breakdance-link\" href=\"https:\/\/iil.ee\/en\/ticket-prices\/\" target=\"_self\" data-type=\"url\">\n  \n  \n\t\n\n\n\n<div class=\"bde-div-18-130 bde-div\">\n  \n  \n\t\n\n\n\n<div class=\"bde-icon-18-124 bde-icon\">\n\n    \n            <div class=\"bde-icon-icon breakdance-icon-atom\" >\n    \n                    <svg xmlns=\"http:\/\/www.w3.org\/2000\/svg\" id=\"Layer_1\" data-name=\"Layer 1\" width=\"512\" height=\"512\" viewbox=\"0 0 512 512\">\r\n  <defs>\r\n    <style>\r\n      .cls-1 {\r\n        fill: none;\r\n        stroke: #007eff;\r\n        stroke-miterlimit: 10;\r\n        stroke-width: 15.1px;\r\n      }\r\n    <\/style>\r\n  <\/defs>\r\n  <path class=\"cls-1\" d=\"M239.7,346.3c12.8,16.6,20.4,37.4,20.4,59.9,0,54.3-44,98.3-98.3,98.3s-98.3-44-98.3-98.3,44-98.3,98.3-98.3,50.2,10.3,67.9,27.2M436.8,398.9h-56.5M335.1,398.9h-74.1M365.2,398.9h-15.1\"\/>\r\n  <path class=\"cls-1\" d=\"M417.7,52.6h30.9v331c0,8.5-6.9,15.3-15.3,15.3s-15.3-6.8-15.3-15.3l-.3-373.1h-256v297.5M199.5,82.7h15.2M229.7,82.7h15.2M199.6,127.8h30.1M244.8,127.8h15.1M275.1,127.8h105.2M275.1,157.7h105.2M199.5,203.1h30.1M244.7,203.1h15.1M275,203.1h105.2M199.6,278.5h30.1M244.8,278.5h15.1M275.1,278.5h105.2M275,233.3h75.2M199.5,444.3l-15.1,15.1h-30.1l-15.1-15.1v-75.3l15.1-15.1h30.1l15.1,15.1M116.7,391.6h59.8M116.7,421.7h59.8\"\/>\r\n<\/svg>\n        \n        \n        \n            <\/div>\n    \n\n\n<\/div><div class=\"bde-div-18-127 bde-div\">\n  \n  \n\t\n\n\n\n<div class=\"bde-text-18-128 bde-text\">\nTicket prices\n<\/div><div class=\"bde-icon-18-129 bde-icon\">\n\n    \n            <div class=\"bde-icon-icon breakdance-icon-atom\" >\n    \n                    <svg xmlns=\"http:\/\/www.w3.org\/2000\/svg\" viewbox=\"0 0 448 512\"><!--! Font Awesome Free 6.5.1 by @fontawesome - https:\/\/fontawesome.com License - https:\/\/fontawesome.com\/license\/free (Icons: CC BY 4.0, Fonts: SIL OFL 1.1, Code: MIT License) Copyright 2023 Fonticons, Inc. --><path d=\"M438.6 278.6c12.5-12.5 12.5-32.8 0-45.3l-160-160c-12.5-12.5-32.8-12.5-45.3 0s-12.5 32.8 0 45.3L338.8 224 32 224c-17.7 0-32 14.3-32 32s14.3 32 32 32l306.7 0L233.4 393.4c-12.5 12.5-12.5 32.8 0 45.3s32.8 12.5 45.3 0l160-160z\"\/><\/svg>\n        \n        \n        \n            <\/div>\n    \n\n\n<\/div>\n<\/div><div class=\"bde-text-18-126 bde-text\">\nPrices, discounts, how to buy\n<\/div>\n<\/div>\n\n<\/a><a class=\"bde-container-link-18-236 bde-container-link breakdance-link\" href=\"https:\/\/ytkpohja.pilet.ee\/et\/purchase\/ticket\" target=\"_self\" data-type=\"url\">\n  \n  \n\t\n\n\n\n<div class=\"bde-div-18-131 bde-div\">\n  \n  \n\t\n\n\n\n<div class=\"bde-icon-18-132 bde-icon\">\n\n    \n            <div class=\"bde-icon-icon breakdance-icon-atom\" >\n    \n                    <svg xmlns=\"http:\/\/www.w3.org\/2000\/svg\" viewbox=\"0 0 64 64\" width=\"512\" height=\"512\"><g id=\"Calendar\"><path d=\"M57,8H52V6a4,4,0,0,0-8,0V8H36V6a4,4,0,0,0-8,0V8H20V6a4,4,0,0,0-8,0V8H7a5,5,0,0,0-5,5V53a5,5,0,0,0,5,5H35a1,1,0,0,0,0-2H7a3.009,3.009,0,0,1-3-3V22H60V39a1,1,0,0,0,2,0V13A5,5,0,0,0,57,8ZM46,6a2,2,0,0,1,4,0v6a2,2,0,0,1-4,0ZM30,6a2,2,0,0,1,4,0v6a2,2,0,0,1-4,0ZM14,6a2,2,0,0,1,4,0v6a2,2,0,0,1-4,0ZM60,20H4V13a3.009,3.009,0,0,1,3-3h5v2a4,4,0,0,0,8,0V10h8v2a4,4,0,0,0,8,0V10h8v2a4,4,0,0,0,8,0V10h5a3.009,3.009,0,0,1,3,3Z\"\/><path d=\"M30,29a2,2,0,0,0-2-2H24a2,2,0,0,0-2,2v3a2,2,0,0,0,2,2h4a2,2,0,0,0,2-2Zm-6,3V29h4v3Z\"\/><path d=\"M18,29a2,2,0,0,0-2-2H12a2,2,0,0,0-2,2v3a2,2,0,0,0,2,2h4a2,2,0,0,0,2-2Zm-6,3V29h4v3Z\"\/><path d=\"M52,34a2,2,0,0,0,2-2V29a2,2,0,0,0-2-2H48a2,2,0,0,0-2,2v3a2,2,0,0,0,2,2Zm-4-5h4v3H48Z\"\/><path d=\"M30,38a2,2,0,0,0-2-2H24a2,2,0,0,0-2,2v3a2,2,0,0,0,2,2h4a2,2,0,0,0,2-2Zm-6,3V38h4v3Z\"\/><path d=\"M18,38a2,2,0,0,0-2-2H12a2,2,0,0,0-2,2v3a2,2,0,0,0,2,2h4a2,2,0,0,0,2-2Zm-6,3V38h4v3Z\"\/><path d=\"M28,45H24a2,2,0,0,0-2,2v3a2,2,0,0,0,2,2h4a2,2,0,0,0,2-2V47A2,2,0,0,0,28,45Zm-4,5V47h4v3Z\"\/><path d=\"M36,34h4a2,2,0,0,0,2-2V29a2,2,0,0,0-2-2H36a2,2,0,0,0-2,2v3A2,2,0,0,0,36,34Zm0-5h4v3H36Z\"\/><path d=\"M34,41a2,2,0,0,0,2,2,1,1,0,0,0,0-2V38h4a1,1,0,0,0,0-2H36a2,2,0,0,0-2,2Z\"\/><path d=\"M16,45H12a2,2,0,0,0-2,2v3a2,2,0,0,0,2,2h4a2,2,0,0,0,2-2V47A2,2,0,0,0,16,45Zm-4,5V47h4v3Z\"\/><path d=\"M49,36A13,13,0,1,0,62,49,13.015,13.015,0,0,0,49,36Zm0,24A11,11,0,1,1,60,49,11.013,11.013,0,0,1,49,60Z\"\/><path d=\"M54.778,44.808,47,52.586,43.465,49.05a1,1,0,0,0-1.414,1.414l4.242,4.243a1,1,0,0,0,1.414,0l8.485-8.485a1,1,0,0,0-1.414-1.414Z\"\/><\/g><\/svg>\n        \n        \n        \n            <\/div>\n    \n\n\n<\/div><div class=\"bde-div-18-133 bde-div\">\n  \n  \n\t\n\n\n\n<div class=\"bde-text-18-134 bde-text\">\nBuy a season ticket\n<\/div><div class=\"bde-icon-18-135 bde-icon\">\n\n    \n            <div class=\"bde-icon-icon breakdance-icon-atom\" >\n    \n                    <svg xmlns=\"http:\/\/www.w3.org\/2000\/svg\" viewbox=\"0 0 448 512\"><!--! Font Awesome Free 6.5.1 by @fontawesome - https:\/\/fontawesome.com License - https:\/\/fontawesome.com\/license\/free (Icons: CC BY 4.0, Fonts: SIL OFL 1.1, Code: MIT License) Copyright 2023 Fonticons, Inc. --><path d=\"M438.6 278.6c12.5-12.5 12.5-32.8 0-45.3l-160-160c-12.5-12.5-32.8-12.5-45.3 0s-12.5 32.8 0 45.3L338.8 224 32 224c-17.7 0-32 14.3-32 32s14.3 32 32 32l306.7 0L233.4 393.4c-12.5 12.5-12.5 32.8 0 45.3s32.8 12.5 45.3 0l160-160z\"\/><\/svg>\n        \n        \n        \n            <\/div>\n    \n\n\n<\/div>\n<\/div><div class=\"bde-text-18-136 bde-text\">\nDo you drive at least 15 times a month? <br>The best choice is a season ticket!\n<\/div>\n<\/div>\n\n<\/a><a class=\"bde-container-link-18-237 bde-container-link breakdance-link\" href=\"https:\/\/ytkpohja.pilet.ee\/et\/purchase\/wallet\" target=\"_self\" data-type=\"url\">\n  \n  \n\t\n\n\n\n<div class=\"bde-div-18-137 bde-div\">\n  \n  \n\t\n\n\n\n<div class=\"bde-icon-18-138 bde-icon\">\n\n    \n            <div class=\"bde-icon-icon breakdance-icon-atom\" >\n    \n                    <svg xmlns=\"http:\/\/www.w3.org\/2000\/svg\" id=\"Outline\" enable-background=\"new 0 0 512 512\" height=\"512\" viewbox=\"0 0 512 512\" width=\"512\"><path d=\"m118.1 368h117.4l28.5 42.3c1.3 47.7 40.3 85.7 88 85.7h56c4.4 0 8-3.6 8-8v-192c0-6.6-1.6-13-4.7-18.8l-59.3-111.2v-127.9c0-12.2-9.9-22.1-22.1-22.1h-211.8c-12.2 0-22.1 9.9-22.1 22.1v307.8c0 12.2 9.9 22.1 22.1 22.1zm281.9-72v184h-48c-39.2 0-71.1-31.3-72-70.5.4-2.1 0-4.2-1.2-6l-51.9-76.8c-7.4-11-4.4-25.9 6.7-33.3 10.9-7.3 25.7-4.4 33.1 6.4 0 .1.1.1.1.2l46.7 64.6c1.5 2.1 3.9 3.3 6.5 3.3h24c4.4 0 8-3.6 8-8v-159.9l45.2 84.7c1.8 3.5 2.8 7.4 2.8 11.3zm-288-257.9c0-3.4 2.7-6.1 6.1-6.1h211.8c3.4 0 6.1 2.7 6.1 6.1v313.9h-11.9l-11.6-16c4.2-.3 7.5-3.8 7.5-8v-48c0-4.4-3.6-8-8-8s-8 3.6-8 8v44.2l-24.2-33.4c-12.4-18.2-37.2-23-55.5-10.6-.1.1-.3.2-.4.3 0-.1 0-.3 0-.4v-32c0-4.4-3.6-8-8-8s-8 3.6-8 8v32c0 4.3 3.5 7.9 7.8 8-11.1 13.7-12 33-2.2 47.7l11 16.3h-106.4c-3.4 0-6.1-2.7-6.1-6.1z\"\/><path d=\"m248 112h32c4.4 0 8-3.6 8-8v-48c0-4.4-3.6-8-8-8h-32c-4.4 0-8 3.6-8 8v48c0 4.4 3.6 8 8 8zm8-48h16v32h-16z\"\/><path d=\"m136 80c4.4 0 8-3.6 8-8v-16c0-4.4-3.6-8-8-8s-8 3.6-8 8v16c0 4.4 3.6 8 8 8z\"\/><path d=\"m136 192c4.4 0 8-3.6 8-8v-80c0-4.4-3.6-8-8-8s-8 3.6-8 8v80c0 4.4 3.6 8 8 8z\"\/><path d=\"m216 96c4.4 0 8-3.6 8-8v-32c0-4.4-3.6-8-8-8s-8 3.6-8 8v32c0 4.4 3.6 8 8 8z\"\/><path d=\"m216 160c4.4 0 8-3.6 8-8v-32c0-4.4-3.6-8-8-8s-8 3.6-8 8v32c0 4.4 3.6 8 8 8z\"\/><path d=\"m216 224c4.4 0 8-3.6 8-8v-32c0-4.4-3.6-8-8-8s-8 3.6-8 8v32c0 4.4 3.6 8 8 8z\"\/><path d=\"m312 112c4.4 0 8-3.6 8-8v-48c0-4.4-3.6-8-8-8s-8 3.6-8 8v48c0 4.4 3.6 8 8 8z\"\/><path d=\"m152 336c-13.2 0-24-10.8-24-24v-32c0-13.2 10.8-24 24-24s24 10.8 24 24v32c0 13.2-10.8 24-24 24zm0-64c-4.4 0-8 3.6-8 8v32c0 4.4 3.6 8 8 8s8-3.6 8-8v-32c0-4.4-3.6-8-8-8z\"\/><\/svg>\n        \n        \n        \n            <\/div>\n    \n\n\n<\/div><div class=\"bde-div-18-139 bde-div\">\n  \n  \n\t\n\n\n\n<div class=\"bde-text-18-140 bde-text\">\nLoad money onto a joint card\n<\/div><div class=\"bde-icon-18-141 bde-icon\">\n\n    \n            <div class=\"bde-icon-icon breakdance-icon-atom\" >\n    \n                    <svg xmlns=\"http:\/\/www.w3.org\/2000\/svg\" viewbox=\"0 0 448 512\"><!--! Font Awesome Free 6.5.1 by @fontawesome - https:\/\/fontawesome.com License - https:\/\/fontawesome.com\/license\/free (Icons: CC BY 4.0, Fonts: SIL OFL 1.1, Code: MIT License) Copyright 2023 Fonticons, Inc. --><path d=\"M438.6 278.6c12.5-12.5 12.5-32.8 0-45.3l-160-160c-12.5-12.5-32.8-12.5-45.3 0s-12.5 32.8 0 45.3L338.8 224 32 224c-17.7 0-32 14.3-32 32s14.3 32 32 32l306.7 0L233.4 393.4c-12.5 12.5-12.5 32.8 0 45.3s32.8 12.5 45.3 0l160-160z\"\/><\/svg>\n        \n        \n        \n            <\/div>\n    \n\n\n<\/div>\n<\/div><div class=\"bde-text-18-142 bde-text\">\nIf you travel less often, you can get the best deal with a single ticket!\n<\/div>\n<\/div>\n\n<\/a><a class=\"bde-container-link-18-238 bde-container-link breakdance-link\" href=\"https:\/\/ytkpohja.pilet.ee\/et\/login\" target=\"_self\" data-type=\"url\">\n  \n  \n\t\n\n\n\n<div class=\"bde-div-18-143 bde-div\">\n  \n  \n\t\n\n\n\n<div class=\"bde-icon-18-144 bde-icon\">\n\n    \n            <div class=\"bde-icon-icon breakdance-icon-atom\" >\n    \n                    <svg xmlns=\"http:\/\/www.w3.org\/2000\/svg\" id=\"Layer_1\" viewbox=\"0 0 64 64\" data-name=\"Layer 1\"><path d=\"m36.925 28.889c2.081-1.523 3.44-3.976 3.44-6.747 0-4.612-3.752-8.365-8.365-8.365s-8.365 3.753-8.365 8.365c0 2.77 1.359 5.223 3.44 6.747-5.704 1.387-9.956 6.525-9.956 12.649v5.832c0 .553.448 1 1 1h27.762c.552 0 1-.447 1-1v-5.832c0-6.124-4.252-11.262-9.956-12.649zm-11.29-6.747c0-3.51 2.855-6.365 6.365-6.365s6.365 2.855 6.365 6.365-2.855 6.365-6.365 6.365-6.365-2.855-6.365-6.365zm19.246 24.228h-25.762v-4.832c0-6.082 4.948-11.03 11.029-11.03h3.703c6.082 0 11.029 4.948 11.029 11.03v4.832z\"\/><path d=\"m32 2.005c-16.54 0-29.995 13.456-29.995 29.995s13.456 29.995 29.995 29.995 29.995-13.456 29.995-29.995-13.455-29.995-29.995-29.995zm0 57.99c-15.437 0-27.995-12.559-27.995-27.995s12.558-27.995 27.995-27.995 27.995 12.559 27.995 27.995-12.559 27.995-27.995 27.995z\"\/><\/svg>\n        \n        \n        \n            <\/div>\n    \n\n\n<\/div><div class=\"bde-div-18-145 bde-div\">\n  \n  \n\t\n\n\n\n<div class=\"bde-text-18-146 bde-text\">\nMy account\n<\/div><div class=\"bde-icon-18-147 bde-icon\">\n\n    \n            <div class=\"bde-icon-icon breakdance-icon-atom\" >\n    \n                    <svg xmlns=\"http:\/\/www.w3.org\/2000\/svg\" viewbox=\"0 0 448 512\"><!--! Font Awesome Free 6.5.1 by @fontawesome - https:\/\/fontawesome.com License - https:\/\/fontawesome.com\/license\/free (Icons: CC BY 4.0, Fonts: SIL OFL 1.1, Code: MIT License) Copyright 2023 Fonticons, Inc. --><path d=\"M438.6 278.6c12.5-12.5 12.5-32.8 0-45.3l-160-160c-12.5-12.5-32.8-12.5-45.3 0s-12.5 32.8 0 45.3L338.8 224 32 224c-17.7 0-32 14.3-32 32s14.3 32 32 32l306.7 0L233.4 393.4c-12.5 12.5-12.5 32.8 0 45.3s32.8 12.5 45.3 0l160-160z\"\/><\/svg>\n        \n        \n        \n            <\/div>\n    \n\n\n<\/div>\n<\/div><div class=\"bde-text-18-148 bde-text\">\nTicket purchases and cash balance\n<\/div>\n<\/div>\n\n<\/a>\n<\/div><\/div>\n<\/section><section class=\"bde-section-18-149 bde-section\">\n  \n  \n\t\n\n\n\n<div class=\"section-container\"><h3 class=\"bde-heading-18-150 bde-heading\">\nNews\n<\/h3><div class=\"bde-advanced-tabs-18-184 bde-advanced-tabs\">\n\n\n        \n  \n  \n  <div class=\"bde-tabs__tabslist-container bde-tabs__tabslist-container--scrollable is-horizontal js-tabs-container\">\n    <div class=\"bde-tabs__tabslist bde-tabs__tabslist--pills js-tablist\" role=\"tablist\" aria-label=\"Content tabs\" aria-orientation=\"horizontal\" data-tabs-id=\"bde-advanced-tabs-18-184\">\n      \n              <button role=\"tab\" aria-selected=\"false\" class=\"bde-tabs__tab js-tab\" aria-controls=\"tab-panel-bde-advanced-tabs-18-184-1\" id=\"tab-bde-advanced-tabs-18-184-1\" data-value=\"1\">\n                    <span class=\"bde-tabs__tab-title\">All from<\/span>\n        <\/button>\n              <button role=\"tab\" aria-selected=\"false\" class=\"bde-tabs__tab js-tab\" aria-controls=\"tab-panel-bde-advanced-tabs-18-184-2\" id=\"tab-bde-advanced-tabs-18-184-2\" data-value=\"2\">\n                    <span class=\"bde-tabs__tab-title\">Timetables<\/span>\n        <\/button>\n              <button role=\"tab\" aria-selected=\"false\" class=\"bde-tabs__tab js-tab\" aria-controls=\"tab-panel-bde-advanced-tabs-18-184-3\" id=\"tab-bde-advanced-tabs-18-184-3\" data-value=\"3\">\n                    <span class=\"bde-tabs__tab-title\">IIL<\/span>\n        <\/button>\n          <\/div>\n  <\/div>\n\n<div class=\"bde-tabs-content-container\">\n  <div class=\"bde-advanced-tabs-content-18-196 bde-advanced-tabs-content\">\n<div tabindex=\"0\" role=\"tabpanel\" class=\"bde-tabs__panel js-panel\" id=\"\" aria-labelledby=\"\">\n  <div class=\"bde-tabs__panel-content\">\n    <div class=\"bde-post-list-18-199 bde-post-list\">\n<div class=\"bde-loop bde-loop-grid ee-posts ee-posts-grid\">    <article class=\"bde-loop-item ee-post\">\n                <a class=\"bde-loop-item__image-link ee-post-image-link\" href=\"https:\/\/iil.ee\/en\/soiduplaanid\/keila-linnaliinide-uus-liikumistee\" aria-label=\"The routes of Keila&#039;s city lines K11, K12, and K14 will change from May 4, 2026\">\n      <div class=\"bde-loop-item__image ee-post-image\">\n          <img loading=\"lazy\" decoding=\"async\" width=\"1920\" height=\"1080\" src=\"https:\/\/iil.ee\/wp-content\/uploads\/2025\/11\/vlcsnap-2025-11-24-13h53m19s572.png\" class=\"attachment-full size-full wp-post-image\" alt=\"\" srcset=\"https:\/\/iil.ee\/wp-content\/uploads\/2025\/11\/vlcsnap-2025-11-24-13h53m19s572.png 1920w, https:\/\/iil.ee\/wp-content\/uploads\/2025\/11\/vlcsnap-2025-11-24-13h53m19s572-300x169.png 300w, https:\/\/iil.ee\/wp-content\/uploads\/2025\/11\/vlcsnap-2025-11-24-13h53m19s572-1024x576.png 1024w, https:\/\/iil.ee\/wp-content\/uploads\/2025\/11\/vlcsnap-2025-11-24-13h53m19s572-768x432.png 768w, https:\/\/iil.ee\/wp-content\/uploads\/2025\/11\/vlcsnap-2025-11-24-13h53m19s572-1536x864.png 1536w, https:\/\/iil.ee\/wp-content\/uploads\/2025\/11\/vlcsnap-2025-11-24-13h53m19s572-18x10.png 18w\" sizes=\"auto, (max-width: 1920px) 100vw, 1920px\" \/>      <\/div>\n    <\/a>\n  \n      \n    <div class=\"bde-loop-item__wrap ee-post-wrap\">\n      \n          <h3 class=\"ee-post-title\">\n    <a class=\"bde-loop-item__title-link ee-post-title-link\" href=\"https:\/\/iil.ee\/en\/soiduplaanid\/keila-linnaliinide-uus-liikumistee\" >\n        The routes of Keila's city lines K11, K12, and K14 will change from May 4, 2026    <\/a>\n    <\/h3>\n          <div class=\"bde-loop-item__post-meta ee-post-meta\">\n                                                    <span class=\"bde-loop-item__meta-date bde-loop-item__meta-item ee-post-meta-date ee-post-meta-item\">\n                                          28.04.26                                      <\/span>\n                                    \n        <\/div>\n      <ul class=\"bde-loop-item__post-tax ee-post-taxonomy\"><li class=\"bde-loop-item__tax-item ee-post-taxonomy-item\">Timetables<\/li><\/ul>        <div class=\"bde-loop-item__content ee-post-content\">\n            From Monday, 4 May 2026, the routes of Keila local bus lines K11, K12, and K14 will change at Keila Church\u2026        <\/div>\n      \n      \n    <\/div>\n\n    <\/article>\n\n        <article class=\"bde-loop-item ee-post\">\n                <a class=\"bde-loop-item__image-link ee-post-image-link\" href=\"https:\/\/iil.ee\/en\/soiduplaanid\/maardus-suletakse-ajutiselt-keemikute-ja-orumetsa-tanava-ristmik-perioodil-06-05-08-05-2026\" aria-label=\"The intersection of Keemikute and Orumetsa streets in Maardu will be temporarily closed from 06.05\u201308.05.2026.\">\n      <div class=\"bde-loop-item__image ee-post-image\">\n          <img loading=\"lazy\" decoding=\"async\" width=\"1920\" height=\"1080\" src=\"https:\/\/iil.ee\/wp-content\/uploads\/2025\/06\/Iil-38.jpg\" class=\"attachment-full size-full wp-post-image\" alt=\"\" srcset=\"https:\/\/iil.ee\/wp-content\/uploads\/2025\/06\/Iil-38.jpg 1920w, https:\/\/iil.ee\/wp-content\/uploads\/2025\/06\/Iil-38-300x169.jpg 300w, https:\/\/iil.ee\/wp-content\/uploads\/2025\/06\/Iil-38-1024x576.jpg 1024w, https:\/\/iil.ee\/wp-content\/uploads\/2025\/06\/Iil-38-768x432.jpg 768w, https:\/\/iil.ee\/wp-content\/uploads\/2025\/06\/Iil-38-1536x864.jpg 1536w, https:\/\/iil.ee\/wp-content\/uploads\/2025\/06\/Iil-38-18x10.jpg 18w\" sizes=\"auto, (max-width: 1920px) 100vw, 1920px\" \/>      <\/div>\n    <\/a>\n  \n      \n    <div class=\"bde-loop-item__wrap ee-post-wrap\">\n      \n          <h3 class=\"ee-post-title\">\n    <a class=\"bde-loop-item__title-link ee-post-title-link\" href=\"https:\/\/iil.ee\/en\/soiduplaanid\/maardus-suletakse-ajutiselt-keemikute-ja-orumetsa-tanava-ristmik-perioodil-06-05-08-05-2026\" >\n        The intersection of Keemikute and Orumetsa streets in Maardu will be temporarily closed from 06.05\u201308.05.2026.    <\/a>\n    <\/h3>\n          <div class=\"bde-loop-item__post-meta ee-post-meta\">\n                                                    <span class=\"bde-loop-item__meta-date bde-loop-item__meta-item ee-post-meta-date ee-post-meta-item\">\n                                          28.04.26                                      <\/span>\n                                    \n        <\/div>\n      <ul class=\"bde-loop-item__post-tax ee-post-taxonomy\"><li class=\"bde-loop-item__tax-item ee-post-taxonomy-item\">Timetables<\/li><\/ul>        <div class=\"bde-loop-item__content ee-post-content\">\n            Due to the closure of the intersection of Keemikud and Orumetsa streets in the city of Maardu, bus routes will be temporarily diverted. The closure is...        <\/div>\n      \n      \n    <\/div>\n\n    <\/article>\n\n        <article class=\"bde-loop-item ee-post\">\n                <a class=\"bde-loop-item__image-link ee-post-image-link\" href=\"https:\/\/iil.ee\/en\/soiduplaanid\/liikluskorralduse-muudatus-laane-virumaal-2-mail-2026\" aria-label=\"Traffic management changes in L\u00e4\u00e4ne-Viru County on 2 May 2026\">\n      <div class=\"bde-loop-item__image ee-post-image\">\n          <img loading=\"lazy\" decoding=\"async\" width=\"1920\" height=\"1080\" src=\"https:\/\/iil.ee\/wp-content\/uploads\/2025\/06\/Iil-12.jpg\" class=\"attachment-full size-full wp-post-image\" alt=\"\" srcset=\"https:\/\/iil.ee\/wp-content\/uploads\/2025\/06\/Iil-12.jpg 1920w, https:\/\/iil.ee\/wp-content\/uploads\/2025\/06\/Iil-12-300x169.jpg 300w, https:\/\/iil.ee\/wp-content\/uploads\/2025\/06\/Iil-12-1024x576.jpg 1024w, https:\/\/iil.ee\/wp-content\/uploads\/2025\/06\/Iil-12-768x432.jpg 768w, https:\/\/iil.ee\/wp-content\/uploads\/2025\/06\/Iil-12-1536x864.jpg 1536w, https:\/\/iil.ee\/wp-content\/uploads\/2025\/06\/Iil-12-18x10.jpg 18w\" sizes=\"auto, (max-width: 1920px) 100vw, 1920px\" \/>      <\/div>\n    <\/a>\n  \n      \n    <div class=\"bde-loop-item__wrap ee-post-wrap\">\n      \n          <h3 class=\"ee-post-title\">\n    <a class=\"bde-loop-item__title-link ee-post-title-link\" href=\"https:\/\/iil.ee\/en\/soiduplaanid\/liikluskorralduse-muudatus-laane-virumaal-2-mail-2026\" >\n        Traffic management changes in L\u00e4\u00e4ne-Viru County on 2 May 2026    <\/a>\n    <\/h3>\n          <div class=\"bde-loop-item__post-meta ee-post-meta\">\n                                                    <span class=\"bde-loop-item__meta-date bde-loop-item__meta-item ee-post-meta-date ee-post-meta-item\">\n                                          22.04.26                                      <\/span>\n                                    \n        <\/div>\n      <ul class=\"bde-loop-item__post-tax ee-post-taxonomy\"><li class=\"bde-loop-item__tax-item ee-post-taxonomy-item\">Timetables<\/li><\/ul>        <div class=\"bde-loop-item__content ee-post-content\">\n            On Monday, a car event called Drivestonia 2026 will take place in L\u00e4\u00e4ne-Viru County, Vinni Parish, near Ulvi. In connection with the event, during the period...        <\/div>\n      \n      \n    <\/div>\n\n    <\/article>\n\n        <article class=\"bde-loop-item ee-post\">\n                <a class=\"bde-loop-item__image-link ee-post-image-link\" href=\"https:\/\/iil.ee\/en\/iil\/iil-alustab-rahulolu-uuring-labiviimisega\" aria-label=\"IIL is starting to conduct a satisfaction survey\">\n      <div class=\"bde-loop-item__image ee-post-image\">\n          <img loading=\"lazy\" decoding=\"async\" width=\"1920\" height=\"1080\" src=\"https:\/\/iil.ee\/wp-content\/uploads\/2025\/06\/Iil-2.jpg\" class=\"attachment-full size-full wp-post-image\" alt=\"\" srcset=\"https:\/\/iil.ee\/wp-content\/uploads\/2025\/06\/Iil-2.jpg 1920w, https:\/\/iil.ee\/wp-content\/uploads\/2025\/06\/Iil-2-300x169.jpg 300w, https:\/\/iil.ee\/wp-content\/uploads\/2025\/06\/Iil-2-1024x576.jpg 1024w, https:\/\/iil.ee\/wp-content\/uploads\/2025\/06\/Iil-2-768x432.jpg 768w, https:\/\/iil.ee\/wp-content\/uploads\/2025\/06\/Iil-2-1536x864.jpg 1536w, https:\/\/iil.ee\/wp-content\/uploads\/2025\/06\/Iil-2-18x10.jpg 18w\" sizes=\"auto, (max-width: 1920px) 100vw, 1920px\" \/>      <\/div>\n    <\/a>\n  \n      \n    <div class=\"bde-loop-item__wrap ee-post-wrap\">\n      \n          <h3 class=\"ee-post-title\">\n    <a class=\"bde-loop-item__title-link ee-post-title-link\" href=\"https:\/\/iil.ee\/en\/iil\/iil-alustab-rahulolu-uuring-labiviimisega\" >\n        IIL is starting to conduct a satisfaction survey    <\/a>\n    <\/h3>\n          <div class=\"bde-loop-item__post-meta ee-post-meta\">\n                                                    <span class=\"bde-loop-item__meta-date bde-loop-item__meta-item ee-post-meta-date ee-post-meta-item\">\n                                          17.04.26                                      <\/span>\n                                    \n        <\/div>\n      <ul class=\"bde-loop-item__post-tax ee-post-taxonomy\"><li class=\"bde-loop-item__tax-item ee-post-taxonomy-item\">IIL<\/li><\/ul>        <div class=\"bde-loop-item__content ee-post-content\">\n            &nbsp; From Monday, 20th April, until the end of May, IIL, in cooperation with Eesti Uuringukeskus O\u00dc, will conduct...        <\/div>\n      \n      \n    <\/div>\n\n    <\/article>\n\n        <article class=\"bde-loop-item ee-post\">\n                <a class=\"bde-loop-item__image-link ee-post-image-link\" href=\"https:\/\/iil.ee\/en\/soiduplaanid\/muudatused-joelahtme-siseliinidel-j17-ja-j18-alates-20-aprillist\" aria-label=\"Changes to J\u00f5el\u00e4htme internal routes J17 and J18 from 20 April\">\n      <div class=\"bde-loop-item__image ee-post-image\">\n          <img loading=\"lazy\" decoding=\"async\" width=\"1920\" height=\"1080\" src=\"https:\/\/iil.ee\/wp-content\/uploads\/2025\/06\/Iil-1.jpg\" class=\"attachment-full size-full wp-post-image\" alt=\"\" srcset=\"https:\/\/iil.ee\/wp-content\/uploads\/2025\/06\/Iil-1.jpg 1920w, https:\/\/iil.ee\/wp-content\/uploads\/2025\/06\/Iil-1-300x169.jpg 300w, https:\/\/iil.ee\/wp-content\/uploads\/2025\/06\/Iil-1-1024x576.jpg 1024w, https:\/\/iil.ee\/wp-content\/uploads\/2025\/06\/Iil-1-768x432.jpg 768w, https:\/\/iil.ee\/wp-content\/uploads\/2025\/06\/Iil-1-1536x864.jpg 1536w, https:\/\/iil.ee\/wp-content\/uploads\/2025\/06\/Iil-1-18x10.jpg 18w\" sizes=\"auto, (max-width: 1920px) 100vw, 1920px\" \/>      <\/div>\n    <\/a>\n  \n      \n    <div class=\"bde-loop-item__wrap ee-post-wrap\">\n      \n          <h3 class=\"ee-post-title\">\n    <a class=\"bde-loop-item__title-link ee-post-title-link\" href=\"https:\/\/iil.ee\/en\/soiduplaanid\/muudatused-joelahtme-siseliinidel-j17-ja-j18-alates-20-aprillist\" >\n        Changes to J\u00f5el\u00e4htme internal routes J17 and J18 from 20 April    <\/a>\n    <\/h3>\n          <div class=\"bde-loop-item__post-meta ee-post-meta\">\n                                                    <span class=\"bde-loop-item__meta-date bde-loop-item__meta-item ee-post-meta-date ee-post-meta-item\">\n                                          13.04.26                                      <\/span>\n                                    \n        <\/div>\n      <ul class=\"bde-loop-item__post-tax ee-post-taxonomy\"><li class=\"bde-loop-item__tax-item ee-post-taxonomy-item\">Timetables<\/li><\/ul>        <div class=\"bde-loop-item__content ee-post-content\">\n            From 20\/04\/2026, the following changes will take place on J\u00f5el\u00e4htme internal routes J17 and J18: Route J17 will serve all\u2026        <\/div>\n      \n      \n    <\/div>\n\n    <\/article>\n\n        <article class=\"bde-loop-item ee-post\">\n                <a class=\"bde-loop-item__image-link ee-post-image-link\" href=\"https:\/\/iil.ee\/en\/soiduplaanid\/raplamaa-uued-soiduplaanid\" aria-label=\"Raplamaa bus timetables from 13th April 2026\">\n      <div class=\"bde-loop-item__image ee-post-image\">\n          <img loading=\"lazy\" decoding=\"async\" width=\"1920\" height=\"1080\" src=\"https:\/\/iil.ee\/wp-content\/uploads\/2025\/06\/Iil-11.jpg\" class=\"attachment-full size-full wp-post-image\" alt=\"\" srcset=\"https:\/\/iil.ee\/wp-content\/uploads\/2025\/06\/Iil-11.jpg 1920w, https:\/\/iil.ee\/wp-content\/uploads\/2025\/06\/Iil-11-300x169.jpg 300w, https:\/\/iil.ee\/wp-content\/uploads\/2025\/06\/Iil-11-1024x576.jpg 1024w, https:\/\/iil.ee\/wp-content\/uploads\/2025\/06\/Iil-11-768x432.jpg 768w, https:\/\/iil.ee\/wp-content\/uploads\/2025\/06\/Iil-11-1536x864.jpg 1536w, https:\/\/iil.ee\/wp-content\/uploads\/2025\/06\/Iil-11-18x10.jpg 18w\" sizes=\"auto, (max-width: 1920px) 100vw, 1920px\" \/>      <\/div>\n    <\/a>\n  \n      \n    <div class=\"bde-loop-item__wrap ee-post-wrap\">\n      \n          <h3 class=\"ee-post-title\">\n    <a class=\"bde-loop-item__title-link ee-post-title-link\" href=\"https:\/\/iil.ee\/en\/soiduplaanid\/raplamaa-uued-soiduplaanid\" >\n        Raplamaa bus timetables from 13th April 2026    <\/a>\n    <\/h3>\n          <div class=\"bde-loop-item__post-meta ee-post-meta\">\n                                                    <span class=\"bde-loop-item__meta-date bde-loop-item__meta-item ee-post-meta-date ee-post-meta-item\">\n                                          02.04.26                                      <\/span>\n                                    \n        <\/div>\n      <ul class=\"bde-loop-item__post-tax ee-post-taxonomy\"><li class=\"bde-loop-item__tax-item ee-post-taxonomy-item\">Timetables<\/li><\/ul>        <div class=\"bde-loop-item__content ee-post-content\">\n            As of 13 April 2026, the timetables of Raplamaa bus lines 20, 31 and 34 will change. The...        <\/div>\n      \n      \n    <\/div>\n\n    <\/article>\n\n    <\/div>\n<\/div>\n  <\/div>\n<\/div>\n\n<\/div><div class=\"bde-advanced-tabs-content-18-203 bde-advanced-tabs-content\">\n<div tabindex=\"0\" role=\"tabpanel\" class=\"bde-tabs__panel js-panel\" id=\"\" aria-labelledby=\"\">\n  <div class=\"bde-tabs__panel-content\">\n    <div class=\"bde-advanced-tabs-18-239 bde-advanced-tabs\">\n\n\n        \n  \n  \n  <div class=\"bde-tabs__tabslist-container bde-tabs__tabslist-container--scrollable is-horizontal js-tabs-container\">\n    <div class=\"bde-tabs__tabslist bde-tabs__tabslist--pills js-tablist\" role=\"tablist\" aria-label=\"Content tabs\" aria-orientation=\"horizontal\" data-tabs-id=\"bde-advanced-tabs-18-239\">\n      \n              <button role=\"tab\" aria-selected=\"false\" class=\"bde-tabs__tab js-tab\" aria-controls=\"tab-panel-bde-advanced-tabs-18-239-1\" id=\"tab-bde-advanced-tabs-18-239-1\" data-value=\"1\">\n                    <span class=\"bde-tabs__tab-title\">All regions<\/span>\n        <\/button>\n              <button role=\"tab\" aria-selected=\"false\" class=\"bde-tabs__tab js-tab\" aria-controls=\"tab-panel-bde-advanced-tabs-18-239-2\" id=\"tab-bde-advanced-tabs-18-239-2\" data-value=\"2\">\n                    <span class=\"bde-tabs__tab-title\">Harjumaa<\/span>\n        <\/button>\n              <button role=\"tab\" aria-selected=\"false\" class=\"bde-tabs__tab js-tab\" aria-controls=\"tab-panel-bde-advanced-tabs-18-239-3\" id=\"tab-bde-advanced-tabs-18-239-3\" data-value=\"3\">\n                    <span class=\"bde-tabs__tab-title\">L\u00e4\u00e4nemaa<\/span>\n        <\/button>\n              <button role=\"tab\" aria-selected=\"false\" class=\"bde-tabs__tab js-tab\" aria-controls=\"tab-panel-bde-advanced-tabs-18-239-4\" id=\"tab-bde-advanced-tabs-18-239-4\" data-value=\"4\">\n                    <span class=\"bde-tabs__tab-title\">L\u00e4\u00e4ne-Virumaa<\/span>\n        <\/button>\n              <button role=\"tab\" aria-selected=\"false\" class=\"bde-tabs__tab js-tab\" aria-controls=\"tab-panel-bde-advanced-tabs-18-239-5\" id=\"tab-bde-advanced-tabs-18-239-5\" data-value=\"5\">\n                    <span class=\"bde-tabs__tab-title\">Raplamaa<\/span>\n        <\/button>\n              <button role=\"tab\" aria-selected=\"false\" class=\"bde-tabs__tab js-tab\" aria-controls=\"tab-panel-bde-advanced-tabs-18-239-6\" id=\"tab-bde-advanced-tabs-18-239-6\" data-value=\"6\">\n                    <span class=\"bde-tabs__tab-title\">Local lines<\/span>\n        <\/button>\n          <\/div>\n  <\/div>\n\n<div class=\"bde-tabs-content-container\">\n  <div class=\"bde-advanced-tabs-content-18-240 bde-advanced-tabs-content\">\n<div tabindex=\"0\" role=\"tabpanel\" class=\"bde-tabs__panel js-panel\" id=\"\" aria-labelledby=\"\">\n  <div class=\"bde-tabs__panel-content\">\n    <div class=\"bde-post-list-18-249 bde-post-list\">\n<div class=\"bde-loop bde-loop-grid ee-posts ee-posts-grid\">    <article class=\"bde-loop-item ee-post\">\n                <a class=\"bde-loop-item__image-link ee-post-image-link\" href=\"https:\/\/iil.ee\/en\/soiduplaanid\/keila-linnaliinide-uus-liikumistee\" aria-label=\"The routes of Keila&#039;s city lines K11, K12, and K14 will change from May 4, 2026\">\n      <div class=\"bde-loop-item__image ee-post-image\">\n          <img loading=\"lazy\" decoding=\"async\" width=\"1920\" height=\"1080\" src=\"https:\/\/iil.ee\/wp-content\/uploads\/2025\/11\/vlcsnap-2025-11-24-13h53m19s572.png\" class=\"attachment-full size-full wp-post-image\" alt=\"\" srcset=\"https:\/\/iil.ee\/wp-content\/uploads\/2025\/11\/vlcsnap-2025-11-24-13h53m19s572.png 1920w, https:\/\/iil.ee\/wp-content\/uploads\/2025\/11\/vlcsnap-2025-11-24-13h53m19s572-300x169.png 300w, https:\/\/iil.ee\/wp-content\/uploads\/2025\/11\/vlcsnap-2025-11-24-13h53m19s572-1024x576.png 1024w, https:\/\/iil.ee\/wp-content\/uploads\/2025\/11\/vlcsnap-2025-11-24-13h53m19s572-768x432.png 768w, https:\/\/iil.ee\/wp-content\/uploads\/2025\/11\/vlcsnap-2025-11-24-13h53m19s572-1536x864.png 1536w, https:\/\/iil.ee\/wp-content\/uploads\/2025\/11\/vlcsnap-2025-11-24-13h53m19s572-18x10.png 18w\" sizes=\"auto, (max-width: 1920px) 100vw, 1920px\" \/>      <\/div>\n    <\/a>\n  \n      \n    <div class=\"bde-loop-item__wrap ee-post-wrap\">\n      \n          <h3 class=\"ee-post-title\">\n    <a class=\"bde-loop-item__title-link ee-post-title-link\" href=\"https:\/\/iil.ee\/en\/soiduplaanid\/keila-linnaliinide-uus-liikumistee\" >\n        The routes of Keila's city lines K11, K12, and K14 will change from May 4, 2026    <\/a>\n    <\/h3>\n          <div class=\"bde-loop-item__post-meta ee-post-meta\">\n                                                    <span class=\"bde-loop-item__meta-date bde-loop-item__meta-item ee-post-meta-date ee-post-meta-item\">\n                                          28.04.26                                      <\/span>\n                                    \n        <\/div>\n      <ul class=\"bde-loop-item__post-tax ee-post-taxonomy\"><li class=\"bde-loop-item__tax-item ee-post-taxonomy-item\">Timetables<\/li><\/ul>        <div class=\"bde-loop-item__content ee-post-content\">\n            From Monday, 4 May 2026, the routes of Keila\u2019s local bus lines K11, K12, and K14 will change between the Keila Church and Luha bus stops. Buses will no longer travel via Tallinna maantee but will henceforth use in both directions...        <\/div>\n      \n      \n    <\/div>\n\n    <\/article>\n\n        <article class=\"bde-loop-item ee-post\">\n                <a class=\"bde-loop-item__image-link ee-post-image-link\" href=\"https:\/\/iil.ee\/en\/soiduplaanid\/maardus-suletakse-ajutiselt-keemikute-ja-orumetsa-tanava-ristmik-perioodil-06-05-08-05-2026\" aria-label=\"The intersection of Keemikute and Orumetsa streets in Maardu will be temporarily closed from 06.05\u201308.05.2026.\">\n      <div class=\"bde-loop-item__image ee-post-image\">\n          <img loading=\"lazy\" decoding=\"async\" width=\"1920\" height=\"1080\" src=\"https:\/\/iil.ee\/wp-content\/uploads\/2025\/06\/Iil-38.jpg\" class=\"attachment-full size-full wp-post-image\" alt=\"\" srcset=\"https:\/\/iil.ee\/wp-content\/uploads\/2025\/06\/Iil-38.jpg 1920w, https:\/\/iil.ee\/wp-content\/uploads\/2025\/06\/Iil-38-300x169.jpg 300w, https:\/\/iil.ee\/wp-content\/uploads\/2025\/06\/Iil-38-1024x576.jpg 1024w, https:\/\/iil.ee\/wp-content\/uploads\/2025\/06\/Iil-38-768x432.jpg 768w, https:\/\/iil.ee\/wp-content\/uploads\/2025\/06\/Iil-38-1536x864.jpg 1536w, https:\/\/iil.ee\/wp-content\/uploads\/2025\/06\/Iil-38-18x10.jpg 18w\" sizes=\"auto, (max-width: 1920px) 100vw, 1920px\" \/>      <\/div>\n    <\/a>\n  \n      \n    <div class=\"bde-loop-item__wrap ee-post-wrap\">\n      \n          <h3 class=\"ee-post-title\">\n    <a class=\"bde-loop-item__title-link ee-post-title-link\" href=\"https:\/\/iil.ee\/en\/soiduplaanid\/maardus-suletakse-ajutiselt-keemikute-ja-orumetsa-tanava-ristmik-perioodil-06-05-08-05-2026\" >\n        The intersection of Keemikute and Orumetsa streets in Maardu will be temporarily closed from 06.05\u201308.05.2026.    <\/a>\n    <\/h3>\n          <div class=\"bde-loop-item__post-meta ee-post-meta\">\n                                                    <span class=\"bde-loop-item__meta-date bde-loop-item__meta-item ee-post-meta-date ee-post-meta-item\">\n                                          28.04.26                                      <\/span>\n                                    \n        <\/div>\n      <ul class=\"bde-loop-item__post-tax ee-post-taxonomy\"><li class=\"bde-loop-item__tax-item ee-post-taxonomy-item\">Timetables<\/li><\/ul>        <div class=\"bde-loop-item__content ee-post-content\">\n            Due to the closure of the intersection of Keemikute and Orumetsa streets in the city of Maardu, bus routes will be temporarily diverted. The closure is planned from 6 May at 7:00 AM to 8 May at 11:00 PM. Bus routes 100, 101, 170, 171\u2026        <\/div>\n      \n      \n    <\/div>\n\n    <\/article>\n\n        <article class=\"bde-loop-item ee-post\">\n                <a class=\"bde-loop-item__image-link ee-post-image-link\" href=\"https:\/\/iil.ee\/en\/soiduplaanid\/liikluskorralduse-muudatus-laane-virumaal-2-mail-2026\" aria-label=\"Traffic management changes in L\u00e4\u00e4ne-Viru County on 2 May 2026\">\n      <div class=\"bde-loop-item__image ee-post-image\">\n          <img loading=\"lazy\" decoding=\"async\" width=\"1920\" height=\"1080\" src=\"https:\/\/iil.ee\/wp-content\/uploads\/2025\/06\/Iil-12.jpg\" class=\"attachment-full size-full wp-post-image\" alt=\"\" srcset=\"https:\/\/iil.ee\/wp-content\/uploads\/2025\/06\/Iil-12.jpg 1920w, https:\/\/iil.ee\/wp-content\/uploads\/2025\/06\/Iil-12-300x169.jpg 300w, https:\/\/iil.ee\/wp-content\/uploads\/2025\/06\/Iil-12-1024x576.jpg 1024w, https:\/\/iil.ee\/wp-content\/uploads\/2025\/06\/Iil-12-768x432.jpg 768w, https:\/\/iil.ee\/wp-content\/uploads\/2025\/06\/Iil-12-1536x864.jpg 1536w, https:\/\/iil.ee\/wp-content\/uploads\/2025\/06\/Iil-12-18x10.jpg 18w\" sizes=\"auto, (max-width: 1920px) 100vw, 1920px\" \/>      <\/div>\n    <\/a>\n  \n      \n    <div class=\"bde-loop-item__wrap ee-post-wrap\">\n      \n          <h3 class=\"ee-post-title\">\n    <a class=\"bde-loop-item__title-link ee-post-title-link\" href=\"https:\/\/iil.ee\/en\/soiduplaanid\/liikluskorralduse-muudatus-laane-virumaal-2-mail-2026\" >\n        Traffic management changes in L\u00e4\u00e4ne-Viru County on 2 May 2026    <\/a>\n    <\/h3>\n          <div class=\"bde-loop-item__post-meta ee-post-meta\">\n                                                    <span class=\"bde-loop-item__meta-date bde-loop-item__meta-item ee-post-meta-date ee-post-meta-item\">\n                                          22.04.26                                      <\/span>\n                                    \n        <\/div>\n      <ul class=\"bde-loop-item__post-tax ee-post-taxonomy\"><li class=\"bde-loop-item__tax-item ee-post-taxonomy-item\">Timetables<\/li><\/ul>        <div class=\"bde-loop-item__content ee-post-content\">\n            On the 2nd of May, the car event Drivestonia 2026 will take place in L\u00e4\u00e4ne-Viru county, in Vinni municipality, near Ulvi. In connection with the event, sections of the S\u00f5meru\u2013Kabala road and the Nurkse\u2013P\u00f5lula road will be closed between 9:00 AM and 2:00 PM. During the event, bus transport will be rerouted...        <\/div>\n      \n      \n    <\/div>\n\n    <\/article>\n\n        <article class=\"bde-loop-item ee-post\">\n                <a class=\"bde-loop-item__image-link ee-post-image-link\" href=\"https:\/\/iil.ee\/en\/iil\/iil-alustab-rahulolu-uuring-labiviimisega\" aria-label=\"IIL is starting to conduct a satisfaction survey\">\n      <div class=\"bde-loop-item__image ee-post-image\">\n          <img loading=\"lazy\" decoding=\"async\" width=\"1920\" height=\"1080\" src=\"https:\/\/iil.ee\/wp-content\/uploads\/2025\/06\/Iil-2.jpg\" class=\"attachment-full size-full wp-post-image\" alt=\"\" srcset=\"https:\/\/iil.ee\/wp-content\/uploads\/2025\/06\/Iil-2.jpg 1920w, https:\/\/iil.ee\/wp-content\/uploads\/2025\/06\/Iil-2-300x169.jpg 300w, https:\/\/iil.ee\/wp-content\/uploads\/2025\/06\/Iil-2-1024x576.jpg 1024w, https:\/\/iil.ee\/wp-content\/uploads\/2025\/06\/Iil-2-768x432.jpg 768w, https:\/\/iil.ee\/wp-content\/uploads\/2025\/06\/Iil-2-1536x864.jpg 1536w, https:\/\/iil.ee\/wp-content\/uploads\/2025\/06\/Iil-2-18x10.jpg 18w\" sizes=\"auto, (max-width: 1920px) 100vw, 1920px\" \/>      <\/div>\n    <\/a>\n  \n      \n    <div class=\"bde-loop-item__wrap ee-post-wrap\">\n      \n          <h3 class=\"ee-post-title\">\n    <a class=\"bde-loop-item__title-link ee-post-title-link\" href=\"https:\/\/iil.ee\/en\/iil\/iil-alustab-rahulolu-uuring-labiviimisega\" >\n        IIL is starting to conduct a satisfaction survey    <\/a>\n    <\/h3>\n          <div class=\"bde-loop-item__post-meta ee-post-meta\">\n                                                    <span class=\"bde-loop-item__meta-date bde-loop-item__meta-item ee-post-meta-date ee-post-meta-item\">\n                                          17.04.26                                      <\/span>\n                                    \n        <\/div>\n      <ul class=\"bde-loop-item__post-tax ee-post-taxonomy\"><li class=\"bde-loop-item__tax-item ee-post-taxonomy-item\">IIL<\/li><\/ul>        <div class=\"bde-loop-item__content ee-post-content\">\n            &nbsp; From Monday 20th April until the end of May, IIL, in collaboration with Eesti Uuringukeskus O\u00dc, will be conducting a satisfaction survey on bus routes in the counties of Harju, L\u00e4\u00e4ne, Rapla and L\u00e4\u00e4ne-Viru. We will be mapping passenger satisfaction regarding various aspects affecting the customer experience\u2026        <\/div>\n      \n      \n    <\/div>\n\n    <\/article>\n\n        <article class=\"bde-loop-item ee-post\">\n                <a class=\"bde-loop-item__image-link ee-post-image-link\" href=\"https:\/\/iil.ee\/en\/soiduplaanid\/muudatused-joelahtme-siseliinidel-j17-ja-j18-alates-20-aprillist\" aria-label=\"Changes to J\u00f5el\u00e4htme internal routes J17 and J18 from 20 April\">\n      <div class=\"bde-loop-item__image ee-post-image\">\n          <img loading=\"lazy\" decoding=\"async\" width=\"1920\" height=\"1080\" src=\"https:\/\/iil.ee\/wp-content\/uploads\/2025\/06\/Iil-1.jpg\" class=\"attachment-full size-full wp-post-image\" alt=\"\" srcset=\"https:\/\/iil.ee\/wp-content\/uploads\/2025\/06\/Iil-1.jpg 1920w, https:\/\/iil.ee\/wp-content\/uploads\/2025\/06\/Iil-1-300x169.jpg 300w, https:\/\/iil.ee\/wp-content\/uploads\/2025\/06\/Iil-1-1024x576.jpg 1024w, https:\/\/iil.ee\/wp-content\/uploads\/2025\/06\/Iil-1-768x432.jpg 768w, https:\/\/iil.ee\/wp-content\/uploads\/2025\/06\/Iil-1-1536x864.jpg 1536w, https:\/\/iil.ee\/wp-content\/uploads\/2025\/06\/Iil-1-18x10.jpg 18w\" sizes=\"auto, (max-width: 1920px) 100vw, 1920px\" \/>      <\/div>\n    <\/a>\n  \n      \n    <div class=\"bde-loop-item__wrap ee-post-wrap\">\n      \n          <h3 class=\"ee-post-title\">\n    <a class=\"bde-loop-item__title-link ee-post-title-link\" href=\"https:\/\/iil.ee\/en\/soiduplaanid\/muudatused-joelahtme-siseliinidel-j17-ja-j18-alates-20-aprillist\" >\n        Changes to J\u00f5el\u00e4htme internal routes J17 and J18 from 20 April    <\/a>\n    <\/h3>\n          <div class=\"bde-loop-item__post-meta ee-post-meta\">\n                                                    <span class=\"bde-loop-item__meta-date bde-loop-item__meta-item ee-post-meta-date ee-post-meta-item\">\n                                          13.04.26                                      <\/span>\n                                    \n        <\/div>\n      <ul class=\"bde-loop-item__post-tax ee-post-taxonomy\"><li class=\"bde-loop-item__tax-item ee-post-taxonomy-item\">Timetables<\/li><\/ul>        <div class=\"bde-loop-item__content ee-post-content\">\n            From 20.04.2026, the following changes will be made to the J\u00f5el\u00e4htme internal routes J17 and J18: Route J17 will operate on all school days, the timetable will not change. Service on route J18 will be discontinued.        <\/div>\n      \n      \n    <\/div>\n\n    <\/article>\n\n        <article class=\"bde-loop-item ee-post\">\n                <a class=\"bde-loop-item__image-link ee-post-image-link\" href=\"https:\/\/iil.ee\/en\/soiduplaanid\/raplamaa-uued-soiduplaanid\" aria-label=\"Raplamaa bus timetables from 13th April 2026\">\n      <div class=\"bde-loop-item__image ee-post-image\">\n          <img loading=\"lazy\" decoding=\"async\" width=\"1920\" height=\"1080\" src=\"https:\/\/iil.ee\/wp-content\/uploads\/2025\/06\/Iil-11.jpg\" class=\"attachment-full size-full wp-post-image\" alt=\"\" srcset=\"https:\/\/iil.ee\/wp-content\/uploads\/2025\/06\/Iil-11.jpg 1920w, https:\/\/iil.ee\/wp-content\/uploads\/2025\/06\/Iil-11-300x169.jpg 300w, https:\/\/iil.ee\/wp-content\/uploads\/2025\/06\/Iil-11-1024x576.jpg 1024w, https:\/\/iil.ee\/wp-content\/uploads\/2025\/06\/Iil-11-768x432.jpg 768w, https:\/\/iil.ee\/wp-content\/uploads\/2025\/06\/Iil-11-1536x864.jpg 1536w, https:\/\/iil.ee\/wp-content\/uploads\/2025\/06\/Iil-11-18x10.jpg 18w\" sizes=\"auto, (max-width: 1920px) 100vw, 1920px\" \/>      <\/div>\n    <\/a>\n  \n      \n    <div class=\"bde-loop-item__wrap ee-post-wrap\">\n      \n          <h3 class=\"ee-post-title\">\n    <a class=\"bde-loop-item__title-link ee-post-title-link\" href=\"https:\/\/iil.ee\/en\/soiduplaanid\/raplamaa-uued-soiduplaanid\" >\n        Raplamaa bus timetables from 13th April 2026    <\/a>\n    <\/h3>\n          <div class=\"bde-loop-item__post-meta ee-post-meta\">\n                                                    <span class=\"bde-loop-item__meta-date bde-loop-item__meta-item ee-post-meta-date ee-post-meta-item\">\n                                          02.04.26                                      <\/span>\n                                    \n        <\/div>\n      <ul class=\"bde-loop-item__post-tax ee-post-taxonomy\"><li class=\"bde-loop-item__tax-item ee-post-taxonomy-item\">Timetables<\/li><\/ul>        <div class=\"bde-loop-item__content ee-post-content\">\n            From 13 April 2026, the timetables for Raplamaa bus routes no. 20, 31 and 34 will change. The routes will have the following changes: Route 20 Rapla \u2013 Kehtna On weekdays, the bus departing from Rapla bus station at 08:20 will start\u2026        <\/div>\n      \n      \n    <\/div>\n\n    <\/article>\n\n    <\/div>\n<\/div>\n  <\/div>\n<\/div>\n\n<\/div><div class=\"bde-advanced-tabs-content-18-242 bde-advanced-tabs-content\">\n<div tabindex=\"0\" role=\"tabpanel\" class=\"bde-tabs__panel js-panel\" id=\"\" aria-labelledby=\"\">\n  <div class=\"bde-tabs__panel-content\">\n    <div class=\"bde-advanced-tabs-18-267 bde-advanced-tabs\">\n\n\n        \n  \n  \n  <div class=\"bde-tabs__tabslist-container bde-tabs__tabslist-container--scrollable is-horizontal js-tabs-container\">\n    <div class=\"bde-tabs__tabslist bde-tabs__tabslist--tabs js-tablist\" role=\"tablist\" aria-label=\"Content tabs\" aria-orientation=\"horizontal\" data-tabs-id=\"bde-advanced-tabs-18-267\">\n      \n              <button role=\"tab\" aria-selected=\"false\" class=\"bde-tabs__tab js-tab\" aria-controls=\"tab-panel-bde-advanced-tabs-18-267-1\" id=\"tab-bde-advanced-tabs-18-267-1\" data-value=\"1\">\n                    <span class=\"bde-tabs__tab-title\">All directions<\/span>\n        <\/button>\n              <button role=\"tab\" aria-selected=\"false\" class=\"bde-tabs__tab js-tab\" aria-controls=\"tab-panel-bde-advanced-tabs-18-267-2\" id=\"tab-bde-advanced-tabs-18-267-2\" data-value=\"2\">\n                    <span class=\"bde-tabs__tab-title\">Northbound<\/span>\n        <\/button>\n              <button role=\"tab\" aria-selected=\"false\" class=\"bde-tabs__tab js-tab\" aria-controls=\"tab-panel-bde-advanced-tabs-18-267-3\" id=\"tab-bde-advanced-tabs-18-267-3\" data-value=\"3\">\n                    <span class=\"bde-tabs__tab-title\">Southbound<\/span>\n        <\/button>\n              <button role=\"tab\" aria-selected=\"false\" class=\"bde-tabs__tab js-tab\" aria-controls=\"tab-panel-bde-advanced-tabs-18-267-4\" id=\"tab-bde-advanced-tabs-18-267-4\" data-value=\"4\">\n                    <span class=\"bde-tabs__tab-title\">East mouth<\/span>\n        <\/button>\n              <button role=\"tab\" aria-selected=\"false\" class=\"bde-tabs__tab js-tab\" aria-controls=\"tab-panel-bde-advanced-tabs-18-267-5\" id=\"tab-bde-advanced-tabs-18-267-5\" data-value=\"5\">\n                    <span class=\"bde-tabs__tab-title\">West<\/span>\n        <\/button>\n              <button role=\"tab\" aria-selected=\"false\" class=\"bde-tabs__tab js-tab\" aria-controls=\"tab-panel-bde-advanced-tabs-18-267-6\" id=\"tab-bde-advanced-tabs-18-267-6\" data-value=\"6\">\n                    <span class=\"bde-tabs__tab-title\">Forward-looking<\/span>\n        <\/button>\n          <\/div>\n  <\/div>\n\n<div class=\"bde-tabs-content-container\">\n  <div class=\"bde-advanced-tabs-content-18-268 bde-advanced-tabs-content\">\n<div tabindex=\"0\" role=\"tabpanel\" class=\"bde-tabs__panel js-panel\" id=\"\" aria-labelledby=\"\">\n  <div class=\"bde-tabs__panel-content\">\n    <div class=\"bde-post-list-18-290 bde-post-list\">\n<div class=\"bde-loop bde-loop-grid ee-posts ee-posts-grid\">    <article class=\"bde-loop-item ee-post\">\n                <a class=\"bde-loop-item__image-link ee-post-image-link\" href=\"https:\/\/iil.ee\/en\/soiduplaanid\/keila-linnaliinide-uus-liikumistee\" aria-label=\"The routes of Keila&#039;s city lines K11, K12, and K14 will change from May 4, 2026\">\n      <div class=\"bde-loop-item__image ee-post-image\">\n          <img loading=\"lazy\" decoding=\"async\" width=\"1920\" height=\"1080\" src=\"https:\/\/iil.ee\/wp-content\/uploads\/2025\/11\/vlcsnap-2025-11-24-13h53m19s572.png\" class=\"attachment-full size-full wp-post-image\" alt=\"\" srcset=\"https:\/\/iil.ee\/wp-content\/uploads\/2025\/11\/vlcsnap-2025-11-24-13h53m19s572.png 1920w, https:\/\/iil.ee\/wp-content\/uploads\/2025\/11\/vlcsnap-2025-11-24-13h53m19s572-300x169.png 300w, https:\/\/iil.ee\/wp-content\/uploads\/2025\/11\/vlcsnap-2025-11-24-13h53m19s572-1024x576.png 1024w, https:\/\/iil.ee\/wp-content\/uploads\/2025\/11\/vlcsnap-2025-11-24-13h53m19s572-768x432.png 768w, https:\/\/iil.ee\/wp-content\/uploads\/2025\/11\/vlcsnap-2025-11-24-13h53m19s572-1536x864.png 1536w, https:\/\/iil.ee\/wp-content\/uploads\/2025\/11\/vlcsnap-2025-11-24-13h53m19s572-18x10.png 18w\" sizes=\"auto, (max-width: 1920px) 100vw, 1920px\" \/>      <\/div>\n    <\/a>\n  \n      \n    <div class=\"bde-loop-item__wrap ee-post-wrap\">\n      \n          <h3 class=\"ee-post-title\">\n    <a class=\"bde-loop-item__title-link ee-post-title-link\" href=\"https:\/\/iil.ee\/en\/soiduplaanid\/keila-linnaliinide-uus-liikumistee\" >\n        The routes of Keila's city lines K11, K12, and K14 will change from May 4, 2026    <\/a>\n    <\/h3>\n          <div class=\"bde-loop-item__post-meta ee-post-meta\">\n                                                    <span class=\"bde-loop-item__meta-date bde-loop-item__meta-item ee-post-meta-date ee-post-meta-item\">\n                                          28.04.26                                      <\/span>\n                                    \n        <\/div>\n      <ul class=\"bde-loop-item__post-tax ee-post-taxonomy\"><li class=\"bde-loop-item__tax-item ee-post-taxonomy-item\">Timetables<\/li><\/ul>        <div class=\"bde-loop-item__content ee-post-content\">\n            From Monday, 4 May 2026, the routes of Keila\u2019s local bus lines K11, K12, and K14 will change between the Keila Church and Luha bus stops. Buses will no longer travel via Tallinna maantee but will henceforth use in both directions...        <\/div>\n      \n      \n    <\/div>\n\n    <\/article>\n\n        <article class=\"bde-loop-item ee-post\">\n                <a class=\"bde-loop-item__image-link ee-post-image-link\" href=\"https:\/\/iil.ee\/en\/soiduplaanid\/maardus-suletakse-ajutiselt-keemikute-ja-orumetsa-tanava-ristmik-perioodil-06-05-08-05-2026\" aria-label=\"The intersection of Keemikute and Orumetsa streets in Maardu will be temporarily closed from 06.05\u201308.05.2026.\">\n      <div class=\"bde-loop-item__image ee-post-image\">\n          <img loading=\"lazy\" decoding=\"async\" width=\"1920\" height=\"1080\" src=\"https:\/\/iil.ee\/wp-content\/uploads\/2025\/06\/Iil-38.jpg\" class=\"attachment-full size-full wp-post-image\" alt=\"\" srcset=\"https:\/\/iil.ee\/wp-content\/uploads\/2025\/06\/Iil-38.jpg 1920w, https:\/\/iil.ee\/wp-content\/uploads\/2025\/06\/Iil-38-300x169.jpg 300w, https:\/\/iil.ee\/wp-content\/uploads\/2025\/06\/Iil-38-1024x576.jpg 1024w, https:\/\/iil.ee\/wp-content\/uploads\/2025\/06\/Iil-38-768x432.jpg 768w, https:\/\/iil.ee\/wp-content\/uploads\/2025\/06\/Iil-38-1536x864.jpg 1536w, https:\/\/iil.ee\/wp-content\/uploads\/2025\/06\/Iil-38-18x10.jpg 18w\" sizes=\"auto, (max-width: 1920px) 100vw, 1920px\" \/>      <\/div>\n    <\/a>\n  \n      \n    <div class=\"bde-loop-item__wrap ee-post-wrap\">\n      \n          <h3 class=\"ee-post-title\">\n    <a class=\"bde-loop-item__title-link ee-post-title-link\" href=\"https:\/\/iil.ee\/en\/soiduplaanid\/maardus-suletakse-ajutiselt-keemikute-ja-orumetsa-tanava-ristmik-perioodil-06-05-08-05-2026\" >\n        The intersection of Keemikute and Orumetsa streets in Maardu will be temporarily closed from 06.05\u201308.05.2026.    <\/a>\n    <\/h3>\n          <div class=\"bde-loop-item__post-meta ee-post-meta\">\n                                                    <span class=\"bde-loop-item__meta-date bde-loop-item__meta-item ee-post-meta-date ee-post-meta-item\">\n                                          28.04.26                                      <\/span>\n                                    \n        <\/div>\n      <ul class=\"bde-loop-item__post-tax ee-post-taxonomy\"><li class=\"bde-loop-item__tax-item ee-post-taxonomy-item\">Timetables<\/li><\/ul>        <div class=\"bde-loop-item__content ee-post-content\">\n            Due to the closure of the intersection of Keemikute and Orumetsa streets in the city of Maardu, bus routes will be temporarily diverted. The closure is planned from 6 May at 7:00 AM to 8 May at 11:00 PM. Bus routes 100, 101, 170, 171\u2026        <\/div>\n      \n      \n    <\/div>\n\n    <\/article>\n\n        <article class=\"bde-loop-item ee-post\">\n                <a class=\"bde-loop-item__image-link ee-post-image-link\" href=\"https:\/\/iil.ee\/en\/soiduplaanid\/liikluskorralduse-muudatus-laane-virumaal-2-mail-2026\" aria-label=\"Traffic management changes in L\u00e4\u00e4ne-Viru County on 2 May 2026\">\n      <div class=\"bde-loop-item__image ee-post-image\">\n          <img loading=\"lazy\" decoding=\"async\" width=\"1920\" height=\"1080\" src=\"https:\/\/iil.ee\/wp-content\/uploads\/2025\/06\/Iil-12.jpg\" class=\"attachment-full size-full wp-post-image\" alt=\"\" srcset=\"https:\/\/iil.ee\/wp-content\/uploads\/2025\/06\/Iil-12.jpg 1920w, https:\/\/iil.ee\/wp-content\/uploads\/2025\/06\/Iil-12-300x169.jpg 300w, https:\/\/iil.ee\/wp-content\/uploads\/2025\/06\/Iil-12-1024x576.jpg 1024w, https:\/\/iil.ee\/wp-content\/uploads\/2025\/06\/Iil-12-768x432.jpg 768w, https:\/\/iil.ee\/wp-content\/uploads\/2025\/06\/Iil-12-1536x864.jpg 1536w, https:\/\/iil.ee\/wp-content\/uploads\/2025\/06\/Iil-12-18x10.jpg 18w\" sizes=\"auto, (max-width: 1920px) 100vw, 1920px\" \/>      <\/div>\n    <\/a>\n  \n      \n    <div class=\"bde-loop-item__wrap ee-post-wrap\">\n      \n          <h3 class=\"ee-post-title\">\n    <a class=\"bde-loop-item__title-link ee-post-title-link\" href=\"https:\/\/iil.ee\/en\/soiduplaanid\/liikluskorralduse-muudatus-laane-virumaal-2-mail-2026\" >\n        Traffic management changes in L\u00e4\u00e4ne-Viru County on 2 May 2026    <\/a>\n    <\/h3>\n          <div class=\"bde-loop-item__post-meta ee-post-meta\">\n                                                    <span class=\"bde-loop-item__meta-date bde-loop-item__meta-item ee-post-meta-date ee-post-meta-item\">\n                                          22.04.26                                      <\/span>\n                                    \n        <\/div>\n      <ul class=\"bde-loop-item__post-tax ee-post-taxonomy\"><li class=\"bde-loop-item__tax-item ee-post-taxonomy-item\">Timetables<\/li><\/ul>        <div class=\"bde-loop-item__content ee-post-content\">\n            On the 2nd of May, the car event Drivestonia 2026 will take place in L\u00e4\u00e4ne-Viru county, in Vinni municipality, near Ulvi. In connection with the event, sections of the S\u00f5meru\u2013Kabala road and the Nurkse\u2013P\u00f5lula road will be closed between 9:00 AM and 2:00 PM. During the event, bus transport will be rerouted...        <\/div>\n      \n      \n    <\/div>\n\n    <\/article>\n\n        <article class=\"bde-loop-item ee-post\">\n                <a class=\"bde-loop-item__image-link ee-post-image-link\" href=\"https:\/\/iil.ee\/en\/iil\/iil-alustab-rahulolu-uuring-labiviimisega\" aria-label=\"IIL is starting to conduct a satisfaction survey\">\n      <div class=\"bde-loop-item__image ee-post-image\">\n          <img loading=\"lazy\" decoding=\"async\" width=\"1920\" height=\"1080\" src=\"https:\/\/iil.ee\/wp-content\/uploads\/2025\/06\/Iil-2.jpg\" class=\"attachment-full size-full wp-post-image\" alt=\"\" srcset=\"https:\/\/iil.ee\/wp-content\/uploads\/2025\/06\/Iil-2.jpg 1920w, https:\/\/iil.ee\/wp-content\/uploads\/2025\/06\/Iil-2-300x169.jpg 300w, https:\/\/iil.ee\/wp-content\/uploads\/2025\/06\/Iil-2-1024x576.jpg 1024w, https:\/\/iil.ee\/wp-content\/uploads\/2025\/06\/Iil-2-768x432.jpg 768w, https:\/\/iil.ee\/wp-content\/uploads\/2025\/06\/Iil-2-1536x864.jpg 1536w, https:\/\/iil.ee\/wp-content\/uploads\/2025\/06\/Iil-2-18x10.jpg 18w\" sizes=\"auto, (max-width: 1920px) 100vw, 1920px\" \/>      <\/div>\n    <\/a>\n  \n      \n    <div class=\"bde-loop-item__wrap ee-post-wrap\">\n      \n          <h3 class=\"ee-post-title\">\n    <a class=\"bde-loop-item__title-link ee-post-title-link\" href=\"https:\/\/iil.ee\/en\/iil\/iil-alustab-rahulolu-uuring-labiviimisega\" >\n        IIL is starting to conduct a satisfaction survey    <\/a>\n    <\/h3>\n          <div class=\"bde-loop-item__post-meta ee-post-meta\">\n                                                    <span class=\"bde-loop-item__meta-date bde-loop-item__meta-item ee-post-meta-date ee-post-meta-item\">\n                                          17.04.26                                      <\/span>\n                                    \n        <\/div>\n      <ul class=\"bde-loop-item__post-tax ee-post-taxonomy\"><li class=\"bde-loop-item__tax-item ee-post-taxonomy-item\">IIL<\/li><\/ul>        <div class=\"bde-loop-item__content ee-post-content\">\n            &nbsp; From Monday 20th April until the end of May, IIL, in collaboration with Eesti Uuringukeskus O\u00dc, will be conducting a satisfaction survey on bus routes in the counties of Harju, L\u00e4\u00e4ne, Rapla and L\u00e4\u00e4ne-Viru. We will be mapping passenger satisfaction regarding various aspects affecting the customer experience\u2026        <\/div>\n      \n      \n    <\/div>\n\n    <\/article>\n\n        <article class=\"bde-loop-item ee-post\">\n                <a class=\"bde-loop-item__image-link ee-post-image-link\" href=\"https:\/\/iil.ee\/en\/soiduplaanid\/muudatused-joelahtme-siseliinidel-j17-ja-j18-alates-20-aprillist\" aria-label=\"Changes to J\u00f5el\u00e4htme internal routes J17 and J18 from 20 April\">\n      <div class=\"bde-loop-item__image ee-post-image\">\n          <img loading=\"lazy\" decoding=\"async\" width=\"1920\" height=\"1080\" src=\"https:\/\/iil.ee\/wp-content\/uploads\/2025\/06\/Iil-1.jpg\" class=\"attachment-full size-full wp-post-image\" alt=\"\" srcset=\"https:\/\/iil.ee\/wp-content\/uploads\/2025\/06\/Iil-1.jpg 1920w, https:\/\/iil.ee\/wp-content\/uploads\/2025\/06\/Iil-1-300x169.jpg 300w, https:\/\/iil.ee\/wp-content\/uploads\/2025\/06\/Iil-1-1024x576.jpg 1024w, https:\/\/iil.ee\/wp-content\/uploads\/2025\/06\/Iil-1-768x432.jpg 768w, https:\/\/iil.ee\/wp-content\/uploads\/2025\/06\/Iil-1-1536x864.jpg 1536w, https:\/\/iil.ee\/wp-content\/uploads\/2025\/06\/Iil-1-18x10.jpg 18w\" sizes=\"auto, (max-width: 1920px) 100vw, 1920px\" \/>      <\/div>\n    <\/a>\n  \n      \n    <div class=\"bde-loop-item__wrap ee-post-wrap\">\n      \n          <h3 class=\"ee-post-title\">\n    <a class=\"bde-loop-item__title-link ee-post-title-link\" href=\"https:\/\/iil.ee\/en\/soiduplaanid\/muudatused-joelahtme-siseliinidel-j17-ja-j18-alates-20-aprillist\" >\n        Changes to J\u00f5el\u00e4htme internal routes J17 and J18 from 20 April    <\/a>\n    <\/h3>\n          <div class=\"bde-loop-item__post-meta ee-post-meta\">\n                                                    <span class=\"bde-loop-item__meta-date bde-loop-item__meta-item ee-post-meta-date ee-post-meta-item\">\n                                          13.04.26                                      <\/span>\n                                    \n        <\/div>\n      <ul class=\"bde-loop-item__post-tax ee-post-taxonomy\"><li class=\"bde-loop-item__tax-item ee-post-taxonomy-item\">Timetables<\/li><\/ul>        <div class=\"bde-loop-item__content ee-post-content\">\n            From 20.04.2026, the following changes will be made to the J\u00f5el\u00e4htme internal routes J17 and J18: Route J17 will operate on all school days, the timetable will not change. Service on route J18 will be discontinued.        <\/div>\n      \n      \n    <\/div>\n\n    <\/article>\n\n        <article class=\"bde-loop-item ee-post\">\n                <a class=\"bde-loop-item__image-link ee-post-image-link\" href=\"https:\/\/iil.ee\/en\/soiduplaanid\/raplamaa-uued-soiduplaanid\" aria-label=\"Raplamaa bus timetables from 13th April 2026\">\n      <div class=\"bde-loop-item__image ee-post-image\">\n          <img loading=\"lazy\" decoding=\"async\" width=\"1920\" height=\"1080\" src=\"https:\/\/iil.ee\/wp-content\/uploads\/2025\/06\/Iil-11.jpg\" class=\"attachment-full size-full wp-post-image\" alt=\"\" srcset=\"https:\/\/iil.ee\/wp-content\/uploads\/2025\/06\/Iil-11.jpg 1920w, https:\/\/iil.ee\/wp-content\/uploads\/2025\/06\/Iil-11-300x169.jpg 300w, https:\/\/iil.ee\/wp-content\/uploads\/2025\/06\/Iil-11-1024x576.jpg 1024w, https:\/\/iil.ee\/wp-content\/uploads\/2025\/06\/Iil-11-768x432.jpg 768w, https:\/\/iil.ee\/wp-content\/uploads\/2025\/06\/Iil-11-1536x864.jpg 1536w, https:\/\/iil.ee\/wp-content\/uploads\/2025\/06\/Iil-11-18x10.jpg 18w\" sizes=\"auto, (max-width: 1920px) 100vw, 1920px\" \/>      <\/div>\n    <\/a>\n  \n      \n    <div class=\"bde-loop-item__wrap ee-post-wrap\">\n      \n          <h3 class=\"ee-post-title\">\n    <a class=\"bde-loop-item__title-link ee-post-title-link\" href=\"https:\/\/iil.ee\/en\/soiduplaanid\/raplamaa-uued-soiduplaanid\" >\n        Raplamaa bus timetables from 13th April 2026    <\/a>\n    <\/h3>\n          <div class=\"bde-loop-item__post-meta ee-post-meta\">\n                                                    <span class=\"bde-loop-item__meta-date bde-loop-item__meta-item ee-post-meta-date ee-post-meta-item\">\n                                          02.04.26                                      <\/span>\n                                    \n        <\/div>\n      <ul class=\"bde-loop-item__post-tax ee-post-taxonomy\"><li class=\"bde-loop-item__tax-item ee-post-taxonomy-item\">Timetables<\/li><\/ul>        <div class=\"bde-loop-item__content ee-post-content\">\n            From 13 April 2026, the timetables for Raplamaa bus routes no. 20, 31 and 34 will change. The routes will have the following changes: Route 20 Rapla \u2013 Kehtna On weekdays, the bus departing from Rapla bus station at 08:20 will start\u2026        <\/div>\n      \n      \n    <\/div>\n\n    <\/article>\n\n    <\/div>\n<\/div>\n  <\/div>\n<\/div>\n\n<\/div><div class=\"bde-advanced-tabs-content-18-270 bde-advanced-tabs-content\">\n<div tabindex=\"0\" role=\"tabpanel\" class=\"bde-tabs__panel js-panel\" id=\"\" aria-labelledby=\"\">\n  <div class=\"bde-tabs__panel-content\">\n    <div class=\"bde-post-list-18-291 bde-post-list\">\n<div class=\"bde-loop bde-loop-grid ee-posts ee-posts-grid\">    <article class=\"bde-loop-item ee-post\">\n                <a class=\"bde-loop-item__image-link ee-post-image-link\" href=\"https:\/\/iil.ee\/en\/soiduplaanid\/keila-linnaliinide-uus-liikumistee\" aria-label=\"The routes of Keila&#039;s city lines K11, K12, and K14 will change from May 4, 2026\">\n      <div class=\"bde-loop-item__image ee-post-image\">\n          <img loading=\"lazy\" decoding=\"async\" width=\"1920\" height=\"1080\" src=\"https:\/\/iil.ee\/wp-content\/uploads\/2025\/11\/vlcsnap-2025-11-24-13h53m19s572.png\" class=\"attachment-full size-full wp-post-image\" alt=\"\" srcset=\"https:\/\/iil.ee\/wp-content\/uploads\/2025\/11\/vlcsnap-2025-11-24-13h53m19s572.png 1920w, https:\/\/iil.ee\/wp-content\/uploads\/2025\/11\/vlcsnap-2025-11-24-13h53m19s572-300x169.png 300w, https:\/\/iil.ee\/wp-content\/uploads\/2025\/11\/vlcsnap-2025-11-24-13h53m19s572-1024x576.png 1024w, https:\/\/iil.ee\/wp-content\/uploads\/2025\/11\/vlcsnap-2025-11-24-13h53m19s572-768x432.png 768w, https:\/\/iil.ee\/wp-content\/uploads\/2025\/11\/vlcsnap-2025-11-24-13h53m19s572-1536x864.png 1536w, https:\/\/iil.ee\/wp-content\/uploads\/2025\/11\/vlcsnap-2025-11-24-13h53m19s572-18x10.png 18w\" sizes=\"auto, (max-width: 1920px) 100vw, 1920px\" \/>      <\/div>\n    <\/a>\n  \n      \n    <div class=\"bde-loop-item__wrap ee-post-wrap\">\n      \n          <h3 class=\"ee-post-title\">\n    <a class=\"bde-loop-item__title-link ee-post-title-link\" href=\"https:\/\/iil.ee\/en\/soiduplaanid\/keila-linnaliinide-uus-liikumistee\" >\n        The routes of Keila's city lines K11, K12, and K14 will change from May 4, 2026    <\/a>\n    <\/h3>\n          <div class=\"bde-loop-item__post-meta ee-post-meta\">\n                                                    <span class=\"bde-loop-item__meta-date bde-loop-item__meta-item ee-post-meta-date ee-post-meta-item\">\n                                          28.04.26                                      <\/span>\n                                    \n        <\/div>\n      <ul class=\"bde-loop-item__post-tax ee-post-taxonomy\"><li class=\"bde-loop-item__tax-item ee-post-taxonomy-item\">Timetables<\/li><\/ul>        <div class=\"bde-loop-item__content ee-post-content\">\n            From Monday, 4 May 2026, the routes of Keila\u2019s local bus lines K11, K12, and K14 will change between the Keila Church and Luha bus stops. Buses will no longer travel via Tallinna maantee but will henceforth use in both directions...        <\/div>\n      \n      \n    <\/div>\n\n    <\/article>\n\n        <article class=\"bde-loop-item ee-post\">\n                <a class=\"bde-loop-item__image-link ee-post-image-link\" href=\"https:\/\/iil.ee\/en\/soiduplaanid\/maardus-suletakse-ajutiselt-keemikute-ja-orumetsa-tanava-ristmik-perioodil-06-05-08-05-2026\" aria-label=\"The intersection of Keemikute and Orumetsa streets in Maardu will be temporarily closed from 06.05\u201308.05.2026.\">\n      <div class=\"bde-loop-item__image ee-post-image\">\n          <img loading=\"lazy\" decoding=\"async\" width=\"1920\" height=\"1080\" src=\"https:\/\/iil.ee\/wp-content\/uploads\/2025\/06\/Iil-38.jpg\" class=\"attachment-full size-full wp-post-image\" alt=\"\" srcset=\"https:\/\/iil.ee\/wp-content\/uploads\/2025\/06\/Iil-38.jpg 1920w, https:\/\/iil.ee\/wp-content\/uploads\/2025\/06\/Iil-38-300x169.jpg 300w, https:\/\/iil.ee\/wp-content\/uploads\/2025\/06\/Iil-38-1024x576.jpg 1024w, https:\/\/iil.ee\/wp-content\/uploads\/2025\/06\/Iil-38-768x432.jpg 768w, https:\/\/iil.ee\/wp-content\/uploads\/2025\/06\/Iil-38-1536x864.jpg 1536w, https:\/\/iil.ee\/wp-content\/uploads\/2025\/06\/Iil-38-18x10.jpg 18w\" sizes=\"auto, (max-width: 1920px) 100vw, 1920px\" \/>      <\/div>\n    <\/a>\n  \n      \n    <div class=\"bde-loop-item__wrap ee-post-wrap\">\n      \n          <h3 class=\"ee-post-title\">\n    <a class=\"bde-loop-item__title-link ee-post-title-link\" href=\"https:\/\/iil.ee\/en\/soiduplaanid\/maardus-suletakse-ajutiselt-keemikute-ja-orumetsa-tanava-ristmik-perioodil-06-05-08-05-2026\" >\n        The intersection of Keemikute and Orumetsa streets in Maardu will be temporarily closed from 06.05\u201308.05.2026.    <\/a>\n    <\/h3>\n          <div class=\"bde-loop-item__post-meta ee-post-meta\">\n                                                    <span class=\"bde-loop-item__meta-date bde-loop-item__meta-item ee-post-meta-date ee-post-meta-item\">\n                                          28.04.26                                      <\/span>\n                                    \n        <\/div>\n      <ul class=\"bde-loop-item__post-tax ee-post-taxonomy\"><li class=\"bde-loop-item__tax-item ee-post-taxonomy-item\">Timetables<\/li><\/ul>        <div class=\"bde-loop-item__content ee-post-content\">\n            Due to the closure of the intersection of Keemikute and Orumetsa streets in the city of Maardu, bus routes will be temporarily diverted. The closure is planned from 6 May at 7:00 AM to 8 May at 11:00 PM. Bus routes 100, 101, 170, 171\u2026        <\/div>\n      \n      \n    <\/div>\n\n    <\/article>\n\n        <article class=\"bde-loop-item ee-post\">\n                <a class=\"bde-loop-item__image-link ee-post-image-link\" href=\"https:\/\/iil.ee\/en\/soiduplaanid\/liikluskorralduse-muudatus-laane-virumaal-2-mail-2026\" aria-label=\"Traffic management changes in L\u00e4\u00e4ne-Viru County on 2 May 2026\">\n      <div class=\"bde-loop-item__image ee-post-image\">\n          <img loading=\"lazy\" decoding=\"async\" width=\"1920\" height=\"1080\" src=\"https:\/\/iil.ee\/wp-content\/uploads\/2025\/06\/Iil-12.jpg\" class=\"attachment-full size-full wp-post-image\" alt=\"\" srcset=\"https:\/\/iil.ee\/wp-content\/uploads\/2025\/06\/Iil-12.jpg 1920w, https:\/\/iil.ee\/wp-content\/uploads\/2025\/06\/Iil-12-300x169.jpg 300w, https:\/\/iil.ee\/wp-content\/uploads\/2025\/06\/Iil-12-1024x576.jpg 1024w, https:\/\/iil.ee\/wp-content\/uploads\/2025\/06\/Iil-12-768x432.jpg 768w, https:\/\/iil.ee\/wp-content\/uploads\/2025\/06\/Iil-12-1536x864.jpg 1536w, https:\/\/iil.ee\/wp-content\/uploads\/2025\/06\/Iil-12-18x10.jpg 18w\" sizes=\"auto, (max-width: 1920px) 100vw, 1920px\" \/>      <\/div>\n    <\/a>\n  \n      \n    <div class=\"bde-loop-item__wrap ee-post-wrap\">\n      \n          <h3 class=\"ee-post-title\">\n    <a class=\"bde-loop-item__title-link ee-post-title-link\" href=\"https:\/\/iil.ee\/en\/soiduplaanid\/liikluskorralduse-muudatus-laane-virumaal-2-mail-2026\" >\n        Traffic management changes in L\u00e4\u00e4ne-Viru County on 2 May 2026    <\/a>\n    <\/h3>\n          <div class=\"bde-loop-item__post-meta ee-post-meta\">\n                                                    <span class=\"bde-loop-item__meta-date bde-loop-item__meta-item ee-post-meta-date ee-post-meta-item\">\n                                          22.04.26                                      <\/span>\n                                    \n        <\/div>\n      <ul class=\"bde-loop-item__post-tax ee-post-taxonomy\"><li class=\"bde-loop-item__tax-item ee-post-taxonomy-item\">Timetables<\/li><\/ul>        <div class=\"bde-loop-item__content ee-post-content\">\n            On the 2nd of May, the car event Drivestonia 2026 will take place in L\u00e4\u00e4ne-Viru county, in Vinni municipality, near Ulvi. In connection with the event, sections of the S\u00f5meru\u2013Kabala road and the Nurkse\u2013P\u00f5lula road will be closed between 9:00 AM and 2:00 PM. During the event, bus transport will be rerouted...        <\/div>\n      \n      \n    <\/div>\n\n    <\/article>\n\n        <article class=\"bde-loop-item ee-post\">\n                <a class=\"bde-loop-item__image-link ee-post-image-link\" href=\"https:\/\/iil.ee\/en\/iil\/iil-alustab-rahulolu-uuring-labiviimisega\" aria-label=\"IIL is starting to conduct a satisfaction survey\">\n      <div class=\"bde-loop-item__image ee-post-image\">\n          <img loading=\"lazy\" decoding=\"async\" width=\"1920\" height=\"1080\" src=\"https:\/\/iil.ee\/wp-content\/uploads\/2025\/06\/Iil-2.jpg\" class=\"attachment-full size-full wp-post-image\" alt=\"\" srcset=\"https:\/\/iil.ee\/wp-content\/uploads\/2025\/06\/Iil-2.jpg 1920w, https:\/\/iil.ee\/wp-content\/uploads\/2025\/06\/Iil-2-300x169.jpg 300w, https:\/\/iil.ee\/wp-content\/uploads\/2025\/06\/Iil-2-1024x576.jpg 1024w, https:\/\/iil.ee\/wp-content\/uploads\/2025\/06\/Iil-2-768x432.jpg 768w, https:\/\/iil.ee\/wp-content\/uploads\/2025\/06\/Iil-2-1536x864.jpg 1536w, https:\/\/iil.ee\/wp-content\/uploads\/2025\/06\/Iil-2-18x10.jpg 18w\" sizes=\"auto, (max-width: 1920px) 100vw, 1920px\" \/>      <\/div>\n    <\/a>\n  \n      \n    <div class=\"bde-loop-item__wrap ee-post-wrap\">\n      \n          <h3 class=\"ee-post-title\">\n    <a class=\"bde-loop-item__title-link ee-post-title-link\" href=\"https:\/\/iil.ee\/en\/iil\/iil-alustab-rahulolu-uuring-labiviimisega\" >\n        IIL is starting to conduct a satisfaction survey    <\/a>\n    <\/h3>\n          <div class=\"bde-loop-item__post-meta ee-post-meta\">\n                                                    <span class=\"bde-loop-item__meta-date bde-loop-item__meta-item ee-post-meta-date ee-post-meta-item\">\n                                          17.04.26                                      <\/span>\n                                    \n        <\/div>\n      <ul class=\"bde-loop-item__post-tax ee-post-taxonomy\"><li class=\"bde-loop-item__tax-item ee-post-taxonomy-item\">IIL<\/li><\/ul>        <div class=\"bde-loop-item__content ee-post-content\">\n            &nbsp; From Monday 20th April until the end of May, IIL, in collaboration with Eesti Uuringukeskus O\u00dc, will be conducting a satisfaction survey on bus routes in the counties of Harju, L\u00e4\u00e4ne, Rapla and L\u00e4\u00e4ne-Viru. We will be mapping passenger satisfaction regarding various aspects affecting the customer experience\u2026        <\/div>\n      \n      \n    <\/div>\n\n    <\/article>\n\n        <article class=\"bde-loop-item ee-post\">\n                <a class=\"bde-loop-item__image-link ee-post-image-link\" href=\"https:\/\/iil.ee\/en\/soiduplaanid\/muudatused-joelahtme-siseliinidel-j17-ja-j18-alates-20-aprillist\" aria-label=\"Changes to J\u00f5el\u00e4htme internal routes J17 and J18 from 20 April\">\n      <div class=\"bde-loop-item__image ee-post-image\">\n          <img loading=\"lazy\" decoding=\"async\" width=\"1920\" height=\"1080\" src=\"https:\/\/iil.ee\/wp-content\/uploads\/2025\/06\/Iil-1.jpg\" class=\"attachment-full size-full wp-post-image\" alt=\"\" srcset=\"https:\/\/iil.ee\/wp-content\/uploads\/2025\/06\/Iil-1.jpg 1920w, https:\/\/iil.ee\/wp-content\/uploads\/2025\/06\/Iil-1-300x169.jpg 300w, https:\/\/iil.ee\/wp-content\/uploads\/2025\/06\/Iil-1-1024x576.jpg 1024w, https:\/\/iil.ee\/wp-content\/uploads\/2025\/06\/Iil-1-768x432.jpg 768w, https:\/\/iil.ee\/wp-content\/uploads\/2025\/06\/Iil-1-1536x864.jpg 1536w, https:\/\/iil.ee\/wp-content\/uploads\/2025\/06\/Iil-1-18x10.jpg 18w\" sizes=\"auto, (max-width: 1920px) 100vw, 1920px\" \/>      <\/div>\n    <\/a>\n  \n      \n    <div class=\"bde-loop-item__wrap ee-post-wrap\">\n      \n          <h3 class=\"ee-post-title\">\n    <a class=\"bde-loop-item__title-link ee-post-title-link\" href=\"https:\/\/iil.ee\/en\/soiduplaanid\/muudatused-joelahtme-siseliinidel-j17-ja-j18-alates-20-aprillist\" >\n        Changes to J\u00f5el\u00e4htme internal routes J17 and J18 from 20 April    <\/a>\n    <\/h3>\n          <div class=\"bde-loop-item__post-meta ee-post-meta\">\n                                                    <span class=\"bde-loop-item__meta-date bde-loop-item__meta-item ee-post-meta-date ee-post-meta-item\">\n                                          13.04.26                                      <\/span>\n                                    \n        <\/div>\n      <ul class=\"bde-loop-item__post-tax ee-post-taxonomy\"><li class=\"bde-loop-item__tax-item ee-post-taxonomy-item\">Timetables<\/li><\/ul>        <div class=\"bde-loop-item__content ee-post-content\">\n            From 20.04.2026, the following changes will be made to the J\u00f5el\u00e4htme internal routes J17 and J18: Route J17 will operate on all school days, the timetable will not change. Service on route J18 will be discontinued.        <\/div>\n      \n      \n    <\/div>\n\n    <\/article>\n\n        <article class=\"bde-loop-item ee-post\">\n                <a class=\"bde-loop-item__image-link ee-post-image-link\" href=\"https:\/\/iil.ee\/en\/soiduplaanid\/raplamaa-uued-soiduplaanid\" aria-label=\"Raplamaa bus timetables from 13th April 2026\">\n      <div class=\"bde-loop-item__image ee-post-image\">\n          <img loading=\"lazy\" decoding=\"async\" width=\"1920\" height=\"1080\" src=\"https:\/\/iil.ee\/wp-content\/uploads\/2025\/06\/Iil-11.jpg\" class=\"attachment-full size-full wp-post-image\" alt=\"\" srcset=\"https:\/\/iil.ee\/wp-content\/uploads\/2025\/06\/Iil-11.jpg 1920w, https:\/\/iil.ee\/wp-content\/uploads\/2025\/06\/Iil-11-300x169.jpg 300w, https:\/\/iil.ee\/wp-content\/uploads\/2025\/06\/Iil-11-1024x576.jpg 1024w, https:\/\/iil.ee\/wp-content\/uploads\/2025\/06\/Iil-11-768x432.jpg 768w, https:\/\/iil.ee\/wp-content\/uploads\/2025\/06\/Iil-11-1536x864.jpg 1536w, https:\/\/iil.ee\/wp-content\/uploads\/2025\/06\/Iil-11-18x10.jpg 18w\" sizes=\"auto, (max-width: 1920px) 100vw, 1920px\" \/>      <\/div>\n    <\/a>\n  \n      \n    <div class=\"bde-loop-item__wrap ee-post-wrap\">\n      \n          <h3 class=\"ee-post-title\">\n    <a class=\"bde-loop-item__title-link ee-post-title-link\" href=\"https:\/\/iil.ee\/en\/soiduplaanid\/raplamaa-uued-soiduplaanid\" >\n        Raplamaa bus timetables from 13th April 2026    <\/a>\n    <\/h3>\n          <div class=\"bde-loop-item__post-meta ee-post-meta\">\n                                                    <span class=\"bde-loop-item__meta-date bde-loop-item__meta-item ee-post-meta-date ee-post-meta-item\">\n                                          02.04.26                                      <\/span>\n                                    \n        <\/div>\n      <ul class=\"bde-loop-item__post-tax ee-post-taxonomy\"><li class=\"bde-loop-item__tax-item ee-post-taxonomy-item\">Timetables<\/li><\/ul>        <div class=\"bde-loop-item__content ee-post-content\">\n            From 13 April 2026, the timetables for Raplamaa bus routes no. 20, 31 and 34 will change. The routes will have the following changes: Route 20 Rapla \u2013 Kehtna On weekdays, the bus departing from Rapla bus station at 08:20 will start\u2026        <\/div>\n      \n      \n    <\/div>\n\n    <\/article>\n\n    <\/div>\n<\/div>\n  <\/div>\n<\/div>\n\n<\/div><div class=\"bde-advanced-tabs-content-18-271 bde-advanced-tabs-content\">\n<div tabindex=\"0\" role=\"tabpanel\" class=\"bde-tabs__panel js-panel\" id=\"\" aria-labelledby=\"\">\n  <div class=\"bde-tabs__panel-content\">\n    <div class=\"bde-post-list-18-272 bde-post-list\">\n<div class=\"bde-loop bde-loop-grid ee-posts ee-posts-grid\">    <article class=\"bde-loop-item ee-post\">\n                <a class=\"bde-loop-item__image-link ee-post-image-link\" href=\"https:\/\/iil.ee\/en\/soiduplaanid\/keila-linnaliinide-uus-liikumistee\" aria-label=\"The routes of Keila&#039;s city lines K11, K12, and K14 will change from May 4, 2026\">\n      <div class=\"bde-loop-item__image ee-post-image\">\n          <img loading=\"lazy\" decoding=\"async\" width=\"1920\" height=\"1080\" src=\"https:\/\/iil.ee\/wp-content\/uploads\/2025\/11\/vlcsnap-2025-11-24-13h53m19s572.png\" class=\"attachment-full size-full wp-post-image\" alt=\"\" srcset=\"https:\/\/iil.ee\/wp-content\/uploads\/2025\/11\/vlcsnap-2025-11-24-13h53m19s572.png 1920w, https:\/\/iil.ee\/wp-content\/uploads\/2025\/11\/vlcsnap-2025-11-24-13h53m19s572-300x169.png 300w, https:\/\/iil.ee\/wp-content\/uploads\/2025\/11\/vlcsnap-2025-11-24-13h53m19s572-1024x576.png 1024w, https:\/\/iil.ee\/wp-content\/uploads\/2025\/11\/vlcsnap-2025-11-24-13h53m19s572-768x432.png 768w, https:\/\/iil.ee\/wp-content\/uploads\/2025\/11\/vlcsnap-2025-11-24-13h53m19s572-1536x864.png 1536w, https:\/\/iil.ee\/wp-content\/uploads\/2025\/11\/vlcsnap-2025-11-24-13h53m19s572-18x10.png 18w\" sizes=\"auto, (max-width: 1920px) 100vw, 1920px\" \/>      <\/div>\n    <\/a>\n  \n      \n    <div class=\"bde-loop-item__wrap ee-post-wrap\">\n      \n          <h3 class=\"ee-post-title\">\n    <a class=\"bde-loop-item__title-link ee-post-title-link\" href=\"https:\/\/iil.ee\/en\/soiduplaanid\/keila-linnaliinide-uus-liikumistee\" >\n        The routes of Keila's city lines K11, K12, and K14 will change from May 4, 2026    <\/a>\n    <\/h3>\n          <div class=\"bde-loop-item__post-meta ee-post-meta\">\n                                                    <span class=\"bde-loop-item__meta-date bde-loop-item__meta-item ee-post-meta-date ee-post-meta-item\">\n                                          28.04.26                                      <\/span>\n                                    \n        <\/div>\n      <ul class=\"bde-loop-item__post-tax ee-post-taxonomy\"><li class=\"bde-loop-item__tax-item ee-post-taxonomy-item\">Timetables<\/li><\/ul>        <div class=\"bde-loop-item__content ee-post-content\">\n            From Monday, 4 May 2026, the routes of Keila\u2019s local bus lines K11, K12, and K14 will change between the Keila Church and Luha bus stops. Buses will no longer travel via Tallinna maantee but will henceforth use in both directions...        <\/div>\n      \n      \n    <\/div>\n\n    <\/article>\n\n        <article class=\"bde-loop-item ee-post\">\n                <a class=\"bde-loop-item__image-link ee-post-image-link\" href=\"https:\/\/iil.ee\/en\/soiduplaanid\/maardus-suletakse-ajutiselt-keemikute-ja-orumetsa-tanava-ristmik-perioodil-06-05-08-05-2026\" aria-label=\"The intersection of Keemikute and Orumetsa streets in Maardu will be temporarily closed from 06.05\u201308.05.2026.\">\n      <div class=\"bde-loop-item__image ee-post-image\">\n          <img loading=\"lazy\" decoding=\"async\" width=\"1920\" height=\"1080\" src=\"https:\/\/iil.ee\/wp-content\/uploads\/2025\/06\/Iil-38.jpg\" class=\"attachment-full size-full wp-post-image\" alt=\"\" srcset=\"https:\/\/iil.ee\/wp-content\/uploads\/2025\/06\/Iil-38.jpg 1920w, https:\/\/iil.ee\/wp-content\/uploads\/2025\/06\/Iil-38-300x169.jpg 300w, https:\/\/iil.ee\/wp-content\/uploads\/2025\/06\/Iil-38-1024x576.jpg 1024w, https:\/\/iil.ee\/wp-content\/uploads\/2025\/06\/Iil-38-768x432.jpg 768w, https:\/\/iil.ee\/wp-content\/uploads\/2025\/06\/Iil-38-1536x864.jpg 1536w, https:\/\/iil.ee\/wp-content\/uploads\/2025\/06\/Iil-38-18x10.jpg 18w\" sizes=\"auto, (max-width: 1920px) 100vw, 1920px\" \/>      <\/div>\n    <\/a>\n  \n      \n    <div class=\"bde-loop-item__wrap ee-post-wrap\">\n      \n          <h3 class=\"ee-post-title\">\n    <a class=\"bde-loop-item__title-link ee-post-title-link\" href=\"https:\/\/iil.ee\/en\/soiduplaanid\/maardus-suletakse-ajutiselt-keemikute-ja-orumetsa-tanava-ristmik-perioodil-06-05-08-05-2026\" >\n        The intersection of Keemikute and Orumetsa streets in Maardu will be temporarily closed from 06.05\u201308.05.2026.    <\/a>\n    <\/h3>\n          <div class=\"bde-loop-item__post-meta ee-post-meta\">\n                                                    <span class=\"bde-loop-item__meta-date bde-loop-item__meta-item ee-post-meta-date ee-post-meta-item\">\n                                          28.04.26                                      <\/span>\n                                    \n        <\/div>\n      <ul class=\"bde-loop-item__post-tax ee-post-taxonomy\"><li class=\"bde-loop-item__tax-item ee-post-taxonomy-item\">Timetables<\/li><\/ul>        <div class=\"bde-loop-item__content ee-post-content\">\n            Due to the closure of the intersection of Keemikute and Orumetsa streets in the city of Maardu, bus routes will be temporarily diverted. The closure is planned from 6 May at 7:00 AM to 8 May at 11:00 PM. Bus routes 100, 101, 170, 171\u2026        <\/div>\n      \n      \n    <\/div>\n\n    <\/article>\n\n        <article class=\"bde-loop-item ee-post\">\n                <a class=\"bde-loop-item__image-link ee-post-image-link\" href=\"https:\/\/iil.ee\/en\/soiduplaanid\/liikluskorralduse-muudatus-laane-virumaal-2-mail-2026\" aria-label=\"Traffic management changes in L\u00e4\u00e4ne-Viru County on 2 May 2026\">\n      <div class=\"bde-loop-item__image ee-post-image\">\n          <img loading=\"lazy\" decoding=\"async\" width=\"1920\" height=\"1080\" src=\"https:\/\/iil.ee\/wp-content\/uploads\/2025\/06\/Iil-12.jpg\" class=\"attachment-full size-full wp-post-image\" alt=\"\" srcset=\"https:\/\/iil.ee\/wp-content\/uploads\/2025\/06\/Iil-12.jpg 1920w, https:\/\/iil.ee\/wp-content\/uploads\/2025\/06\/Iil-12-300x169.jpg 300w, https:\/\/iil.ee\/wp-content\/uploads\/2025\/06\/Iil-12-1024x576.jpg 1024w, https:\/\/iil.ee\/wp-content\/uploads\/2025\/06\/Iil-12-768x432.jpg 768w, https:\/\/iil.ee\/wp-content\/uploads\/2025\/06\/Iil-12-1536x864.jpg 1536w, https:\/\/iil.ee\/wp-content\/uploads\/2025\/06\/Iil-12-18x10.jpg 18w\" sizes=\"auto, (max-width: 1920px) 100vw, 1920px\" \/>      <\/div>\n    <\/a>\n  \n      \n    <div class=\"bde-loop-item__wrap ee-post-wrap\">\n      \n          <h3 class=\"ee-post-title\">\n    <a class=\"bde-loop-item__title-link ee-post-title-link\" href=\"https:\/\/iil.ee\/en\/soiduplaanid\/liikluskorralduse-muudatus-laane-virumaal-2-mail-2026\" >\n        Traffic management changes in L\u00e4\u00e4ne-Viru County on 2 May 2026    <\/a>\n    <\/h3>\n          <div class=\"bde-loop-item__post-meta ee-post-meta\">\n                                                    <span class=\"bde-loop-item__meta-date bde-loop-item__meta-item ee-post-meta-date ee-post-meta-item\">\n                                          22.04.26                                      <\/span>\n                                    \n        <\/div>\n      <ul class=\"bde-loop-item__post-tax ee-post-taxonomy\"><li class=\"bde-loop-item__tax-item ee-post-taxonomy-item\">Timetables<\/li><\/ul>        <div class=\"bde-loop-item__content ee-post-content\">\n            On the 2nd of May, the car event Drivestonia 2026 will take place in L\u00e4\u00e4ne-Viru county, in Vinni municipality, near Ulvi. In connection with the event, sections of the S\u00f5meru\u2013Kabala road and the Nurkse\u2013P\u00f5lula road will be closed between 9:00 AM and 2:00 PM. During the event, bus transport will be rerouted...        <\/div>\n      \n      \n    <\/div>\n\n    <\/article>\n\n        <article class=\"bde-loop-item ee-post\">\n                <a class=\"bde-loop-item__image-link ee-post-image-link\" href=\"https:\/\/iil.ee\/en\/iil\/iil-alustab-rahulolu-uuring-labiviimisega\" aria-label=\"IIL is starting to conduct a satisfaction survey\">\n      <div class=\"bde-loop-item__image ee-post-image\">\n          <img loading=\"lazy\" decoding=\"async\" width=\"1920\" height=\"1080\" src=\"https:\/\/iil.ee\/wp-content\/uploads\/2025\/06\/Iil-2.jpg\" class=\"attachment-full size-full wp-post-image\" alt=\"\" srcset=\"https:\/\/iil.ee\/wp-content\/uploads\/2025\/06\/Iil-2.jpg 1920w, https:\/\/iil.ee\/wp-content\/uploads\/2025\/06\/Iil-2-300x169.jpg 300w, https:\/\/iil.ee\/wp-content\/uploads\/2025\/06\/Iil-2-1024x576.jpg 1024w, https:\/\/iil.ee\/wp-content\/uploads\/2025\/06\/Iil-2-768x432.jpg 768w, https:\/\/iil.ee\/wp-content\/uploads\/2025\/06\/Iil-2-1536x864.jpg 1536w, https:\/\/iil.ee\/wp-content\/uploads\/2025\/06\/Iil-2-18x10.jpg 18w\" sizes=\"auto, (max-width: 1920px) 100vw, 1920px\" \/>      <\/div>\n    <\/a>\n  \n      \n    <div class=\"bde-loop-item__wrap ee-post-wrap\">\n      \n          <h3 class=\"ee-post-title\">\n    <a class=\"bde-loop-item__title-link ee-post-title-link\" href=\"https:\/\/iil.ee\/en\/iil\/iil-alustab-rahulolu-uuring-labiviimisega\" >\n        IIL is starting to conduct a satisfaction survey    <\/a>\n    <\/h3>\n          <div class=\"bde-loop-item__post-meta ee-post-meta\">\n                                                    <span class=\"bde-loop-item__meta-date bde-loop-item__meta-item ee-post-meta-date ee-post-meta-item\">\n                                          17.04.26                                      <\/span>\n                                    \n        <\/div>\n      <ul class=\"bde-loop-item__post-tax ee-post-taxonomy\"><li class=\"bde-loop-item__tax-item ee-post-taxonomy-item\">IIL<\/li><\/ul>        <div class=\"bde-loop-item__content ee-post-content\">\n            &nbsp; From Monday 20th April until the end of May, IIL, in collaboration with Eesti Uuringukeskus O\u00dc, will be conducting a satisfaction survey on bus routes in the counties of Harju, L\u00e4\u00e4ne, Rapla and L\u00e4\u00e4ne-Viru. We will be mapping passenger satisfaction regarding various aspects affecting the customer experience\u2026        <\/div>\n      \n      \n    <\/div>\n\n    <\/article>\n\n        <article class=\"bde-loop-item ee-post\">\n                <a class=\"bde-loop-item__image-link ee-post-image-link\" href=\"https:\/\/iil.ee\/en\/soiduplaanid\/muudatused-joelahtme-siseliinidel-j17-ja-j18-alates-20-aprillist\" aria-label=\"Changes to J\u00f5el\u00e4htme internal routes J17 and J18 from 20 April\">\n      <div class=\"bde-loop-item__image ee-post-image\">\n          <img loading=\"lazy\" decoding=\"async\" width=\"1920\" height=\"1080\" src=\"https:\/\/iil.ee\/wp-content\/uploads\/2025\/06\/Iil-1.jpg\" class=\"attachment-full size-full wp-post-image\" alt=\"\" srcset=\"https:\/\/iil.ee\/wp-content\/uploads\/2025\/06\/Iil-1.jpg 1920w, https:\/\/iil.ee\/wp-content\/uploads\/2025\/06\/Iil-1-300x169.jpg 300w, https:\/\/iil.ee\/wp-content\/uploads\/2025\/06\/Iil-1-1024x576.jpg 1024w, https:\/\/iil.ee\/wp-content\/uploads\/2025\/06\/Iil-1-768x432.jpg 768w, https:\/\/iil.ee\/wp-content\/uploads\/2025\/06\/Iil-1-1536x864.jpg 1536w, https:\/\/iil.ee\/wp-content\/uploads\/2025\/06\/Iil-1-18x10.jpg 18w\" sizes=\"auto, (max-width: 1920px) 100vw, 1920px\" \/>      <\/div>\n    <\/a>\n  \n      \n    <div class=\"bde-loop-item__wrap ee-post-wrap\">\n      \n          <h3 class=\"ee-post-title\">\n    <a class=\"bde-loop-item__title-link ee-post-title-link\" href=\"https:\/\/iil.ee\/en\/soiduplaanid\/muudatused-joelahtme-siseliinidel-j17-ja-j18-alates-20-aprillist\" >\n        Changes to J\u00f5el\u00e4htme internal routes J17 and J18 from 20 April    <\/a>\n    <\/h3>\n          <div class=\"bde-loop-item__post-meta ee-post-meta\">\n                                                    <span class=\"bde-loop-item__meta-date bde-loop-item__meta-item ee-post-meta-date ee-post-meta-item\">\n                                          13.04.26                                      <\/span>\n                                    \n        <\/div>\n      <ul class=\"bde-loop-item__post-tax ee-post-taxonomy\"><li class=\"bde-loop-item__tax-item ee-post-taxonomy-item\">Timetables<\/li><\/ul>        <div class=\"bde-loop-item__content ee-post-content\">\n            From 20.04.2026, the following changes will be made to the J\u00f5el\u00e4htme internal routes J17 and J18: Route J17 will operate on all school days, the timetable will not change. Service on route J18 will be discontinued.        <\/div>\n      \n      \n    <\/div>\n\n    <\/article>\n\n        <article class=\"bde-loop-item ee-post\">\n                <a class=\"bde-loop-item__image-link ee-post-image-link\" href=\"https:\/\/iil.ee\/en\/soiduplaanid\/raplamaa-uued-soiduplaanid\" aria-label=\"Raplamaa bus timetables from 13th April 2026\">\n      <div class=\"bde-loop-item__image ee-post-image\">\n          <img loading=\"lazy\" decoding=\"async\" width=\"1920\" height=\"1080\" src=\"https:\/\/iil.ee\/wp-content\/uploads\/2025\/06\/Iil-11.jpg\" class=\"attachment-full size-full wp-post-image\" alt=\"\" srcset=\"https:\/\/iil.ee\/wp-content\/uploads\/2025\/06\/Iil-11.jpg 1920w, https:\/\/iil.ee\/wp-content\/uploads\/2025\/06\/Iil-11-300x169.jpg 300w, https:\/\/iil.ee\/wp-content\/uploads\/2025\/06\/Iil-11-1024x576.jpg 1024w, https:\/\/iil.ee\/wp-content\/uploads\/2025\/06\/Iil-11-768x432.jpg 768w, https:\/\/iil.ee\/wp-content\/uploads\/2025\/06\/Iil-11-1536x864.jpg 1536w, https:\/\/iil.ee\/wp-content\/uploads\/2025\/06\/Iil-11-18x10.jpg 18w\" sizes=\"auto, (max-width: 1920px) 100vw, 1920px\" \/>      <\/div>\n    <\/a>\n  \n      \n    <div class=\"bde-loop-item__wrap ee-post-wrap\">\n      \n          <h3 class=\"ee-post-title\">\n    <a class=\"bde-loop-item__title-link ee-post-title-link\" href=\"https:\/\/iil.ee\/en\/soiduplaanid\/raplamaa-uued-soiduplaanid\" >\n        Raplamaa bus timetables from 13th April 2026    <\/a>\n    <\/h3>\n          <div class=\"bde-loop-item__post-meta ee-post-meta\">\n                                                    <span class=\"bde-loop-item__meta-date bde-loop-item__meta-item ee-post-meta-date ee-post-meta-item\">\n                                          02.04.26                                      <\/span>\n                                    \n        <\/div>\n      <ul class=\"bde-loop-item__post-tax ee-post-taxonomy\"><li class=\"bde-loop-item__tax-item ee-post-taxonomy-item\">Timetables<\/li><\/ul>        <div class=\"bde-loop-item__content ee-post-content\">\n            From 13 April 2026, the timetables for Raplamaa bus routes no. 20, 31 and 34 will change. The routes will have the following changes: Route 20 Rapla \u2013 Kehtna On weekdays, the bus departing from Rapla bus station at 08:20 will start\u2026        <\/div>\n      \n      \n    <\/div>\n\n    <\/article>\n\n    <\/div>\n<\/div>\n  <\/div>\n<\/div>\n\n<\/div><div class=\"bde-advanced-tabs-content-18-273 bde-advanced-tabs-content\">\n<div tabindex=\"0\" role=\"tabpanel\" class=\"bde-tabs__panel js-panel\" id=\"\" aria-labelledby=\"\">\n  <div class=\"bde-tabs__panel-content\">\n    <div class=\"bde-post-list-18-274 bde-post-list\">\n<div class=\"bde-loop bde-loop-grid ee-posts ee-posts-grid\">    <article class=\"bde-loop-item ee-post\">\n                <a class=\"bde-loop-item__image-link ee-post-image-link\" href=\"https:\/\/iil.ee\/en\/soiduplaanid\/keila-linnaliinide-uus-liikumistee\" aria-label=\"The routes of Keila&#039;s city lines K11, K12, and K14 will change from May 4, 2026\">\n      <div class=\"bde-loop-item__image ee-post-image\">\n          <img loading=\"lazy\" decoding=\"async\" width=\"1920\" height=\"1080\" src=\"https:\/\/iil.ee\/wp-content\/uploads\/2025\/11\/vlcsnap-2025-11-24-13h53m19s572.png\" class=\"attachment-full size-full wp-post-image\" alt=\"\" srcset=\"https:\/\/iil.ee\/wp-content\/uploads\/2025\/11\/vlcsnap-2025-11-24-13h53m19s572.png 1920w, https:\/\/iil.ee\/wp-content\/uploads\/2025\/11\/vlcsnap-2025-11-24-13h53m19s572-300x169.png 300w, https:\/\/iil.ee\/wp-content\/uploads\/2025\/11\/vlcsnap-2025-11-24-13h53m19s572-1024x576.png 1024w, https:\/\/iil.ee\/wp-content\/uploads\/2025\/11\/vlcsnap-2025-11-24-13h53m19s572-768x432.png 768w, https:\/\/iil.ee\/wp-content\/uploads\/2025\/11\/vlcsnap-2025-11-24-13h53m19s572-1536x864.png 1536w, https:\/\/iil.ee\/wp-content\/uploads\/2025\/11\/vlcsnap-2025-11-24-13h53m19s572-18x10.png 18w\" sizes=\"auto, (max-width: 1920px) 100vw, 1920px\" \/>      <\/div>\n    <\/a>\n  \n      \n    <div class=\"bde-loop-item__wrap ee-post-wrap\">\n      \n          <h3 class=\"ee-post-title\">\n    <a class=\"bde-loop-item__title-link ee-post-title-link\" href=\"https:\/\/iil.ee\/en\/soiduplaanid\/keila-linnaliinide-uus-liikumistee\" >\n        The routes of Keila's city lines K11, K12, and K14 will change from May 4, 2026    <\/a>\n    <\/h3>\n          <div class=\"bde-loop-item__post-meta ee-post-meta\">\n                                                    <span class=\"bde-loop-item__meta-date bde-loop-item__meta-item ee-post-meta-date ee-post-meta-item\">\n                                          28.04.26                                      <\/span>\n                                    \n        <\/div>\n      <ul class=\"bde-loop-item__post-tax ee-post-taxonomy\"><li class=\"bde-loop-item__tax-item ee-post-taxonomy-item\">Timetables<\/li><\/ul>        <div class=\"bde-loop-item__content ee-post-content\">\n            From Monday, 4 May 2026, the routes of Keila\u2019s local bus lines K11, K12, and K14 will change between the Keila Church and Luha bus stops. Buses will no longer travel via Tallinna maantee but will henceforth use in both directions...        <\/div>\n      \n      \n    <\/div>\n\n    <\/article>\n\n        <article class=\"bde-loop-item ee-post\">\n                <a class=\"bde-loop-item__image-link ee-post-image-link\" href=\"https:\/\/iil.ee\/en\/soiduplaanid\/maardus-suletakse-ajutiselt-keemikute-ja-orumetsa-tanava-ristmik-perioodil-06-05-08-05-2026\" aria-label=\"The intersection of Keemikute and Orumetsa streets in Maardu will be temporarily closed from 06.05\u201308.05.2026.\">\n      <div class=\"bde-loop-item__image ee-post-image\">\n          <img loading=\"lazy\" decoding=\"async\" width=\"1920\" height=\"1080\" src=\"https:\/\/iil.ee\/wp-content\/uploads\/2025\/06\/Iil-38.jpg\" class=\"attachment-full size-full wp-post-image\" alt=\"\" srcset=\"https:\/\/iil.ee\/wp-content\/uploads\/2025\/06\/Iil-38.jpg 1920w, https:\/\/iil.ee\/wp-content\/uploads\/2025\/06\/Iil-38-300x169.jpg 300w, https:\/\/iil.ee\/wp-content\/uploads\/2025\/06\/Iil-38-1024x576.jpg 1024w, https:\/\/iil.ee\/wp-content\/uploads\/2025\/06\/Iil-38-768x432.jpg 768w, https:\/\/iil.ee\/wp-content\/uploads\/2025\/06\/Iil-38-1536x864.jpg 1536w, https:\/\/iil.ee\/wp-content\/uploads\/2025\/06\/Iil-38-18x10.jpg 18w\" sizes=\"auto, (max-width: 1920px) 100vw, 1920px\" \/>      <\/div>\n    <\/a>\n  \n      \n    <div class=\"bde-loop-item__wrap ee-post-wrap\">\n      \n          <h3 class=\"ee-post-title\">\n    <a class=\"bde-loop-item__title-link ee-post-title-link\" href=\"https:\/\/iil.ee\/en\/soiduplaanid\/maardus-suletakse-ajutiselt-keemikute-ja-orumetsa-tanava-ristmik-perioodil-06-05-08-05-2026\" >\n        The intersection of Keemikute and Orumetsa streets in Maardu will be temporarily closed from 06.05\u201308.05.2026.    <\/a>\n    <\/h3>\n          <div class=\"bde-loop-item__post-meta ee-post-meta\">\n                                                    <span class=\"bde-loop-item__meta-date bde-loop-item__meta-item ee-post-meta-date ee-post-meta-item\">\n                                          28.04.26                                      <\/span>\n                                    \n        <\/div>\n      <ul class=\"bde-loop-item__post-tax ee-post-taxonomy\"><li class=\"bde-loop-item__tax-item ee-post-taxonomy-item\">Timetables<\/li><\/ul>        <div class=\"bde-loop-item__content ee-post-content\">\n            Due to the closure of the intersection of Keemikute and Orumetsa streets in the city of Maardu, bus routes will be temporarily diverted. The closure is planned from 6 May at 7:00 AM to 8 May at 11:00 PM. Bus routes 100, 101, 170, 171\u2026        <\/div>\n      \n      \n    <\/div>\n\n    <\/article>\n\n        <article class=\"bde-loop-item ee-post\">\n                <a class=\"bde-loop-item__image-link ee-post-image-link\" href=\"https:\/\/iil.ee\/en\/soiduplaanid\/liikluskorralduse-muudatus-laane-virumaal-2-mail-2026\" aria-label=\"Traffic management changes in L\u00e4\u00e4ne-Viru County on 2 May 2026\">\n      <div class=\"bde-loop-item__image ee-post-image\">\n          <img loading=\"lazy\" decoding=\"async\" width=\"1920\" height=\"1080\" src=\"https:\/\/iil.ee\/wp-content\/uploads\/2025\/06\/Iil-12.jpg\" class=\"attachment-full size-full wp-post-image\" alt=\"\" srcset=\"https:\/\/iil.ee\/wp-content\/uploads\/2025\/06\/Iil-12.jpg 1920w, https:\/\/iil.ee\/wp-content\/uploads\/2025\/06\/Iil-12-300x169.jpg 300w, https:\/\/iil.ee\/wp-content\/uploads\/2025\/06\/Iil-12-1024x576.jpg 1024w, https:\/\/iil.ee\/wp-content\/uploads\/2025\/06\/Iil-12-768x432.jpg 768w, https:\/\/iil.ee\/wp-content\/uploads\/2025\/06\/Iil-12-1536x864.jpg 1536w, https:\/\/iil.ee\/wp-content\/uploads\/2025\/06\/Iil-12-18x10.jpg 18w\" sizes=\"auto, (max-width: 1920px) 100vw, 1920px\" \/>      <\/div>\n    <\/a>\n  \n      \n    <div class=\"bde-loop-item__wrap ee-post-wrap\">\n      \n          <h3 class=\"ee-post-title\">\n    <a class=\"bde-loop-item__title-link ee-post-title-link\" href=\"https:\/\/iil.ee\/en\/soiduplaanid\/liikluskorralduse-muudatus-laane-virumaal-2-mail-2026\" >\n        Traffic management changes in L\u00e4\u00e4ne-Viru County on 2 May 2026    <\/a>\n    <\/h3>\n          <div class=\"bde-loop-item__post-meta ee-post-meta\">\n                                                    <span class=\"bde-loop-item__meta-date bde-loop-item__meta-item ee-post-meta-date ee-post-meta-item\">\n                                          22.04.26                                      <\/span>\n                                    \n        <\/div>\n      <ul class=\"bde-loop-item__post-tax ee-post-taxonomy\"><li class=\"bde-loop-item__tax-item ee-post-taxonomy-item\">Timetables<\/li><\/ul>        <div class=\"bde-loop-item__content ee-post-content\">\n            On the 2nd of May, the car event Drivestonia 2026 will take place in L\u00e4\u00e4ne-Viru county, in Vinni municipality, near Ulvi. In connection with the event, sections of the S\u00f5meru\u2013Kabala road and the Nurkse\u2013P\u00f5lula road will be closed between 9:00 AM and 2:00 PM. During the event, bus transport will be rerouted...        <\/div>\n      \n      \n    <\/div>\n\n    <\/article>\n\n        <article class=\"bde-loop-item ee-post\">\n                <a class=\"bde-loop-item__image-link ee-post-image-link\" href=\"https:\/\/iil.ee\/en\/iil\/iil-alustab-rahulolu-uuring-labiviimisega\" aria-label=\"IIL is starting to conduct a satisfaction survey\">\n      <div class=\"bde-loop-item__image ee-post-image\">\n          <img loading=\"lazy\" decoding=\"async\" width=\"1920\" height=\"1080\" src=\"https:\/\/iil.ee\/wp-content\/uploads\/2025\/06\/Iil-2.jpg\" class=\"attachment-full size-full wp-post-image\" alt=\"\" srcset=\"https:\/\/iil.ee\/wp-content\/uploads\/2025\/06\/Iil-2.jpg 1920w, https:\/\/iil.ee\/wp-content\/uploads\/2025\/06\/Iil-2-300x169.jpg 300w, https:\/\/iil.ee\/wp-content\/uploads\/2025\/06\/Iil-2-1024x576.jpg 1024w, https:\/\/iil.ee\/wp-content\/uploads\/2025\/06\/Iil-2-768x432.jpg 768w, https:\/\/iil.ee\/wp-content\/uploads\/2025\/06\/Iil-2-1536x864.jpg 1536w, https:\/\/iil.ee\/wp-content\/uploads\/2025\/06\/Iil-2-18x10.jpg 18w\" sizes=\"auto, (max-width: 1920px) 100vw, 1920px\" \/>      <\/div>\n    <\/a>\n  \n      \n    <div class=\"bde-loop-item__wrap ee-post-wrap\">\n      \n          <h3 class=\"ee-post-title\">\n    <a class=\"bde-loop-item__title-link ee-post-title-link\" href=\"https:\/\/iil.ee\/en\/iil\/iil-alustab-rahulolu-uuring-labiviimisega\" >\n        IIL is starting to conduct a satisfaction survey    <\/a>\n    <\/h3>\n          <div class=\"bde-loop-item__post-meta ee-post-meta\">\n                                                    <span class=\"bde-loop-item__meta-date bde-loop-item__meta-item ee-post-meta-date ee-post-meta-item\">\n                                          17.04.26                                      <\/span>\n                                    \n        <\/div>\n      <ul class=\"bde-loop-item__post-tax ee-post-taxonomy\"><li class=\"bde-loop-item__tax-item ee-post-taxonomy-item\">IIL<\/li><\/ul>        <div class=\"bde-loop-item__content ee-post-content\">\n            &nbsp; From Monday 20th April until the end of May, IIL, in collaboration with Eesti Uuringukeskus O\u00dc, will be conducting a satisfaction survey on bus routes in the counties of Harju, L\u00e4\u00e4ne, Rapla and L\u00e4\u00e4ne-Viru. We will be mapping passenger satisfaction regarding various aspects affecting the customer experience\u2026        <\/div>\n      \n      \n    <\/div>\n\n    <\/article>\n\n        <article class=\"bde-loop-item ee-post\">\n                <a class=\"bde-loop-item__image-link ee-post-image-link\" href=\"https:\/\/iil.ee\/en\/soiduplaanid\/muudatused-joelahtme-siseliinidel-j17-ja-j18-alates-20-aprillist\" aria-label=\"Changes to J\u00f5el\u00e4htme internal routes J17 and J18 from 20 April\">\n      <div class=\"bde-loop-item__image ee-post-image\">\n          <img loading=\"lazy\" decoding=\"async\" width=\"1920\" height=\"1080\" src=\"https:\/\/iil.ee\/wp-content\/uploads\/2025\/06\/Iil-1.jpg\" class=\"attachment-full size-full wp-post-image\" alt=\"\" srcset=\"https:\/\/iil.ee\/wp-content\/uploads\/2025\/06\/Iil-1.jpg 1920w, https:\/\/iil.ee\/wp-content\/uploads\/2025\/06\/Iil-1-300x169.jpg 300w, https:\/\/iil.ee\/wp-content\/uploads\/2025\/06\/Iil-1-1024x576.jpg 1024w, https:\/\/iil.ee\/wp-content\/uploads\/2025\/06\/Iil-1-768x432.jpg 768w, https:\/\/iil.ee\/wp-content\/uploads\/2025\/06\/Iil-1-1536x864.jpg 1536w, https:\/\/iil.ee\/wp-content\/uploads\/2025\/06\/Iil-1-18x10.jpg 18w\" sizes=\"auto, (max-width: 1920px) 100vw, 1920px\" \/>      <\/div>\n    <\/a>\n  \n      \n    <div class=\"bde-loop-item__wrap ee-post-wrap\">\n      \n          <h3 class=\"ee-post-title\">\n    <a class=\"bde-loop-item__title-link ee-post-title-link\" href=\"https:\/\/iil.ee\/en\/soiduplaanid\/muudatused-joelahtme-siseliinidel-j17-ja-j18-alates-20-aprillist\" >\n        Changes to J\u00f5el\u00e4htme internal routes J17 and J18 from 20 April    <\/a>\n    <\/h3>\n          <div class=\"bde-loop-item__post-meta ee-post-meta\">\n                                                    <span class=\"bde-loop-item__meta-date bde-loop-item__meta-item ee-post-meta-date ee-post-meta-item\">\n                                          13.04.26                                      <\/span>\n                                    \n        <\/div>\n      <ul class=\"bde-loop-item__post-tax ee-post-taxonomy\"><li class=\"bde-loop-item__tax-item ee-post-taxonomy-item\">Timetables<\/li><\/ul>        <div class=\"bde-loop-item__content ee-post-content\">\n            From 20.04.2026, the following changes will be made to the J\u00f5el\u00e4htme internal routes J17 and J18: Route J17 will operate on all school days, the timetable will not change. Service on route J18 will be discontinued.        <\/div>\n      \n      \n    <\/div>\n\n    <\/article>\n\n        <article class=\"bde-loop-item ee-post\">\n                <a class=\"bde-loop-item__image-link ee-post-image-link\" href=\"https:\/\/iil.ee\/en\/soiduplaanid\/raplamaa-uued-soiduplaanid\" aria-label=\"Raplamaa bus timetables from 13th April 2026\">\n      <div class=\"bde-loop-item__image ee-post-image\">\n          <img loading=\"lazy\" decoding=\"async\" width=\"1920\" height=\"1080\" src=\"https:\/\/iil.ee\/wp-content\/uploads\/2025\/06\/Iil-11.jpg\" class=\"attachment-full size-full wp-post-image\" alt=\"\" srcset=\"https:\/\/iil.ee\/wp-content\/uploads\/2025\/06\/Iil-11.jpg 1920w, https:\/\/iil.ee\/wp-content\/uploads\/2025\/06\/Iil-11-300x169.jpg 300w, https:\/\/iil.ee\/wp-content\/uploads\/2025\/06\/Iil-11-1024x576.jpg 1024w, https:\/\/iil.ee\/wp-content\/uploads\/2025\/06\/Iil-11-768x432.jpg 768w, https:\/\/iil.ee\/wp-content\/uploads\/2025\/06\/Iil-11-1536x864.jpg 1536w, https:\/\/iil.ee\/wp-content\/uploads\/2025\/06\/Iil-11-18x10.jpg 18w\" sizes=\"auto, (max-width: 1920px) 100vw, 1920px\" \/>      <\/div>\n    <\/a>\n  \n      \n    <div class=\"bde-loop-item__wrap ee-post-wrap\">\n      \n          <h3 class=\"ee-post-title\">\n    <a class=\"bde-loop-item__title-link ee-post-title-link\" href=\"https:\/\/iil.ee\/en\/soiduplaanid\/raplamaa-uued-soiduplaanid\" >\n        Raplamaa bus timetables from 13th April 2026    <\/a>\n    <\/h3>\n          <div class=\"bde-loop-item__post-meta ee-post-meta\">\n                                                    <span class=\"bde-loop-item__meta-date bde-loop-item__meta-item ee-post-meta-date ee-post-meta-item\">\n                                          02.04.26                                      <\/span>\n                                    \n        <\/div>\n      <ul class=\"bde-loop-item__post-tax ee-post-taxonomy\"><li class=\"bde-loop-item__tax-item ee-post-taxonomy-item\">Timetables<\/li><\/ul>        <div class=\"bde-loop-item__content ee-post-content\">\n            From 13 April 2026, the timetables for Raplamaa bus routes no. 20, 31 and 34 will change. The routes will have the following changes: Route 20 Rapla \u2013 Kehtna On weekdays, the bus departing from Rapla bus station at 08:20 will start\u2026        <\/div>\n      \n      \n    <\/div>\n\n    <\/article>\n\n    <\/div>\n<\/div>\n  <\/div>\n<\/div>\n\n<\/div><div class=\"bde-advanced-tabs-content-18-275 bde-advanced-tabs-content\">\n<div tabindex=\"0\" role=\"tabpanel\" class=\"bde-tabs__panel js-panel\" id=\"\" aria-labelledby=\"\">\n  <div class=\"bde-tabs__panel-content\">\n    <div class=\"bde-post-list-18-276 bde-post-list\">\n<div class=\"bde-loop bde-loop-grid ee-posts ee-posts-grid\">    <article class=\"bde-loop-item ee-post\">\n                <a class=\"bde-loop-item__image-link ee-post-image-link\" href=\"https:\/\/iil.ee\/en\/soiduplaanid\/keila-linnaliinide-uus-liikumistee\" aria-label=\"The routes of Keila&#039;s city lines K11, K12, and K14 will change from May 4, 2026\">\n      <div class=\"bde-loop-item__image ee-post-image\">\n          <img loading=\"lazy\" decoding=\"async\" width=\"1920\" height=\"1080\" src=\"https:\/\/iil.ee\/wp-content\/uploads\/2025\/11\/vlcsnap-2025-11-24-13h53m19s572.png\" class=\"attachment-full size-full wp-post-image\" alt=\"\" srcset=\"https:\/\/iil.ee\/wp-content\/uploads\/2025\/11\/vlcsnap-2025-11-24-13h53m19s572.png 1920w, https:\/\/iil.ee\/wp-content\/uploads\/2025\/11\/vlcsnap-2025-11-24-13h53m19s572-300x169.png 300w, https:\/\/iil.ee\/wp-content\/uploads\/2025\/11\/vlcsnap-2025-11-24-13h53m19s572-1024x576.png 1024w, https:\/\/iil.ee\/wp-content\/uploads\/2025\/11\/vlcsnap-2025-11-24-13h53m19s572-768x432.png 768w, https:\/\/iil.ee\/wp-content\/uploads\/2025\/11\/vlcsnap-2025-11-24-13h53m19s572-1536x864.png 1536w, https:\/\/iil.ee\/wp-content\/uploads\/2025\/11\/vlcsnap-2025-11-24-13h53m19s572-18x10.png 18w\" sizes=\"auto, (max-width: 1920px) 100vw, 1920px\" \/>      <\/div>\n    <\/a>\n  \n      \n    <div class=\"bde-loop-item__wrap ee-post-wrap\">\n      \n          <h3 class=\"ee-post-title\">\n    <a class=\"bde-loop-item__title-link ee-post-title-link\" href=\"https:\/\/iil.ee\/en\/soiduplaanid\/keila-linnaliinide-uus-liikumistee\" >\n        The routes of Keila's city lines K11, K12, and K14 will change from May 4, 2026    <\/a>\n    <\/h3>\n          <div class=\"bde-loop-item__post-meta ee-post-meta\">\n                                                    <span class=\"bde-loop-item__meta-date bde-loop-item__meta-item ee-post-meta-date ee-post-meta-item\">\n                                          28.04.26                                      <\/span>\n                                    \n        <\/div>\n      <ul class=\"bde-loop-item__post-tax ee-post-taxonomy\"><li class=\"bde-loop-item__tax-item ee-post-taxonomy-item\">Timetables<\/li><\/ul>        <div class=\"bde-loop-item__content ee-post-content\">\n            From Monday, 4 May 2026, the routes of Keila\u2019s local bus lines K11, K12, and K14 will change between the Keila Church and Luha bus stops. Buses will no longer travel via Tallinna maantee but will henceforth use in both directions...        <\/div>\n      \n      \n    <\/div>\n\n    <\/article>\n\n        <article class=\"bde-loop-item ee-post\">\n                <a class=\"bde-loop-item__image-link ee-post-image-link\" href=\"https:\/\/iil.ee\/en\/soiduplaanid\/maardus-suletakse-ajutiselt-keemikute-ja-orumetsa-tanava-ristmik-perioodil-06-05-08-05-2026\" aria-label=\"The intersection of Keemikute and Orumetsa streets in Maardu will be temporarily closed from 06.05\u201308.05.2026.\">\n      <div class=\"bde-loop-item__image ee-post-image\">\n          <img loading=\"lazy\" decoding=\"async\" width=\"1920\" height=\"1080\" src=\"https:\/\/iil.ee\/wp-content\/uploads\/2025\/06\/Iil-38.jpg\" class=\"attachment-full size-full wp-post-image\" alt=\"\" srcset=\"https:\/\/iil.ee\/wp-content\/uploads\/2025\/06\/Iil-38.jpg 1920w, https:\/\/iil.ee\/wp-content\/uploads\/2025\/06\/Iil-38-300x169.jpg 300w, https:\/\/iil.ee\/wp-content\/uploads\/2025\/06\/Iil-38-1024x576.jpg 1024w, https:\/\/iil.ee\/wp-content\/uploads\/2025\/06\/Iil-38-768x432.jpg 768w, https:\/\/iil.ee\/wp-content\/uploads\/2025\/06\/Iil-38-1536x864.jpg 1536w, https:\/\/iil.ee\/wp-content\/uploads\/2025\/06\/Iil-38-18x10.jpg 18w\" sizes=\"auto, (max-width: 1920px) 100vw, 1920px\" \/>      <\/div>\n    <\/a>\n  \n      \n    <div class=\"bde-loop-item__wrap ee-post-wrap\">\n      \n          <h3 class=\"ee-post-title\">\n    <a class=\"bde-loop-item__title-link ee-post-title-link\" href=\"https:\/\/iil.ee\/en\/soiduplaanid\/maardus-suletakse-ajutiselt-keemikute-ja-orumetsa-tanava-ristmik-perioodil-06-05-08-05-2026\" >\n        The intersection of Keemikute and Orumetsa streets in Maardu will be temporarily closed from 06.05\u201308.05.2026.    <\/a>\n    <\/h3>\n          <div class=\"bde-loop-item__post-meta ee-post-meta\">\n                                                    <span class=\"bde-loop-item__meta-date bde-loop-item__meta-item ee-post-meta-date ee-post-meta-item\">\n                                          28.04.26                                      <\/span>\n                                    \n        <\/div>\n      <ul class=\"bde-loop-item__post-tax ee-post-taxonomy\"><li class=\"bde-loop-item__tax-item ee-post-taxonomy-item\">Timetables<\/li><\/ul>        <div class=\"bde-loop-item__content ee-post-content\">\n            Due to the closure of the intersection of Keemikute and Orumetsa streets in the city of Maardu, bus routes will be temporarily diverted. The closure is planned from 6 May at 7:00 AM to 8 May at 11:00 PM. Bus routes 100, 101, 170, 171\u2026        <\/div>\n      \n      \n    <\/div>\n\n    <\/article>\n\n        <article class=\"bde-loop-item ee-post\">\n                <a class=\"bde-loop-item__image-link ee-post-image-link\" href=\"https:\/\/iil.ee\/en\/soiduplaanid\/liikluskorralduse-muudatus-laane-virumaal-2-mail-2026\" aria-label=\"Traffic management changes in L\u00e4\u00e4ne-Viru County on 2 May 2026\">\n      <div class=\"bde-loop-item__image ee-post-image\">\n          <img loading=\"lazy\" decoding=\"async\" width=\"1920\" height=\"1080\" src=\"https:\/\/iil.ee\/wp-content\/uploads\/2025\/06\/Iil-12.jpg\" class=\"attachment-full size-full wp-post-image\" alt=\"\" srcset=\"https:\/\/iil.ee\/wp-content\/uploads\/2025\/06\/Iil-12.jpg 1920w, https:\/\/iil.ee\/wp-content\/uploads\/2025\/06\/Iil-12-300x169.jpg 300w, https:\/\/iil.ee\/wp-content\/uploads\/2025\/06\/Iil-12-1024x576.jpg 1024w, https:\/\/iil.ee\/wp-content\/uploads\/2025\/06\/Iil-12-768x432.jpg 768w, https:\/\/iil.ee\/wp-content\/uploads\/2025\/06\/Iil-12-1536x864.jpg 1536w, https:\/\/iil.ee\/wp-content\/uploads\/2025\/06\/Iil-12-18x10.jpg 18w\" sizes=\"auto, (max-width: 1920px) 100vw, 1920px\" \/>      <\/div>\n    <\/a>\n  \n      \n    <div class=\"bde-loop-item__wrap ee-post-wrap\">\n      \n          <h3 class=\"ee-post-title\">\n    <a class=\"bde-loop-item__title-link ee-post-title-link\" href=\"https:\/\/iil.ee\/en\/soiduplaanid\/liikluskorralduse-muudatus-laane-virumaal-2-mail-2026\" >\n        Traffic management changes in L\u00e4\u00e4ne-Viru County on 2 May 2026    <\/a>\n    <\/h3>\n          <div class=\"bde-loop-item__post-meta ee-post-meta\">\n                                                    <span class=\"bde-loop-item__meta-date bde-loop-item__meta-item ee-post-meta-date ee-post-meta-item\">\n                                          22.04.26                                      <\/span>\n                                    \n        <\/div>\n      <ul class=\"bde-loop-item__post-tax ee-post-taxonomy\"><li class=\"bde-loop-item__tax-item ee-post-taxonomy-item\">Timetables<\/li><\/ul>        <div class=\"bde-loop-item__content ee-post-content\">\n            On the 2nd of May, the car event Drivestonia 2026 will take place in L\u00e4\u00e4ne-Viru county, in Vinni municipality, near Ulvi. In connection with the event, sections of the S\u00f5meru\u2013Kabala road and the Nurkse\u2013P\u00f5lula road will be closed between 9:00 AM and 2:00 PM. During the event, bus transport will be rerouted...        <\/div>\n      \n      \n    <\/div>\n\n    <\/article>\n\n        <article class=\"bde-loop-item ee-post\">\n                <a class=\"bde-loop-item__image-link ee-post-image-link\" href=\"https:\/\/iil.ee\/en\/iil\/iil-alustab-rahulolu-uuring-labiviimisega\" aria-label=\"IIL is starting to conduct a satisfaction survey\">\n      <div class=\"bde-loop-item__image ee-post-image\">\n          <img loading=\"lazy\" decoding=\"async\" width=\"1920\" height=\"1080\" src=\"https:\/\/iil.ee\/wp-content\/uploads\/2025\/06\/Iil-2.jpg\" class=\"attachment-full size-full wp-post-image\" alt=\"\" srcset=\"https:\/\/iil.ee\/wp-content\/uploads\/2025\/06\/Iil-2.jpg 1920w, https:\/\/iil.ee\/wp-content\/uploads\/2025\/06\/Iil-2-300x169.jpg 300w, https:\/\/iil.ee\/wp-content\/uploads\/2025\/06\/Iil-2-1024x576.jpg 1024w, https:\/\/iil.ee\/wp-content\/uploads\/2025\/06\/Iil-2-768x432.jpg 768w, https:\/\/iil.ee\/wp-content\/uploads\/2025\/06\/Iil-2-1536x864.jpg 1536w, https:\/\/iil.ee\/wp-content\/uploads\/2025\/06\/Iil-2-18x10.jpg 18w\" sizes=\"auto, (max-width: 1920px) 100vw, 1920px\" \/>      <\/div>\n    <\/a>\n  \n      \n    <div class=\"bde-loop-item__wrap ee-post-wrap\">\n      \n          <h3 class=\"ee-post-title\">\n    <a class=\"bde-loop-item__title-link ee-post-title-link\" href=\"https:\/\/iil.ee\/en\/iil\/iil-alustab-rahulolu-uuring-labiviimisega\" >\n        IIL is starting to conduct a satisfaction survey    <\/a>\n    <\/h3>\n          <div class=\"bde-loop-item__post-meta ee-post-meta\">\n                                                    <span class=\"bde-loop-item__meta-date bde-loop-item__meta-item ee-post-meta-date ee-post-meta-item\">\n                                          17.04.26                                      <\/span>\n                                    \n        <\/div>\n      <ul class=\"bde-loop-item__post-tax ee-post-taxonomy\"><li class=\"bde-loop-item__tax-item ee-post-taxonomy-item\">IIL<\/li><\/ul>        <div class=\"bde-loop-item__content ee-post-content\">\n            &nbsp; From Monday 20th April until the end of May, IIL, in collaboration with Eesti Uuringukeskus O\u00dc, will be conducting a satisfaction survey on bus routes in the counties of Harju, L\u00e4\u00e4ne, Rapla and L\u00e4\u00e4ne-Viru. We will be mapping passenger satisfaction regarding various aspects affecting the customer experience\u2026        <\/div>\n      \n      \n    <\/div>\n\n    <\/article>\n\n        <article class=\"bde-loop-item ee-post\">\n                <a class=\"bde-loop-item__image-link ee-post-image-link\" href=\"https:\/\/iil.ee\/en\/soiduplaanid\/muudatused-joelahtme-siseliinidel-j17-ja-j18-alates-20-aprillist\" aria-label=\"Changes to J\u00f5el\u00e4htme internal routes J17 and J18 from 20 April\">\n      <div class=\"bde-loop-item__image ee-post-image\">\n          <img loading=\"lazy\" decoding=\"async\" width=\"1920\" height=\"1080\" src=\"https:\/\/iil.ee\/wp-content\/uploads\/2025\/06\/Iil-1.jpg\" class=\"attachment-full size-full wp-post-image\" alt=\"\" srcset=\"https:\/\/iil.ee\/wp-content\/uploads\/2025\/06\/Iil-1.jpg 1920w, https:\/\/iil.ee\/wp-content\/uploads\/2025\/06\/Iil-1-300x169.jpg 300w, https:\/\/iil.ee\/wp-content\/uploads\/2025\/06\/Iil-1-1024x576.jpg 1024w, https:\/\/iil.ee\/wp-content\/uploads\/2025\/06\/Iil-1-768x432.jpg 768w, https:\/\/iil.ee\/wp-content\/uploads\/2025\/06\/Iil-1-1536x864.jpg 1536w, https:\/\/iil.ee\/wp-content\/uploads\/2025\/06\/Iil-1-18x10.jpg 18w\" sizes=\"auto, (max-width: 1920px) 100vw, 1920px\" \/>      <\/div>\n    <\/a>\n  \n      \n    <div class=\"bde-loop-item__wrap ee-post-wrap\">\n      \n          <h3 class=\"ee-post-title\">\n    <a class=\"bde-loop-item__title-link ee-post-title-link\" href=\"https:\/\/iil.ee\/en\/soiduplaanid\/muudatused-joelahtme-siseliinidel-j17-ja-j18-alates-20-aprillist\" >\n        Changes to J\u00f5el\u00e4htme internal routes J17 and J18 from 20 April    <\/a>\n    <\/h3>\n          <div class=\"bde-loop-item__post-meta ee-post-meta\">\n                                                    <span class=\"bde-loop-item__meta-date bde-loop-item__meta-item ee-post-meta-date ee-post-meta-item\">\n                                          13.04.26                                      <\/span>\n                                    \n        <\/div>\n      <ul class=\"bde-loop-item__post-tax ee-post-taxonomy\"><li class=\"bde-loop-item__tax-item ee-post-taxonomy-item\">Timetables<\/li><\/ul>        <div class=\"bde-loop-item__content ee-post-content\">\n            From 20.04.2026, the following changes will be made to the J\u00f5el\u00e4htme internal routes J17 and J18: Route J17 will operate on all school days, the timetable will not change. Service on route J18 will be discontinued.        <\/div>\n      \n      \n    <\/div>\n\n    <\/article>\n\n        <article class=\"bde-loop-item ee-post\">\n                <a class=\"bde-loop-item__image-link ee-post-image-link\" href=\"https:\/\/iil.ee\/en\/soiduplaanid\/raplamaa-uued-soiduplaanid\" aria-label=\"Raplamaa bus timetables from 13th April 2026\">\n      <div class=\"bde-loop-item__image ee-post-image\">\n          <img loading=\"lazy\" decoding=\"async\" width=\"1920\" height=\"1080\" src=\"https:\/\/iil.ee\/wp-content\/uploads\/2025\/06\/Iil-11.jpg\" class=\"attachment-full size-full wp-post-image\" alt=\"\" srcset=\"https:\/\/iil.ee\/wp-content\/uploads\/2025\/06\/Iil-11.jpg 1920w, https:\/\/iil.ee\/wp-content\/uploads\/2025\/06\/Iil-11-300x169.jpg 300w, https:\/\/iil.ee\/wp-content\/uploads\/2025\/06\/Iil-11-1024x576.jpg 1024w, https:\/\/iil.ee\/wp-content\/uploads\/2025\/06\/Iil-11-768x432.jpg 768w, https:\/\/iil.ee\/wp-content\/uploads\/2025\/06\/Iil-11-1536x864.jpg 1536w, https:\/\/iil.ee\/wp-content\/uploads\/2025\/06\/Iil-11-18x10.jpg 18w\" sizes=\"auto, (max-width: 1920px) 100vw, 1920px\" \/>      <\/div>\n    <\/a>\n  \n      \n    <div class=\"bde-loop-item__wrap ee-post-wrap\">\n      \n          <h3 class=\"ee-post-title\">\n    <a class=\"bde-loop-item__title-link ee-post-title-link\" href=\"https:\/\/iil.ee\/en\/soiduplaanid\/raplamaa-uued-soiduplaanid\" >\n        Raplamaa bus timetables from 13th April 2026    <\/a>\n    <\/h3>\n          <div class=\"bde-loop-item__post-meta ee-post-meta\">\n                                                    <span class=\"bde-loop-item__meta-date bde-loop-item__meta-item ee-post-meta-date ee-post-meta-item\">\n                                          02.04.26                                      <\/span>\n                                    \n        <\/div>\n      <ul class=\"bde-loop-item__post-tax ee-post-taxonomy\"><li class=\"bde-loop-item__tax-item ee-post-taxonomy-item\">Timetables<\/li><\/ul>        <div class=\"bde-loop-item__content ee-post-content\">\n            From 13 April 2026, the timetables for Raplamaa bus routes no. 20, 31 and 34 will change. The routes will have the following changes: Route 20 Rapla \u2013 Kehtna On weekdays, the bus departing from Rapla bus station at 08:20 will start\u2026        <\/div>\n      \n      \n    <\/div>\n\n    <\/article>\n\n    <\/div>\n<\/div>\n  <\/div>\n<\/div>\n\n<\/div><div class=\"bde-advanced-tabs-content-18-277 bde-advanced-tabs-content\">\n<div tabindex=\"0\" role=\"tabpanel\" class=\"bde-tabs__panel js-panel\" id=\"\" aria-labelledby=\"\">\n  <div class=\"bde-tabs__panel-content\">\n    <div class=\"bde-post-list-18-292 bde-post-list\">\n<div class=\"bde-loop bde-loop-grid ee-posts ee-posts-grid\">    <article class=\"bde-loop-item ee-post\">\n                <a class=\"bde-loop-item__image-link ee-post-image-link\" href=\"https:\/\/iil.ee\/en\/soiduplaanid\/keila-linnaliinide-uus-liikumistee\" aria-label=\"The routes of Keila&#039;s city lines K11, K12, and K14 will change from May 4, 2026\">\n      <div class=\"bde-loop-item__image ee-post-image\">\n          <img loading=\"lazy\" decoding=\"async\" width=\"1920\" height=\"1080\" src=\"https:\/\/iil.ee\/wp-content\/uploads\/2025\/11\/vlcsnap-2025-11-24-13h53m19s572.png\" class=\"attachment-full size-full wp-post-image\" alt=\"\" srcset=\"https:\/\/iil.ee\/wp-content\/uploads\/2025\/11\/vlcsnap-2025-11-24-13h53m19s572.png 1920w, https:\/\/iil.ee\/wp-content\/uploads\/2025\/11\/vlcsnap-2025-11-24-13h53m19s572-300x169.png 300w, https:\/\/iil.ee\/wp-content\/uploads\/2025\/11\/vlcsnap-2025-11-24-13h53m19s572-1024x576.png 1024w, https:\/\/iil.ee\/wp-content\/uploads\/2025\/11\/vlcsnap-2025-11-24-13h53m19s572-768x432.png 768w, https:\/\/iil.ee\/wp-content\/uploads\/2025\/11\/vlcsnap-2025-11-24-13h53m19s572-1536x864.png 1536w, https:\/\/iil.ee\/wp-content\/uploads\/2025\/11\/vlcsnap-2025-11-24-13h53m19s572-18x10.png 18w\" sizes=\"auto, (max-width: 1920px) 100vw, 1920px\" \/>      <\/div>\n    <\/a>\n  \n      \n    <div class=\"bde-loop-item__wrap ee-post-wrap\">\n      \n          <h3 class=\"ee-post-title\">\n    <a class=\"bde-loop-item__title-link ee-post-title-link\" href=\"https:\/\/iil.ee\/en\/soiduplaanid\/keila-linnaliinide-uus-liikumistee\" >\n        The routes of Keila's city lines K11, K12, and K14 will change from May 4, 2026    <\/a>\n    <\/h3>\n          <div class=\"bde-loop-item__post-meta ee-post-meta\">\n                                                    <span class=\"bde-loop-item__meta-date bde-loop-item__meta-item ee-post-meta-date ee-post-meta-item\">\n                                          28.04.26                                      <\/span>\n                                    \n        <\/div>\n      <ul class=\"bde-loop-item__post-tax ee-post-taxonomy\"><li class=\"bde-loop-item__tax-item ee-post-taxonomy-item\">Timetables<\/li><\/ul>        <div class=\"bde-loop-item__content ee-post-content\">\n            From Monday, 4 May 2026, the routes of Keila\u2019s local bus lines K11, K12, and K14 will change between the Keila Church and Luha bus stops. Buses will no longer travel via Tallinna maantee but will henceforth use in both directions...        <\/div>\n      \n      \n    <\/div>\n\n    <\/article>\n\n        <article class=\"bde-loop-item ee-post\">\n                <a class=\"bde-loop-item__image-link ee-post-image-link\" href=\"https:\/\/iil.ee\/en\/soiduplaanid\/maardus-suletakse-ajutiselt-keemikute-ja-orumetsa-tanava-ristmik-perioodil-06-05-08-05-2026\" aria-label=\"The intersection of Keemikute and Orumetsa streets in Maardu will be temporarily closed from 06.05\u201308.05.2026.\">\n      <div class=\"bde-loop-item__image ee-post-image\">\n          <img loading=\"lazy\" decoding=\"async\" width=\"1920\" height=\"1080\" src=\"https:\/\/iil.ee\/wp-content\/uploads\/2025\/06\/Iil-38.jpg\" class=\"attachment-full size-full wp-post-image\" alt=\"\" srcset=\"https:\/\/iil.ee\/wp-content\/uploads\/2025\/06\/Iil-38.jpg 1920w, https:\/\/iil.ee\/wp-content\/uploads\/2025\/06\/Iil-38-300x169.jpg 300w, https:\/\/iil.ee\/wp-content\/uploads\/2025\/06\/Iil-38-1024x576.jpg 1024w, https:\/\/iil.ee\/wp-content\/uploads\/2025\/06\/Iil-38-768x432.jpg 768w, https:\/\/iil.ee\/wp-content\/uploads\/2025\/06\/Iil-38-1536x864.jpg 1536w, https:\/\/iil.ee\/wp-content\/uploads\/2025\/06\/Iil-38-18x10.jpg 18w\" sizes=\"auto, (max-width: 1920px) 100vw, 1920px\" \/>      <\/div>\n    <\/a>\n  \n      \n    <div class=\"bde-loop-item__wrap ee-post-wrap\">\n      \n          <h3 class=\"ee-post-title\">\n    <a class=\"bde-loop-item__title-link ee-post-title-link\" href=\"https:\/\/iil.ee\/en\/soiduplaanid\/maardus-suletakse-ajutiselt-keemikute-ja-orumetsa-tanava-ristmik-perioodil-06-05-08-05-2026\" >\n        The intersection of Keemikute and Orumetsa streets in Maardu will be temporarily closed from 06.05\u201308.05.2026.    <\/a>\n    <\/h3>\n          <div class=\"bde-loop-item__post-meta ee-post-meta\">\n                                                    <span class=\"bde-loop-item__meta-date bde-loop-item__meta-item ee-post-meta-date ee-post-meta-item\">\n                                          28.04.26                                      <\/span>\n                                    \n        <\/div>\n      <ul class=\"bde-loop-item__post-tax ee-post-taxonomy\"><li class=\"bde-loop-item__tax-item ee-post-taxonomy-item\">Timetables<\/li><\/ul>        <div class=\"bde-loop-item__content ee-post-content\">\n            Due to the closure of the intersection of Keemikute and Orumetsa streets in the city of Maardu, bus routes will be temporarily diverted. The closure is planned from 6 May at 7:00 AM to 8 May at 11:00 PM. Bus routes 100, 101, 170, 171\u2026        <\/div>\n      \n      \n    <\/div>\n\n    <\/article>\n\n        <article class=\"bde-loop-item ee-post\">\n                <a class=\"bde-loop-item__image-link ee-post-image-link\" href=\"https:\/\/iil.ee\/en\/soiduplaanid\/liikluskorralduse-muudatus-laane-virumaal-2-mail-2026\" aria-label=\"Traffic management changes in L\u00e4\u00e4ne-Viru County on 2 May 2026\">\n      <div class=\"bde-loop-item__image ee-post-image\">\n          <img loading=\"lazy\" decoding=\"async\" width=\"1920\" height=\"1080\" src=\"https:\/\/iil.ee\/wp-content\/uploads\/2025\/06\/Iil-12.jpg\" class=\"attachment-full size-full wp-post-image\" alt=\"\" srcset=\"https:\/\/iil.ee\/wp-content\/uploads\/2025\/06\/Iil-12.jpg 1920w, https:\/\/iil.ee\/wp-content\/uploads\/2025\/06\/Iil-12-300x169.jpg 300w, https:\/\/iil.ee\/wp-content\/uploads\/2025\/06\/Iil-12-1024x576.jpg 1024w, https:\/\/iil.ee\/wp-content\/uploads\/2025\/06\/Iil-12-768x432.jpg 768w, https:\/\/iil.ee\/wp-content\/uploads\/2025\/06\/Iil-12-1536x864.jpg 1536w, https:\/\/iil.ee\/wp-content\/uploads\/2025\/06\/Iil-12-18x10.jpg 18w\" sizes=\"auto, (max-width: 1920px) 100vw, 1920px\" \/>      <\/div>\n    <\/a>\n  \n      \n    <div class=\"bde-loop-item__wrap ee-post-wrap\">\n      \n          <h3 class=\"ee-post-title\">\n    <a class=\"bde-loop-item__title-link ee-post-title-link\" href=\"https:\/\/iil.ee\/en\/soiduplaanid\/liikluskorralduse-muudatus-laane-virumaal-2-mail-2026\" >\n        Traffic management changes in L\u00e4\u00e4ne-Viru County on 2 May 2026    <\/a>\n    <\/h3>\n          <div class=\"bde-loop-item__post-meta ee-post-meta\">\n                                                    <span class=\"bde-loop-item__meta-date bde-loop-item__meta-item ee-post-meta-date ee-post-meta-item\">\n                                          22.04.26                                      <\/span>\n                                    \n        <\/div>\n      <ul class=\"bde-loop-item__post-tax ee-post-taxonomy\"><li class=\"bde-loop-item__tax-item ee-post-taxonomy-item\">Timetables<\/li><\/ul>        <div class=\"bde-loop-item__content ee-post-content\">\n            On the 2nd of May, the car event Drivestonia 2026 will take place in L\u00e4\u00e4ne-Viru county, in Vinni municipality, near Ulvi. In connection with the event, sections of the S\u00f5meru\u2013Kabala road and the Nurkse\u2013P\u00f5lula road will be closed between 9:00 AM and 2:00 PM. During the event, bus transport will be rerouted...        <\/div>\n      \n      \n    <\/div>\n\n    <\/article>\n\n        <article class=\"bde-loop-item ee-post\">\n                <a class=\"bde-loop-item__image-link ee-post-image-link\" href=\"https:\/\/iil.ee\/en\/iil\/iil-alustab-rahulolu-uuring-labiviimisega\" aria-label=\"IIL is starting to conduct a satisfaction survey\">\n      <div class=\"bde-loop-item__image ee-post-image\">\n          <img loading=\"lazy\" decoding=\"async\" width=\"1920\" height=\"1080\" src=\"https:\/\/iil.ee\/wp-content\/uploads\/2025\/06\/Iil-2.jpg\" class=\"attachment-full size-full wp-post-image\" alt=\"\" srcset=\"https:\/\/iil.ee\/wp-content\/uploads\/2025\/06\/Iil-2.jpg 1920w, https:\/\/iil.ee\/wp-content\/uploads\/2025\/06\/Iil-2-300x169.jpg 300w, https:\/\/iil.ee\/wp-content\/uploads\/2025\/06\/Iil-2-1024x576.jpg 1024w, https:\/\/iil.ee\/wp-content\/uploads\/2025\/06\/Iil-2-768x432.jpg 768w, https:\/\/iil.ee\/wp-content\/uploads\/2025\/06\/Iil-2-1536x864.jpg 1536w, https:\/\/iil.ee\/wp-content\/uploads\/2025\/06\/Iil-2-18x10.jpg 18w\" sizes=\"auto, (max-width: 1920px) 100vw, 1920px\" \/>      <\/div>\n    <\/a>\n  \n      \n    <div class=\"bde-loop-item__wrap ee-post-wrap\">\n      \n          <h3 class=\"ee-post-title\">\n    <a class=\"bde-loop-item__title-link ee-post-title-link\" href=\"https:\/\/iil.ee\/en\/iil\/iil-alustab-rahulolu-uuring-labiviimisega\" >\n        IIL is starting to conduct a satisfaction survey    <\/a>\n    <\/h3>\n          <div class=\"bde-loop-item__post-meta ee-post-meta\">\n                                                    <span class=\"bde-loop-item__meta-date bde-loop-item__meta-item ee-post-meta-date ee-post-meta-item\">\n                                          17.04.26                                      <\/span>\n                                    \n        <\/div>\n      <ul class=\"bde-loop-item__post-tax ee-post-taxonomy\"><li class=\"bde-loop-item__tax-item ee-post-taxonomy-item\">IIL<\/li><\/ul>        <div class=\"bde-loop-item__content ee-post-content\">\n            &nbsp; From Monday 20th April until the end of May, IIL, in collaboration with Eesti Uuringukeskus O\u00dc, will be conducting a satisfaction survey on bus routes in the counties of Harju, L\u00e4\u00e4ne, Rapla and L\u00e4\u00e4ne-Viru. We will be mapping passenger satisfaction regarding various aspects affecting the customer experience\u2026        <\/div>\n      \n      \n    <\/div>\n\n    <\/article>\n\n        <article class=\"bde-loop-item ee-post\">\n                <a class=\"bde-loop-item__image-link ee-post-image-link\" href=\"https:\/\/iil.ee\/en\/soiduplaanid\/muudatused-joelahtme-siseliinidel-j17-ja-j18-alates-20-aprillist\" aria-label=\"Changes to J\u00f5el\u00e4htme internal routes J17 and J18 from 20 April\">\n      <div class=\"bde-loop-item__image ee-post-image\">\n          <img loading=\"lazy\" decoding=\"async\" width=\"1920\" height=\"1080\" src=\"https:\/\/iil.ee\/wp-content\/uploads\/2025\/06\/Iil-1.jpg\" class=\"attachment-full size-full wp-post-image\" alt=\"\" srcset=\"https:\/\/iil.ee\/wp-content\/uploads\/2025\/06\/Iil-1.jpg 1920w, https:\/\/iil.ee\/wp-content\/uploads\/2025\/06\/Iil-1-300x169.jpg 300w, https:\/\/iil.ee\/wp-content\/uploads\/2025\/06\/Iil-1-1024x576.jpg 1024w, https:\/\/iil.ee\/wp-content\/uploads\/2025\/06\/Iil-1-768x432.jpg 768w, https:\/\/iil.ee\/wp-content\/uploads\/2025\/06\/Iil-1-1536x864.jpg 1536w, https:\/\/iil.ee\/wp-content\/uploads\/2025\/06\/Iil-1-18x10.jpg 18w\" sizes=\"auto, (max-width: 1920px) 100vw, 1920px\" \/>      <\/div>\n    <\/a>\n  \n      \n    <div class=\"bde-loop-item__wrap ee-post-wrap\">\n      \n          <h3 class=\"ee-post-title\">\n    <a class=\"bde-loop-item__title-link ee-post-title-link\" href=\"https:\/\/iil.ee\/en\/soiduplaanid\/muudatused-joelahtme-siseliinidel-j17-ja-j18-alates-20-aprillist\" >\n        Changes to J\u00f5el\u00e4htme internal routes J17 and J18 from 20 April    <\/a>\n    <\/h3>\n          <div class=\"bde-loop-item__post-meta ee-post-meta\">\n                                                    <span class=\"bde-loop-item__meta-date bde-loop-item__meta-item ee-post-meta-date ee-post-meta-item\">\n                                          13.04.26                                      <\/span>\n                                    \n        <\/div>\n      <ul class=\"bde-loop-item__post-tax ee-post-taxonomy\"><li class=\"bde-loop-item__tax-item ee-post-taxonomy-item\">Timetables<\/li><\/ul>        <div class=\"bde-loop-item__content ee-post-content\">\n            From 20.04.2026, the following changes will be made to the J\u00f5el\u00e4htme internal routes J17 and J18: Route J17 will operate on all school days, the timetable will not change. Service on route J18 will be discontinued.        <\/div>\n      \n      \n    <\/div>\n\n    <\/article>\n\n        <article class=\"bde-loop-item ee-post\">\n                <a class=\"bde-loop-item__image-link ee-post-image-link\" href=\"https:\/\/iil.ee\/en\/soiduplaanid\/raplamaa-uued-soiduplaanid\" aria-label=\"Raplamaa bus timetables from 13th April 2026\">\n      <div class=\"bde-loop-item__image ee-post-image\">\n          <img loading=\"lazy\" decoding=\"async\" width=\"1920\" height=\"1080\" src=\"https:\/\/iil.ee\/wp-content\/uploads\/2025\/06\/Iil-11.jpg\" class=\"attachment-full size-full wp-post-image\" alt=\"\" srcset=\"https:\/\/iil.ee\/wp-content\/uploads\/2025\/06\/Iil-11.jpg 1920w, https:\/\/iil.ee\/wp-content\/uploads\/2025\/06\/Iil-11-300x169.jpg 300w, https:\/\/iil.ee\/wp-content\/uploads\/2025\/06\/Iil-11-1024x576.jpg 1024w, https:\/\/iil.ee\/wp-content\/uploads\/2025\/06\/Iil-11-768x432.jpg 768w, https:\/\/iil.ee\/wp-content\/uploads\/2025\/06\/Iil-11-1536x864.jpg 1536w, https:\/\/iil.ee\/wp-content\/uploads\/2025\/06\/Iil-11-18x10.jpg 18w\" sizes=\"auto, (max-width: 1920px) 100vw, 1920px\" \/>      <\/div>\n    <\/a>\n  \n      \n    <div class=\"bde-loop-item__wrap ee-post-wrap\">\n      \n          <h3 class=\"ee-post-title\">\n    <a class=\"bde-loop-item__title-link ee-post-title-link\" href=\"https:\/\/iil.ee\/en\/soiduplaanid\/raplamaa-uued-soiduplaanid\" >\n        Raplamaa bus timetables from 13th April 2026    <\/a>\n    <\/h3>\n          <div class=\"bde-loop-item__post-meta ee-post-meta\">\n                                                    <span class=\"bde-loop-item__meta-date bde-loop-item__meta-item ee-post-meta-date ee-post-meta-item\">\n                                          02.04.26                                      <\/span>\n                                    \n        <\/div>\n      <ul class=\"bde-loop-item__post-tax ee-post-taxonomy\"><li class=\"bde-loop-item__tax-item ee-post-taxonomy-item\">Timetables<\/li><\/ul>        <div class=\"bde-loop-item__content ee-post-content\">\n            From 13 April 2026, the timetables for Raplamaa bus routes no. 20, 31 and 34 will change. The routes will have the following changes: Route 20 Rapla \u2013 Kehtna On weekdays, the bus departing from Rapla bus station at 08:20 will start\u2026        <\/div>\n      \n      \n    <\/div>\n\n    <\/article>\n\n    <\/div>\n<\/div>\n  <\/div>\n<\/div>\n\n<\/div>\n<\/div>\n\n\n<\/div>\n  <\/div>\n<\/div>\n\n<\/div><div class=\"bde-advanced-tabs-content-18-244 bde-advanced-tabs-content\">\n<div tabindex=\"0\" role=\"tabpanel\" class=\"bde-tabs__panel js-panel\" id=\"\" aria-labelledby=\"\">\n  <div class=\"bde-tabs__panel-content\">\n    <div class=\"bde-post-list-18-264 bde-post-list\">\n<div class=\"bde-loop bde-loop-grid ee-posts ee-posts-grid\">    <article class=\"bde-loop-item ee-post\">\n                <a class=\"bde-loop-item__image-link ee-post-image-link\" href=\"https:\/\/iil.ee\/en\/soiduplaanid\/keila-linnaliinide-uus-liikumistee\" aria-label=\"The routes of Keila&#039;s city lines K11, K12, and K14 will change from May 4, 2026\">\n      <div class=\"bde-loop-item__image ee-post-image\">\n          <img loading=\"lazy\" decoding=\"async\" width=\"1920\" height=\"1080\" src=\"https:\/\/iil.ee\/wp-content\/uploads\/2025\/11\/vlcsnap-2025-11-24-13h53m19s572.png\" class=\"attachment-full size-full wp-post-image\" alt=\"\" srcset=\"https:\/\/iil.ee\/wp-content\/uploads\/2025\/11\/vlcsnap-2025-11-24-13h53m19s572.png 1920w, https:\/\/iil.ee\/wp-content\/uploads\/2025\/11\/vlcsnap-2025-11-24-13h53m19s572-300x169.png 300w, https:\/\/iil.ee\/wp-content\/uploads\/2025\/11\/vlcsnap-2025-11-24-13h53m19s572-1024x576.png 1024w, https:\/\/iil.ee\/wp-content\/uploads\/2025\/11\/vlcsnap-2025-11-24-13h53m19s572-768x432.png 768w, https:\/\/iil.ee\/wp-content\/uploads\/2025\/11\/vlcsnap-2025-11-24-13h53m19s572-1536x864.png 1536w, https:\/\/iil.ee\/wp-content\/uploads\/2025\/11\/vlcsnap-2025-11-24-13h53m19s572-18x10.png 18w\" sizes=\"auto, (max-width: 1920px) 100vw, 1920px\" \/>      <\/div>\n    <\/a>\n  \n      \n    <div class=\"bde-loop-item__wrap ee-post-wrap\">\n      \n          <h3 class=\"ee-post-title\">\n    <a class=\"bde-loop-item__title-link ee-post-title-link\" href=\"https:\/\/iil.ee\/en\/soiduplaanid\/keila-linnaliinide-uus-liikumistee\" >\n        The routes of Keila's city lines K11, K12, and K14 will change from May 4, 2026    <\/a>\n    <\/h3>\n          <div class=\"bde-loop-item__post-meta ee-post-meta\">\n                                                    <span class=\"bde-loop-item__meta-date bde-loop-item__meta-item ee-post-meta-date ee-post-meta-item\">\n                                          28.04.26                                      <\/span>\n                                    \n        <\/div>\n      <ul class=\"bde-loop-item__post-tax ee-post-taxonomy\"><li class=\"bde-loop-item__tax-item ee-post-taxonomy-item\">Timetables<\/li><\/ul>        <div class=\"bde-loop-item__content ee-post-content\">\n            From Monday, 4 May 2026, the routes of Keila\u2019s local bus lines K11, K12, and K14 will change between the Keila Church and Luha bus stops. Buses will no longer travel via Tallinna maantee but will henceforth use in both directions...        <\/div>\n      \n      \n    <\/div>\n\n    <\/article>\n\n        <article class=\"bde-loop-item ee-post\">\n                <a class=\"bde-loop-item__image-link ee-post-image-link\" href=\"https:\/\/iil.ee\/en\/soiduplaanid\/maardus-suletakse-ajutiselt-keemikute-ja-orumetsa-tanava-ristmik-perioodil-06-05-08-05-2026\" aria-label=\"The intersection of Keemikute and Orumetsa streets in Maardu will be temporarily closed from 06.05\u201308.05.2026.\">\n      <div class=\"bde-loop-item__image ee-post-image\">\n          <img loading=\"lazy\" decoding=\"async\" width=\"1920\" height=\"1080\" src=\"https:\/\/iil.ee\/wp-content\/uploads\/2025\/06\/Iil-38.jpg\" class=\"attachment-full size-full wp-post-image\" alt=\"\" srcset=\"https:\/\/iil.ee\/wp-content\/uploads\/2025\/06\/Iil-38.jpg 1920w, https:\/\/iil.ee\/wp-content\/uploads\/2025\/06\/Iil-38-300x169.jpg 300w, https:\/\/iil.ee\/wp-content\/uploads\/2025\/06\/Iil-38-1024x576.jpg 1024w, https:\/\/iil.ee\/wp-content\/uploads\/2025\/06\/Iil-38-768x432.jpg 768w, https:\/\/iil.ee\/wp-content\/uploads\/2025\/06\/Iil-38-1536x864.jpg 1536w, https:\/\/iil.ee\/wp-content\/uploads\/2025\/06\/Iil-38-18x10.jpg 18w\" sizes=\"auto, (max-width: 1920px) 100vw, 1920px\" \/>      <\/div>\n    <\/a>\n  \n      \n    <div class=\"bde-loop-item__wrap ee-post-wrap\">\n      \n          <h3 class=\"ee-post-title\">\n    <a class=\"bde-loop-item__title-link ee-post-title-link\" href=\"https:\/\/iil.ee\/en\/soiduplaanid\/maardus-suletakse-ajutiselt-keemikute-ja-orumetsa-tanava-ristmik-perioodil-06-05-08-05-2026\" >\n        The intersection of Keemikute and Orumetsa streets in Maardu will be temporarily closed from 06.05\u201308.05.2026.    <\/a>\n    <\/h3>\n          <div class=\"bde-loop-item__post-meta ee-post-meta\">\n                                                    <span class=\"bde-loop-item__meta-date bde-loop-item__meta-item ee-post-meta-date ee-post-meta-item\">\n                                          28.04.26                                      <\/span>\n                                    \n        <\/div>\n      <ul class=\"bde-loop-item__post-tax ee-post-taxonomy\"><li class=\"bde-loop-item__tax-item ee-post-taxonomy-item\">Timetables<\/li><\/ul>        <div class=\"bde-loop-item__content ee-post-content\">\n            Due to the closure of the intersection of Keemikute and Orumetsa streets in the city of Maardu, bus routes will be temporarily diverted. The closure is planned from 6 May at 7:00 AM to 8 May at 11:00 PM. Bus routes 100, 101, 170, 171\u2026        <\/div>\n      \n      \n    <\/div>\n\n    <\/article>\n\n        <article class=\"bde-loop-item ee-post\">\n                <a class=\"bde-loop-item__image-link ee-post-image-link\" href=\"https:\/\/iil.ee\/en\/soiduplaanid\/liikluskorralduse-muudatus-laane-virumaal-2-mail-2026\" aria-label=\"Traffic management changes in L\u00e4\u00e4ne-Viru County on 2 May 2026\">\n      <div class=\"bde-loop-item__image ee-post-image\">\n          <img loading=\"lazy\" decoding=\"async\" width=\"1920\" height=\"1080\" src=\"https:\/\/iil.ee\/wp-content\/uploads\/2025\/06\/Iil-12.jpg\" class=\"attachment-full size-full wp-post-image\" alt=\"\" srcset=\"https:\/\/iil.ee\/wp-content\/uploads\/2025\/06\/Iil-12.jpg 1920w, https:\/\/iil.ee\/wp-content\/uploads\/2025\/06\/Iil-12-300x169.jpg 300w, https:\/\/iil.ee\/wp-content\/uploads\/2025\/06\/Iil-12-1024x576.jpg 1024w, https:\/\/iil.ee\/wp-content\/uploads\/2025\/06\/Iil-12-768x432.jpg 768w, https:\/\/iil.ee\/wp-content\/uploads\/2025\/06\/Iil-12-1536x864.jpg 1536w, https:\/\/iil.ee\/wp-content\/uploads\/2025\/06\/Iil-12-18x10.jpg 18w\" sizes=\"auto, (max-width: 1920px) 100vw, 1920px\" \/>      <\/div>\n    <\/a>\n  \n      \n    <div class=\"bde-loop-item__wrap ee-post-wrap\">\n      \n          <h3 class=\"ee-post-title\">\n    <a class=\"bde-loop-item__title-link ee-post-title-link\" href=\"https:\/\/iil.ee\/en\/soiduplaanid\/liikluskorralduse-muudatus-laane-virumaal-2-mail-2026\" >\n        Traffic management changes in L\u00e4\u00e4ne-Viru County on 2 May 2026    <\/a>\n    <\/h3>\n          <div class=\"bde-loop-item__post-meta ee-post-meta\">\n                                                    <span class=\"bde-loop-item__meta-date bde-loop-item__meta-item ee-post-meta-date ee-post-meta-item\">\n                                          22.04.26                                      <\/span>\n                                    \n        <\/div>\n      <ul class=\"bde-loop-item__post-tax ee-post-taxonomy\"><li class=\"bde-loop-item__tax-item ee-post-taxonomy-item\">Timetables<\/li><\/ul>        <div class=\"bde-loop-item__content ee-post-content\">\n            On the 2nd of May, the car event Drivestonia 2026 will take place in L\u00e4\u00e4ne-Viru county, in Vinni municipality, near Ulvi. In connection with the event, sections of the S\u00f5meru\u2013Kabala road and the Nurkse\u2013P\u00f5lula road will be closed between 9:00 AM and 2:00 PM. During the event, bus transport will be rerouted...        <\/div>\n      \n      \n    <\/div>\n\n    <\/article>\n\n        <article class=\"bde-loop-item ee-post\">\n                <a class=\"bde-loop-item__image-link ee-post-image-link\" href=\"https:\/\/iil.ee\/en\/iil\/iil-alustab-rahulolu-uuring-labiviimisega\" aria-label=\"IIL is starting to conduct a satisfaction survey\">\n      <div class=\"bde-loop-item__image ee-post-image\">\n          <img loading=\"lazy\" decoding=\"async\" width=\"1920\" height=\"1080\" src=\"https:\/\/iil.ee\/wp-content\/uploads\/2025\/06\/Iil-2.jpg\" class=\"attachment-full size-full wp-post-image\" alt=\"\" srcset=\"https:\/\/iil.ee\/wp-content\/uploads\/2025\/06\/Iil-2.jpg 1920w, https:\/\/iil.ee\/wp-content\/uploads\/2025\/06\/Iil-2-300x169.jpg 300w, https:\/\/iil.ee\/wp-content\/uploads\/2025\/06\/Iil-2-1024x576.jpg 1024w, https:\/\/iil.ee\/wp-content\/uploads\/2025\/06\/Iil-2-768x432.jpg 768w, https:\/\/iil.ee\/wp-content\/uploads\/2025\/06\/Iil-2-1536x864.jpg 1536w, https:\/\/iil.ee\/wp-content\/uploads\/2025\/06\/Iil-2-18x10.jpg 18w\" sizes=\"auto, (max-width: 1920px) 100vw, 1920px\" \/>      <\/div>\n    <\/a>\n  \n      \n    <div class=\"bde-loop-item__wrap ee-post-wrap\">\n      \n          <h3 class=\"ee-post-title\">\n    <a class=\"bde-loop-item__title-link ee-post-title-link\" href=\"https:\/\/iil.ee\/en\/iil\/iil-alustab-rahulolu-uuring-labiviimisega\" >\n        IIL is starting to conduct a satisfaction survey    <\/a>\n    <\/h3>\n          <div class=\"bde-loop-item__post-meta ee-post-meta\">\n                                                    <span class=\"bde-loop-item__meta-date bde-loop-item__meta-item ee-post-meta-date ee-post-meta-item\">\n                                          17.04.26                                      <\/span>\n                                    \n        <\/div>\n      <ul class=\"bde-loop-item__post-tax ee-post-taxonomy\"><li class=\"bde-loop-item__tax-item ee-post-taxonomy-item\">IIL<\/li><\/ul>        <div class=\"bde-loop-item__content ee-post-content\">\n            &nbsp; From Monday 20th April until the end of May, IIL, in collaboration with Eesti Uuringukeskus O\u00dc, will be conducting a satisfaction survey on bus routes in the counties of Harju, L\u00e4\u00e4ne, Rapla and L\u00e4\u00e4ne-Viru. We will be mapping passenger satisfaction regarding various aspects affecting the customer experience\u2026        <\/div>\n      \n      \n    <\/div>\n\n    <\/article>\n\n        <article class=\"bde-loop-item ee-post\">\n                <a class=\"bde-loop-item__image-link ee-post-image-link\" href=\"https:\/\/iil.ee\/en\/soiduplaanid\/muudatused-joelahtme-siseliinidel-j17-ja-j18-alates-20-aprillist\" aria-label=\"Changes to J\u00f5el\u00e4htme internal routes J17 and J18 from 20 April\">\n      <div class=\"bde-loop-item__image ee-post-image\">\n          <img loading=\"lazy\" decoding=\"async\" width=\"1920\" height=\"1080\" src=\"https:\/\/iil.ee\/wp-content\/uploads\/2025\/06\/Iil-1.jpg\" class=\"attachment-full size-full wp-post-image\" alt=\"\" srcset=\"https:\/\/iil.ee\/wp-content\/uploads\/2025\/06\/Iil-1.jpg 1920w, https:\/\/iil.ee\/wp-content\/uploads\/2025\/06\/Iil-1-300x169.jpg 300w, https:\/\/iil.ee\/wp-content\/uploads\/2025\/06\/Iil-1-1024x576.jpg 1024w, https:\/\/iil.ee\/wp-content\/uploads\/2025\/06\/Iil-1-768x432.jpg 768w, https:\/\/iil.ee\/wp-content\/uploads\/2025\/06\/Iil-1-1536x864.jpg 1536w, https:\/\/iil.ee\/wp-content\/uploads\/2025\/06\/Iil-1-18x10.jpg 18w\" sizes=\"auto, (max-width: 1920px) 100vw, 1920px\" \/>      <\/div>\n    <\/a>\n  \n      \n    <div class=\"bde-loop-item__wrap ee-post-wrap\">\n      \n          <h3 class=\"ee-post-title\">\n    <a class=\"bde-loop-item__title-link ee-post-title-link\" href=\"https:\/\/iil.ee\/en\/soiduplaanid\/muudatused-joelahtme-siseliinidel-j17-ja-j18-alates-20-aprillist\" >\n        Changes to J\u00f5el\u00e4htme internal routes J17 and J18 from 20 April    <\/a>\n    <\/h3>\n          <div class=\"bde-loop-item__post-meta ee-post-meta\">\n                                                    <span class=\"bde-loop-item__meta-date bde-loop-item__meta-item ee-post-meta-date ee-post-meta-item\">\n                                          13.04.26                                      <\/span>\n                                    \n        <\/div>\n      <ul class=\"bde-loop-item__post-tax ee-post-taxonomy\"><li class=\"bde-loop-item__tax-item ee-post-taxonomy-item\">Timetables<\/li><\/ul>        <div class=\"bde-loop-item__content ee-post-content\">\n            From 20.04.2026, the following changes will be made to the J\u00f5el\u00e4htme internal routes J17 and J18: Route J17 will operate on all school days, the timetable will not change. Service on route J18 will be discontinued.        <\/div>\n      \n      \n    <\/div>\n\n    <\/article>\n\n        <article class=\"bde-loop-item ee-post\">\n                <a class=\"bde-loop-item__image-link ee-post-image-link\" href=\"https:\/\/iil.ee\/en\/soiduplaanid\/raplamaa-uued-soiduplaanid\" aria-label=\"Raplamaa bus timetables from 13th April 2026\">\n      <div class=\"bde-loop-item__image ee-post-image\">\n          <img loading=\"lazy\" decoding=\"async\" width=\"1920\" height=\"1080\" src=\"https:\/\/iil.ee\/wp-content\/uploads\/2025\/06\/Iil-11.jpg\" class=\"attachment-full size-full wp-post-image\" alt=\"\" srcset=\"https:\/\/iil.ee\/wp-content\/uploads\/2025\/06\/Iil-11.jpg 1920w, https:\/\/iil.ee\/wp-content\/uploads\/2025\/06\/Iil-11-300x169.jpg 300w, https:\/\/iil.ee\/wp-content\/uploads\/2025\/06\/Iil-11-1024x576.jpg 1024w, https:\/\/iil.ee\/wp-content\/uploads\/2025\/06\/Iil-11-768x432.jpg 768w, https:\/\/iil.ee\/wp-content\/uploads\/2025\/06\/Iil-11-1536x864.jpg 1536w, https:\/\/iil.ee\/wp-content\/uploads\/2025\/06\/Iil-11-18x10.jpg 18w\" sizes=\"auto, (max-width: 1920px) 100vw, 1920px\" \/>      <\/div>\n    <\/a>\n  \n      \n    <div class=\"bde-loop-item__wrap ee-post-wrap\">\n      \n          <h3 class=\"ee-post-title\">\n    <a class=\"bde-loop-item__title-link ee-post-title-link\" href=\"https:\/\/iil.ee\/en\/soiduplaanid\/raplamaa-uued-soiduplaanid\" >\n        Raplamaa bus timetables from 13th April 2026    <\/a>\n    <\/h3>\n          <div class=\"bde-loop-item__post-meta ee-post-meta\">\n                                                    <span class=\"bde-loop-item__meta-date bde-loop-item__meta-item ee-post-meta-date ee-post-meta-item\">\n                                          02.04.26                                      <\/span>\n                                    \n        <\/div>\n      <ul class=\"bde-loop-item__post-tax ee-post-taxonomy\"><li class=\"bde-loop-item__tax-item ee-post-taxonomy-item\">Timetables<\/li><\/ul>        <div class=\"bde-loop-item__content ee-post-content\">\n            From 13 April 2026, the timetables for Raplamaa bus routes no. 20, 31 and 34 will change. The routes will have the following changes: Route 20 Rapla \u2013 Kehtna On weekdays, the bus departing from Rapla bus station at 08:20 will start\u2026        <\/div>\n      \n      \n    <\/div>\n\n    <\/article>\n\n    <\/div>\n<\/div>\n  <\/div>\n<\/div>\n\n<\/div><div class=\"bde-advanced-tabs-content-18-246 bde-advanced-tabs-content\">\n<div tabindex=\"0\" role=\"tabpanel\" class=\"bde-tabs__panel js-panel\" id=\"\" aria-labelledby=\"\">\n  <div class=\"bde-tabs__panel-content\">\n    <div class=\"bde-post-list-18-265 bde-post-list\">\n<div class=\"bde-loop bde-loop-grid ee-posts ee-posts-grid\">    <article class=\"bde-loop-item ee-post\">\n                <a class=\"bde-loop-item__image-link ee-post-image-link\" href=\"https:\/\/iil.ee\/en\/soiduplaanid\/keila-linnaliinide-uus-liikumistee\" aria-label=\"The routes of Keila&#039;s city lines K11, K12, and K14 will change from May 4, 2026\">\n      <div class=\"bde-loop-item__image ee-post-image\">\n          <img loading=\"lazy\" decoding=\"async\" width=\"1920\" height=\"1080\" src=\"https:\/\/iil.ee\/wp-content\/uploads\/2025\/11\/vlcsnap-2025-11-24-13h53m19s572.png\" class=\"attachment-full size-full wp-post-image\" alt=\"\" srcset=\"https:\/\/iil.ee\/wp-content\/uploads\/2025\/11\/vlcsnap-2025-11-24-13h53m19s572.png 1920w, https:\/\/iil.ee\/wp-content\/uploads\/2025\/11\/vlcsnap-2025-11-24-13h53m19s572-300x169.png 300w, https:\/\/iil.ee\/wp-content\/uploads\/2025\/11\/vlcsnap-2025-11-24-13h53m19s572-1024x576.png 1024w, https:\/\/iil.ee\/wp-content\/uploads\/2025\/11\/vlcsnap-2025-11-24-13h53m19s572-768x432.png 768w, https:\/\/iil.ee\/wp-content\/uploads\/2025\/11\/vlcsnap-2025-11-24-13h53m19s572-1536x864.png 1536w, https:\/\/iil.ee\/wp-content\/uploads\/2025\/11\/vlcsnap-2025-11-24-13h53m19s572-18x10.png 18w\" sizes=\"auto, (max-width: 1920px) 100vw, 1920px\" \/>      <\/div>\n    <\/a>\n  \n      \n    <div class=\"bde-loop-item__wrap ee-post-wrap\">\n      \n          <h3 class=\"ee-post-title\">\n    <a class=\"bde-loop-item__title-link ee-post-title-link\" href=\"https:\/\/iil.ee\/en\/soiduplaanid\/keila-linnaliinide-uus-liikumistee\" >\n        The routes of Keila's city lines K11, K12, and K14 will change from May 4, 2026    <\/a>\n    <\/h3>\n          <div class=\"bde-loop-item__post-meta ee-post-meta\">\n                                                    <span class=\"bde-loop-item__meta-date bde-loop-item__meta-item ee-post-meta-date ee-post-meta-item\">\n                                          28.04.26                                      <\/span>\n                                    \n        <\/div>\n      <ul class=\"bde-loop-item__post-tax ee-post-taxonomy\"><li class=\"bde-loop-item__tax-item ee-post-taxonomy-item\">Timetables<\/li><\/ul>        <div class=\"bde-loop-item__content ee-post-content\">\n            From Monday, 4 May 2026, the routes of Keila\u2019s local bus lines K11, K12, and K14 will change between the Keila Church and Luha bus stops. Buses will no longer travel via Tallinna maantee but will henceforth use in both directions...        <\/div>\n      \n      \n    <\/div>\n\n    <\/article>\n\n        <article class=\"bde-loop-item ee-post\">\n                <a class=\"bde-loop-item__image-link ee-post-image-link\" href=\"https:\/\/iil.ee\/en\/soiduplaanid\/maardus-suletakse-ajutiselt-keemikute-ja-orumetsa-tanava-ristmik-perioodil-06-05-08-05-2026\" aria-label=\"The intersection of Keemikute and Orumetsa streets in Maardu will be temporarily closed from 06.05\u201308.05.2026.\">\n      <div class=\"bde-loop-item__image ee-post-image\">\n          <img loading=\"lazy\" decoding=\"async\" width=\"1920\" height=\"1080\" src=\"https:\/\/iil.ee\/wp-content\/uploads\/2025\/06\/Iil-38.jpg\" class=\"attachment-full size-full wp-post-image\" alt=\"\" srcset=\"https:\/\/iil.ee\/wp-content\/uploads\/2025\/06\/Iil-38.jpg 1920w, https:\/\/iil.ee\/wp-content\/uploads\/2025\/06\/Iil-38-300x169.jpg 300w, https:\/\/iil.ee\/wp-content\/uploads\/2025\/06\/Iil-38-1024x576.jpg 1024w, https:\/\/iil.ee\/wp-content\/uploads\/2025\/06\/Iil-38-768x432.jpg 768w, https:\/\/iil.ee\/wp-content\/uploads\/2025\/06\/Iil-38-1536x864.jpg 1536w, https:\/\/iil.ee\/wp-content\/uploads\/2025\/06\/Iil-38-18x10.jpg 18w\" sizes=\"auto, (max-width: 1920px) 100vw, 1920px\" \/>      <\/div>\n    <\/a>\n  \n      \n    <div class=\"bde-loop-item__wrap ee-post-wrap\">\n      \n          <h3 class=\"ee-post-title\">\n    <a class=\"bde-loop-item__title-link ee-post-title-link\" href=\"https:\/\/iil.ee\/en\/soiduplaanid\/maardus-suletakse-ajutiselt-keemikute-ja-orumetsa-tanava-ristmik-perioodil-06-05-08-05-2026\" >\n        The intersection of Keemikute and Orumetsa streets in Maardu will be temporarily closed from 06.05\u201308.05.2026.    <\/a>\n    <\/h3>\n          <div class=\"bde-loop-item__post-meta ee-post-meta\">\n                                                    <span class=\"bde-loop-item__meta-date bde-loop-item__meta-item ee-post-meta-date ee-post-meta-item\">\n                                          28.04.26                                      <\/span>\n                                    \n        <\/div>\n      <ul class=\"bde-loop-item__post-tax ee-post-taxonomy\"><li class=\"bde-loop-item__tax-item ee-post-taxonomy-item\">Timetables<\/li><\/ul>        <div class=\"bde-loop-item__content ee-post-content\">\n            Due to the closure of the intersection of Keemikute and Orumetsa streets in the city of Maardu, bus routes will be temporarily diverted. The closure is planned from 6 May at 7:00 AM to 8 May at 11:00 PM. Bus routes 100, 101, 170, 171\u2026        <\/div>\n      \n      \n    <\/div>\n\n    <\/article>\n\n        <article class=\"bde-loop-item ee-post\">\n                <a class=\"bde-loop-item__image-link ee-post-image-link\" href=\"https:\/\/iil.ee\/en\/soiduplaanid\/liikluskorralduse-muudatus-laane-virumaal-2-mail-2026\" aria-label=\"Traffic management changes in L\u00e4\u00e4ne-Viru County on 2 May 2026\">\n      <div class=\"bde-loop-item__image ee-post-image\">\n          <img loading=\"lazy\" decoding=\"async\" width=\"1920\" height=\"1080\" src=\"https:\/\/iil.ee\/wp-content\/uploads\/2025\/06\/Iil-12.jpg\" class=\"attachment-full size-full wp-post-image\" alt=\"\" srcset=\"https:\/\/iil.ee\/wp-content\/uploads\/2025\/06\/Iil-12.jpg 1920w, https:\/\/iil.ee\/wp-content\/uploads\/2025\/06\/Iil-12-300x169.jpg 300w, https:\/\/iil.ee\/wp-content\/uploads\/2025\/06\/Iil-12-1024x576.jpg 1024w, https:\/\/iil.ee\/wp-content\/uploads\/2025\/06\/Iil-12-768x432.jpg 768w, https:\/\/iil.ee\/wp-content\/uploads\/2025\/06\/Iil-12-1536x864.jpg 1536w, https:\/\/iil.ee\/wp-content\/uploads\/2025\/06\/Iil-12-18x10.jpg 18w\" sizes=\"auto, (max-width: 1920px) 100vw, 1920px\" \/>      <\/div>\n    <\/a>\n  \n      \n    <div class=\"bde-loop-item__wrap ee-post-wrap\">\n      \n          <h3 class=\"ee-post-title\">\n    <a class=\"bde-loop-item__title-link ee-post-title-link\" href=\"https:\/\/iil.ee\/en\/soiduplaanid\/liikluskorralduse-muudatus-laane-virumaal-2-mail-2026\" >\n        Traffic management changes in L\u00e4\u00e4ne-Viru County on 2 May 2026    <\/a>\n    <\/h3>\n          <div class=\"bde-loop-item__post-meta ee-post-meta\">\n                                                    <span class=\"bde-loop-item__meta-date bde-loop-item__meta-item ee-post-meta-date ee-post-meta-item\">\n                                          22.04.26                                      <\/span>\n                                    \n        <\/div>\n      <ul class=\"bde-loop-item__post-tax ee-post-taxonomy\"><li class=\"bde-loop-item__tax-item ee-post-taxonomy-item\">Timetables<\/li><\/ul>        <div class=\"bde-loop-item__content ee-post-content\">\n            On the 2nd of May, the car event Drivestonia 2026 will take place in L\u00e4\u00e4ne-Viru county, in Vinni municipality, near Ulvi. In connection with the event, sections of the S\u00f5meru\u2013Kabala road and the Nurkse\u2013P\u00f5lula road will be closed between 9:00 AM and 2:00 PM. During the event, bus transport will be rerouted...        <\/div>\n      \n      \n    <\/div>\n\n    <\/article>\n\n        <article class=\"bde-loop-item ee-post\">\n                <a class=\"bde-loop-item__image-link ee-post-image-link\" href=\"https:\/\/iil.ee\/en\/iil\/iil-alustab-rahulolu-uuring-labiviimisega\" aria-label=\"IIL is starting to conduct a satisfaction survey\">\n      <div class=\"bde-loop-item__image ee-post-image\">\n          <img loading=\"lazy\" decoding=\"async\" width=\"1920\" height=\"1080\" src=\"https:\/\/iil.ee\/wp-content\/uploads\/2025\/06\/Iil-2.jpg\" class=\"attachment-full size-full wp-post-image\" alt=\"\" srcset=\"https:\/\/iil.ee\/wp-content\/uploads\/2025\/06\/Iil-2.jpg 1920w, https:\/\/iil.ee\/wp-content\/uploads\/2025\/06\/Iil-2-300x169.jpg 300w, https:\/\/iil.ee\/wp-content\/uploads\/2025\/06\/Iil-2-1024x576.jpg 1024w, https:\/\/iil.ee\/wp-content\/uploads\/2025\/06\/Iil-2-768x432.jpg 768w, https:\/\/iil.ee\/wp-content\/uploads\/2025\/06\/Iil-2-1536x864.jpg 1536w, https:\/\/iil.ee\/wp-content\/uploads\/2025\/06\/Iil-2-18x10.jpg 18w\" sizes=\"auto, (max-width: 1920px) 100vw, 1920px\" \/>      <\/div>\n    <\/a>\n  \n      \n    <div class=\"bde-loop-item__wrap ee-post-wrap\">\n      \n          <h3 class=\"ee-post-title\">\n    <a class=\"bde-loop-item__title-link ee-post-title-link\" href=\"https:\/\/iil.ee\/en\/iil\/iil-alustab-rahulolu-uuring-labiviimisega\" >\n        IIL is starting to conduct a satisfaction survey    <\/a>\n    <\/h3>\n          <div class=\"bde-loop-item__post-meta ee-post-meta\">\n                                                    <span class=\"bde-loop-item__meta-date bde-loop-item__meta-item ee-post-meta-date ee-post-meta-item\">\n                                          17.04.26                                      <\/span>\n                                    \n        <\/div>\n      <ul class=\"bde-loop-item__post-tax ee-post-taxonomy\"><li class=\"bde-loop-item__tax-item ee-post-taxonomy-item\">IIL<\/li><\/ul>        <div class=\"bde-loop-item__content ee-post-content\">\n            &nbsp; From Monday 20th April until the end of May, IIL, in collaboration with Eesti Uuringukeskus O\u00dc, will be conducting a satisfaction survey on bus routes in the counties of Harju, L\u00e4\u00e4ne, Rapla and L\u00e4\u00e4ne-Viru. We will be mapping passenger satisfaction regarding various aspects affecting the customer experience\u2026        <\/div>\n      \n      \n    <\/div>\n\n    <\/article>\n\n        <article class=\"bde-loop-item ee-post\">\n                <a class=\"bde-loop-item__image-link ee-post-image-link\" href=\"https:\/\/iil.ee\/en\/soiduplaanid\/muudatused-joelahtme-siseliinidel-j17-ja-j18-alates-20-aprillist\" aria-label=\"Changes to J\u00f5el\u00e4htme internal routes J17 and J18 from 20 April\">\n      <div class=\"bde-loop-item__image ee-post-image\">\n          <img loading=\"lazy\" decoding=\"async\" width=\"1920\" height=\"1080\" src=\"https:\/\/iil.ee\/wp-content\/uploads\/2025\/06\/Iil-1.jpg\" class=\"attachment-full size-full wp-post-image\" alt=\"\" srcset=\"https:\/\/iil.ee\/wp-content\/uploads\/2025\/06\/Iil-1.jpg 1920w, https:\/\/iil.ee\/wp-content\/uploads\/2025\/06\/Iil-1-300x169.jpg 300w, https:\/\/iil.ee\/wp-content\/uploads\/2025\/06\/Iil-1-1024x576.jpg 1024w, https:\/\/iil.ee\/wp-content\/uploads\/2025\/06\/Iil-1-768x432.jpg 768w, https:\/\/iil.ee\/wp-content\/uploads\/2025\/06\/Iil-1-1536x864.jpg 1536w, https:\/\/iil.ee\/wp-content\/uploads\/2025\/06\/Iil-1-18x10.jpg 18w\" sizes=\"auto, (max-width: 1920px) 100vw, 1920px\" \/>      <\/div>\n    <\/a>\n  \n      \n    <div class=\"bde-loop-item__wrap ee-post-wrap\">\n      \n          <h3 class=\"ee-post-title\">\n    <a class=\"bde-loop-item__title-link ee-post-title-link\" href=\"https:\/\/iil.ee\/en\/soiduplaanid\/muudatused-joelahtme-siseliinidel-j17-ja-j18-alates-20-aprillist\" >\n        Changes to J\u00f5el\u00e4htme internal routes J17 and J18 from 20 April    <\/a>\n    <\/h3>\n          <div class=\"bde-loop-item__post-meta ee-post-meta\">\n                                                    <span class=\"bde-loop-item__meta-date bde-loop-item__meta-item ee-post-meta-date ee-post-meta-item\">\n                                          13.04.26                                      <\/span>\n                                    \n        <\/div>\n      <ul class=\"bde-loop-item__post-tax ee-post-taxonomy\"><li class=\"bde-loop-item__tax-item ee-post-taxonomy-item\">Timetables<\/li><\/ul>        <div class=\"bde-loop-item__content ee-post-content\">\n            From 20.04.2026, the following changes will be made to the J\u00f5el\u00e4htme internal routes J17 and J18: Route J17 will operate on all school days, the timetable will not change. Service on route J18 will be discontinued.        <\/div>\n      \n      \n    <\/div>\n\n    <\/article>\n\n        <article class=\"bde-loop-item ee-post\">\n                <a class=\"bde-loop-item__image-link ee-post-image-link\" href=\"https:\/\/iil.ee\/en\/soiduplaanid\/raplamaa-uued-soiduplaanid\" aria-label=\"Raplamaa bus timetables from 13th April 2026\">\n      <div class=\"bde-loop-item__image ee-post-image\">\n          <img loading=\"lazy\" decoding=\"async\" width=\"1920\" height=\"1080\" src=\"https:\/\/iil.ee\/wp-content\/uploads\/2025\/06\/Iil-11.jpg\" class=\"attachment-full size-full wp-post-image\" alt=\"\" srcset=\"https:\/\/iil.ee\/wp-content\/uploads\/2025\/06\/Iil-11.jpg 1920w, https:\/\/iil.ee\/wp-content\/uploads\/2025\/06\/Iil-11-300x169.jpg 300w, https:\/\/iil.ee\/wp-content\/uploads\/2025\/06\/Iil-11-1024x576.jpg 1024w, https:\/\/iil.ee\/wp-content\/uploads\/2025\/06\/Iil-11-768x432.jpg 768w, https:\/\/iil.ee\/wp-content\/uploads\/2025\/06\/Iil-11-1536x864.jpg 1536w, https:\/\/iil.ee\/wp-content\/uploads\/2025\/06\/Iil-11-18x10.jpg 18w\" sizes=\"auto, (max-width: 1920px) 100vw, 1920px\" \/>      <\/div>\n    <\/a>\n  \n      \n    <div class=\"bde-loop-item__wrap ee-post-wrap\">\n      \n          <h3 class=\"ee-post-title\">\n    <a class=\"bde-loop-item__title-link ee-post-title-link\" href=\"https:\/\/iil.ee\/en\/soiduplaanid\/raplamaa-uued-soiduplaanid\" >\n        Raplamaa bus timetables from 13th April 2026    <\/a>\n    <\/h3>\n          <div class=\"bde-loop-item__post-meta ee-post-meta\">\n                                                    <span class=\"bde-loop-item__meta-date bde-loop-item__meta-item ee-post-meta-date ee-post-meta-item\">\n                                          02.04.26                                      <\/span>\n                                    \n        <\/div>\n      <ul class=\"bde-loop-item__post-tax ee-post-taxonomy\"><li class=\"bde-loop-item__tax-item ee-post-taxonomy-item\">Timetables<\/li><\/ul>        <div class=\"bde-loop-item__content ee-post-content\">\n            From 13 April 2026, the timetables for Raplamaa bus routes no. 20, 31 and 34 will change. The routes will have the following changes: Route 20 Rapla \u2013 Kehtna On weekdays, the bus departing from Rapla bus station at 08:20 will start\u2026        <\/div>\n      \n      \n    <\/div>\n\n    <\/article>\n\n    <\/div>\n<\/div>\n  <\/div>\n<\/div>\n\n<\/div><div class=\"bde-advanced-tabs-content-18-253 bde-advanced-tabs-content\">\n<div tabindex=\"0\" role=\"tabpanel\" class=\"bde-tabs__panel js-panel\" id=\"\" aria-labelledby=\"\">\n  <div class=\"bde-tabs__panel-content\">\n    <div class=\"bde-post-list-18-266 bde-post-list\">\n<div class=\"bde-loop bde-loop-grid ee-posts ee-posts-grid\">    <article class=\"bde-loop-item ee-post\">\n                <a class=\"bde-loop-item__image-link ee-post-image-link\" href=\"https:\/\/iil.ee\/en\/soiduplaanid\/keila-linnaliinide-uus-liikumistee\" aria-label=\"The routes of Keila&#039;s city lines K11, K12, and K14 will change from May 4, 2026\">\n      <div class=\"bde-loop-item__image ee-post-image\">\n          <img loading=\"lazy\" decoding=\"async\" width=\"1920\" height=\"1080\" src=\"https:\/\/iil.ee\/wp-content\/uploads\/2025\/11\/vlcsnap-2025-11-24-13h53m19s572.png\" class=\"attachment-full size-full wp-post-image\" alt=\"\" srcset=\"https:\/\/iil.ee\/wp-content\/uploads\/2025\/11\/vlcsnap-2025-11-24-13h53m19s572.png 1920w, https:\/\/iil.ee\/wp-content\/uploads\/2025\/11\/vlcsnap-2025-11-24-13h53m19s572-300x169.png 300w, https:\/\/iil.ee\/wp-content\/uploads\/2025\/11\/vlcsnap-2025-11-24-13h53m19s572-1024x576.png 1024w, https:\/\/iil.ee\/wp-content\/uploads\/2025\/11\/vlcsnap-2025-11-24-13h53m19s572-768x432.png 768w, https:\/\/iil.ee\/wp-content\/uploads\/2025\/11\/vlcsnap-2025-11-24-13h53m19s572-1536x864.png 1536w, https:\/\/iil.ee\/wp-content\/uploads\/2025\/11\/vlcsnap-2025-11-24-13h53m19s572-18x10.png 18w\" sizes=\"auto, (max-width: 1920px) 100vw, 1920px\" \/>      <\/div>\n    <\/a>\n  \n      \n    <div class=\"bde-loop-item__wrap ee-post-wrap\">\n      \n          <h3 class=\"ee-post-title\">\n    <a class=\"bde-loop-item__title-link ee-post-title-link\" href=\"https:\/\/iil.ee\/en\/soiduplaanid\/keila-linnaliinide-uus-liikumistee\" >\n        The routes of Keila's city lines K11, K12, and K14 will change from May 4, 2026    <\/a>\n    <\/h3>\n          <div class=\"bde-loop-item__post-meta ee-post-meta\">\n                                                    <span class=\"bde-loop-item__meta-date bde-loop-item__meta-item ee-post-meta-date ee-post-meta-item\">\n                                          28.04.26                                      <\/span>\n                                    \n        <\/div>\n      <ul class=\"bde-loop-item__post-tax ee-post-taxonomy\"><li class=\"bde-loop-item__tax-item ee-post-taxonomy-item\">Timetables<\/li><\/ul>        <div class=\"bde-loop-item__content ee-post-content\">\n            From Monday, 4 May 2026, the routes of Keila\u2019s local bus lines K11, K12, and K14 will change between the Keila Church and Luha bus stops. Buses will no longer travel via Tallinna maantee but will henceforth use in both directions...        <\/div>\n      \n      \n    <\/div>\n\n    <\/article>\n\n        <article class=\"bde-loop-item ee-post\">\n                <a class=\"bde-loop-item__image-link ee-post-image-link\" href=\"https:\/\/iil.ee\/en\/soiduplaanid\/maardus-suletakse-ajutiselt-keemikute-ja-orumetsa-tanava-ristmik-perioodil-06-05-08-05-2026\" aria-label=\"The intersection of Keemikute and Orumetsa streets in Maardu will be temporarily closed from 06.05\u201308.05.2026.\">\n      <div class=\"bde-loop-item__image ee-post-image\">\n          <img loading=\"lazy\" decoding=\"async\" width=\"1920\" height=\"1080\" src=\"https:\/\/iil.ee\/wp-content\/uploads\/2025\/06\/Iil-38.jpg\" class=\"attachment-full size-full wp-post-image\" alt=\"\" srcset=\"https:\/\/iil.ee\/wp-content\/uploads\/2025\/06\/Iil-38.jpg 1920w, https:\/\/iil.ee\/wp-content\/uploads\/2025\/06\/Iil-38-300x169.jpg 300w, https:\/\/iil.ee\/wp-content\/uploads\/2025\/06\/Iil-38-1024x576.jpg 1024w, https:\/\/iil.ee\/wp-content\/uploads\/2025\/06\/Iil-38-768x432.jpg 768w, https:\/\/iil.ee\/wp-content\/uploads\/2025\/06\/Iil-38-1536x864.jpg 1536w, https:\/\/iil.ee\/wp-content\/uploads\/2025\/06\/Iil-38-18x10.jpg 18w\" sizes=\"auto, (max-width: 1920px) 100vw, 1920px\" \/>      <\/div>\n    <\/a>\n  \n      \n    <div class=\"bde-loop-item__wrap ee-post-wrap\">\n      \n          <h3 class=\"ee-post-title\">\n    <a class=\"bde-loop-item__title-link ee-post-title-link\" href=\"https:\/\/iil.ee\/en\/soiduplaanid\/maardus-suletakse-ajutiselt-keemikute-ja-orumetsa-tanava-ristmik-perioodil-06-05-08-05-2026\" >\n        The intersection of Keemikute and Orumetsa streets in Maardu will be temporarily closed from 06.05\u201308.05.2026.    <\/a>\n    <\/h3>\n          <div class=\"bde-loop-item__post-meta ee-post-meta\">\n                                                    <span class=\"bde-loop-item__meta-date bde-loop-item__meta-item ee-post-meta-date ee-post-meta-item\">\n                                          28.04.26                                      <\/span>\n                                    \n        <\/div>\n      <ul class=\"bde-loop-item__post-tax ee-post-taxonomy\"><li class=\"bde-loop-item__tax-item ee-post-taxonomy-item\">Timetables<\/li><\/ul>        <div class=\"bde-loop-item__content ee-post-content\">\n            Due to the closure of the intersection of Keemikute and Orumetsa streets in the city of Maardu, bus routes will be temporarily diverted. The closure is planned from 6 May at 7:00 AM to 8 May at 11:00 PM. Bus routes 100, 101, 170, 171\u2026        <\/div>\n      \n      \n    <\/div>\n\n    <\/article>\n\n        <article class=\"bde-loop-item ee-post\">\n                <a class=\"bde-loop-item__image-link ee-post-image-link\" href=\"https:\/\/iil.ee\/en\/soiduplaanid\/liikluskorralduse-muudatus-laane-virumaal-2-mail-2026\" aria-label=\"Traffic management changes in L\u00e4\u00e4ne-Viru County on 2 May 2026\">\n      <div class=\"bde-loop-item__image ee-post-image\">\n          <img loading=\"lazy\" decoding=\"async\" width=\"1920\" height=\"1080\" src=\"https:\/\/iil.ee\/wp-content\/uploads\/2025\/06\/Iil-12.jpg\" class=\"attachment-full size-full wp-post-image\" alt=\"\" srcset=\"https:\/\/iil.ee\/wp-content\/uploads\/2025\/06\/Iil-12.jpg 1920w, https:\/\/iil.ee\/wp-content\/uploads\/2025\/06\/Iil-12-300x169.jpg 300w, https:\/\/iil.ee\/wp-content\/uploads\/2025\/06\/Iil-12-1024x576.jpg 1024w, https:\/\/iil.ee\/wp-content\/uploads\/2025\/06\/Iil-12-768x432.jpg 768w, https:\/\/iil.ee\/wp-content\/uploads\/2025\/06\/Iil-12-1536x864.jpg 1536w, https:\/\/iil.ee\/wp-content\/uploads\/2025\/06\/Iil-12-18x10.jpg 18w\" sizes=\"auto, (max-width: 1920px) 100vw, 1920px\" \/>      <\/div>\n    <\/a>\n  \n      \n    <div class=\"bde-loop-item__wrap ee-post-wrap\">\n      \n          <h3 class=\"ee-post-title\">\n    <a class=\"bde-loop-item__title-link ee-post-title-link\" href=\"https:\/\/iil.ee\/en\/soiduplaanid\/liikluskorralduse-muudatus-laane-virumaal-2-mail-2026\" >\n        Traffic management changes in L\u00e4\u00e4ne-Viru County on 2 May 2026    <\/a>\n    <\/h3>\n          <div class=\"bde-loop-item__post-meta ee-post-meta\">\n                                                    <span class=\"bde-loop-item__meta-date bde-loop-item__meta-item ee-post-meta-date ee-post-meta-item\">\n                                          22.04.26                                      <\/span>\n                                    \n        <\/div>\n      <ul class=\"bde-loop-item__post-tax ee-post-taxonomy\"><li class=\"bde-loop-item__tax-item ee-post-taxonomy-item\">Timetables<\/li><\/ul>        <div class=\"bde-loop-item__content ee-post-content\">\n            On the 2nd of May, the car event Drivestonia 2026 will take place in L\u00e4\u00e4ne-Viru county, in Vinni municipality, near Ulvi. In connection with the event, sections of the S\u00f5meru\u2013Kabala road and the Nurkse\u2013P\u00f5lula road will be closed between 9:00 AM and 2:00 PM. During the event, bus transport will be rerouted...        <\/div>\n      \n      \n    <\/div>\n\n    <\/article>\n\n        <article class=\"bde-loop-item ee-post\">\n                <a class=\"bde-loop-item__image-link ee-post-image-link\" href=\"https:\/\/iil.ee\/en\/iil\/iil-alustab-rahulolu-uuring-labiviimisega\" aria-label=\"IIL is starting to conduct a satisfaction survey\">\n      <div class=\"bde-loop-item__image ee-post-image\">\n          <img loading=\"lazy\" decoding=\"async\" width=\"1920\" height=\"1080\" src=\"https:\/\/iil.ee\/wp-content\/uploads\/2025\/06\/Iil-2.jpg\" class=\"attachment-full size-full wp-post-image\" alt=\"\" srcset=\"https:\/\/iil.ee\/wp-content\/uploads\/2025\/06\/Iil-2.jpg 1920w, https:\/\/iil.ee\/wp-content\/uploads\/2025\/06\/Iil-2-300x169.jpg 300w, https:\/\/iil.ee\/wp-content\/uploads\/2025\/06\/Iil-2-1024x576.jpg 1024w, https:\/\/iil.ee\/wp-content\/uploads\/2025\/06\/Iil-2-768x432.jpg 768w, https:\/\/iil.ee\/wp-content\/uploads\/2025\/06\/Iil-2-1536x864.jpg 1536w, https:\/\/iil.ee\/wp-content\/uploads\/2025\/06\/Iil-2-18x10.jpg 18w\" sizes=\"auto, (max-width: 1920px) 100vw, 1920px\" \/>      <\/div>\n    <\/a>\n  \n      \n    <div class=\"bde-loop-item__wrap ee-post-wrap\">\n      \n          <h3 class=\"ee-post-title\">\n    <a class=\"bde-loop-item__title-link ee-post-title-link\" href=\"https:\/\/iil.ee\/en\/iil\/iil-alustab-rahulolu-uuring-labiviimisega\" >\n        IIL is starting to conduct a satisfaction survey    <\/a>\n    <\/h3>\n          <div class=\"bde-loop-item__post-meta ee-post-meta\">\n                                                    <span class=\"bde-loop-item__meta-date bde-loop-item__meta-item ee-post-meta-date ee-post-meta-item\">\n                                          17.04.26                                      <\/span>\n                                    \n        <\/div>\n      <ul class=\"bde-loop-item__post-tax ee-post-taxonomy\"><li class=\"bde-loop-item__tax-item ee-post-taxonomy-item\">IIL<\/li><\/ul>        <div class=\"bde-loop-item__content ee-post-content\">\n            &nbsp; From Monday 20th April until the end of May, IIL, in collaboration with Eesti Uuringukeskus O\u00dc, will be conducting a satisfaction survey on bus routes in the counties of Harju, L\u00e4\u00e4ne, Rapla and L\u00e4\u00e4ne-Viru. We will be mapping passenger satisfaction regarding various aspects affecting the customer experience\u2026        <\/div>\n      \n      \n    <\/div>\n\n    <\/article>\n\n        <article class=\"bde-loop-item ee-post\">\n                <a class=\"bde-loop-item__image-link ee-post-image-link\" href=\"https:\/\/iil.ee\/en\/soiduplaanid\/muudatused-joelahtme-siseliinidel-j17-ja-j18-alates-20-aprillist\" aria-label=\"Changes to J\u00f5el\u00e4htme internal routes J17 and J18 from 20 April\">\n      <div class=\"bde-loop-item__image ee-post-image\">\n          <img loading=\"lazy\" decoding=\"async\" width=\"1920\" height=\"1080\" src=\"https:\/\/iil.ee\/wp-content\/uploads\/2025\/06\/Iil-1.jpg\" class=\"attachment-full size-full wp-post-image\" alt=\"\" srcset=\"https:\/\/iil.ee\/wp-content\/uploads\/2025\/06\/Iil-1.jpg 1920w, https:\/\/iil.ee\/wp-content\/uploads\/2025\/06\/Iil-1-300x169.jpg 300w, https:\/\/iil.ee\/wp-content\/uploads\/2025\/06\/Iil-1-1024x576.jpg 1024w, https:\/\/iil.ee\/wp-content\/uploads\/2025\/06\/Iil-1-768x432.jpg 768w, https:\/\/iil.ee\/wp-content\/uploads\/2025\/06\/Iil-1-1536x864.jpg 1536w, https:\/\/iil.ee\/wp-content\/uploads\/2025\/06\/Iil-1-18x10.jpg 18w\" sizes=\"auto, (max-width: 1920px) 100vw, 1920px\" \/>      <\/div>\n    <\/a>\n  \n      \n    <div class=\"bde-loop-item__wrap ee-post-wrap\">\n      \n          <h3 class=\"ee-post-title\">\n    <a class=\"bde-loop-item__title-link ee-post-title-link\" href=\"https:\/\/iil.ee\/en\/soiduplaanid\/muudatused-joelahtme-siseliinidel-j17-ja-j18-alates-20-aprillist\" >\n        Changes to J\u00f5el\u00e4htme internal routes J17 and J18 from 20 April    <\/a>\n    <\/h3>\n          <div class=\"bde-loop-item__post-meta ee-post-meta\">\n                                                    <span class=\"bde-loop-item__meta-date bde-loop-item__meta-item ee-post-meta-date ee-post-meta-item\">\n                                          13.04.26                                      <\/span>\n                                    \n        <\/div>\n      <ul class=\"bde-loop-item__post-tax ee-post-taxonomy\"><li class=\"bde-loop-item__tax-item ee-post-taxonomy-item\">Timetables<\/li><\/ul>        <div class=\"bde-loop-item__content ee-post-content\">\n            From 20.04.2026, the following changes will be made to the J\u00f5el\u00e4htme internal routes J17 and J18: Route J17 will operate on all school days, the timetable will not change. Service on route J18 will be discontinued.        <\/div>\n      \n      \n    <\/div>\n\n    <\/article>\n\n        <article class=\"bde-loop-item ee-post\">\n                <a class=\"bde-loop-item__image-link ee-post-image-link\" href=\"https:\/\/iil.ee\/en\/soiduplaanid\/raplamaa-uued-soiduplaanid\" aria-label=\"Raplamaa bus timetables from 13th April 2026\">\n      <div class=\"bde-loop-item__image ee-post-image\">\n          <img loading=\"lazy\" decoding=\"async\" width=\"1920\" height=\"1080\" src=\"https:\/\/iil.ee\/wp-content\/uploads\/2025\/06\/Iil-11.jpg\" class=\"attachment-full size-full wp-post-image\" alt=\"\" srcset=\"https:\/\/iil.ee\/wp-content\/uploads\/2025\/06\/Iil-11.jpg 1920w, https:\/\/iil.ee\/wp-content\/uploads\/2025\/06\/Iil-11-300x169.jpg 300w, https:\/\/iil.ee\/wp-content\/uploads\/2025\/06\/Iil-11-1024x576.jpg 1024w, https:\/\/iil.ee\/wp-content\/uploads\/2025\/06\/Iil-11-768x432.jpg 768w, https:\/\/iil.ee\/wp-content\/uploads\/2025\/06\/Iil-11-1536x864.jpg 1536w, https:\/\/iil.ee\/wp-content\/uploads\/2025\/06\/Iil-11-18x10.jpg 18w\" sizes=\"auto, (max-width: 1920px) 100vw, 1920px\" \/>      <\/div>\n    <\/a>\n  \n      \n    <div class=\"bde-loop-item__wrap ee-post-wrap\">\n      \n          <h3 class=\"ee-post-title\">\n    <a class=\"bde-loop-item__title-link ee-post-title-link\" href=\"https:\/\/iil.ee\/en\/soiduplaanid\/raplamaa-uued-soiduplaanid\" >\n        Raplamaa bus timetables from 13th April 2026    <\/a>\n    <\/h3>\n          <div class=\"bde-loop-item__post-meta ee-post-meta\">\n                                                    <span class=\"bde-loop-item__meta-date bde-loop-item__meta-item ee-post-meta-date ee-post-meta-item\">\n                                          02.04.26                                      <\/span>\n                                    \n        <\/div>\n      <ul class=\"bde-loop-item__post-tax ee-post-taxonomy\"><li class=\"bde-loop-item__tax-item ee-post-taxonomy-item\">Timetables<\/li><\/ul>        <div class=\"bde-loop-item__content ee-post-content\">\n            From 13 April 2026, the timetables for Raplamaa bus routes no. 20, 31 and 34 will change. The routes will have the following changes: Route 20 Rapla \u2013 Kehtna On weekdays, the bus departing from Rapla bus station at 08:20 will start\u2026        <\/div>\n      \n      \n    <\/div>\n\n    <\/article>\n\n    <\/div>\n<\/div>\n  <\/div>\n<\/div>\n\n<\/div><div class=\"bde-advanced-tabs-content-18-257 bde-advanced-tabs-content\">\n<div tabindex=\"0\" role=\"tabpanel\" class=\"bde-tabs__panel js-panel\" id=\"\" aria-labelledby=\"\">\n  <div class=\"bde-tabs__panel-content\">\n    <div class=\"bde-advanced-tabs-18-279 bde-advanced-tabs\">\n\n\n        \n  \n  \n  <div class=\"bde-tabs__tabslist-container bde-tabs__tabslist-container--scrollable is-horizontal js-tabs-container\">\n    <div class=\"bde-tabs__tabslist bde-tabs__tabslist--tabs js-tablist\" role=\"tablist\" aria-label=\"Content tabs\" aria-orientation=\"horizontal\" data-tabs-id=\"bde-advanced-tabs-18-279\">\n      \n              <button role=\"tab\" aria-selected=\"false\" class=\"bde-tabs__tab js-tab\" aria-controls=\"tab-panel-bde-advanced-tabs-18-279-1\" id=\"tab-bde-advanced-tabs-18-279-1\" data-value=\"1\">\n                    <span class=\"bde-tabs__tab-title\">All internal routes<\/span>\n        <\/button>\n              <button role=\"tab\" aria-selected=\"false\" class=\"bde-tabs__tab js-tab\" aria-controls=\"tab-panel-bde-advanced-tabs-18-279-2\" id=\"tab-bde-advanced-tabs-18-279-2\" data-value=\"2\">\n                    <span class=\"bde-tabs__tab-title\">Anija<\/span>\n        <\/button>\n              <button role=\"tab\" aria-selected=\"false\" class=\"bde-tabs__tab js-tab\" aria-controls=\"tab-panel-bde-advanced-tabs-18-279-3\" id=\"tab-bde-advanced-tabs-18-279-3\" data-value=\"3\">\n                    <span class=\"bde-tabs__tab-title\">Harku<\/span>\n        <\/button>\n              <button role=\"tab\" aria-selected=\"false\" class=\"bde-tabs__tab js-tab\" aria-controls=\"tab-panel-bde-advanced-tabs-18-279-4\" id=\"tab-bde-advanced-tabs-18-279-4\" data-value=\"4\">\n                    <span class=\"bde-tabs__tab-title\">J\u00f5el\u00e4htme<\/span>\n        <\/button>\n              <button role=\"tab\" aria-selected=\"false\" class=\"bde-tabs__tab js-tab\" aria-controls=\"tab-panel-bde-advanced-tabs-18-279-5\" id=\"tab-bde-advanced-tabs-18-279-5\" data-value=\"5\">\n                    <span class=\"bde-tabs__tab-title\">Keila<\/span>\n        <\/button>\n              <button role=\"tab\" aria-selected=\"false\" class=\"bde-tabs__tab js-tab\" aria-controls=\"tab-panel-bde-advanced-tabs-18-279-6\" id=\"tab-bde-advanced-tabs-18-279-6\" data-value=\"6\">\n                    <span class=\"bde-tabs__tab-title\">Kohila<\/span>\n        <\/button>\n              <button role=\"tab\" aria-selected=\"false\" class=\"bde-tabs__tab js-tab\" aria-controls=\"tab-panel-bde-advanced-tabs-18-279-7\" id=\"tab-bde-advanced-tabs-18-279-7\" data-value=\"7\">\n                    <span class=\"bde-tabs__tab-title\">Kose<\/span>\n        <\/button>\n              <button role=\"tab\" aria-selected=\"false\" class=\"bde-tabs__tab js-tab\" aria-controls=\"tab-panel-bde-advanced-tabs-18-279-8\" id=\"tab-bde-advanced-tabs-18-279-8\" data-value=\"8\">\n                    <span class=\"bde-tabs__tab-title\">Western Harju<\/span>\n        <\/button>\n              <button role=\"tab\" aria-selected=\"false\" class=\"bde-tabs__tab js-tab\" aria-controls=\"tab-panel-bde-advanced-tabs-18-279-9\" id=\"tab-bde-advanced-tabs-18-279-9\" data-value=\"9\">\n                    <span class=\"bde-tabs__tab-title\">Rae<\/span>\n        <\/button>\n              <button role=\"tab\" aria-selected=\"false\" class=\"bde-tabs__tab js-tab\" aria-controls=\"tab-panel-bde-advanced-tabs-18-279-10\" id=\"tab-bde-advanced-tabs-18-279-10\" data-value=\"10\">\n                    <span class=\"bde-tabs__tab-title\">Saku<\/span>\n        <\/button>\n              <button role=\"tab\" aria-selected=\"false\" class=\"bde-tabs__tab js-tab\" aria-controls=\"tab-panel-bde-advanced-tabs-18-279-11\" id=\"tab-bde-advanced-tabs-18-279-11\" data-value=\"11\">\n                    <span class=\"bde-tabs__tab-title\">Saue<\/span>\n        <\/button>\n              <button role=\"tab\" aria-selected=\"false\" class=\"bde-tabs__tab js-tab\" aria-controls=\"tab-panel-bde-advanced-tabs-18-279-12\" id=\"tab-bde-advanced-tabs-18-279-12\" data-value=\"12\">\n                    <span class=\"bde-tabs__tab-title\">Viimsi<\/span>\n        <\/button>\n          <\/div>\n  <\/div>\n\n<div class=\"bde-tabs-content-container\">\n  <div class=\"bde-advanced-tabs-content-18-280 bde-advanced-tabs-content\">\n<div tabindex=\"0\" role=\"tabpanel\" class=\"bde-tabs__panel js-panel\" id=\"\" aria-labelledby=\"\">\n  <div class=\"bde-tabs__panel-content\">\n    <div class=\"bde-post-list-18-293 bde-post-list\">\n<div class=\"bde-loop bde-loop-grid ee-posts ee-posts-grid\">    <article class=\"bde-loop-item ee-post\">\n                <a class=\"bde-loop-item__image-link ee-post-image-link\" href=\"https:\/\/iil.ee\/en\/soiduplaanid\/keila-linnaliinide-uus-liikumistee\" aria-label=\"The routes of Keila&#039;s city lines K11, K12, and K14 will change from May 4, 2026\">\n      <div class=\"bde-loop-item__image ee-post-image\">\n          <img loading=\"lazy\" decoding=\"async\" width=\"1920\" height=\"1080\" src=\"https:\/\/iil.ee\/wp-content\/uploads\/2025\/11\/vlcsnap-2025-11-24-13h53m19s572.png\" class=\"attachment-full size-full wp-post-image\" alt=\"\" srcset=\"https:\/\/iil.ee\/wp-content\/uploads\/2025\/11\/vlcsnap-2025-11-24-13h53m19s572.png 1920w, https:\/\/iil.ee\/wp-content\/uploads\/2025\/11\/vlcsnap-2025-11-24-13h53m19s572-300x169.png 300w, https:\/\/iil.ee\/wp-content\/uploads\/2025\/11\/vlcsnap-2025-11-24-13h53m19s572-1024x576.png 1024w, https:\/\/iil.ee\/wp-content\/uploads\/2025\/11\/vlcsnap-2025-11-24-13h53m19s572-768x432.png 768w, https:\/\/iil.ee\/wp-content\/uploads\/2025\/11\/vlcsnap-2025-11-24-13h53m19s572-1536x864.png 1536w, https:\/\/iil.ee\/wp-content\/uploads\/2025\/11\/vlcsnap-2025-11-24-13h53m19s572-18x10.png 18w\" sizes=\"auto, (max-width: 1920px) 100vw, 1920px\" \/>      <\/div>\n    <\/a>\n  \n      \n    <div class=\"bde-loop-item__wrap ee-post-wrap\">\n      \n          <h3 class=\"ee-post-title\">\n    <a class=\"bde-loop-item__title-link ee-post-title-link\" href=\"https:\/\/iil.ee\/en\/soiduplaanid\/keila-linnaliinide-uus-liikumistee\" >\n        The routes of Keila's city lines K11, K12, and K14 will change from May 4, 2026    <\/a>\n    <\/h3>\n          <div class=\"bde-loop-item__post-meta ee-post-meta\">\n                                                    <span class=\"bde-loop-item__meta-date bde-loop-item__meta-item ee-post-meta-date ee-post-meta-item\">\n                                          28.04.26                                      <\/span>\n                                    \n        <\/div>\n      <ul class=\"bde-loop-item__post-tax ee-post-taxonomy\"><li class=\"bde-loop-item__tax-item ee-post-taxonomy-item\">Timetables<\/li><\/ul>        <div class=\"bde-loop-item__content ee-post-content\">\n            From Monday, 4 May 2026, the routes of Keila\u2019s local bus lines K11, K12, and K14 will change between the Keila Church and Luha bus stops. Buses will no longer travel via Tallinna maantee but will henceforth use in both directions...        <\/div>\n      \n      \n    <\/div>\n\n    <\/article>\n\n        <article class=\"bde-loop-item ee-post\">\n                <a class=\"bde-loop-item__image-link ee-post-image-link\" href=\"https:\/\/iil.ee\/en\/soiduplaanid\/maardus-suletakse-ajutiselt-keemikute-ja-orumetsa-tanava-ristmik-perioodil-06-05-08-05-2026\" aria-label=\"The intersection of Keemikute and Orumetsa streets in Maardu will be temporarily closed from 06.05\u201308.05.2026.\">\n      <div class=\"bde-loop-item__image ee-post-image\">\n          <img loading=\"lazy\" decoding=\"async\" width=\"1920\" height=\"1080\" src=\"https:\/\/iil.ee\/wp-content\/uploads\/2025\/06\/Iil-38.jpg\" class=\"attachment-full size-full wp-post-image\" alt=\"\" srcset=\"https:\/\/iil.ee\/wp-content\/uploads\/2025\/06\/Iil-38.jpg 1920w, https:\/\/iil.ee\/wp-content\/uploads\/2025\/06\/Iil-38-300x169.jpg 300w, https:\/\/iil.ee\/wp-content\/uploads\/2025\/06\/Iil-38-1024x576.jpg 1024w, https:\/\/iil.ee\/wp-content\/uploads\/2025\/06\/Iil-38-768x432.jpg 768w, https:\/\/iil.ee\/wp-content\/uploads\/2025\/06\/Iil-38-1536x864.jpg 1536w, https:\/\/iil.ee\/wp-content\/uploads\/2025\/06\/Iil-38-18x10.jpg 18w\" sizes=\"auto, (max-width: 1920px) 100vw, 1920px\" \/>      <\/div>\n    <\/a>\n  \n      \n    <div class=\"bde-loop-item__wrap ee-post-wrap\">\n      \n          <h3 class=\"ee-post-title\">\n    <a class=\"bde-loop-item__title-link ee-post-title-link\" href=\"https:\/\/iil.ee\/en\/soiduplaanid\/maardus-suletakse-ajutiselt-keemikute-ja-orumetsa-tanava-ristmik-perioodil-06-05-08-05-2026\" >\n        The intersection of Keemikute and Orumetsa streets in Maardu will be temporarily closed from 06.05\u201308.05.2026.    <\/a>\n    <\/h3>\n          <div class=\"bde-loop-item__post-meta ee-post-meta\">\n                                                    <span class=\"bde-loop-item__meta-date bde-loop-item__meta-item ee-post-meta-date ee-post-meta-item\">\n                                          28.04.26                                      <\/span>\n                                    \n        <\/div>\n      <ul class=\"bde-loop-item__post-tax ee-post-taxonomy\"><li class=\"bde-loop-item__tax-item ee-post-taxonomy-item\">Timetables<\/li><\/ul>        <div class=\"bde-loop-item__content ee-post-content\">\n            Due to the closure of the intersection of Keemikute and Orumetsa streets in the city of Maardu, bus routes will be temporarily diverted. The closure is planned from 6 May at 7:00 AM to 8 May at 11:00 PM. Bus routes 100, 101, 170, 171\u2026        <\/div>\n      \n      \n    <\/div>\n\n    <\/article>\n\n        <article class=\"bde-loop-item ee-post\">\n                <a class=\"bde-loop-item__image-link ee-post-image-link\" href=\"https:\/\/iil.ee\/en\/soiduplaanid\/liikluskorralduse-muudatus-laane-virumaal-2-mail-2026\" aria-label=\"Traffic management changes in L\u00e4\u00e4ne-Viru County on 2 May 2026\">\n      <div class=\"bde-loop-item__image ee-post-image\">\n          <img loading=\"lazy\" decoding=\"async\" width=\"1920\" height=\"1080\" src=\"https:\/\/iil.ee\/wp-content\/uploads\/2025\/06\/Iil-12.jpg\" class=\"attachment-full size-full wp-post-image\" alt=\"\" srcset=\"https:\/\/iil.ee\/wp-content\/uploads\/2025\/06\/Iil-12.jpg 1920w, https:\/\/iil.ee\/wp-content\/uploads\/2025\/06\/Iil-12-300x169.jpg 300w, https:\/\/iil.ee\/wp-content\/uploads\/2025\/06\/Iil-12-1024x576.jpg 1024w, https:\/\/iil.ee\/wp-content\/uploads\/2025\/06\/Iil-12-768x432.jpg 768w, https:\/\/iil.ee\/wp-content\/uploads\/2025\/06\/Iil-12-1536x864.jpg 1536w, https:\/\/iil.ee\/wp-content\/uploads\/2025\/06\/Iil-12-18x10.jpg 18w\" sizes=\"auto, (max-width: 1920px) 100vw, 1920px\" \/>      <\/div>\n    <\/a>\n  \n      \n    <div class=\"bde-loop-item__wrap ee-post-wrap\">\n      \n          <h3 class=\"ee-post-title\">\n    <a class=\"bde-loop-item__title-link ee-post-title-link\" href=\"https:\/\/iil.ee\/en\/soiduplaanid\/liikluskorralduse-muudatus-laane-virumaal-2-mail-2026\" >\n        Traffic management changes in L\u00e4\u00e4ne-Viru County on 2 May 2026    <\/a>\n    <\/h3>\n          <div class=\"bde-loop-item__post-meta ee-post-meta\">\n                                                    <span class=\"bde-loop-item__meta-date bde-loop-item__meta-item ee-post-meta-date ee-post-meta-item\">\n                                          22.04.26                                      <\/span>\n                                    \n        <\/div>\n      <ul class=\"bde-loop-item__post-tax ee-post-taxonomy\"><li class=\"bde-loop-item__tax-item ee-post-taxonomy-item\">Timetables<\/li><\/ul>        <div class=\"bde-loop-item__content ee-post-content\">\n            On the 2nd of May, the car event Drivestonia 2026 will take place in L\u00e4\u00e4ne-Viru county, in Vinni municipality, near Ulvi. In connection with the event, sections of the S\u00f5meru\u2013Kabala road and the Nurkse\u2013P\u00f5lula road will be closed between 9:00 AM and 2:00 PM. During the event, bus transport will be rerouted...        <\/div>\n      \n      \n    <\/div>\n\n    <\/article>\n\n        <article class=\"bde-loop-item ee-post\">\n                <a class=\"bde-loop-item__image-link ee-post-image-link\" href=\"https:\/\/iil.ee\/en\/iil\/iil-alustab-rahulolu-uuring-labiviimisega\" aria-label=\"IIL is starting to conduct a satisfaction survey\">\n      <div class=\"bde-loop-item__image ee-post-image\">\n          <img loading=\"lazy\" decoding=\"async\" width=\"1920\" height=\"1080\" src=\"https:\/\/iil.ee\/wp-content\/uploads\/2025\/06\/Iil-2.jpg\" class=\"attachment-full size-full wp-post-image\" alt=\"\" srcset=\"https:\/\/iil.ee\/wp-content\/uploads\/2025\/06\/Iil-2.jpg 1920w, https:\/\/iil.ee\/wp-content\/uploads\/2025\/06\/Iil-2-300x169.jpg 300w, https:\/\/iil.ee\/wp-content\/uploads\/2025\/06\/Iil-2-1024x576.jpg 1024w, https:\/\/iil.ee\/wp-content\/uploads\/2025\/06\/Iil-2-768x432.jpg 768w, https:\/\/iil.ee\/wp-content\/uploads\/2025\/06\/Iil-2-1536x864.jpg 1536w, https:\/\/iil.ee\/wp-content\/uploads\/2025\/06\/Iil-2-18x10.jpg 18w\" sizes=\"auto, (max-width: 1920px) 100vw, 1920px\" \/>      <\/div>\n    <\/a>\n  \n      \n    <div class=\"bde-loop-item__wrap ee-post-wrap\">\n      \n          <h3 class=\"ee-post-title\">\n    <a class=\"bde-loop-item__title-link ee-post-title-link\" href=\"https:\/\/iil.ee\/en\/iil\/iil-alustab-rahulolu-uuring-labiviimisega\" >\n        IIL is starting to conduct a satisfaction survey    <\/a>\n    <\/h3>\n          <div class=\"bde-loop-item__post-meta ee-post-meta\">\n                                                    <span class=\"bde-loop-item__meta-date bde-loop-item__meta-item ee-post-meta-date ee-post-meta-item\">\n                                          17.04.26                                      <\/span>\n                                    \n        <\/div>\n      <ul class=\"bde-loop-item__post-tax ee-post-taxonomy\"><li class=\"bde-loop-item__tax-item ee-post-taxonomy-item\">IIL<\/li><\/ul>        <div class=\"bde-loop-item__content ee-post-content\">\n            &nbsp; From Monday 20th April until the end of May, IIL, in collaboration with Eesti Uuringukeskus O\u00dc, will be conducting a satisfaction survey on bus routes in the counties of Harju, L\u00e4\u00e4ne, Rapla and L\u00e4\u00e4ne-Viru. We will be mapping passenger satisfaction regarding various aspects affecting the customer experience\u2026        <\/div>\n      \n      \n    <\/div>\n\n    <\/article>\n\n        <article class=\"bde-loop-item ee-post\">\n                <a class=\"bde-loop-item__image-link ee-post-image-link\" href=\"https:\/\/iil.ee\/en\/soiduplaanid\/muudatused-joelahtme-siseliinidel-j17-ja-j18-alates-20-aprillist\" aria-label=\"Changes to J\u00f5el\u00e4htme internal routes J17 and J18 from 20 April\">\n      <div class=\"bde-loop-item__image ee-post-image\">\n          <img loading=\"lazy\" decoding=\"async\" width=\"1920\" height=\"1080\" src=\"https:\/\/iil.ee\/wp-content\/uploads\/2025\/06\/Iil-1.jpg\" class=\"attachment-full size-full wp-post-image\" alt=\"\" srcset=\"https:\/\/iil.ee\/wp-content\/uploads\/2025\/06\/Iil-1.jpg 1920w, https:\/\/iil.ee\/wp-content\/uploads\/2025\/06\/Iil-1-300x169.jpg 300w, https:\/\/iil.ee\/wp-content\/uploads\/2025\/06\/Iil-1-1024x576.jpg 1024w, https:\/\/iil.ee\/wp-content\/uploads\/2025\/06\/Iil-1-768x432.jpg 768w, https:\/\/iil.ee\/wp-content\/uploads\/2025\/06\/Iil-1-1536x864.jpg 1536w, https:\/\/iil.ee\/wp-content\/uploads\/2025\/06\/Iil-1-18x10.jpg 18w\" sizes=\"auto, (max-width: 1920px) 100vw, 1920px\" \/>      <\/div>\n    <\/a>\n  \n      \n    <div class=\"bde-loop-item__wrap ee-post-wrap\">\n      \n          <h3 class=\"ee-post-title\">\n    <a class=\"bde-loop-item__title-link ee-post-title-link\" href=\"https:\/\/iil.ee\/en\/soiduplaanid\/muudatused-joelahtme-siseliinidel-j17-ja-j18-alates-20-aprillist\" >\n        Changes to J\u00f5el\u00e4htme internal routes J17 and J18 from 20 April    <\/a>\n    <\/h3>\n          <div class=\"bde-loop-item__post-meta ee-post-meta\">\n                                                    <span class=\"bde-loop-item__meta-date bde-loop-item__meta-item ee-post-meta-date ee-post-meta-item\">\n                                          13.04.26                                      <\/span>\n                                    \n        <\/div>\n      <ul class=\"bde-loop-item__post-tax ee-post-taxonomy\"><li class=\"bde-loop-item__tax-item ee-post-taxonomy-item\">Timetables<\/li><\/ul>        <div class=\"bde-loop-item__content ee-post-content\">\n            From 20.04.2026, the following changes will be made to the J\u00f5el\u00e4htme internal routes J17 and J18: Route J17 will operate on all school days, the timetable will not change. Service on route J18 will be discontinued.        <\/div>\n      \n      \n    <\/div>\n\n    <\/article>\n\n        <article class=\"bde-loop-item ee-post\">\n                <a class=\"bde-loop-item__image-link ee-post-image-link\" href=\"https:\/\/iil.ee\/en\/soiduplaanid\/raplamaa-uued-soiduplaanid\" aria-label=\"Raplamaa bus timetables from 13th April 2026\">\n      <div class=\"bde-loop-item__image ee-post-image\">\n          <img loading=\"lazy\" decoding=\"async\" width=\"1920\" height=\"1080\" src=\"https:\/\/iil.ee\/wp-content\/uploads\/2025\/06\/Iil-11.jpg\" class=\"attachment-full size-full wp-post-image\" alt=\"\" srcset=\"https:\/\/iil.ee\/wp-content\/uploads\/2025\/06\/Iil-11.jpg 1920w, https:\/\/iil.ee\/wp-content\/uploads\/2025\/06\/Iil-11-300x169.jpg 300w, https:\/\/iil.ee\/wp-content\/uploads\/2025\/06\/Iil-11-1024x576.jpg 1024w, https:\/\/iil.ee\/wp-content\/uploads\/2025\/06\/Iil-11-768x432.jpg 768w, https:\/\/iil.ee\/wp-content\/uploads\/2025\/06\/Iil-11-1536x864.jpg 1536w, https:\/\/iil.ee\/wp-content\/uploads\/2025\/06\/Iil-11-18x10.jpg 18w\" sizes=\"auto, (max-width: 1920px) 100vw, 1920px\" \/>      <\/div>\n    <\/a>\n  \n      \n    <div class=\"bde-loop-item__wrap ee-post-wrap\">\n      \n          <h3 class=\"ee-post-title\">\n    <a class=\"bde-loop-item__title-link ee-post-title-link\" href=\"https:\/\/iil.ee\/en\/soiduplaanid\/raplamaa-uued-soiduplaanid\" >\n        Raplamaa bus timetables from 13th April 2026    <\/a>\n    <\/h3>\n          <div class=\"bde-loop-item__post-meta ee-post-meta\">\n                                                    <span class=\"bde-loop-item__meta-date bde-loop-item__meta-item ee-post-meta-date ee-post-meta-item\">\n                                          02.04.26                                      <\/span>\n                                    \n        <\/div>\n      <ul class=\"bde-loop-item__post-tax ee-post-taxonomy\"><li class=\"bde-loop-item__tax-item ee-post-taxonomy-item\">Timetables<\/li><\/ul>        <div class=\"bde-loop-item__content ee-post-content\">\n            From 13 April 2026, the timetables for Raplamaa bus routes no. 20, 31 and 34 will change. The routes will have the following changes: Route 20 Rapla \u2013 Kehtna On weekdays, the bus departing from Rapla bus station at 08:20 will start\u2026        <\/div>\n      \n      \n    <\/div>\n\n    <\/article>\n\n    <\/div>\n<\/div>\n  <\/div>\n<\/div>\n\n<\/div><div class=\"bde-advanced-tabs-content-18-281 bde-advanced-tabs-content\">\n<div tabindex=\"0\" role=\"tabpanel\" class=\"bde-tabs__panel js-panel\" id=\"\" aria-labelledby=\"\">\n  <div class=\"bde-tabs__panel-content\">\n    <div class=\"bde-post-list-18-294 bde-post-list\">\n<div class=\"bde-loop bde-loop-grid ee-posts ee-posts-grid\">    <article class=\"bde-loop-item ee-post\">\n                <a class=\"bde-loop-item__image-link ee-post-image-link\" href=\"https:\/\/iil.ee\/en\/soiduplaanid\/keila-linnaliinide-uus-liikumistee\" aria-label=\"The routes of Keila&#039;s city lines K11, K12, and K14 will change from May 4, 2026\">\n      <div class=\"bde-loop-item__image ee-post-image\">\n          <img loading=\"lazy\" decoding=\"async\" width=\"1920\" height=\"1080\" src=\"https:\/\/iil.ee\/wp-content\/uploads\/2025\/11\/vlcsnap-2025-11-24-13h53m19s572.png\" class=\"attachment-full size-full wp-post-image\" alt=\"\" srcset=\"https:\/\/iil.ee\/wp-content\/uploads\/2025\/11\/vlcsnap-2025-11-24-13h53m19s572.png 1920w, https:\/\/iil.ee\/wp-content\/uploads\/2025\/11\/vlcsnap-2025-11-24-13h53m19s572-300x169.png 300w, https:\/\/iil.ee\/wp-content\/uploads\/2025\/11\/vlcsnap-2025-11-24-13h53m19s572-1024x576.png 1024w, https:\/\/iil.ee\/wp-content\/uploads\/2025\/11\/vlcsnap-2025-11-24-13h53m19s572-768x432.png 768w, https:\/\/iil.ee\/wp-content\/uploads\/2025\/11\/vlcsnap-2025-11-24-13h53m19s572-1536x864.png 1536w, https:\/\/iil.ee\/wp-content\/uploads\/2025\/11\/vlcsnap-2025-11-24-13h53m19s572-18x10.png 18w\" sizes=\"auto, (max-width: 1920px) 100vw, 1920px\" \/>      <\/div>\n    <\/a>\n  \n      \n    <div class=\"bde-loop-item__wrap ee-post-wrap\">\n      \n          <h3 class=\"ee-post-title\">\n    <a class=\"bde-loop-item__title-link ee-post-title-link\" href=\"https:\/\/iil.ee\/en\/soiduplaanid\/keila-linnaliinide-uus-liikumistee\" >\n        The routes of Keila's city lines K11, K12, and K14 will change from May 4, 2026    <\/a>\n    <\/h3>\n          <div class=\"bde-loop-item__post-meta ee-post-meta\">\n                                                    <span class=\"bde-loop-item__meta-date bde-loop-item__meta-item ee-post-meta-date ee-post-meta-item\">\n                                          28.04.26                                      <\/span>\n                                    \n        <\/div>\n      <ul class=\"bde-loop-item__post-tax ee-post-taxonomy\"><li class=\"bde-loop-item__tax-item ee-post-taxonomy-item\">Timetables<\/li><\/ul>        <div class=\"bde-loop-item__content ee-post-content\">\n            From Monday, 4 May 2026, the routes of Keila\u2019s local bus lines K11, K12, and K14 will change between the Keila Church and Luha bus stops. Buses will no longer travel via Tallinna maantee but will henceforth use in both directions...        <\/div>\n      \n      \n    <\/div>\n\n    <\/article>\n\n        <article class=\"bde-loop-item ee-post\">\n                <a class=\"bde-loop-item__image-link ee-post-image-link\" href=\"https:\/\/iil.ee\/en\/soiduplaanid\/maardus-suletakse-ajutiselt-keemikute-ja-orumetsa-tanava-ristmik-perioodil-06-05-08-05-2026\" aria-label=\"The intersection of Keemikute and Orumetsa streets in Maardu will be temporarily closed from 06.05\u201308.05.2026.\">\n      <div class=\"bde-loop-item__image ee-post-image\">\n          <img loading=\"lazy\" decoding=\"async\" width=\"1920\" height=\"1080\" src=\"https:\/\/iil.ee\/wp-content\/uploads\/2025\/06\/Iil-38.jpg\" class=\"attachment-full size-full wp-post-image\" alt=\"\" srcset=\"https:\/\/iil.ee\/wp-content\/uploads\/2025\/06\/Iil-38.jpg 1920w, https:\/\/iil.ee\/wp-content\/uploads\/2025\/06\/Iil-38-300x169.jpg 300w, https:\/\/iil.ee\/wp-content\/uploads\/2025\/06\/Iil-38-1024x576.jpg 1024w, https:\/\/iil.ee\/wp-content\/uploads\/2025\/06\/Iil-38-768x432.jpg 768w, https:\/\/iil.ee\/wp-content\/uploads\/2025\/06\/Iil-38-1536x864.jpg 1536w, https:\/\/iil.ee\/wp-content\/uploads\/2025\/06\/Iil-38-18x10.jpg 18w\" sizes=\"auto, (max-width: 1920px) 100vw, 1920px\" \/>      <\/div>\n    <\/a>\n  \n      \n    <div class=\"bde-loop-item__wrap ee-post-wrap\">\n      \n          <h3 class=\"ee-post-title\">\n    <a class=\"bde-loop-item__title-link ee-post-title-link\" href=\"https:\/\/iil.ee\/en\/soiduplaanid\/maardus-suletakse-ajutiselt-keemikute-ja-orumetsa-tanava-ristmik-perioodil-06-05-08-05-2026\" >\n        The intersection of Keemikute and Orumetsa streets in Maardu will be temporarily closed from 06.05\u201308.05.2026.    <\/a>\n    <\/h3>\n          <div class=\"bde-loop-item__post-meta ee-post-meta\">\n                                                    <span class=\"bde-loop-item__meta-date bde-loop-item__meta-item ee-post-meta-date ee-post-meta-item\">\n                                          28.04.26                                      <\/span>\n                                    \n        <\/div>\n      <ul class=\"bde-loop-item__post-tax ee-post-taxonomy\"><li class=\"bde-loop-item__tax-item ee-post-taxonomy-item\">Timetables<\/li><\/ul>        <div class=\"bde-loop-item__content ee-post-content\">\n            Due to the closure of the intersection of Keemikute and Orumetsa streets in the city of Maardu, bus routes will be temporarily diverted. The closure is planned from 6 May at 7:00 AM to 8 May at 11:00 PM. Bus routes 100, 101, 170, 171\u2026        <\/div>\n      \n      \n    <\/div>\n\n    <\/article>\n\n        <article class=\"bde-loop-item ee-post\">\n                <a class=\"bde-loop-item__image-link ee-post-image-link\" href=\"https:\/\/iil.ee\/en\/soiduplaanid\/liikluskorralduse-muudatus-laane-virumaal-2-mail-2026\" aria-label=\"Traffic management changes in L\u00e4\u00e4ne-Viru County on 2 May 2026\">\n      <div class=\"bde-loop-item__image ee-post-image\">\n          <img loading=\"lazy\" decoding=\"async\" width=\"1920\" height=\"1080\" src=\"https:\/\/iil.ee\/wp-content\/uploads\/2025\/06\/Iil-12.jpg\" class=\"attachment-full size-full wp-post-image\" alt=\"\" srcset=\"https:\/\/iil.ee\/wp-content\/uploads\/2025\/06\/Iil-12.jpg 1920w, https:\/\/iil.ee\/wp-content\/uploads\/2025\/06\/Iil-12-300x169.jpg 300w, https:\/\/iil.ee\/wp-content\/uploads\/2025\/06\/Iil-12-1024x576.jpg 1024w, https:\/\/iil.ee\/wp-content\/uploads\/2025\/06\/Iil-12-768x432.jpg 768w, https:\/\/iil.ee\/wp-content\/uploads\/2025\/06\/Iil-12-1536x864.jpg 1536w, https:\/\/iil.ee\/wp-content\/uploads\/2025\/06\/Iil-12-18x10.jpg 18w\" sizes=\"auto, (max-width: 1920px) 100vw, 1920px\" \/>      <\/div>\n    <\/a>\n  \n      \n    <div class=\"bde-loop-item__wrap ee-post-wrap\">\n      \n          <h3 class=\"ee-post-title\">\n    <a class=\"bde-loop-item__title-link ee-post-title-link\" href=\"https:\/\/iil.ee\/en\/soiduplaanid\/liikluskorralduse-muudatus-laane-virumaal-2-mail-2026\" >\n        Traffic management changes in L\u00e4\u00e4ne-Viru County on 2 May 2026    <\/a>\n    <\/h3>\n          <div class=\"bde-loop-item__post-meta ee-post-meta\">\n                                                    <span class=\"bde-loop-item__meta-date bde-loop-item__meta-item ee-post-meta-date ee-post-meta-item\">\n                                          22.04.26                                      <\/span>\n                                    \n        <\/div>\n      <ul class=\"bde-loop-item__post-tax ee-post-taxonomy\"><li class=\"bde-loop-item__tax-item ee-post-taxonomy-item\">Timetables<\/li><\/ul>        <div class=\"bde-loop-item__content ee-post-content\">\n            On the 2nd of May, the car event Drivestonia 2026 will take place in L\u00e4\u00e4ne-Viru county, in Vinni municipality, near Ulvi. In connection with the event, sections of the S\u00f5meru\u2013Kabala road and the Nurkse\u2013P\u00f5lula road will be closed between 9:00 AM and 2:00 PM. During the event, bus transport will be rerouted...        <\/div>\n      \n      \n    <\/div>\n\n    <\/article>\n\n        <article class=\"bde-loop-item ee-post\">\n                <a class=\"bde-loop-item__image-link ee-post-image-link\" href=\"https:\/\/iil.ee\/en\/iil\/iil-alustab-rahulolu-uuring-labiviimisega\" aria-label=\"IIL is starting to conduct a satisfaction survey\">\n      <div class=\"bde-loop-item__image ee-post-image\">\n          <img loading=\"lazy\" decoding=\"async\" width=\"1920\" height=\"1080\" src=\"https:\/\/iil.ee\/wp-content\/uploads\/2025\/06\/Iil-2.jpg\" class=\"attachment-full size-full wp-post-image\" alt=\"\" srcset=\"https:\/\/iil.ee\/wp-content\/uploads\/2025\/06\/Iil-2.jpg 1920w, https:\/\/iil.ee\/wp-content\/uploads\/2025\/06\/Iil-2-300x169.jpg 300w, https:\/\/iil.ee\/wp-content\/uploads\/2025\/06\/Iil-2-1024x576.jpg 1024w, https:\/\/iil.ee\/wp-content\/uploads\/2025\/06\/Iil-2-768x432.jpg 768w, https:\/\/iil.ee\/wp-content\/uploads\/2025\/06\/Iil-2-1536x864.jpg 1536w, https:\/\/iil.ee\/wp-content\/uploads\/2025\/06\/Iil-2-18x10.jpg 18w\" sizes=\"auto, (max-width: 1920px) 100vw, 1920px\" \/>      <\/div>\n    <\/a>\n  \n      \n    <div class=\"bde-loop-item__wrap ee-post-wrap\">\n      \n          <h3 class=\"ee-post-title\">\n    <a class=\"bde-loop-item__title-link ee-post-title-link\" href=\"https:\/\/iil.ee\/en\/iil\/iil-alustab-rahulolu-uuring-labiviimisega\" >\n        IIL is starting to conduct a satisfaction survey    <\/a>\n    <\/h3>\n          <div class=\"bde-loop-item__post-meta ee-post-meta\">\n                                                    <span class=\"bde-loop-item__meta-date bde-loop-item__meta-item ee-post-meta-date ee-post-meta-item\">\n                                          17.04.26                                      <\/span>\n                                    \n        <\/div>\n      <ul class=\"bde-loop-item__post-tax ee-post-taxonomy\"><li class=\"bde-loop-item__tax-item ee-post-taxonomy-item\">IIL<\/li><\/ul>        <div class=\"bde-loop-item__content ee-post-content\">\n            &nbsp; From Monday 20th April until the end of May, IIL, in collaboration with Eesti Uuringukeskus O\u00dc, will be conducting a satisfaction survey on bus routes in the counties of Harju, L\u00e4\u00e4ne, Rapla and L\u00e4\u00e4ne-Viru. We will be mapping passenger satisfaction regarding various aspects affecting the customer experience\u2026        <\/div>\n      \n      \n    <\/div>\n\n    <\/article>\n\n        <article class=\"bde-loop-item ee-post\">\n                <a class=\"bde-loop-item__image-link ee-post-image-link\" href=\"https:\/\/iil.ee\/en\/soiduplaanid\/muudatused-joelahtme-siseliinidel-j17-ja-j18-alates-20-aprillist\" aria-label=\"Changes to J\u00f5el\u00e4htme internal routes J17 and J18 from 20 April\">\n      <div class=\"bde-loop-item__image ee-post-image\">\n          <img loading=\"lazy\" decoding=\"async\" width=\"1920\" height=\"1080\" src=\"https:\/\/iil.ee\/wp-content\/uploads\/2025\/06\/Iil-1.jpg\" class=\"attachment-full size-full wp-post-image\" alt=\"\" srcset=\"https:\/\/iil.ee\/wp-content\/uploads\/2025\/06\/Iil-1.jpg 1920w, https:\/\/iil.ee\/wp-content\/uploads\/2025\/06\/Iil-1-300x169.jpg 300w, https:\/\/iil.ee\/wp-content\/uploads\/2025\/06\/Iil-1-1024x576.jpg 1024w, https:\/\/iil.ee\/wp-content\/uploads\/2025\/06\/Iil-1-768x432.jpg 768w, https:\/\/iil.ee\/wp-content\/uploads\/2025\/06\/Iil-1-1536x864.jpg 1536w, https:\/\/iil.ee\/wp-content\/uploads\/2025\/06\/Iil-1-18x10.jpg 18w\" sizes=\"auto, (max-width: 1920px) 100vw, 1920px\" \/>      <\/div>\n    <\/a>\n  \n      \n    <div class=\"bde-loop-item__wrap ee-post-wrap\">\n      \n          <h3 class=\"ee-post-title\">\n    <a class=\"bde-loop-item__title-link ee-post-title-link\" href=\"https:\/\/iil.ee\/en\/soiduplaanid\/muudatused-joelahtme-siseliinidel-j17-ja-j18-alates-20-aprillist\" >\n        Changes to J\u00f5el\u00e4htme internal routes J17 and J18 from 20 April    <\/a>\n    <\/h3>\n          <div class=\"bde-loop-item__post-meta ee-post-meta\">\n                                                    <span class=\"bde-loop-item__meta-date bde-loop-item__meta-item ee-post-meta-date ee-post-meta-item\">\n                                          13.04.26                                      <\/span>\n                                    \n        <\/div>\n      <ul class=\"bde-loop-item__post-tax ee-post-taxonomy\"><li class=\"bde-loop-item__tax-item ee-post-taxonomy-item\">Timetables<\/li><\/ul>        <div class=\"bde-loop-item__content ee-post-content\">\n            From 20.04.2026, the following changes will be made to the J\u00f5el\u00e4htme internal routes J17 and J18: Route J17 will operate on all school days, the timetable will not change. Service on route J18 will be discontinued.        <\/div>\n      \n      \n    <\/div>\n\n    <\/article>\n\n        <article class=\"bde-loop-item ee-post\">\n                <a class=\"bde-loop-item__image-link ee-post-image-link\" href=\"https:\/\/iil.ee\/en\/soiduplaanid\/raplamaa-uued-soiduplaanid\" aria-label=\"Raplamaa bus timetables from 13th April 2026\">\n      <div class=\"bde-loop-item__image ee-post-image\">\n          <img loading=\"lazy\" decoding=\"async\" width=\"1920\" height=\"1080\" src=\"https:\/\/iil.ee\/wp-content\/uploads\/2025\/06\/Iil-11.jpg\" class=\"attachment-full size-full wp-post-image\" alt=\"\" srcset=\"https:\/\/iil.ee\/wp-content\/uploads\/2025\/06\/Iil-11.jpg 1920w, https:\/\/iil.ee\/wp-content\/uploads\/2025\/06\/Iil-11-300x169.jpg 300w, https:\/\/iil.ee\/wp-content\/uploads\/2025\/06\/Iil-11-1024x576.jpg 1024w, https:\/\/iil.ee\/wp-content\/uploads\/2025\/06\/Iil-11-768x432.jpg 768w, https:\/\/iil.ee\/wp-content\/uploads\/2025\/06\/Iil-11-1536x864.jpg 1536w, https:\/\/iil.ee\/wp-content\/uploads\/2025\/06\/Iil-11-18x10.jpg 18w\" sizes=\"auto, (max-width: 1920px) 100vw, 1920px\" \/>      <\/div>\n    <\/a>\n  \n      \n    <div class=\"bde-loop-item__wrap ee-post-wrap\">\n      \n          <h3 class=\"ee-post-title\">\n    <a class=\"bde-loop-item__title-link ee-post-title-link\" href=\"https:\/\/iil.ee\/en\/soiduplaanid\/raplamaa-uued-soiduplaanid\" >\n        Raplamaa bus timetables from 13th April 2026    <\/a>\n    <\/h3>\n          <div class=\"bde-loop-item__post-meta ee-post-meta\">\n                                                    <span class=\"bde-loop-item__meta-date bde-loop-item__meta-item ee-post-meta-date ee-post-meta-item\">\n                                          02.04.26                                      <\/span>\n                                    \n        <\/div>\n      <ul class=\"bde-loop-item__post-tax ee-post-taxonomy\"><li class=\"bde-loop-item__tax-item ee-post-taxonomy-item\">Timetables<\/li><\/ul>        <div class=\"bde-loop-item__content ee-post-content\">\n            From 13 April 2026, the timetables for Raplamaa bus routes no. 20, 31 and 34 will change. The routes will have the following changes: Route 20 Rapla \u2013 Kehtna On weekdays, the bus departing from Rapla bus station at 08:20 will start\u2026        <\/div>\n      \n      \n    <\/div>\n\n    <\/article>\n\n    <\/div>\n<\/div>\n  <\/div>\n<\/div>\n\n<\/div><div class=\"bde-advanced-tabs-content-18-282 bde-advanced-tabs-content\">\n<div tabindex=\"0\" role=\"tabpanel\" class=\"bde-tabs__panel js-panel\" id=\"\" aria-labelledby=\"\">\n  <div class=\"bde-tabs__panel-content\">\n    <div class=\"bde-post-list-18-283 bde-post-list\">\n<div class=\"bde-loop bde-loop-grid ee-posts ee-posts-grid\">    <article class=\"bde-loop-item ee-post\">\n                <a class=\"bde-loop-item__image-link ee-post-image-link\" href=\"https:\/\/iil.ee\/en\/soiduplaanid\/keila-linnaliinide-uus-liikumistee\" aria-label=\"The routes of Keila&#039;s city lines K11, K12, and K14 will change from May 4, 2026\">\n      <div class=\"bde-loop-item__image ee-post-image\">\n          <img loading=\"lazy\" decoding=\"async\" width=\"1920\" height=\"1080\" src=\"https:\/\/iil.ee\/wp-content\/uploads\/2025\/11\/vlcsnap-2025-11-24-13h53m19s572.png\" class=\"attachment-full size-full wp-post-image\" alt=\"\" srcset=\"https:\/\/iil.ee\/wp-content\/uploads\/2025\/11\/vlcsnap-2025-11-24-13h53m19s572.png 1920w, https:\/\/iil.ee\/wp-content\/uploads\/2025\/11\/vlcsnap-2025-11-24-13h53m19s572-300x169.png 300w, https:\/\/iil.ee\/wp-content\/uploads\/2025\/11\/vlcsnap-2025-11-24-13h53m19s572-1024x576.png 1024w, https:\/\/iil.ee\/wp-content\/uploads\/2025\/11\/vlcsnap-2025-11-24-13h53m19s572-768x432.png 768w, https:\/\/iil.ee\/wp-content\/uploads\/2025\/11\/vlcsnap-2025-11-24-13h53m19s572-1536x864.png 1536w, https:\/\/iil.ee\/wp-content\/uploads\/2025\/11\/vlcsnap-2025-11-24-13h53m19s572-18x10.png 18w\" sizes=\"auto, (max-width: 1920px) 100vw, 1920px\" \/>      <\/div>\n    <\/a>\n  \n      \n    <div class=\"bde-loop-item__wrap ee-post-wrap\">\n      \n          <h3 class=\"ee-post-title\">\n    <a class=\"bde-loop-item__title-link ee-post-title-link\" href=\"https:\/\/iil.ee\/en\/soiduplaanid\/keila-linnaliinide-uus-liikumistee\" >\n        The routes of Keila's city lines K11, K12, and K14 will change from May 4, 2026    <\/a>\n    <\/h3>\n          <div class=\"bde-loop-item__post-meta ee-post-meta\">\n                                                    <span class=\"bde-loop-item__meta-date bde-loop-item__meta-item ee-post-meta-date ee-post-meta-item\">\n                                          28.04.26                                      <\/span>\n                                    \n        <\/div>\n      <ul class=\"bde-loop-item__post-tax ee-post-taxonomy\"><li class=\"bde-loop-item__tax-item ee-post-taxonomy-item\">Timetables<\/li><\/ul>        <div class=\"bde-loop-item__content ee-post-content\">\n            From Monday, 4 May 2026, the routes of Keila\u2019s local bus lines K11, K12, and K14 will change between the Keila Church and Luha bus stops. Buses will no longer travel via Tallinna maantee but will henceforth use in both directions...        <\/div>\n      \n      \n    <\/div>\n\n    <\/article>\n\n        <article class=\"bde-loop-item ee-post\">\n                <a class=\"bde-loop-item__image-link ee-post-image-link\" href=\"https:\/\/iil.ee\/en\/soiduplaanid\/maardus-suletakse-ajutiselt-keemikute-ja-orumetsa-tanava-ristmik-perioodil-06-05-08-05-2026\" aria-label=\"The intersection of Keemikute and Orumetsa streets in Maardu will be temporarily closed from 06.05\u201308.05.2026.\">\n      <div class=\"bde-loop-item__image ee-post-image\">\n          <img loading=\"lazy\" decoding=\"async\" width=\"1920\" height=\"1080\" src=\"https:\/\/iil.ee\/wp-content\/uploads\/2025\/06\/Iil-38.jpg\" class=\"attachment-full size-full wp-post-image\" alt=\"\" srcset=\"https:\/\/iil.ee\/wp-content\/uploads\/2025\/06\/Iil-38.jpg 1920w, https:\/\/iil.ee\/wp-content\/uploads\/2025\/06\/Iil-38-300x169.jpg 300w, https:\/\/iil.ee\/wp-content\/uploads\/2025\/06\/Iil-38-1024x576.jpg 1024w, https:\/\/iil.ee\/wp-content\/uploads\/2025\/06\/Iil-38-768x432.jpg 768w, https:\/\/iil.ee\/wp-content\/uploads\/2025\/06\/Iil-38-1536x864.jpg 1536w, https:\/\/iil.ee\/wp-content\/uploads\/2025\/06\/Iil-38-18x10.jpg 18w\" sizes=\"auto, (max-width: 1920px) 100vw, 1920px\" \/>      <\/div>\n    <\/a>\n  \n      \n    <div class=\"bde-loop-item__wrap ee-post-wrap\">\n      \n          <h3 class=\"ee-post-title\">\n    <a class=\"bde-loop-item__title-link ee-post-title-link\" href=\"https:\/\/iil.ee\/en\/soiduplaanid\/maardus-suletakse-ajutiselt-keemikute-ja-orumetsa-tanava-ristmik-perioodil-06-05-08-05-2026\" >\n        The intersection of Keemikute and Orumetsa streets in Maardu will be temporarily closed from 06.05\u201308.05.2026.    <\/a>\n    <\/h3>\n          <div class=\"bde-loop-item__post-meta ee-post-meta\">\n                                                    <span class=\"bde-loop-item__meta-date bde-loop-item__meta-item ee-post-meta-date ee-post-meta-item\">\n                                          28.04.26                                      <\/span>\n                                    \n        <\/div>\n      <ul class=\"bde-loop-item__post-tax ee-post-taxonomy\"><li class=\"bde-loop-item__tax-item ee-post-taxonomy-item\">Timetables<\/li><\/ul>        <div class=\"bde-loop-item__content ee-post-content\">\n            Due to the closure of the intersection of Keemikute and Orumetsa streets in the city of Maardu, bus routes will be temporarily diverted. The closure is planned from 6 May at 7:00 AM to 8 May at 11:00 PM. Bus routes 100, 101, 170, 171\u2026        <\/div>\n      \n      \n    <\/div>\n\n    <\/article>\n\n        <article class=\"bde-loop-item ee-post\">\n                <a class=\"bde-loop-item__image-link ee-post-image-link\" href=\"https:\/\/iil.ee\/en\/soiduplaanid\/liikluskorralduse-muudatus-laane-virumaal-2-mail-2026\" aria-label=\"Traffic management changes in L\u00e4\u00e4ne-Viru County on 2 May 2026\">\n      <div class=\"bde-loop-item__image ee-post-image\">\n          <img loading=\"lazy\" decoding=\"async\" width=\"1920\" height=\"1080\" src=\"https:\/\/iil.ee\/wp-content\/uploads\/2025\/06\/Iil-12.jpg\" class=\"attachment-full size-full wp-post-image\" alt=\"\" srcset=\"https:\/\/iil.ee\/wp-content\/uploads\/2025\/06\/Iil-12.jpg 1920w, https:\/\/iil.ee\/wp-content\/uploads\/2025\/06\/Iil-12-300x169.jpg 300w, https:\/\/iil.ee\/wp-content\/uploads\/2025\/06\/Iil-12-1024x576.jpg 1024w, https:\/\/iil.ee\/wp-content\/uploads\/2025\/06\/Iil-12-768x432.jpg 768w, https:\/\/iil.ee\/wp-content\/uploads\/2025\/06\/Iil-12-1536x864.jpg 1536w, https:\/\/iil.ee\/wp-content\/uploads\/2025\/06\/Iil-12-18x10.jpg 18w\" sizes=\"auto, (max-width: 1920px) 100vw, 1920px\" \/>      <\/div>\n    <\/a>\n  \n      \n    <div class=\"bde-loop-item__wrap ee-post-wrap\">\n      \n          <h3 class=\"ee-post-title\">\n    <a class=\"bde-loop-item__title-link ee-post-title-link\" href=\"https:\/\/iil.ee\/en\/soiduplaanid\/liikluskorralduse-muudatus-laane-virumaal-2-mail-2026\" >\n        Traffic management changes in L\u00e4\u00e4ne-Viru County on 2 May 2026    <\/a>\n    <\/h3>\n          <div class=\"bde-loop-item__post-meta ee-post-meta\">\n                                                    <span class=\"bde-loop-item__meta-date bde-loop-item__meta-item ee-post-meta-date ee-post-meta-item\">\n                                          22.04.26                                      <\/span>\n                                    \n        <\/div>\n      <ul class=\"bde-loop-item__post-tax ee-post-taxonomy\"><li class=\"bde-loop-item__tax-item ee-post-taxonomy-item\">Timetables<\/li><\/ul>        <div class=\"bde-loop-item__content ee-post-content\">\n            On the 2nd of May, the car event Drivestonia 2026 will take place in L\u00e4\u00e4ne-Viru county, in Vinni municipality, near Ulvi. In connection with the event, sections of the S\u00f5meru\u2013Kabala road and the Nurkse\u2013P\u00f5lula road will be closed between 9:00 AM and 2:00 PM. During the event, bus transport will be rerouted...        <\/div>\n      \n      \n    <\/div>\n\n    <\/article>\n\n        <article class=\"bde-loop-item ee-post\">\n                <a class=\"bde-loop-item__image-link ee-post-image-link\" href=\"https:\/\/iil.ee\/en\/iil\/iil-alustab-rahulolu-uuring-labiviimisega\" aria-label=\"IIL is starting to conduct a satisfaction survey\">\n      <div class=\"bde-loop-item__image ee-post-image\">\n          <img loading=\"lazy\" decoding=\"async\" width=\"1920\" height=\"1080\" src=\"https:\/\/iil.ee\/wp-content\/uploads\/2025\/06\/Iil-2.jpg\" class=\"attachment-full size-full wp-post-image\" alt=\"\" srcset=\"https:\/\/iil.ee\/wp-content\/uploads\/2025\/06\/Iil-2.jpg 1920w, https:\/\/iil.ee\/wp-content\/uploads\/2025\/06\/Iil-2-300x169.jpg 300w, https:\/\/iil.ee\/wp-content\/uploads\/2025\/06\/Iil-2-1024x576.jpg 1024w, https:\/\/iil.ee\/wp-content\/uploads\/2025\/06\/Iil-2-768x432.jpg 768w, https:\/\/iil.ee\/wp-content\/uploads\/2025\/06\/Iil-2-1536x864.jpg 1536w, https:\/\/iil.ee\/wp-content\/uploads\/2025\/06\/Iil-2-18x10.jpg 18w\" sizes=\"auto, (max-width: 1920px) 100vw, 1920px\" \/>      <\/div>\n    <\/a>\n  \n      \n    <div class=\"bde-loop-item__wrap ee-post-wrap\">\n      \n          <h3 class=\"ee-post-title\">\n    <a class=\"bde-loop-item__title-link ee-post-title-link\" href=\"https:\/\/iil.ee\/en\/iil\/iil-alustab-rahulolu-uuring-labiviimisega\" >\n        IIL is starting to conduct a satisfaction survey    <\/a>\n    <\/h3>\n          <div class=\"bde-loop-item__post-meta ee-post-meta\">\n                                                    <span class=\"bde-loop-item__meta-date bde-loop-item__meta-item ee-post-meta-date ee-post-meta-item\">\n                                          17.04.26                                      <\/span>\n                                    \n        <\/div>\n      <ul class=\"bde-loop-item__post-tax ee-post-taxonomy\"><li class=\"bde-loop-item__tax-item ee-post-taxonomy-item\">IIL<\/li><\/ul>        <div class=\"bde-loop-item__content ee-post-content\">\n            &nbsp; From Monday 20th April until the end of May, IIL, in collaboration with Eesti Uuringukeskus O\u00dc, will be conducting a satisfaction survey on bus routes in the counties of Harju, L\u00e4\u00e4ne, Rapla and L\u00e4\u00e4ne-Viru. We will be mapping passenger satisfaction regarding various aspects affecting the customer experience\u2026        <\/div>\n      \n      \n    <\/div>\n\n    <\/article>\n\n        <article class=\"bde-loop-item ee-post\">\n                <a class=\"bde-loop-item__image-link ee-post-image-link\" href=\"https:\/\/iil.ee\/en\/soiduplaanid\/muudatused-joelahtme-siseliinidel-j17-ja-j18-alates-20-aprillist\" aria-label=\"Changes to J\u00f5el\u00e4htme internal routes J17 and J18 from 20 April\">\n      <div class=\"bde-loop-item__image ee-post-image\">\n          <img loading=\"lazy\" decoding=\"async\" width=\"1920\" height=\"1080\" src=\"https:\/\/iil.ee\/wp-content\/uploads\/2025\/06\/Iil-1.jpg\" class=\"attachment-full size-full wp-post-image\" alt=\"\" srcset=\"https:\/\/iil.ee\/wp-content\/uploads\/2025\/06\/Iil-1.jpg 1920w, https:\/\/iil.ee\/wp-content\/uploads\/2025\/06\/Iil-1-300x169.jpg 300w, https:\/\/iil.ee\/wp-content\/uploads\/2025\/06\/Iil-1-1024x576.jpg 1024w, https:\/\/iil.ee\/wp-content\/uploads\/2025\/06\/Iil-1-768x432.jpg 768w, https:\/\/iil.ee\/wp-content\/uploads\/2025\/06\/Iil-1-1536x864.jpg 1536w, https:\/\/iil.ee\/wp-content\/uploads\/2025\/06\/Iil-1-18x10.jpg 18w\" sizes=\"auto, (max-width: 1920px) 100vw, 1920px\" \/>      <\/div>\n    <\/a>\n  \n      \n    <div class=\"bde-loop-item__wrap ee-post-wrap\">\n      \n          <h3 class=\"ee-post-title\">\n    <a class=\"bde-loop-item__title-link ee-post-title-link\" href=\"https:\/\/iil.ee\/en\/soiduplaanid\/muudatused-joelahtme-siseliinidel-j17-ja-j18-alates-20-aprillist\" >\n        Changes to J\u00f5el\u00e4htme internal routes J17 and J18 from 20 April    <\/a>\n    <\/h3>\n          <div class=\"bde-loop-item__post-meta ee-post-meta\">\n                                                    <span class=\"bde-loop-item__meta-date bde-loop-item__meta-item ee-post-meta-date ee-post-meta-item\">\n                                          13.04.26                                      <\/span>\n                                    \n        <\/div>\n      <ul class=\"bde-loop-item__post-tax ee-post-taxonomy\"><li class=\"bde-loop-item__tax-item ee-post-taxonomy-item\">Timetables<\/li><\/ul>        <div class=\"bde-loop-item__content ee-post-content\">\n            From 20.04.2026, the following changes will be made to the J\u00f5el\u00e4htme internal routes J17 and J18: Route J17 will operate on all school days, the timetable will not change. Service on route J18 will be discontinued.        <\/div>\n      \n      \n    <\/div>\n\n    <\/article>\n\n        <article class=\"bde-loop-item ee-post\">\n                <a class=\"bde-loop-item__image-link ee-post-image-link\" href=\"https:\/\/iil.ee\/en\/soiduplaanid\/raplamaa-uued-soiduplaanid\" aria-label=\"Raplamaa bus timetables from 13th April 2026\">\n      <div class=\"bde-loop-item__image ee-post-image\">\n          <img loading=\"lazy\" decoding=\"async\" width=\"1920\" height=\"1080\" src=\"https:\/\/iil.ee\/wp-content\/uploads\/2025\/06\/Iil-11.jpg\" class=\"attachment-full size-full wp-post-image\" alt=\"\" srcset=\"https:\/\/iil.ee\/wp-content\/uploads\/2025\/06\/Iil-11.jpg 1920w, https:\/\/iil.ee\/wp-content\/uploads\/2025\/06\/Iil-11-300x169.jpg 300w, https:\/\/iil.ee\/wp-content\/uploads\/2025\/06\/Iil-11-1024x576.jpg 1024w, https:\/\/iil.ee\/wp-content\/uploads\/2025\/06\/Iil-11-768x432.jpg 768w, https:\/\/iil.ee\/wp-content\/uploads\/2025\/06\/Iil-11-1536x864.jpg 1536w, https:\/\/iil.ee\/wp-content\/uploads\/2025\/06\/Iil-11-18x10.jpg 18w\" sizes=\"auto, (max-width: 1920px) 100vw, 1920px\" \/>      <\/div>\n    <\/a>\n  \n      \n    <div class=\"bde-loop-item__wrap ee-post-wrap\">\n      \n          <h3 class=\"ee-post-title\">\n    <a class=\"bde-loop-item__title-link ee-post-title-link\" href=\"https:\/\/iil.ee\/en\/soiduplaanid\/raplamaa-uued-soiduplaanid\" >\n        Raplamaa bus timetables from 13th April 2026    <\/a>\n    <\/h3>\n          <div class=\"bde-loop-item__post-meta ee-post-meta\">\n                                                    <span class=\"bde-loop-item__meta-date bde-loop-item__meta-item ee-post-meta-date ee-post-meta-item\">\n                                          02.04.26                                      <\/span>\n                                    \n        <\/div>\n      <ul class=\"bde-loop-item__post-tax ee-post-taxonomy\"><li class=\"bde-loop-item__tax-item ee-post-taxonomy-item\">Timetables<\/li><\/ul>        <div class=\"bde-loop-item__content ee-post-content\">\n            From 13 April 2026, the timetables for Raplamaa bus routes no. 20, 31 and 34 will change. The routes will have the following changes: Route 20 Rapla \u2013 Kehtna On weekdays, the bus departing from Rapla bus station at 08:20 will start\u2026        <\/div>\n      \n      \n    <\/div>\n\n    <\/article>\n\n    <\/div>\n<\/div>\n  <\/div>\n<\/div>\n\n<\/div><div class=\"bde-advanced-tabs-content-18-284 bde-advanced-tabs-content\">\n<div tabindex=\"0\" role=\"tabpanel\" class=\"bde-tabs__panel js-panel\" id=\"\" aria-labelledby=\"\">\n  <div class=\"bde-tabs__panel-content\">\n    <div class=\"bde-post-list-18-285 bde-post-list\">\n<div class=\"bde-loop bde-loop-grid ee-posts ee-posts-grid\">    <article class=\"bde-loop-item ee-post\">\n                <a class=\"bde-loop-item__image-link ee-post-image-link\" href=\"https:\/\/iil.ee\/en\/soiduplaanid\/keila-linnaliinide-uus-liikumistee\" aria-label=\"The routes of Keila&#039;s city lines K11, K12, and K14 will change from May 4, 2026\">\n      <div class=\"bde-loop-item__image ee-post-image\">\n          <img loading=\"lazy\" decoding=\"async\" width=\"1920\" height=\"1080\" src=\"https:\/\/iil.ee\/wp-content\/uploads\/2025\/11\/vlcsnap-2025-11-24-13h53m19s572.png\" class=\"attachment-full size-full wp-post-image\" alt=\"\" srcset=\"https:\/\/iil.ee\/wp-content\/uploads\/2025\/11\/vlcsnap-2025-11-24-13h53m19s572.png 1920w, https:\/\/iil.ee\/wp-content\/uploads\/2025\/11\/vlcsnap-2025-11-24-13h53m19s572-300x169.png 300w, https:\/\/iil.ee\/wp-content\/uploads\/2025\/11\/vlcsnap-2025-11-24-13h53m19s572-1024x576.png 1024w, https:\/\/iil.ee\/wp-content\/uploads\/2025\/11\/vlcsnap-2025-11-24-13h53m19s572-768x432.png 768w, https:\/\/iil.ee\/wp-content\/uploads\/2025\/11\/vlcsnap-2025-11-24-13h53m19s572-1536x864.png 1536w, https:\/\/iil.ee\/wp-content\/uploads\/2025\/11\/vlcsnap-2025-11-24-13h53m19s572-18x10.png 18w\" sizes=\"auto, (max-width: 1920px) 100vw, 1920px\" \/>      <\/div>\n    <\/a>\n  \n      \n    <div class=\"bde-loop-item__wrap ee-post-wrap\">\n      \n          <h3 class=\"ee-post-title\">\n    <a class=\"bde-loop-item__title-link ee-post-title-link\" href=\"https:\/\/iil.ee\/en\/soiduplaanid\/keila-linnaliinide-uus-liikumistee\" >\n        The routes of Keila's city lines K11, K12, and K14 will change from May 4, 2026    <\/a>\n    <\/h3>\n          <div class=\"bde-loop-item__post-meta ee-post-meta\">\n                                                    <span class=\"bde-loop-item__meta-date bde-loop-item__meta-item ee-post-meta-date ee-post-meta-item\">\n                                          28.04.26                                      <\/span>\n                                    \n        <\/div>\n      <ul class=\"bde-loop-item__post-tax ee-post-taxonomy\"><li class=\"bde-loop-item__tax-item ee-post-taxonomy-item\">Timetables<\/li><\/ul>        <div class=\"bde-loop-item__content ee-post-content\">\n            From Monday, 4 May 2026, the routes of Keila\u2019s local bus lines K11, K12, and K14 will change between the Keila Church and Luha bus stops. Buses will no longer travel via Tallinna maantee but will henceforth use in both directions...        <\/div>\n      \n      \n    <\/div>\n\n    <\/article>\n\n        <article class=\"bde-loop-item ee-post\">\n                <a class=\"bde-loop-item__image-link ee-post-image-link\" href=\"https:\/\/iil.ee\/en\/soiduplaanid\/maardus-suletakse-ajutiselt-keemikute-ja-orumetsa-tanava-ristmik-perioodil-06-05-08-05-2026\" aria-label=\"The intersection of Keemikute and Orumetsa streets in Maardu will be temporarily closed from 06.05\u201308.05.2026.\">\n      <div class=\"bde-loop-item__image ee-post-image\">\n          <img loading=\"lazy\" decoding=\"async\" width=\"1920\" height=\"1080\" src=\"https:\/\/iil.ee\/wp-content\/uploads\/2025\/06\/Iil-38.jpg\" class=\"attachment-full size-full wp-post-image\" alt=\"\" srcset=\"https:\/\/iil.ee\/wp-content\/uploads\/2025\/06\/Iil-38.jpg 1920w, https:\/\/iil.ee\/wp-content\/uploads\/2025\/06\/Iil-38-300x169.jpg 300w, https:\/\/iil.ee\/wp-content\/uploads\/2025\/06\/Iil-38-1024x576.jpg 1024w, https:\/\/iil.ee\/wp-content\/uploads\/2025\/06\/Iil-38-768x432.jpg 768w, https:\/\/iil.ee\/wp-content\/uploads\/2025\/06\/Iil-38-1536x864.jpg 1536w, https:\/\/iil.ee\/wp-content\/uploads\/2025\/06\/Iil-38-18x10.jpg 18w\" sizes=\"auto, (max-width: 1920px) 100vw, 1920px\" \/>      <\/div>\n    <\/a>\n  \n      \n    <div class=\"bde-loop-item__wrap ee-post-wrap\">\n      \n          <h3 class=\"ee-post-title\">\n    <a class=\"bde-loop-item__title-link ee-post-title-link\" href=\"https:\/\/iil.ee\/en\/soiduplaanid\/maardus-suletakse-ajutiselt-keemikute-ja-orumetsa-tanava-ristmik-perioodil-06-05-08-05-2026\" >\n        The intersection of Keemikute and Orumetsa streets in Maardu will be temporarily closed from 06.05\u201308.05.2026.    <\/a>\n    <\/h3>\n          <div class=\"bde-loop-item__post-meta ee-post-meta\">\n                                                    <span class=\"bde-loop-item__meta-date bde-loop-item__meta-item ee-post-meta-date ee-post-meta-item\">\n                                          28.04.26                                      <\/span>\n                                    \n        <\/div>\n      <ul class=\"bde-loop-item__post-tax ee-post-taxonomy\"><li class=\"bde-loop-item__tax-item ee-post-taxonomy-item\">Timetables<\/li><\/ul>        <div class=\"bde-loop-item__content ee-post-content\">\n            Due to the closure of the intersection of Keemikute and Orumetsa streets in the city of Maardu, bus routes will be temporarily diverted. The closure is planned from 6 May at 7:00 AM to 8 May at 11:00 PM. Bus routes 100, 101, 170, 171\u2026        <\/div>\n      \n      \n    <\/div>\n\n    <\/article>\n\n        <article class=\"bde-loop-item ee-post\">\n                <a class=\"bde-loop-item__image-link ee-post-image-link\" href=\"https:\/\/iil.ee\/en\/soiduplaanid\/liikluskorralduse-muudatus-laane-virumaal-2-mail-2026\" aria-label=\"Traffic management changes in L\u00e4\u00e4ne-Viru County on 2 May 2026\">\n      <div class=\"bde-loop-item__image ee-post-image\">\n          <img loading=\"lazy\" decoding=\"async\" width=\"1920\" height=\"1080\" src=\"https:\/\/iil.ee\/wp-content\/uploads\/2025\/06\/Iil-12.jpg\" class=\"attachment-full size-full wp-post-image\" alt=\"\" srcset=\"https:\/\/iil.ee\/wp-content\/uploads\/2025\/06\/Iil-12.jpg 1920w, https:\/\/iil.ee\/wp-content\/uploads\/2025\/06\/Iil-12-300x169.jpg 300w, https:\/\/iil.ee\/wp-content\/uploads\/2025\/06\/Iil-12-1024x576.jpg 1024w, https:\/\/iil.ee\/wp-content\/uploads\/2025\/06\/Iil-12-768x432.jpg 768w, https:\/\/iil.ee\/wp-content\/uploads\/2025\/06\/Iil-12-1536x864.jpg 1536w, https:\/\/iil.ee\/wp-content\/uploads\/2025\/06\/Iil-12-18x10.jpg 18w\" sizes=\"auto, (max-width: 1920px) 100vw, 1920px\" \/>      <\/div>\n    <\/a>\n  \n      \n    <div class=\"bde-loop-item__wrap ee-post-wrap\">\n      \n          <h3 class=\"ee-post-title\">\n    <a class=\"bde-loop-item__title-link ee-post-title-link\" href=\"https:\/\/iil.ee\/en\/soiduplaanid\/liikluskorralduse-muudatus-laane-virumaal-2-mail-2026\" >\n        Traffic management changes in L\u00e4\u00e4ne-Viru County on 2 May 2026    <\/a>\n    <\/h3>\n          <div class=\"bde-loop-item__post-meta ee-post-meta\">\n                                                    <span class=\"bde-loop-item__meta-date bde-loop-item__meta-item ee-post-meta-date ee-post-meta-item\">\n                                          22.04.26                                      <\/span>\n                                    \n        <\/div>\n      <ul class=\"bde-loop-item__post-tax ee-post-taxonomy\"><li class=\"bde-loop-item__tax-item ee-post-taxonomy-item\">Timetables<\/li><\/ul>        <div class=\"bde-loop-item__content ee-post-content\">\n            On the 2nd of May, the car event Drivestonia 2026 will take place in L\u00e4\u00e4ne-Viru county, in Vinni municipality, near Ulvi. In connection with the event, sections of the S\u00f5meru\u2013Kabala road and the Nurkse\u2013P\u00f5lula road will be closed between 9:00 AM and 2:00 PM. During the event, bus transport will be rerouted...        <\/div>\n      \n      \n    <\/div>\n\n    <\/article>\n\n        <article class=\"bde-loop-item ee-post\">\n                <a class=\"bde-loop-item__image-link ee-post-image-link\" href=\"https:\/\/iil.ee\/en\/iil\/iil-alustab-rahulolu-uuring-labiviimisega\" aria-label=\"IIL is starting to conduct a satisfaction survey\">\n      <div class=\"bde-loop-item__image ee-post-image\">\n          <img loading=\"lazy\" decoding=\"async\" width=\"1920\" height=\"1080\" src=\"https:\/\/iil.ee\/wp-content\/uploads\/2025\/06\/Iil-2.jpg\" class=\"attachment-full size-full wp-post-image\" alt=\"\" srcset=\"https:\/\/iil.ee\/wp-content\/uploads\/2025\/06\/Iil-2.jpg 1920w, https:\/\/iil.ee\/wp-content\/uploads\/2025\/06\/Iil-2-300x169.jpg 300w, https:\/\/iil.ee\/wp-content\/uploads\/2025\/06\/Iil-2-1024x576.jpg 1024w, https:\/\/iil.ee\/wp-content\/uploads\/2025\/06\/Iil-2-768x432.jpg 768w, https:\/\/iil.ee\/wp-content\/uploads\/2025\/06\/Iil-2-1536x864.jpg 1536w, https:\/\/iil.ee\/wp-content\/uploads\/2025\/06\/Iil-2-18x10.jpg 18w\" sizes=\"auto, (max-width: 1920px) 100vw, 1920px\" \/>      <\/div>\n    <\/a>\n  \n      \n    <div class=\"bde-loop-item__wrap ee-post-wrap\">\n      \n          <h3 class=\"ee-post-title\">\n    <a class=\"bde-loop-item__title-link ee-post-title-link\" href=\"https:\/\/iil.ee\/en\/iil\/iil-alustab-rahulolu-uuring-labiviimisega\" >\n        IIL is starting to conduct a satisfaction survey    <\/a>\n    <\/h3>\n          <div class=\"bde-loop-item__post-meta ee-post-meta\">\n                                                    <span class=\"bde-loop-item__meta-date bde-loop-item__meta-item ee-post-meta-date ee-post-meta-item\">\n                                          17.04.26                                      <\/span>\n                                    \n        <\/div>\n      <ul class=\"bde-loop-item__post-tax ee-post-taxonomy\"><li class=\"bde-loop-item__tax-item ee-post-taxonomy-item\">IIL<\/li><\/ul>        <div class=\"bde-loop-item__content ee-post-content\">\n            &nbsp; From Monday 20th April until the end of May, IIL, in collaboration with Eesti Uuringukeskus O\u00dc, will be conducting a satisfaction survey on bus routes in the counties of Harju, L\u00e4\u00e4ne, Rapla and L\u00e4\u00e4ne-Viru. We will be mapping passenger satisfaction regarding various aspects affecting the customer experience\u2026        <\/div>\n      \n      \n    <\/div>\n\n    <\/article>\n\n        <article class=\"bde-loop-item ee-post\">\n                <a class=\"bde-loop-item__image-link ee-post-image-link\" href=\"https:\/\/iil.ee\/en\/soiduplaanid\/muudatused-joelahtme-siseliinidel-j17-ja-j18-alates-20-aprillist\" aria-label=\"Changes to J\u00f5el\u00e4htme internal routes J17 and J18 from 20 April\">\n      <div class=\"bde-loop-item__image ee-post-image\">\n          <img loading=\"lazy\" decoding=\"async\" width=\"1920\" height=\"1080\" src=\"https:\/\/iil.ee\/wp-content\/uploads\/2025\/06\/Iil-1.jpg\" class=\"attachment-full size-full wp-post-image\" alt=\"\" srcset=\"https:\/\/iil.ee\/wp-content\/uploads\/2025\/06\/Iil-1.jpg 1920w, https:\/\/iil.ee\/wp-content\/uploads\/2025\/06\/Iil-1-300x169.jpg 300w, https:\/\/iil.ee\/wp-content\/uploads\/2025\/06\/Iil-1-1024x576.jpg 1024w, https:\/\/iil.ee\/wp-content\/uploads\/2025\/06\/Iil-1-768x432.jpg 768w, https:\/\/iil.ee\/wp-content\/uploads\/2025\/06\/Iil-1-1536x864.jpg 1536w, https:\/\/iil.ee\/wp-content\/uploads\/2025\/06\/Iil-1-18x10.jpg 18w\" sizes=\"auto, (max-width: 1920px) 100vw, 1920px\" \/>      <\/div>\n    <\/a>\n  \n      \n    <div class=\"bde-loop-item__wrap ee-post-wrap\">\n      \n          <h3 class=\"ee-post-title\">\n    <a class=\"bde-loop-item__title-link ee-post-title-link\" href=\"https:\/\/iil.ee\/en\/soiduplaanid\/muudatused-joelahtme-siseliinidel-j17-ja-j18-alates-20-aprillist\" >\n        Changes to J\u00f5el\u00e4htme internal routes J17 and J18 from 20 April    <\/a>\n    <\/h3>\n          <div class=\"bde-loop-item__post-meta ee-post-meta\">\n                                                    <span class=\"bde-loop-item__meta-date bde-loop-item__meta-item ee-post-meta-date ee-post-meta-item\">\n                                          13.04.26                                      <\/span>\n                                    \n        <\/div>\n      <ul class=\"bde-loop-item__post-tax ee-post-taxonomy\"><li class=\"bde-loop-item__tax-item ee-post-taxonomy-item\">Timetables<\/li><\/ul>        <div class=\"bde-loop-item__content ee-post-content\">\n            From 20.04.2026, the following changes will be made to the J\u00f5el\u00e4htme internal routes J17 and J18: Route J17 will operate on all school days, the timetable will not change. Service on route J18 will be discontinued.        <\/div>\n      \n      \n    <\/div>\n\n    <\/article>\n\n        <article class=\"bde-loop-item ee-post\">\n                <a class=\"bde-loop-item__image-link ee-post-image-link\" href=\"https:\/\/iil.ee\/en\/soiduplaanid\/raplamaa-uued-soiduplaanid\" aria-label=\"Raplamaa bus timetables from 13th April 2026\">\n      <div class=\"bde-loop-item__image ee-post-image\">\n          <img loading=\"lazy\" decoding=\"async\" width=\"1920\" height=\"1080\" src=\"https:\/\/iil.ee\/wp-content\/uploads\/2025\/06\/Iil-11.jpg\" class=\"attachment-full size-full wp-post-image\" alt=\"\" srcset=\"https:\/\/iil.ee\/wp-content\/uploads\/2025\/06\/Iil-11.jpg 1920w, https:\/\/iil.ee\/wp-content\/uploads\/2025\/06\/Iil-11-300x169.jpg 300w, https:\/\/iil.ee\/wp-content\/uploads\/2025\/06\/Iil-11-1024x576.jpg 1024w, https:\/\/iil.ee\/wp-content\/uploads\/2025\/06\/Iil-11-768x432.jpg 768w, https:\/\/iil.ee\/wp-content\/uploads\/2025\/06\/Iil-11-1536x864.jpg 1536w, https:\/\/iil.ee\/wp-content\/uploads\/2025\/06\/Iil-11-18x10.jpg 18w\" sizes=\"auto, (max-width: 1920px) 100vw, 1920px\" \/>      <\/div>\n    <\/a>\n  \n      \n    <div class=\"bde-loop-item__wrap ee-post-wrap\">\n      \n          <h3 class=\"ee-post-title\">\n    <a class=\"bde-loop-item__title-link ee-post-title-link\" href=\"https:\/\/iil.ee\/en\/soiduplaanid\/raplamaa-uued-soiduplaanid\" >\n        Raplamaa bus timetables from 13th April 2026    <\/a>\n    <\/h3>\n          <div class=\"bde-loop-item__post-meta ee-post-meta\">\n                                                    <span class=\"bde-loop-item__meta-date bde-loop-item__meta-item ee-post-meta-date ee-post-meta-item\">\n                                          02.04.26                                      <\/span>\n                                    \n        <\/div>\n      <ul class=\"bde-loop-item__post-tax ee-post-taxonomy\"><li class=\"bde-loop-item__tax-item ee-post-taxonomy-item\">Timetables<\/li><\/ul>        <div class=\"bde-loop-item__content ee-post-content\">\n            From 13 April 2026, the timetables for Raplamaa bus routes no. 20, 31 and 34 will change. The routes will have the following changes: Route 20 Rapla \u2013 Kehtna On weekdays, the bus departing from Rapla bus station at 08:20 will start\u2026        <\/div>\n      \n      \n    <\/div>\n\n    <\/article>\n\n    <\/div>\n<\/div>\n  <\/div>\n<\/div>\n\n<\/div><div class=\"bde-advanced-tabs-content-18-286 bde-advanced-tabs-content\">\n<div tabindex=\"0\" role=\"tabpanel\" class=\"bde-tabs__panel js-panel\" id=\"\" aria-labelledby=\"\">\n  <div class=\"bde-tabs__panel-content\">\n    <div class=\"bde-post-list-18-287 bde-post-list\">\n<div class=\"bde-loop bde-loop-grid ee-posts ee-posts-grid\">    <article class=\"bde-loop-item ee-post\">\n                <a class=\"bde-loop-item__image-link ee-post-image-link\" href=\"https:\/\/iil.ee\/en\/soiduplaanid\/keila-linnaliinide-uus-liikumistee\" aria-label=\"The routes of Keila&#039;s city lines K11, K12, and K14 will change from May 4, 2026\">\n      <div class=\"bde-loop-item__image ee-post-image\">\n          <img loading=\"lazy\" decoding=\"async\" width=\"1920\" height=\"1080\" src=\"https:\/\/iil.ee\/wp-content\/uploads\/2025\/11\/vlcsnap-2025-11-24-13h53m19s572.png\" class=\"attachment-full size-full wp-post-image\" alt=\"\" srcset=\"https:\/\/iil.ee\/wp-content\/uploads\/2025\/11\/vlcsnap-2025-11-24-13h53m19s572.png 1920w, https:\/\/iil.ee\/wp-content\/uploads\/2025\/11\/vlcsnap-2025-11-24-13h53m19s572-300x169.png 300w, https:\/\/iil.ee\/wp-content\/uploads\/2025\/11\/vlcsnap-2025-11-24-13h53m19s572-1024x576.png 1024w, https:\/\/iil.ee\/wp-content\/uploads\/2025\/11\/vlcsnap-2025-11-24-13h53m19s572-768x432.png 768w, https:\/\/iil.ee\/wp-content\/uploads\/2025\/11\/vlcsnap-2025-11-24-13h53m19s572-1536x864.png 1536w, https:\/\/iil.ee\/wp-content\/uploads\/2025\/11\/vlcsnap-2025-11-24-13h53m19s572-18x10.png 18w\" sizes=\"auto, (max-width: 1920px) 100vw, 1920px\" \/>      <\/div>\n    <\/a>\n  \n      \n    <div class=\"bde-loop-item__wrap ee-post-wrap\">\n      \n          <h3 class=\"ee-post-title\">\n    <a class=\"bde-loop-item__title-link ee-post-title-link\" href=\"https:\/\/iil.ee\/en\/soiduplaanid\/keila-linnaliinide-uus-liikumistee\" >\n        The routes of Keila's city lines K11, K12, and K14 will change from May 4, 2026    <\/a>\n    <\/h3>\n          <div class=\"bde-loop-item__post-meta ee-post-meta\">\n                                                    <span class=\"bde-loop-item__meta-date bde-loop-item__meta-item ee-post-meta-date ee-post-meta-item\">\n                                          28.04.26                                      <\/span>\n                                    \n        <\/div>\n      <ul class=\"bde-loop-item__post-tax ee-post-taxonomy\"><li class=\"bde-loop-item__tax-item ee-post-taxonomy-item\">Timetables<\/li><\/ul>        <div class=\"bde-loop-item__content ee-post-content\">\n            From Monday, 4 May 2026, the routes of Keila\u2019s local bus lines K11, K12, and K14 will change between the Keila Church and Luha bus stops. Buses will no longer travel via Tallinna maantee but will henceforth use in both directions...        <\/div>\n      \n      \n    <\/div>\n\n    <\/article>\n\n        <article class=\"bde-loop-item ee-post\">\n                <a class=\"bde-loop-item__image-link ee-post-image-link\" href=\"https:\/\/iil.ee\/en\/soiduplaanid\/maardus-suletakse-ajutiselt-keemikute-ja-orumetsa-tanava-ristmik-perioodil-06-05-08-05-2026\" aria-label=\"The intersection of Keemikute and Orumetsa streets in Maardu will be temporarily closed from 06.05\u201308.05.2026.\">\n      <div class=\"bde-loop-item__image ee-post-image\">\n          <img loading=\"lazy\" decoding=\"async\" width=\"1920\" height=\"1080\" src=\"https:\/\/iil.ee\/wp-content\/uploads\/2025\/06\/Iil-38.jpg\" class=\"attachment-full size-full wp-post-image\" alt=\"\" srcset=\"https:\/\/iil.ee\/wp-content\/uploads\/2025\/06\/Iil-38.jpg 1920w, https:\/\/iil.ee\/wp-content\/uploads\/2025\/06\/Iil-38-300x169.jpg 300w, https:\/\/iil.ee\/wp-content\/uploads\/2025\/06\/Iil-38-1024x576.jpg 1024w, https:\/\/iil.ee\/wp-content\/uploads\/2025\/06\/Iil-38-768x432.jpg 768w, https:\/\/iil.ee\/wp-content\/uploads\/2025\/06\/Iil-38-1536x864.jpg 1536w, https:\/\/iil.ee\/wp-content\/uploads\/2025\/06\/Iil-38-18x10.jpg 18w\" sizes=\"auto, (max-width: 1920px) 100vw, 1920px\" \/>      <\/div>\n    <\/a>\n  \n      \n    <div class=\"bde-loop-item__wrap ee-post-wrap\">\n      \n          <h3 class=\"ee-post-title\">\n    <a class=\"bde-loop-item__title-link ee-post-title-link\" href=\"https:\/\/iil.ee\/en\/soiduplaanid\/maardus-suletakse-ajutiselt-keemikute-ja-orumetsa-tanava-ristmik-perioodil-06-05-08-05-2026\" >\n        The intersection of Keemikute and Orumetsa streets in Maardu will be temporarily closed from 06.05\u201308.05.2026.    <\/a>\n    <\/h3>\n          <div class=\"bde-loop-item__post-meta ee-post-meta\">\n                                                    <span class=\"bde-loop-item__meta-date bde-loop-item__meta-item ee-post-meta-date ee-post-meta-item\">\n                                          28.04.26                                      <\/span>\n                                    \n        <\/div>\n      <ul class=\"bde-loop-item__post-tax ee-post-taxonomy\"><li class=\"bde-loop-item__tax-item ee-post-taxonomy-item\">Timetables<\/li><\/ul>        <div class=\"bde-loop-item__content ee-post-content\">\n            Due to the closure of the intersection of Keemikute and Orumetsa streets in the city of Maardu, bus routes will be temporarily diverted. The closure is planned from 6 May at 7:00 AM to 8 May at 11:00 PM. Bus routes 100, 101, 170, 171\u2026        <\/div>\n      \n      \n    <\/div>\n\n    <\/article>\n\n        <article class=\"bde-loop-item ee-post\">\n                <a class=\"bde-loop-item__image-link ee-post-image-link\" href=\"https:\/\/iil.ee\/en\/soiduplaanid\/liikluskorralduse-muudatus-laane-virumaal-2-mail-2026\" aria-label=\"Traffic management changes in L\u00e4\u00e4ne-Viru County on 2 May 2026\">\n      <div class=\"bde-loop-item__image ee-post-image\">\n          <img loading=\"lazy\" decoding=\"async\" width=\"1920\" height=\"1080\" src=\"https:\/\/iil.ee\/wp-content\/uploads\/2025\/06\/Iil-12.jpg\" class=\"attachment-full size-full wp-post-image\" alt=\"\" srcset=\"https:\/\/iil.ee\/wp-content\/uploads\/2025\/06\/Iil-12.jpg 1920w, https:\/\/iil.ee\/wp-content\/uploads\/2025\/06\/Iil-12-300x169.jpg 300w, https:\/\/iil.ee\/wp-content\/uploads\/2025\/06\/Iil-12-1024x576.jpg 1024w, https:\/\/iil.ee\/wp-content\/uploads\/2025\/06\/Iil-12-768x432.jpg 768w, https:\/\/iil.ee\/wp-content\/uploads\/2025\/06\/Iil-12-1536x864.jpg 1536w, https:\/\/iil.ee\/wp-content\/uploads\/2025\/06\/Iil-12-18x10.jpg 18w\" sizes=\"auto, (max-width: 1920px) 100vw, 1920px\" \/>      <\/div>\n    <\/a>\n  \n      \n    <div class=\"bde-loop-item__wrap ee-post-wrap\">\n      \n          <h3 class=\"ee-post-title\">\n    <a class=\"bde-loop-item__title-link ee-post-title-link\" href=\"https:\/\/iil.ee\/en\/soiduplaanid\/liikluskorralduse-muudatus-laane-virumaal-2-mail-2026\" >\n        Traffic management changes in L\u00e4\u00e4ne-Viru County on 2 May 2026    <\/a>\n    <\/h3>\n          <div class=\"bde-loop-item__post-meta ee-post-meta\">\n                                                    <span class=\"bde-loop-item__meta-date bde-loop-item__meta-item ee-post-meta-date ee-post-meta-item\">\n                                          22.04.26                                      <\/span>\n                                    \n        <\/div>\n      <ul class=\"bde-loop-item__post-tax ee-post-taxonomy\"><li class=\"bde-loop-item__tax-item ee-post-taxonomy-item\">Timetables<\/li><\/ul>        <div class=\"bde-loop-item__content ee-post-content\">\n            On the 2nd of May, the car event Drivestonia 2026 will take place in L\u00e4\u00e4ne-Viru county, in Vinni municipality, near Ulvi. In connection with the event, sections of the S\u00f5meru\u2013Kabala road and the Nurkse\u2013P\u00f5lula road will be closed between 9:00 AM and 2:00 PM. During the event, bus transport will be rerouted...        <\/div>\n      \n      \n    <\/div>\n\n    <\/article>\n\n        <article class=\"bde-loop-item ee-post\">\n                <a class=\"bde-loop-item__image-link ee-post-image-link\" href=\"https:\/\/iil.ee\/en\/iil\/iil-alustab-rahulolu-uuring-labiviimisega\" aria-label=\"IIL is starting to conduct a satisfaction survey\">\n      <div class=\"bde-loop-item__image ee-post-image\">\n          <img loading=\"lazy\" decoding=\"async\" width=\"1920\" height=\"1080\" src=\"https:\/\/iil.ee\/wp-content\/uploads\/2025\/06\/Iil-2.jpg\" class=\"attachment-full size-full wp-post-image\" alt=\"\" srcset=\"https:\/\/iil.ee\/wp-content\/uploads\/2025\/06\/Iil-2.jpg 1920w, https:\/\/iil.ee\/wp-content\/uploads\/2025\/06\/Iil-2-300x169.jpg 300w, https:\/\/iil.ee\/wp-content\/uploads\/2025\/06\/Iil-2-1024x576.jpg 1024w, https:\/\/iil.ee\/wp-content\/uploads\/2025\/06\/Iil-2-768x432.jpg 768w, https:\/\/iil.ee\/wp-content\/uploads\/2025\/06\/Iil-2-1536x864.jpg 1536w, https:\/\/iil.ee\/wp-content\/uploads\/2025\/06\/Iil-2-18x10.jpg 18w\" sizes=\"auto, (max-width: 1920px) 100vw, 1920px\" \/>      <\/div>\n    <\/a>\n  \n      \n    <div class=\"bde-loop-item__wrap ee-post-wrap\">\n      \n          <h3 class=\"ee-post-title\">\n    <a class=\"bde-loop-item__title-link ee-post-title-link\" href=\"https:\/\/iil.ee\/en\/iil\/iil-alustab-rahulolu-uuring-labiviimisega\" >\n        IIL is starting to conduct a satisfaction survey    <\/a>\n    <\/h3>\n          <div class=\"bde-loop-item__post-meta ee-post-meta\">\n                                                    <span class=\"bde-loop-item__meta-date bde-loop-item__meta-item ee-post-meta-date ee-post-meta-item\">\n                                          17.04.26                                      <\/span>\n                                    \n        <\/div>\n      <ul class=\"bde-loop-item__post-tax ee-post-taxonomy\"><li class=\"bde-loop-item__tax-item ee-post-taxonomy-item\">IIL<\/li><\/ul>        <div class=\"bde-loop-item__content ee-post-content\">\n            &nbsp; From Monday 20th April until the end of May, IIL, in collaboration with Eesti Uuringukeskus O\u00dc, will be conducting a satisfaction survey on bus routes in the counties of Harju, L\u00e4\u00e4ne, Rapla and L\u00e4\u00e4ne-Viru. We will be mapping passenger satisfaction regarding various aspects affecting the customer experience\u2026        <\/div>\n      \n      \n    <\/div>\n\n    <\/article>\n\n        <article class=\"bde-loop-item ee-post\">\n                <a class=\"bde-loop-item__image-link ee-post-image-link\" href=\"https:\/\/iil.ee\/en\/soiduplaanid\/muudatused-joelahtme-siseliinidel-j17-ja-j18-alates-20-aprillist\" aria-label=\"Changes to J\u00f5el\u00e4htme internal routes J17 and J18 from 20 April\">\n      <div class=\"bde-loop-item__image ee-post-image\">\n          <img loading=\"lazy\" decoding=\"async\" width=\"1920\" height=\"1080\" src=\"https:\/\/iil.ee\/wp-content\/uploads\/2025\/06\/Iil-1.jpg\" class=\"attachment-full size-full wp-post-image\" alt=\"\" srcset=\"https:\/\/iil.ee\/wp-content\/uploads\/2025\/06\/Iil-1.jpg 1920w, https:\/\/iil.ee\/wp-content\/uploads\/2025\/06\/Iil-1-300x169.jpg 300w, https:\/\/iil.ee\/wp-content\/uploads\/2025\/06\/Iil-1-1024x576.jpg 1024w, https:\/\/iil.ee\/wp-content\/uploads\/2025\/06\/Iil-1-768x432.jpg 768w, https:\/\/iil.ee\/wp-content\/uploads\/2025\/06\/Iil-1-1536x864.jpg 1536w, https:\/\/iil.ee\/wp-content\/uploads\/2025\/06\/Iil-1-18x10.jpg 18w\" sizes=\"auto, (max-width: 1920px) 100vw, 1920px\" \/>      <\/div>\n    <\/a>\n  \n      \n    <div class=\"bde-loop-item__wrap ee-post-wrap\">\n      \n          <h3 class=\"ee-post-title\">\n    <a class=\"bde-loop-item__title-link ee-post-title-link\" href=\"https:\/\/iil.ee\/en\/soiduplaanid\/muudatused-joelahtme-siseliinidel-j17-ja-j18-alates-20-aprillist\" >\n        Changes to J\u00f5el\u00e4htme internal routes J17 and J18 from 20 April    <\/a>\n    <\/h3>\n          <div class=\"bde-loop-item__post-meta ee-post-meta\">\n                                                    <span class=\"bde-loop-item__meta-date bde-loop-item__meta-item ee-post-meta-date ee-post-meta-item\">\n                                          13.04.26                                      <\/span>\n                                    \n        <\/div>\n      <ul class=\"bde-loop-item__post-tax ee-post-taxonomy\"><li class=\"bde-loop-item__tax-item ee-post-taxonomy-item\">Timetables<\/li><\/ul>        <div class=\"bde-loop-item__content ee-post-content\">\n            From 20.04.2026, the following changes will be made to the J\u00f5el\u00e4htme internal routes J17 and J18: Route J17 will operate on all school days, the timetable will not change. Service on route J18 will be discontinued.        <\/div>\n      \n      \n    <\/div>\n\n    <\/article>\n\n        <article class=\"bde-loop-item ee-post\">\n                <a class=\"bde-loop-item__image-link ee-post-image-link\" href=\"https:\/\/iil.ee\/en\/soiduplaanid\/raplamaa-uued-soiduplaanid\" aria-label=\"Raplamaa bus timetables from 13th April 2026\">\n      <div class=\"bde-loop-item__image ee-post-image\">\n          <img loading=\"lazy\" decoding=\"async\" width=\"1920\" height=\"1080\" src=\"https:\/\/iil.ee\/wp-content\/uploads\/2025\/06\/Iil-11.jpg\" class=\"attachment-full size-full wp-post-image\" alt=\"\" srcset=\"https:\/\/iil.ee\/wp-content\/uploads\/2025\/06\/Iil-11.jpg 1920w, https:\/\/iil.ee\/wp-content\/uploads\/2025\/06\/Iil-11-300x169.jpg 300w, https:\/\/iil.ee\/wp-content\/uploads\/2025\/06\/Iil-11-1024x576.jpg 1024w, https:\/\/iil.ee\/wp-content\/uploads\/2025\/06\/Iil-11-768x432.jpg 768w, https:\/\/iil.ee\/wp-content\/uploads\/2025\/06\/Iil-11-1536x864.jpg 1536w, https:\/\/iil.ee\/wp-content\/uploads\/2025\/06\/Iil-11-18x10.jpg 18w\" sizes=\"auto, (max-width: 1920px) 100vw, 1920px\" \/>      <\/div>\n    <\/a>\n  \n      \n    <div class=\"bde-loop-item__wrap ee-post-wrap\">\n      \n          <h3 class=\"ee-post-title\">\n    <a class=\"bde-loop-item__title-link ee-post-title-link\" href=\"https:\/\/iil.ee\/en\/soiduplaanid\/raplamaa-uued-soiduplaanid\" >\n        Raplamaa bus timetables from 13th April 2026    <\/a>\n    <\/h3>\n          <div class=\"bde-loop-item__post-meta ee-post-meta\">\n                                                    <span class=\"bde-loop-item__meta-date bde-loop-item__meta-item ee-post-meta-date ee-post-meta-item\">\n                                          02.04.26                                      <\/span>\n                                    \n        <\/div>\n      <ul class=\"bde-loop-item__post-tax ee-post-taxonomy\"><li class=\"bde-loop-item__tax-item ee-post-taxonomy-item\">Timetables<\/li><\/ul>        <div class=\"bde-loop-item__content ee-post-content\">\n            From 13 April 2026, the timetables for Raplamaa bus routes no. 20, 31 and 34 will change. The routes will have the following changes: Route 20 Rapla \u2013 Kehtna On weekdays, the bus departing from Rapla bus station at 08:20 will start\u2026        <\/div>\n      \n      \n    <\/div>\n\n    <\/article>\n\n    <\/div>\n<\/div>\n  <\/div>\n<\/div>\n\n<\/div><div class=\"bde-advanced-tabs-content-18-295 bde-advanced-tabs-content\">\n<div tabindex=\"0\" role=\"tabpanel\" class=\"bde-tabs__panel js-panel\" id=\"\" aria-labelledby=\"\">\n  <div class=\"bde-tabs__panel-content\">\n    <div class=\"bde-post-list-18-308 bde-post-list\">\n<div class=\"bde-loop bde-loop-grid ee-posts ee-posts-grid\">    <article class=\"bde-loop-item ee-post\">\n                <a class=\"bde-loop-item__image-link ee-post-image-link\" href=\"https:\/\/iil.ee\/en\/soiduplaanid\/keila-linnaliinide-uus-liikumistee\" aria-label=\"The routes of Keila&#039;s city lines K11, K12, and K14 will change from May 4, 2026\">\n      <div class=\"bde-loop-item__image ee-post-image\">\n          <img loading=\"lazy\" decoding=\"async\" width=\"1920\" height=\"1080\" src=\"https:\/\/iil.ee\/wp-content\/uploads\/2025\/11\/vlcsnap-2025-11-24-13h53m19s572.png\" class=\"attachment-full size-full wp-post-image\" alt=\"\" srcset=\"https:\/\/iil.ee\/wp-content\/uploads\/2025\/11\/vlcsnap-2025-11-24-13h53m19s572.png 1920w, https:\/\/iil.ee\/wp-content\/uploads\/2025\/11\/vlcsnap-2025-11-24-13h53m19s572-300x169.png 300w, https:\/\/iil.ee\/wp-content\/uploads\/2025\/11\/vlcsnap-2025-11-24-13h53m19s572-1024x576.png 1024w, https:\/\/iil.ee\/wp-content\/uploads\/2025\/11\/vlcsnap-2025-11-24-13h53m19s572-768x432.png 768w, https:\/\/iil.ee\/wp-content\/uploads\/2025\/11\/vlcsnap-2025-11-24-13h53m19s572-1536x864.png 1536w, https:\/\/iil.ee\/wp-content\/uploads\/2025\/11\/vlcsnap-2025-11-24-13h53m19s572-18x10.png 18w\" sizes=\"auto, (max-width: 1920px) 100vw, 1920px\" \/>      <\/div>\n    <\/a>\n  \n      \n    <div class=\"bde-loop-item__wrap ee-post-wrap\">\n      \n          <h3 class=\"ee-post-title\">\n    <a class=\"bde-loop-item__title-link ee-post-title-link\" href=\"https:\/\/iil.ee\/en\/soiduplaanid\/keila-linnaliinide-uus-liikumistee\" >\n        The routes of Keila's city lines K11, K12, and K14 will change from May 4, 2026    <\/a>\n    <\/h3>\n          <div class=\"bde-loop-item__post-meta ee-post-meta\">\n                                                    <span class=\"bde-loop-item__meta-date bde-loop-item__meta-item ee-post-meta-date ee-post-meta-item\">\n                                          28.04.26                                      <\/span>\n                                    \n        <\/div>\n      <ul class=\"bde-loop-item__post-tax ee-post-taxonomy\"><li class=\"bde-loop-item__tax-item ee-post-taxonomy-item\">Timetables<\/li><\/ul>        <div class=\"bde-loop-item__content ee-post-content\">\n            From Monday, 4 May 2026, the routes of Keila\u2019s local bus lines K11, K12, and K14 will change between the Keila Church and Luha bus stops. Buses will no longer travel via Tallinna maantee but will henceforth use in both directions...        <\/div>\n      \n      \n    <\/div>\n\n    <\/article>\n\n        <article class=\"bde-loop-item ee-post\">\n                <a class=\"bde-loop-item__image-link ee-post-image-link\" href=\"https:\/\/iil.ee\/en\/soiduplaanid\/maardus-suletakse-ajutiselt-keemikute-ja-orumetsa-tanava-ristmik-perioodil-06-05-08-05-2026\" aria-label=\"The intersection of Keemikute and Orumetsa streets in Maardu will be temporarily closed from 06.05\u201308.05.2026.\">\n      <div class=\"bde-loop-item__image ee-post-image\">\n          <img loading=\"lazy\" decoding=\"async\" width=\"1920\" height=\"1080\" src=\"https:\/\/iil.ee\/wp-content\/uploads\/2025\/06\/Iil-38.jpg\" class=\"attachment-full size-full wp-post-image\" alt=\"\" srcset=\"https:\/\/iil.ee\/wp-content\/uploads\/2025\/06\/Iil-38.jpg 1920w, https:\/\/iil.ee\/wp-content\/uploads\/2025\/06\/Iil-38-300x169.jpg 300w, https:\/\/iil.ee\/wp-content\/uploads\/2025\/06\/Iil-38-1024x576.jpg 1024w, https:\/\/iil.ee\/wp-content\/uploads\/2025\/06\/Iil-38-768x432.jpg 768w, https:\/\/iil.ee\/wp-content\/uploads\/2025\/06\/Iil-38-1536x864.jpg 1536w, https:\/\/iil.ee\/wp-content\/uploads\/2025\/06\/Iil-38-18x10.jpg 18w\" sizes=\"auto, (max-width: 1920px) 100vw, 1920px\" \/>      <\/div>\n    <\/a>\n  \n      \n    <div class=\"bde-loop-item__wrap ee-post-wrap\">\n      \n          <h3 class=\"ee-post-title\">\n    <a class=\"bde-loop-item__title-link ee-post-title-link\" href=\"https:\/\/iil.ee\/en\/soiduplaanid\/maardus-suletakse-ajutiselt-keemikute-ja-orumetsa-tanava-ristmik-perioodil-06-05-08-05-2026\" >\n        The intersection of Keemikute and Orumetsa streets in Maardu will be temporarily closed from 06.05\u201308.05.2026.    <\/a>\n    <\/h3>\n          <div class=\"bde-loop-item__post-meta ee-post-meta\">\n                                                    <span class=\"bde-loop-item__meta-date bde-loop-item__meta-item ee-post-meta-date ee-post-meta-item\">\n                                          28.04.26                                      <\/span>\n                                    \n        <\/div>\n      <ul class=\"bde-loop-item__post-tax ee-post-taxonomy\"><li class=\"bde-loop-item__tax-item ee-post-taxonomy-item\">Timetables<\/li><\/ul>        <div class=\"bde-loop-item__content ee-post-content\">\n            Due to the closure of the intersection of Keemikute and Orumetsa streets in the city of Maardu, bus routes will be temporarily diverted. The closure is planned from 6 May at 7:00 AM to 8 May at 11:00 PM. Bus routes 100, 101, 170, 171\u2026        <\/div>\n      \n      \n    <\/div>\n\n    <\/article>\n\n        <article class=\"bde-loop-item ee-post\">\n                <a class=\"bde-loop-item__image-link ee-post-image-link\" href=\"https:\/\/iil.ee\/en\/soiduplaanid\/liikluskorralduse-muudatus-laane-virumaal-2-mail-2026\" aria-label=\"Traffic management changes in L\u00e4\u00e4ne-Viru County on 2 May 2026\">\n      <div class=\"bde-loop-item__image ee-post-image\">\n          <img loading=\"lazy\" decoding=\"async\" width=\"1920\" height=\"1080\" src=\"https:\/\/iil.ee\/wp-content\/uploads\/2025\/06\/Iil-12.jpg\" class=\"attachment-full size-full wp-post-image\" alt=\"\" srcset=\"https:\/\/iil.ee\/wp-content\/uploads\/2025\/06\/Iil-12.jpg 1920w, https:\/\/iil.ee\/wp-content\/uploads\/2025\/06\/Iil-12-300x169.jpg 300w, https:\/\/iil.ee\/wp-content\/uploads\/2025\/06\/Iil-12-1024x576.jpg 1024w, https:\/\/iil.ee\/wp-content\/uploads\/2025\/06\/Iil-12-768x432.jpg 768w, https:\/\/iil.ee\/wp-content\/uploads\/2025\/06\/Iil-12-1536x864.jpg 1536w, https:\/\/iil.ee\/wp-content\/uploads\/2025\/06\/Iil-12-18x10.jpg 18w\" sizes=\"auto, (max-width: 1920px) 100vw, 1920px\" \/>      <\/div>\n    <\/a>\n  \n      \n    <div class=\"bde-loop-item__wrap ee-post-wrap\">\n      \n          <h3 class=\"ee-post-title\">\n    <a class=\"bde-loop-item__title-link ee-post-title-link\" href=\"https:\/\/iil.ee\/en\/soiduplaanid\/liikluskorralduse-muudatus-laane-virumaal-2-mail-2026\" >\n        Traffic management changes in L\u00e4\u00e4ne-Viru County on 2 May 2026    <\/a>\n    <\/h3>\n          <div class=\"bde-loop-item__post-meta ee-post-meta\">\n                                                    <span class=\"bde-loop-item__meta-date bde-loop-item__meta-item ee-post-meta-date ee-post-meta-item\">\n                                          22.04.26                                      <\/span>\n                                    \n        <\/div>\n      <ul class=\"bde-loop-item__post-tax ee-post-taxonomy\"><li class=\"bde-loop-item__tax-item ee-post-taxonomy-item\">Timetables<\/li><\/ul>        <div class=\"bde-loop-item__content ee-post-content\">\n            On the 2nd of May, the car event Drivestonia 2026 will take place in L\u00e4\u00e4ne-Viru county, in Vinni municipality, near Ulvi. In connection with the event, sections of the S\u00f5meru\u2013Kabala road and the Nurkse\u2013P\u00f5lula road will be closed between 9:00 AM and 2:00 PM. During the event, bus transport will be rerouted...        <\/div>\n      \n      \n    <\/div>\n\n    <\/article>\n\n        <article class=\"bde-loop-item ee-post\">\n                <a class=\"bde-loop-item__image-link ee-post-image-link\" href=\"https:\/\/iil.ee\/en\/iil\/iil-alustab-rahulolu-uuring-labiviimisega\" aria-label=\"IIL is starting to conduct a satisfaction survey\">\n      <div class=\"bde-loop-item__image ee-post-image\">\n          <img loading=\"lazy\" decoding=\"async\" width=\"1920\" height=\"1080\" src=\"https:\/\/iil.ee\/wp-content\/uploads\/2025\/06\/Iil-2.jpg\" class=\"attachment-full size-full wp-post-image\" alt=\"\" srcset=\"https:\/\/iil.ee\/wp-content\/uploads\/2025\/06\/Iil-2.jpg 1920w, https:\/\/iil.ee\/wp-content\/uploads\/2025\/06\/Iil-2-300x169.jpg 300w, https:\/\/iil.ee\/wp-content\/uploads\/2025\/06\/Iil-2-1024x576.jpg 1024w, https:\/\/iil.ee\/wp-content\/uploads\/2025\/06\/Iil-2-768x432.jpg 768w, https:\/\/iil.ee\/wp-content\/uploads\/2025\/06\/Iil-2-1536x864.jpg 1536w, https:\/\/iil.ee\/wp-content\/uploads\/2025\/06\/Iil-2-18x10.jpg 18w\" sizes=\"auto, (max-width: 1920px) 100vw, 1920px\" \/>      <\/div>\n    <\/a>\n  \n      \n    <div class=\"bde-loop-item__wrap ee-post-wrap\">\n      \n          <h3 class=\"ee-post-title\">\n    <a class=\"bde-loop-item__title-link ee-post-title-link\" href=\"https:\/\/iil.ee\/en\/iil\/iil-alustab-rahulolu-uuring-labiviimisega\" >\n        IIL is starting to conduct a satisfaction survey    <\/a>\n    <\/h3>\n          <div class=\"bde-loop-item__post-meta ee-post-meta\">\n                                                    <span class=\"bde-loop-item__meta-date bde-loop-item__meta-item ee-post-meta-date ee-post-meta-item\">\n                                          17.04.26                                      <\/span>\n                                    \n        <\/div>\n      <ul class=\"bde-loop-item__post-tax ee-post-taxonomy\"><li class=\"bde-loop-item__tax-item ee-post-taxonomy-item\">IIL<\/li><\/ul>        <div class=\"bde-loop-item__content ee-post-content\">\n            &nbsp; From Monday 20th April until the end of May, IIL, in collaboration with Eesti Uuringukeskus O\u00dc, will be conducting a satisfaction survey on bus routes in the counties of Harju, L\u00e4\u00e4ne, Rapla and L\u00e4\u00e4ne-Viru. We will be mapping passenger satisfaction regarding various aspects affecting the customer experience\u2026        <\/div>\n      \n      \n    <\/div>\n\n    <\/article>\n\n        <article class=\"bde-loop-item ee-post\">\n                <a class=\"bde-loop-item__image-link ee-post-image-link\" href=\"https:\/\/iil.ee\/en\/soiduplaanid\/muudatused-joelahtme-siseliinidel-j17-ja-j18-alates-20-aprillist\" aria-label=\"Changes to J\u00f5el\u00e4htme internal routes J17 and J18 from 20 April\">\n      <div class=\"bde-loop-item__image ee-post-image\">\n          <img loading=\"lazy\" decoding=\"async\" width=\"1920\" height=\"1080\" src=\"https:\/\/iil.ee\/wp-content\/uploads\/2025\/06\/Iil-1.jpg\" class=\"attachment-full size-full wp-post-image\" alt=\"\" srcset=\"https:\/\/iil.ee\/wp-content\/uploads\/2025\/06\/Iil-1.jpg 1920w, https:\/\/iil.ee\/wp-content\/uploads\/2025\/06\/Iil-1-300x169.jpg 300w, https:\/\/iil.ee\/wp-content\/uploads\/2025\/06\/Iil-1-1024x576.jpg 1024w, https:\/\/iil.ee\/wp-content\/uploads\/2025\/06\/Iil-1-768x432.jpg 768w, https:\/\/iil.ee\/wp-content\/uploads\/2025\/06\/Iil-1-1536x864.jpg 1536w, https:\/\/iil.ee\/wp-content\/uploads\/2025\/06\/Iil-1-18x10.jpg 18w\" sizes=\"auto, (max-width: 1920px) 100vw, 1920px\" \/>      <\/div>\n    <\/a>\n  \n      \n    <div class=\"bde-loop-item__wrap ee-post-wrap\">\n      \n          <h3 class=\"ee-post-title\">\n    <a class=\"bde-loop-item__title-link ee-post-title-link\" href=\"https:\/\/iil.ee\/en\/soiduplaanid\/muudatused-joelahtme-siseliinidel-j17-ja-j18-alates-20-aprillist\" >\n        Changes to J\u00f5el\u00e4htme internal routes J17 and J18 from 20 April    <\/a>\n    <\/h3>\n          <div class=\"bde-loop-item__post-meta ee-post-meta\">\n                                                    <span class=\"bde-loop-item__meta-date bde-loop-item__meta-item ee-post-meta-date ee-post-meta-item\">\n                                          13.04.26                                      <\/span>\n                                    \n        <\/div>\n      <ul class=\"bde-loop-item__post-tax ee-post-taxonomy\"><li class=\"bde-loop-item__tax-item ee-post-taxonomy-item\">Timetables<\/li><\/ul>        <div class=\"bde-loop-item__content ee-post-content\">\n            From 20.04.2026, the following changes will be made to the J\u00f5el\u00e4htme internal routes J17 and J18: Route J17 will operate on all school days, the timetable will not change. Service on route J18 will be discontinued.        <\/div>\n      \n      \n    <\/div>\n\n    <\/article>\n\n        <article class=\"bde-loop-item ee-post\">\n                <a class=\"bde-loop-item__image-link ee-post-image-link\" href=\"https:\/\/iil.ee\/en\/soiduplaanid\/raplamaa-uued-soiduplaanid\" aria-label=\"Raplamaa bus timetables from 13th April 2026\">\n      <div class=\"bde-loop-item__image ee-post-image\">\n          <img loading=\"lazy\" decoding=\"async\" width=\"1920\" height=\"1080\" src=\"https:\/\/iil.ee\/wp-content\/uploads\/2025\/06\/Iil-11.jpg\" class=\"attachment-full size-full wp-post-image\" alt=\"\" srcset=\"https:\/\/iil.ee\/wp-content\/uploads\/2025\/06\/Iil-11.jpg 1920w, https:\/\/iil.ee\/wp-content\/uploads\/2025\/06\/Iil-11-300x169.jpg 300w, https:\/\/iil.ee\/wp-content\/uploads\/2025\/06\/Iil-11-1024x576.jpg 1024w, https:\/\/iil.ee\/wp-content\/uploads\/2025\/06\/Iil-11-768x432.jpg 768w, https:\/\/iil.ee\/wp-content\/uploads\/2025\/06\/Iil-11-1536x864.jpg 1536w, https:\/\/iil.ee\/wp-content\/uploads\/2025\/06\/Iil-11-18x10.jpg 18w\" sizes=\"auto, (max-width: 1920px) 100vw, 1920px\" \/>      <\/div>\n    <\/a>\n  \n      \n    <div class=\"bde-loop-item__wrap ee-post-wrap\">\n      \n          <h3 class=\"ee-post-title\">\n    <a class=\"bde-loop-item__title-link ee-post-title-link\" href=\"https:\/\/iil.ee\/en\/soiduplaanid\/raplamaa-uued-soiduplaanid\" >\n        Raplamaa bus timetables from 13th April 2026    <\/a>\n    <\/h3>\n          <div class=\"bde-loop-item__post-meta ee-post-meta\">\n                                                    <span class=\"bde-loop-item__meta-date bde-loop-item__meta-item ee-post-meta-date ee-post-meta-item\">\n                                          02.04.26                                      <\/span>\n                                    \n        <\/div>\n      <ul class=\"bde-loop-item__post-tax ee-post-taxonomy\"><li class=\"bde-loop-item__tax-item ee-post-taxonomy-item\">Timetables<\/li><\/ul>        <div class=\"bde-loop-item__content ee-post-content\">\n            From 13 April 2026, the timetables for Raplamaa bus routes no. 20, 31 and 34 will change. The routes will have the following changes: Route 20 Rapla \u2013 Kehtna On weekdays, the bus departing from Rapla bus station at 08:20 will start\u2026        <\/div>\n      \n      \n    <\/div>\n\n    <\/article>\n\n    <\/div>\n<\/div>\n  <\/div>\n<\/div>\n\n<\/div><div class=\"bde-advanced-tabs-content-18-297 bde-advanced-tabs-content\">\n<div tabindex=\"0\" role=\"tabpanel\" class=\"bde-tabs__panel js-panel\" id=\"\" aria-labelledby=\"\">\n  <div class=\"bde-tabs__panel-content\">\n    <div class=\"bde-post-list-18-309 bde-post-list\">\n<div class=\"bde-loop bde-loop-grid ee-posts ee-posts-grid\">    <article class=\"bde-loop-item ee-post\">\n                <a class=\"bde-loop-item__image-link ee-post-image-link\" href=\"https:\/\/iil.ee\/en\/soiduplaanid\/keila-linnaliinide-uus-liikumistee\" aria-label=\"The routes of Keila&#039;s city lines K11, K12, and K14 will change from May 4, 2026\">\n      <div class=\"bde-loop-item__image ee-post-image\">\n          <img loading=\"lazy\" decoding=\"async\" width=\"1920\" height=\"1080\" src=\"https:\/\/iil.ee\/wp-content\/uploads\/2025\/11\/vlcsnap-2025-11-24-13h53m19s572.png\" class=\"attachment-full size-full wp-post-image\" alt=\"\" srcset=\"https:\/\/iil.ee\/wp-content\/uploads\/2025\/11\/vlcsnap-2025-11-24-13h53m19s572.png 1920w, https:\/\/iil.ee\/wp-content\/uploads\/2025\/11\/vlcsnap-2025-11-24-13h53m19s572-300x169.png 300w, https:\/\/iil.ee\/wp-content\/uploads\/2025\/11\/vlcsnap-2025-11-24-13h53m19s572-1024x576.png 1024w, https:\/\/iil.ee\/wp-content\/uploads\/2025\/11\/vlcsnap-2025-11-24-13h53m19s572-768x432.png 768w, https:\/\/iil.ee\/wp-content\/uploads\/2025\/11\/vlcsnap-2025-11-24-13h53m19s572-1536x864.png 1536w, https:\/\/iil.ee\/wp-content\/uploads\/2025\/11\/vlcsnap-2025-11-24-13h53m19s572-18x10.png 18w\" sizes=\"auto, (max-width: 1920px) 100vw, 1920px\" \/>      <\/div>\n    <\/a>\n  \n      \n    <div class=\"bde-loop-item__wrap ee-post-wrap\">\n      \n          <h3 class=\"ee-post-title\">\n    <a class=\"bde-loop-item__title-link ee-post-title-link\" href=\"https:\/\/iil.ee\/en\/soiduplaanid\/keila-linnaliinide-uus-liikumistee\" >\n        The routes of Keila's city lines K11, K12, and K14 will change from May 4, 2026    <\/a>\n    <\/h3>\n          <div class=\"bde-loop-item__post-meta ee-post-meta\">\n                                                    <span class=\"bde-loop-item__meta-date bde-loop-item__meta-item ee-post-meta-date ee-post-meta-item\">\n                                          28.04.26                                      <\/span>\n                                    \n        <\/div>\n      <ul class=\"bde-loop-item__post-tax ee-post-taxonomy\"><li class=\"bde-loop-item__tax-item ee-post-taxonomy-item\">Timetables<\/li><\/ul>        <div class=\"bde-loop-item__content ee-post-content\">\n            From Monday, 4 May 2026, the routes of Keila\u2019s local bus lines K11, K12, and K14 will change between the Keila Church and Luha bus stops. Buses will no longer travel via Tallinna maantee but will henceforth use in both directions...        <\/div>\n      \n      \n    <\/div>\n\n    <\/article>\n\n        <article class=\"bde-loop-item ee-post\">\n                <a class=\"bde-loop-item__image-link ee-post-image-link\" href=\"https:\/\/iil.ee\/en\/soiduplaanid\/maardus-suletakse-ajutiselt-keemikute-ja-orumetsa-tanava-ristmik-perioodil-06-05-08-05-2026\" aria-label=\"The intersection of Keemikute and Orumetsa streets in Maardu will be temporarily closed from 06.05\u201308.05.2026.\">\n      <div class=\"bde-loop-item__image ee-post-image\">\n          <img loading=\"lazy\" decoding=\"async\" width=\"1920\" height=\"1080\" src=\"https:\/\/iil.ee\/wp-content\/uploads\/2025\/06\/Iil-38.jpg\" class=\"attachment-full size-full wp-post-image\" alt=\"\" srcset=\"https:\/\/iil.ee\/wp-content\/uploads\/2025\/06\/Iil-38.jpg 1920w, https:\/\/iil.ee\/wp-content\/uploads\/2025\/06\/Iil-38-300x169.jpg 300w, https:\/\/iil.ee\/wp-content\/uploads\/2025\/06\/Iil-38-1024x576.jpg 1024w, https:\/\/iil.ee\/wp-content\/uploads\/2025\/06\/Iil-38-768x432.jpg 768w, https:\/\/iil.ee\/wp-content\/uploads\/2025\/06\/Iil-38-1536x864.jpg 1536w, https:\/\/iil.ee\/wp-content\/uploads\/2025\/06\/Iil-38-18x10.jpg 18w\" sizes=\"auto, (max-width: 1920px) 100vw, 1920px\" \/>      <\/div>\n    <\/a>\n  \n      \n    <div class=\"bde-loop-item__wrap ee-post-wrap\">\n      \n          <h3 class=\"ee-post-title\">\n    <a class=\"bde-loop-item__title-link ee-post-title-link\" href=\"https:\/\/iil.ee\/en\/soiduplaanid\/maardus-suletakse-ajutiselt-keemikute-ja-orumetsa-tanava-ristmik-perioodil-06-05-08-05-2026\" >\n        The intersection of Keemikute and Orumetsa streets in Maardu will be temporarily closed from 06.05\u201308.05.2026.    <\/a>\n    <\/h3>\n          <div class=\"bde-loop-item__post-meta ee-post-meta\">\n                                                    <span class=\"bde-loop-item__meta-date bde-loop-item__meta-item ee-post-meta-date ee-post-meta-item\">\n                                          28.04.26                                      <\/span>\n                                    \n        <\/div>\n      <ul class=\"bde-loop-item__post-tax ee-post-taxonomy\"><li class=\"bde-loop-item__tax-item ee-post-taxonomy-item\">Timetables<\/li><\/ul>        <div class=\"bde-loop-item__content ee-post-content\">\n            Due to the closure of the intersection of Keemikute and Orumetsa streets in the city of Maardu, bus routes will be temporarily diverted. The closure is planned from 6 May at 7:00 AM to 8 May at 11:00 PM. Bus routes 100, 101, 170, 171\u2026        <\/div>\n      \n      \n    <\/div>\n\n    <\/article>\n\n        <article class=\"bde-loop-item ee-post\">\n                <a class=\"bde-loop-item__image-link ee-post-image-link\" href=\"https:\/\/iil.ee\/en\/soiduplaanid\/liikluskorralduse-muudatus-laane-virumaal-2-mail-2026\" aria-label=\"Traffic management changes in L\u00e4\u00e4ne-Viru County on 2 May 2026\">\n      <div class=\"bde-loop-item__image ee-post-image\">\n          <img loading=\"lazy\" decoding=\"async\" width=\"1920\" height=\"1080\" src=\"https:\/\/iil.ee\/wp-content\/uploads\/2025\/06\/Iil-12.jpg\" class=\"attachment-full size-full wp-post-image\" alt=\"\" srcset=\"https:\/\/iil.ee\/wp-content\/uploads\/2025\/06\/Iil-12.jpg 1920w, https:\/\/iil.ee\/wp-content\/uploads\/2025\/06\/Iil-12-300x169.jpg 300w, https:\/\/iil.ee\/wp-content\/uploads\/2025\/06\/Iil-12-1024x576.jpg 1024w, https:\/\/iil.ee\/wp-content\/uploads\/2025\/06\/Iil-12-768x432.jpg 768w, https:\/\/iil.ee\/wp-content\/uploads\/2025\/06\/Iil-12-1536x864.jpg 1536w, https:\/\/iil.ee\/wp-content\/uploads\/2025\/06\/Iil-12-18x10.jpg 18w\" sizes=\"auto, (max-width: 1920px) 100vw, 1920px\" \/>      <\/div>\n    <\/a>\n  \n      \n    <div class=\"bde-loop-item__wrap ee-post-wrap\">\n      \n          <h3 class=\"ee-post-title\">\n    <a class=\"bde-loop-item__title-link ee-post-title-link\" href=\"https:\/\/iil.ee\/en\/soiduplaanid\/liikluskorralduse-muudatus-laane-virumaal-2-mail-2026\" >\n        Traffic management changes in L\u00e4\u00e4ne-Viru County on 2 May 2026    <\/a>\n    <\/h3>\n          <div class=\"bde-loop-item__post-meta ee-post-meta\">\n                                                    <span class=\"bde-loop-item__meta-date bde-loop-item__meta-item ee-post-meta-date ee-post-meta-item\">\n                                          22.04.26                                      <\/span>\n                                    \n        <\/div>\n      <ul class=\"bde-loop-item__post-tax ee-post-taxonomy\"><li class=\"bde-loop-item__tax-item ee-post-taxonomy-item\">Timetables<\/li><\/ul>        <div class=\"bde-loop-item__content ee-post-content\">\n            On the 2nd of May, the car event Drivestonia 2026 will take place in L\u00e4\u00e4ne-Viru county, in Vinni municipality, near Ulvi. In connection with the event, sections of the S\u00f5meru\u2013Kabala road and the Nurkse\u2013P\u00f5lula road will be closed between 9:00 AM and 2:00 PM. During the event, bus transport will be rerouted...        <\/div>\n      \n      \n    <\/div>\n\n    <\/article>\n\n        <article class=\"bde-loop-item ee-post\">\n                <a class=\"bde-loop-item__image-link ee-post-image-link\" href=\"https:\/\/iil.ee\/en\/iil\/iil-alustab-rahulolu-uuring-labiviimisega\" aria-label=\"IIL is starting to conduct a satisfaction survey\">\n      <div class=\"bde-loop-item__image ee-post-image\">\n          <img loading=\"lazy\" decoding=\"async\" width=\"1920\" height=\"1080\" src=\"https:\/\/iil.ee\/wp-content\/uploads\/2025\/06\/Iil-2.jpg\" class=\"attachment-full size-full wp-post-image\" alt=\"\" srcset=\"https:\/\/iil.ee\/wp-content\/uploads\/2025\/06\/Iil-2.jpg 1920w, https:\/\/iil.ee\/wp-content\/uploads\/2025\/06\/Iil-2-300x169.jpg 300w, https:\/\/iil.ee\/wp-content\/uploads\/2025\/06\/Iil-2-1024x576.jpg 1024w, https:\/\/iil.ee\/wp-content\/uploads\/2025\/06\/Iil-2-768x432.jpg 768w, https:\/\/iil.ee\/wp-content\/uploads\/2025\/06\/Iil-2-1536x864.jpg 1536w, https:\/\/iil.ee\/wp-content\/uploads\/2025\/06\/Iil-2-18x10.jpg 18w\" sizes=\"auto, (max-width: 1920px) 100vw, 1920px\" \/>      <\/div>\n    <\/a>\n  \n      \n    <div class=\"bde-loop-item__wrap ee-post-wrap\">\n      \n          <h3 class=\"ee-post-title\">\n    <a class=\"bde-loop-item__title-link ee-post-title-link\" href=\"https:\/\/iil.ee\/en\/iil\/iil-alustab-rahulolu-uuring-labiviimisega\" >\n        IIL is starting to conduct a satisfaction survey    <\/a>\n    <\/h3>\n          <div class=\"bde-loop-item__post-meta ee-post-meta\">\n                                                    <span class=\"bde-loop-item__meta-date bde-loop-item__meta-item ee-post-meta-date ee-post-meta-item\">\n                                          17.04.26                                      <\/span>\n                                    \n        <\/div>\n      <ul class=\"bde-loop-item__post-tax ee-post-taxonomy\"><li class=\"bde-loop-item__tax-item ee-post-taxonomy-item\">IIL<\/li><\/ul>        <div class=\"bde-loop-item__content ee-post-content\">\n            &nbsp; From Monday 20th April until the end of May, IIL, in collaboration with Eesti Uuringukeskus O\u00dc, will be conducting a satisfaction survey on bus routes in the counties of Harju, L\u00e4\u00e4ne, Rapla and L\u00e4\u00e4ne-Viru. We will be mapping passenger satisfaction regarding various aspects affecting the customer experience\u2026        <\/div>\n      \n      \n    <\/div>\n\n    <\/article>\n\n        <article class=\"bde-loop-item ee-post\">\n                <a class=\"bde-loop-item__image-link ee-post-image-link\" href=\"https:\/\/iil.ee\/en\/soiduplaanid\/muudatused-joelahtme-siseliinidel-j17-ja-j18-alates-20-aprillist\" aria-label=\"Changes to J\u00f5el\u00e4htme internal routes J17 and J18 from 20 April\">\n      <div class=\"bde-loop-item__image ee-post-image\">\n          <img loading=\"lazy\" decoding=\"async\" width=\"1920\" height=\"1080\" src=\"https:\/\/iil.ee\/wp-content\/uploads\/2025\/06\/Iil-1.jpg\" class=\"attachment-full size-full wp-post-image\" alt=\"\" srcset=\"https:\/\/iil.ee\/wp-content\/uploads\/2025\/06\/Iil-1.jpg 1920w, https:\/\/iil.ee\/wp-content\/uploads\/2025\/06\/Iil-1-300x169.jpg 300w, https:\/\/iil.ee\/wp-content\/uploads\/2025\/06\/Iil-1-1024x576.jpg 1024w, https:\/\/iil.ee\/wp-content\/uploads\/2025\/06\/Iil-1-768x432.jpg 768w, https:\/\/iil.ee\/wp-content\/uploads\/2025\/06\/Iil-1-1536x864.jpg 1536w, https:\/\/iil.ee\/wp-content\/uploads\/2025\/06\/Iil-1-18x10.jpg 18w\" sizes=\"auto, (max-width: 1920px) 100vw, 1920px\" \/>      <\/div>\n    <\/a>\n  \n      \n    <div class=\"bde-loop-item__wrap ee-post-wrap\">\n      \n          <h3 class=\"ee-post-title\">\n    <a class=\"bde-loop-item__title-link ee-post-title-link\" href=\"https:\/\/iil.ee\/en\/soiduplaanid\/muudatused-joelahtme-siseliinidel-j17-ja-j18-alates-20-aprillist\" >\n        Changes to J\u00f5el\u00e4htme internal routes J17 and J18 from 20 April    <\/a>\n    <\/h3>\n          <div class=\"bde-loop-item__post-meta ee-post-meta\">\n                                                    <span class=\"bde-loop-item__meta-date bde-loop-item__meta-item ee-post-meta-date ee-post-meta-item\">\n                                          13.04.26                                      <\/span>\n                                    \n        <\/div>\n      <ul class=\"bde-loop-item__post-tax ee-post-taxonomy\"><li class=\"bde-loop-item__tax-item ee-post-taxonomy-item\">Timetables<\/li><\/ul>        <div class=\"bde-loop-item__content ee-post-content\">\n            From 20.04.2026, the following changes will be made to the J\u00f5el\u00e4htme internal routes J17 and J18: Route J17 will operate on all school days, the timetable will not change. Service on route J18 will be discontinued.        <\/div>\n      \n      \n    <\/div>\n\n    <\/article>\n\n        <article class=\"bde-loop-item ee-post\">\n                <a class=\"bde-loop-item__image-link ee-post-image-link\" href=\"https:\/\/iil.ee\/en\/soiduplaanid\/raplamaa-uued-soiduplaanid\" aria-label=\"Raplamaa bus timetables from 13th April 2026\">\n      <div class=\"bde-loop-item__image ee-post-image\">\n          <img loading=\"lazy\" decoding=\"async\" width=\"1920\" height=\"1080\" src=\"https:\/\/iil.ee\/wp-content\/uploads\/2025\/06\/Iil-11.jpg\" class=\"attachment-full size-full wp-post-image\" alt=\"\" srcset=\"https:\/\/iil.ee\/wp-content\/uploads\/2025\/06\/Iil-11.jpg 1920w, https:\/\/iil.ee\/wp-content\/uploads\/2025\/06\/Iil-11-300x169.jpg 300w, https:\/\/iil.ee\/wp-content\/uploads\/2025\/06\/Iil-11-1024x576.jpg 1024w, https:\/\/iil.ee\/wp-content\/uploads\/2025\/06\/Iil-11-768x432.jpg 768w, https:\/\/iil.ee\/wp-content\/uploads\/2025\/06\/Iil-11-1536x864.jpg 1536w, https:\/\/iil.ee\/wp-content\/uploads\/2025\/06\/Iil-11-18x10.jpg 18w\" sizes=\"auto, (max-width: 1920px) 100vw, 1920px\" \/>      <\/div>\n    <\/a>\n  \n      \n    <div class=\"bde-loop-item__wrap ee-post-wrap\">\n      \n          <h3 class=\"ee-post-title\">\n    <a class=\"bde-loop-item__title-link ee-post-title-link\" href=\"https:\/\/iil.ee\/en\/soiduplaanid\/raplamaa-uued-soiduplaanid\" >\n        Raplamaa bus timetables from 13th April 2026    <\/a>\n    <\/h3>\n          <div class=\"bde-loop-item__post-meta ee-post-meta\">\n                                                    <span class=\"bde-loop-item__meta-date bde-loop-item__meta-item ee-post-meta-date ee-post-meta-item\">\n                                          02.04.26                                      <\/span>\n                                    \n        <\/div>\n      <ul class=\"bde-loop-item__post-tax ee-post-taxonomy\"><li class=\"bde-loop-item__tax-item ee-post-taxonomy-item\">Timetables<\/li><\/ul>        <div class=\"bde-loop-item__content ee-post-content\">\n            From 13 April 2026, the timetables for Raplamaa bus routes no. 20, 31 and 34 will change. The routes will have the following changes: Route 20 Rapla \u2013 Kehtna On weekdays, the bus departing from Rapla bus station at 08:20 will start\u2026        <\/div>\n      \n      \n    <\/div>\n\n    <\/article>\n\n    <\/div>\n<\/div>\n  <\/div>\n<\/div>\n\n<\/div><div class=\"bde-advanced-tabs-content-18-288 bde-advanced-tabs-content\">\n<div tabindex=\"0\" role=\"tabpanel\" class=\"bde-tabs__panel js-panel\" id=\"\" aria-labelledby=\"\">\n  <div class=\"bde-tabs__panel-content\">\n    <div class=\"bde-post-list-18-307 bde-post-list\">\n<div class=\"bde-loop bde-loop-grid ee-posts ee-posts-grid\">    <article class=\"bde-loop-item ee-post\">\n                <a class=\"bde-loop-item__image-link ee-post-image-link\" href=\"https:\/\/iil.ee\/en\/soiduplaanid\/keila-linnaliinide-uus-liikumistee\" aria-label=\"The routes of Keila&#039;s city lines K11, K12, and K14 will change from May 4, 2026\">\n      <div class=\"bde-loop-item__image ee-post-image\">\n          <img loading=\"lazy\" decoding=\"async\" width=\"1920\" height=\"1080\" src=\"https:\/\/iil.ee\/wp-content\/uploads\/2025\/11\/vlcsnap-2025-11-24-13h53m19s572.png\" class=\"attachment-full size-full wp-post-image\" alt=\"\" srcset=\"https:\/\/iil.ee\/wp-content\/uploads\/2025\/11\/vlcsnap-2025-11-24-13h53m19s572.png 1920w, https:\/\/iil.ee\/wp-content\/uploads\/2025\/11\/vlcsnap-2025-11-24-13h53m19s572-300x169.png 300w, https:\/\/iil.ee\/wp-content\/uploads\/2025\/11\/vlcsnap-2025-11-24-13h53m19s572-1024x576.png 1024w, https:\/\/iil.ee\/wp-content\/uploads\/2025\/11\/vlcsnap-2025-11-24-13h53m19s572-768x432.png 768w, https:\/\/iil.ee\/wp-content\/uploads\/2025\/11\/vlcsnap-2025-11-24-13h53m19s572-1536x864.png 1536w, https:\/\/iil.ee\/wp-content\/uploads\/2025\/11\/vlcsnap-2025-11-24-13h53m19s572-18x10.png 18w\" sizes=\"auto, (max-width: 1920px) 100vw, 1920px\" \/>      <\/div>\n    <\/a>\n  \n      \n    <div class=\"bde-loop-item__wrap ee-post-wrap\">\n      \n          <h3 class=\"ee-post-title\">\n    <a class=\"bde-loop-item__title-link ee-post-title-link\" href=\"https:\/\/iil.ee\/en\/soiduplaanid\/keila-linnaliinide-uus-liikumistee\" >\n        The routes of Keila's city lines K11, K12, and K14 will change from May 4, 2026    <\/a>\n    <\/h3>\n          <div class=\"bde-loop-item__post-meta ee-post-meta\">\n                                                    <span class=\"bde-loop-item__meta-date bde-loop-item__meta-item ee-post-meta-date ee-post-meta-item\">\n                                          28.04.26                                      <\/span>\n                                    \n        <\/div>\n      <ul class=\"bde-loop-item__post-tax ee-post-taxonomy\"><li class=\"bde-loop-item__tax-item ee-post-taxonomy-item\">Timetables<\/li><\/ul>        <div class=\"bde-loop-item__content ee-post-content\">\n            From Monday, 4 May 2026, the routes of Keila\u2019s local bus lines K11, K12, and K14 will change between the Keila Church and Luha bus stops. Buses will no longer travel via Tallinna maantee but will henceforth use in both directions...        <\/div>\n      \n      \n    <\/div>\n\n    <\/article>\n\n        <article class=\"bde-loop-item ee-post\">\n                <a class=\"bde-loop-item__image-link ee-post-image-link\" href=\"https:\/\/iil.ee\/en\/soiduplaanid\/maardus-suletakse-ajutiselt-keemikute-ja-orumetsa-tanava-ristmik-perioodil-06-05-08-05-2026\" aria-label=\"The intersection of Keemikute and Orumetsa streets in Maardu will be temporarily closed from 06.05\u201308.05.2026.\">\n      <div class=\"bde-loop-item__image ee-post-image\">\n          <img loading=\"lazy\" decoding=\"async\" width=\"1920\" height=\"1080\" src=\"https:\/\/iil.ee\/wp-content\/uploads\/2025\/06\/Iil-38.jpg\" class=\"attachment-full size-full wp-post-image\" alt=\"\" srcset=\"https:\/\/iil.ee\/wp-content\/uploads\/2025\/06\/Iil-38.jpg 1920w, https:\/\/iil.ee\/wp-content\/uploads\/2025\/06\/Iil-38-300x169.jpg 300w, https:\/\/iil.ee\/wp-content\/uploads\/2025\/06\/Iil-38-1024x576.jpg 1024w, https:\/\/iil.ee\/wp-content\/uploads\/2025\/06\/Iil-38-768x432.jpg 768w, https:\/\/iil.ee\/wp-content\/uploads\/2025\/06\/Iil-38-1536x864.jpg 1536w, https:\/\/iil.ee\/wp-content\/uploads\/2025\/06\/Iil-38-18x10.jpg 18w\" sizes=\"auto, (max-width: 1920px) 100vw, 1920px\" \/>      <\/div>\n    <\/a>\n  \n      \n    <div class=\"bde-loop-item__wrap ee-post-wrap\">\n      \n          <h3 class=\"ee-post-title\">\n    <a class=\"bde-loop-item__title-link ee-post-title-link\" href=\"https:\/\/iil.ee\/en\/soiduplaanid\/maardus-suletakse-ajutiselt-keemikute-ja-orumetsa-tanava-ristmik-perioodil-06-05-08-05-2026\" >\n        The intersection of Keemikute and Orumetsa streets in Maardu will be temporarily closed from 06.05\u201308.05.2026.    <\/a>\n    <\/h3>\n          <div class=\"bde-loop-item__post-meta ee-post-meta\">\n                                                    <span class=\"bde-loop-item__meta-date bde-loop-item__meta-item ee-post-meta-date ee-post-meta-item\">\n                                          28.04.26                                      <\/span>\n                                    \n        <\/div>\n      <ul class=\"bde-loop-item__post-tax ee-post-taxonomy\"><li class=\"bde-loop-item__tax-item ee-post-taxonomy-item\">Timetables<\/li><\/ul>        <div class=\"bde-loop-item__content ee-post-content\">\n            Due to the closure of the intersection of Keemikute and Orumetsa streets in the city of Maardu, bus routes will be temporarily diverted. The closure is planned from 6 May at 7:00 AM to 8 May at 11:00 PM. Bus routes 100, 101, 170, 171\u2026        <\/div>\n      \n      \n    <\/div>\n\n    <\/article>\n\n        <article class=\"bde-loop-item ee-post\">\n                <a class=\"bde-loop-item__image-link ee-post-image-link\" href=\"https:\/\/iil.ee\/en\/soiduplaanid\/liikluskorralduse-muudatus-laane-virumaal-2-mail-2026\" aria-label=\"Traffic management changes in L\u00e4\u00e4ne-Viru County on 2 May 2026\">\n      <div class=\"bde-loop-item__image ee-post-image\">\n          <img loading=\"lazy\" decoding=\"async\" width=\"1920\" height=\"1080\" src=\"https:\/\/iil.ee\/wp-content\/uploads\/2025\/06\/Iil-12.jpg\" class=\"attachment-full size-full wp-post-image\" alt=\"\" srcset=\"https:\/\/iil.ee\/wp-content\/uploads\/2025\/06\/Iil-12.jpg 1920w, https:\/\/iil.ee\/wp-content\/uploads\/2025\/06\/Iil-12-300x169.jpg 300w, https:\/\/iil.ee\/wp-content\/uploads\/2025\/06\/Iil-12-1024x576.jpg 1024w, https:\/\/iil.ee\/wp-content\/uploads\/2025\/06\/Iil-12-768x432.jpg 768w, https:\/\/iil.ee\/wp-content\/uploads\/2025\/06\/Iil-12-1536x864.jpg 1536w, https:\/\/iil.ee\/wp-content\/uploads\/2025\/06\/Iil-12-18x10.jpg 18w\" sizes=\"auto, (max-width: 1920px) 100vw, 1920px\" \/>      <\/div>\n    <\/a>\n  \n      \n    <div class=\"bde-loop-item__wrap ee-post-wrap\">\n      \n          <h3 class=\"ee-post-title\">\n    <a class=\"bde-loop-item__title-link ee-post-title-link\" href=\"https:\/\/iil.ee\/en\/soiduplaanid\/liikluskorralduse-muudatus-laane-virumaal-2-mail-2026\" >\n        Traffic management changes in L\u00e4\u00e4ne-Viru County on 2 May 2026    <\/a>\n    <\/h3>\n          <div class=\"bde-loop-item__post-meta ee-post-meta\">\n                                                    <span class=\"bde-loop-item__meta-date bde-loop-item__meta-item ee-post-meta-date ee-post-meta-item\">\n                                          22.04.26                                      <\/span>\n                                    \n        <\/div>\n      <ul class=\"bde-loop-item__post-tax ee-post-taxonomy\"><li class=\"bde-loop-item__tax-item ee-post-taxonomy-item\">Timetables<\/li><\/ul>        <div class=\"bde-loop-item__content ee-post-content\">\n            On the 2nd of May, the car event Drivestonia 2026 will take place in L\u00e4\u00e4ne-Viru county, in Vinni municipality, near Ulvi. In connection with the event, sections of the S\u00f5meru\u2013Kabala road and the Nurkse\u2013P\u00f5lula road will be closed between 9:00 AM and 2:00 PM. During the event, bus transport will be rerouted...        <\/div>\n      \n      \n    <\/div>\n\n    <\/article>\n\n        <article class=\"bde-loop-item ee-post\">\n                <a class=\"bde-loop-item__image-link ee-post-image-link\" href=\"https:\/\/iil.ee\/en\/iil\/iil-alustab-rahulolu-uuring-labiviimisega\" aria-label=\"IIL is starting to conduct a satisfaction survey\">\n      <div class=\"bde-loop-item__image ee-post-image\">\n          <img loading=\"lazy\" decoding=\"async\" width=\"1920\" height=\"1080\" src=\"https:\/\/iil.ee\/wp-content\/uploads\/2025\/06\/Iil-2.jpg\" class=\"attachment-full size-full wp-post-image\" alt=\"\" srcset=\"https:\/\/iil.ee\/wp-content\/uploads\/2025\/06\/Iil-2.jpg 1920w, https:\/\/iil.ee\/wp-content\/uploads\/2025\/06\/Iil-2-300x169.jpg 300w, https:\/\/iil.ee\/wp-content\/uploads\/2025\/06\/Iil-2-1024x576.jpg 1024w, https:\/\/iil.ee\/wp-content\/uploads\/2025\/06\/Iil-2-768x432.jpg 768w, https:\/\/iil.ee\/wp-content\/uploads\/2025\/06\/Iil-2-1536x864.jpg 1536w, https:\/\/iil.ee\/wp-content\/uploads\/2025\/06\/Iil-2-18x10.jpg 18w\" sizes=\"auto, (max-width: 1920px) 100vw, 1920px\" \/>      <\/div>\n    <\/a>\n  \n      \n    <div class=\"bde-loop-item__wrap ee-post-wrap\">\n      \n          <h3 class=\"ee-post-title\">\n    <a class=\"bde-loop-item__title-link ee-post-title-link\" href=\"https:\/\/iil.ee\/en\/iil\/iil-alustab-rahulolu-uuring-labiviimisega\" >\n        IIL is starting to conduct a satisfaction survey    <\/a>\n    <\/h3>\n          <div class=\"bde-loop-item__post-meta ee-post-meta\">\n                                                    <span class=\"bde-loop-item__meta-date bde-loop-item__meta-item ee-post-meta-date ee-post-meta-item\">\n                                          17.04.26                                      <\/span>\n                                    \n        <\/div>\n      <ul class=\"bde-loop-item__post-tax ee-post-taxonomy\"><li class=\"bde-loop-item__tax-item ee-post-taxonomy-item\">IIL<\/li><\/ul>        <div class=\"bde-loop-item__content ee-post-content\">\n            &nbsp; From Monday 20th April until the end of May, IIL, in collaboration with Eesti Uuringukeskus O\u00dc, will be conducting a satisfaction survey on bus routes in the counties of Harju, L\u00e4\u00e4ne, Rapla and L\u00e4\u00e4ne-Viru. We will be mapping passenger satisfaction regarding various aspects affecting the customer experience\u2026        <\/div>\n      \n      \n    <\/div>\n\n    <\/article>\n\n        <article class=\"bde-loop-item ee-post\">\n                <a class=\"bde-loop-item__image-link ee-post-image-link\" href=\"https:\/\/iil.ee\/en\/soiduplaanid\/muudatused-joelahtme-siseliinidel-j17-ja-j18-alates-20-aprillist\" aria-label=\"Changes to J\u00f5el\u00e4htme internal routes J17 and J18 from 20 April\">\n      <div class=\"bde-loop-item__image ee-post-image\">\n          <img loading=\"lazy\" decoding=\"async\" width=\"1920\" height=\"1080\" src=\"https:\/\/iil.ee\/wp-content\/uploads\/2025\/06\/Iil-1.jpg\" class=\"attachment-full size-full wp-post-image\" alt=\"\" srcset=\"https:\/\/iil.ee\/wp-content\/uploads\/2025\/06\/Iil-1.jpg 1920w, https:\/\/iil.ee\/wp-content\/uploads\/2025\/06\/Iil-1-300x169.jpg 300w, https:\/\/iil.ee\/wp-content\/uploads\/2025\/06\/Iil-1-1024x576.jpg 1024w, https:\/\/iil.ee\/wp-content\/uploads\/2025\/06\/Iil-1-768x432.jpg 768w, https:\/\/iil.ee\/wp-content\/uploads\/2025\/06\/Iil-1-1536x864.jpg 1536w, https:\/\/iil.ee\/wp-content\/uploads\/2025\/06\/Iil-1-18x10.jpg 18w\" sizes=\"auto, (max-width: 1920px) 100vw, 1920px\" \/>      <\/div>\n    <\/a>\n  \n      \n    <div class=\"bde-loop-item__wrap ee-post-wrap\">\n      \n          <h3 class=\"ee-post-title\">\n    <a class=\"bde-loop-item__title-link ee-post-title-link\" href=\"https:\/\/iil.ee\/en\/soiduplaanid\/muudatused-joelahtme-siseliinidel-j17-ja-j18-alates-20-aprillist\" >\n        Changes to J\u00f5el\u00e4htme internal routes J17 and J18 from 20 April    <\/a>\n    <\/h3>\n          <div class=\"bde-loop-item__post-meta ee-post-meta\">\n                                                    <span class=\"bde-loop-item__meta-date bde-loop-item__meta-item ee-post-meta-date ee-post-meta-item\">\n                                          13.04.26                                      <\/span>\n                                    \n        <\/div>\n      <ul class=\"bde-loop-item__post-tax ee-post-taxonomy\"><li class=\"bde-loop-item__tax-item ee-post-taxonomy-item\">Timetables<\/li><\/ul>        <div class=\"bde-loop-item__content ee-post-content\">\n            From 20.04.2026, the following changes will be made to the J\u00f5el\u00e4htme internal routes J17 and J18: Route J17 will operate on all school days, the timetable will not change. Service on route J18 will be discontinued.        <\/div>\n      \n      \n    <\/div>\n\n    <\/article>\n\n        <article class=\"bde-loop-item ee-post\">\n                <a class=\"bde-loop-item__image-link ee-post-image-link\" href=\"https:\/\/iil.ee\/en\/soiduplaanid\/raplamaa-uued-soiduplaanid\" aria-label=\"Raplamaa bus timetables from 13th April 2026\">\n      <div class=\"bde-loop-item__image ee-post-image\">\n          <img loading=\"lazy\" decoding=\"async\" width=\"1920\" height=\"1080\" src=\"https:\/\/iil.ee\/wp-content\/uploads\/2025\/06\/Iil-11.jpg\" class=\"attachment-full size-full wp-post-image\" alt=\"\" srcset=\"https:\/\/iil.ee\/wp-content\/uploads\/2025\/06\/Iil-11.jpg 1920w, https:\/\/iil.ee\/wp-content\/uploads\/2025\/06\/Iil-11-300x169.jpg 300w, https:\/\/iil.ee\/wp-content\/uploads\/2025\/06\/Iil-11-1024x576.jpg 1024w, https:\/\/iil.ee\/wp-content\/uploads\/2025\/06\/Iil-11-768x432.jpg 768w, https:\/\/iil.ee\/wp-content\/uploads\/2025\/06\/Iil-11-1536x864.jpg 1536w, https:\/\/iil.ee\/wp-content\/uploads\/2025\/06\/Iil-11-18x10.jpg 18w\" sizes=\"auto, (max-width: 1920px) 100vw, 1920px\" \/>      <\/div>\n    <\/a>\n  \n      \n    <div class=\"bde-loop-item__wrap ee-post-wrap\">\n      \n          <h3 class=\"ee-post-title\">\n    <a class=\"bde-loop-item__title-link ee-post-title-link\" href=\"https:\/\/iil.ee\/en\/soiduplaanid\/raplamaa-uued-soiduplaanid\" >\n        Raplamaa bus timetables from 13th April 2026    <\/a>\n    <\/h3>\n          <div class=\"bde-loop-item__post-meta ee-post-meta\">\n                                                    <span class=\"bde-loop-item__meta-date bde-loop-item__meta-item ee-post-meta-date ee-post-meta-item\">\n                                          02.04.26                                      <\/span>\n                                    \n        <\/div>\n      <ul class=\"bde-loop-item__post-tax ee-post-taxonomy\"><li class=\"bde-loop-item__tax-item ee-post-taxonomy-item\">Timetables<\/li><\/ul>        <div class=\"bde-loop-item__content ee-post-content\">\n            From 13 April 2026, the timetables for Raplamaa bus routes no. 20, 31 and 34 will change. The routes will have the following changes: Route 20 Rapla \u2013 Kehtna On weekdays, the bus departing from Rapla bus station at 08:20 will start\u2026        <\/div>\n      \n      \n    <\/div>\n\n    <\/article>\n\n    <\/div>\n<\/div>\n  <\/div>\n<\/div>\n\n<\/div><div class=\"bde-advanced-tabs-content-18-299 bde-advanced-tabs-content\">\n<div tabindex=\"0\" role=\"tabpanel\" class=\"bde-tabs__panel js-panel\" id=\"\" aria-labelledby=\"\">\n  <div class=\"bde-tabs__panel-content\">\n    <div class=\"bde-post-list-18-310 bde-post-list\">\n<div class=\"bde-loop bde-loop-grid ee-posts ee-posts-grid\">    <article class=\"bde-loop-item ee-post\">\n                <a class=\"bde-loop-item__image-link ee-post-image-link\" href=\"https:\/\/iil.ee\/en\/soiduplaanid\/keila-linnaliinide-uus-liikumistee\" aria-label=\"The routes of Keila&#039;s city lines K11, K12, and K14 will change from May 4, 2026\">\n      <div class=\"bde-loop-item__image ee-post-image\">\n          <img loading=\"lazy\" decoding=\"async\" width=\"1920\" height=\"1080\" src=\"https:\/\/iil.ee\/wp-content\/uploads\/2025\/11\/vlcsnap-2025-11-24-13h53m19s572.png\" class=\"attachment-full size-full wp-post-image\" alt=\"\" srcset=\"https:\/\/iil.ee\/wp-content\/uploads\/2025\/11\/vlcsnap-2025-11-24-13h53m19s572.png 1920w, https:\/\/iil.ee\/wp-content\/uploads\/2025\/11\/vlcsnap-2025-11-24-13h53m19s572-300x169.png 300w, https:\/\/iil.ee\/wp-content\/uploads\/2025\/11\/vlcsnap-2025-11-24-13h53m19s572-1024x576.png 1024w, https:\/\/iil.ee\/wp-content\/uploads\/2025\/11\/vlcsnap-2025-11-24-13h53m19s572-768x432.png 768w, https:\/\/iil.ee\/wp-content\/uploads\/2025\/11\/vlcsnap-2025-11-24-13h53m19s572-1536x864.png 1536w, https:\/\/iil.ee\/wp-content\/uploads\/2025\/11\/vlcsnap-2025-11-24-13h53m19s572-18x10.png 18w\" sizes=\"auto, (max-width: 1920px) 100vw, 1920px\" \/>      <\/div>\n    <\/a>\n  \n      \n    <div class=\"bde-loop-item__wrap ee-post-wrap\">\n      \n          <h3 class=\"ee-post-title\">\n    <a class=\"bde-loop-item__title-link ee-post-title-link\" href=\"https:\/\/iil.ee\/en\/soiduplaanid\/keila-linnaliinide-uus-liikumistee\" >\n        The routes of Keila's city lines K11, K12, and K14 will change from May 4, 2026    <\/a>\n    <\/h3>\n          <div class=\"bde-loop-item__post-meta ee-post-meta\">\n                                                    <span class=\"bde-loop-item__meta-date bde-loop-item__meta-item ee-post-meta-date ee-post-meta-item\">\n                                          28.04.26                                      <\/span>\n                                    \n        <\/div>\n      <ul class=\"bde-loop-item__post-tax ee-post-taxonomy\"><li class=\"bde-loop-item__tax-item ee-post-taxonomy-item\">Timetables<\/li><\/ul>        <div class=\"bde-loop-item__content ee-post-content\">\n            From Monday, 4 May 2026, the routes of Keila\u2019s local bus lines K11, K12, and K14 will change between the Keila Church and Luha bus stops. Buses will no longer travel via Tallinna maantee but will henceforth use in both directions...        <\/div>\n      \n      \n    <\/div>\n\n    <\/article>\n\n        <article class=\"bde-loop-item ee-post\">\n                <a class=\"bde-loop-item__image-link ee-post-image-link\" href=\"https:\/\/iil.ee\/en\/soiduplaanid\/maardus-suletakse-ajutiselt-keemikute-ja-orumetsa-tanava-ristmik-perioodil-06-05-08-05-2026\" aria-label=\"The intersection of Keemikute and Orumetsa streets in Maardu will be temporarily closed from 06.05\u201308.05.2026.\">\n      <div class=\"bde-loop-item__image ee-post-image\">\n          <img loading=\"lazy\" decoding=\"async\" width=\"1920\" height=\"1080\" src=\"https:\/\/iil.ee\/wp-content\/uploads\/2025\/06\/Iil-38.jpg\" class=\"attachment-full size-full wp-post-image\" alt=\"\" srcset=\"https:\/\/iil.ee\/wp-content\/uploads\/2025\/06\/Iil-38.jpg 1920w, https:\/\/iil.ee\/wp-content\/uploads\/2025\/06\/Iil-38-300x169.jpg 300w, https:\/\/iil.ee\/wp-content\/uploads\/2025\/06\/Iil-38-1024x576.jpg 1024w, https:\/\/iil.ee\/wp-content\/uploads\/2025\/06\/Iil-38-768x432.jpg 768w, https:\/\/iil.ee\/wp-content\/uploads\/2025\/06\/Iil-38-1536x864.jpg 1536w, https:\/\/iil.ee\/wp-content\/uploads\/2025\/06\/Iil-38-18x10.jpg 18w\" sizes=\"auto, (max-width: 1920px) 100vw, 1920px\" \/>      <\/div>\n    <\/a>\n  \n      \n    <div class=\"bde-loop-item__wrap ee-post-wrap\">\n      \n          <h3 class=\"ee-post-title\">\n    <a class=\"bde-loop-item__title-link ee-post-title-link\" href=\"https:\/\/iil.ee\/en\/soiduplaanid\/maardus-suletakse-ajutiselt-keemikute-ja-orumetsa-tanava-ristmik-perioodil-06-05-08-05-2026\" >\n        The intersection of Keemikute and Orumetsa streets in Maardu will be temporarily closed from 06.05\u201308.05.2026.    <\/a>\n    <\/h3>\n          <div class=\"bde-loop-item__post-meta ee-post-meta\">\n                                                    <span class=\"bde-loop-item__meta-date bde-loop-item__meta-item ee-post-meta-date ee-post-meta-item\">\n                                          28.04.26                                      <\/span>\n                                    \n        <\/div>\n      <ul class=\"bde-loop-item__post-tax ee-post-taxonomy\"><li class=\"bde-loop-item__tax-item ee-post-taxonomy-item\">Timetables<\/li><\/ul>        <div class=\"bde-loop-item__content ee-post-content\">\n            Due to the closure of the intersection of Keemikute and Orumetsa streets in the city of Maardu, bus routes will be temporarily diverted. The closure is planned from 6 May at 7:00 AM to 8 May at 11:00 PM. Bus routes 100, 101, 170, 171\u2026        <\/div>\n      \n      \n    <\/div>\n\n    <\/article>\n\n        <article class=\"bde-loop-item ee-post\">\n                <a class=\"bde-loop-item__image-link ee-post-image-link\" href=\"https:\/\/iil.ee\/en\/soiduplaanid\/liikluskorralduse-muudatus-laane-virumaal-2-mail-2026\" aria-label=\"Traffic management changes in L\u00e4\u00e4ne-Viru County on 2 May 2026\">\n      <div class=\"bde-loop-item__image ee-post-image\">\n          <img loading=\"lazy\" decoding=\"async\" width=\"1920\" height=\"1080\" src=\"https:\/\/iil.ee\/wp-content\/uploads\/2025\/06\/Iil-12.jpg\" class=\"attachment-full size-full wp-post-image\" alt=\"\" srcset=\"https:\/\/iil.ee\/wp-content\/uploads\/2025\/06\/Iil-12.jpg 1920w, https:\/\/iil.ee\/wp-content\/uploads\/2025\/06\/Iil-12-300x169.jpg 300w, https:\/\/iil.ee\/wp-content\/uploads\/2025\/06\/Iil-12-1024x576.jpg 1024w, https:\/\/iil.ee\/wp-content\/uploads\/2025\/06\/Iil-12-768x432.jpg 768w, https:\/\/iil.ee\/wp-content\/uploads\/2025\/06\/Iil-12-1536x864.jpg 1536w, https:\/\/iil.ee\/wp-content\/uploads\/2025\/06\/Iil-12-18x10.jpg 18w\" sizes=\"auto, (max-width: 1920px) 100vw, 1920px\" \/>      <\/div>\n    <\/a>\n  \n      \n    <div class=\"bde-loop-item__wrap ee-post-wrap\">\n      \n          <h3 class=\"ee-post-title\">\n    <a class=\"bde-loop-item__title-link ee-post-title-link\" href=\"https:\/\/iil.ee\/en\/soiduplaanid\/liikluskorralduse-muudatus-laane-virumaal-2-mail-2026\" >\n        Traffic management changes in L\u00e4\u00e4ne-Viru County on 2 May 2026    <\/a>\n    <\/h3>\n          <div class=\"bde-loop-item__post-meta ee-post-meta\">\n                                                    <span class=\"bde-loop-item__meta-date bde-loop-item__meta-item ee-post-meta-date ee-post-meta-item\">\n                                          22.04.26                                      <\/span>\n                                    \n        <\/div>\n      <ul class=\"bde-loop-item__post-tax ee-post-taxonomy\"><li class=\"bde-loop-item__tax-item ee-post-taxonomy-item\">Timetables<\/li><\/ul>        <div class=\"bde-loop-item__content ee-post-content\">\n            On the 2nd of May, the car event Drivestonia 2026 will take place in L\u00e4\u00e4ne-Viru county, in Vinni municipality, near Ulvi. In connection with the event, sections of the S\u00f5meru\u2013Kabala road and the Nurkse\u2013P\u00f5lula road will be closed between 9:00 AM and 2:00 PM. During the event, bus transport will be rerouted...        <\/div>\n      \n      \n    <\/div>\n\n    <\/article>\n\n        <article class=\"bde-loop-item ee-post\">\n                <a class=\"bde-loop-item__image-link ee-post-image-link\" href=\"https:\/\/iil.ee\/en\/iil\/iil-alustab-rahulolu-uuring-labiviimisega\" aria-label=\"IIL is starting to conduct a satisfaction survey\">\n      <div class=\"bde-loop-item__image ee-post-image\">\n          <img loading=\"lazy\" decoding=\"async\" width=\"1920\" height=\"1080\" src=\"https:\/\/iil.ee\/wp-content\/uploads\/2025\/06\/Iil-2.jpg\" class=\"attachment-full size-full wp-post-image\" alt=\"\" srcset=\"https:\/\/iil.ee\/wp-content\/uploads\/2025\/06\/Iil-2.jpg 1920w, https:\/\/iil.ee\/wp-content\/uploads\/2025\/06\/Iil-2-300x169.jpg 300w, https:\/\/iil.ee\/wp-content\/uploads\/2025\/06\/Iil-2-1024x576.jpg 1024w, https:\/\/iil.ee\/wp-content\/uploads\/2025\/06\/Iil-2-768x432.jpg 768w, https:\/\/iil.ee\/wp-content\/uploads\/2025\/06\/Iil-2-1536x864.jpg 1536w, https:\/\/iil.ee\/wp-content\/uploads\/2025\/06\/Iil-2-18x10.jpg 18w\" sizes=\"auto, (max-width: 1920px) 100vw, 1920px\" \/>      <\/div>\n    <\/a>\n  \n      \n    <div class=\"bde-loop-item__wrap ee-post-wrap\">\n      \n          <h3 class=\"ee-post-title\">\n    <a class=\"bde-loop-item__title-link ee-post-title-link\" href=\"https:\/\/iil.ee\/en\/iil\/iil-alustab-rahulolu-uuring-labiviimisega\" >\n        IIL is starting to conduct a satisfaction survey    <\/a>\n    <\/h3>\n          <div class=\"bde-loop-item__post-meta ee-post-meta\">\n                                                    <span class=\"bde-loop-item__meta-date bde-loop-item__meta-item ee-post-meta-date ee-post-meta-item\">\n                                          17.04.26                                      <\/span>\n                                    \n        <\/div>\n      <ul class=\"bde-loop-item__post-tax ee-post-taxonomy\"><li class=\"bde-loop-item__tax-item ee-post-taxonomy-item\">IIL<\/li><\/ul>        <div class=\"bde-loop-item__content ee-post-content\">\n            &nbsp; From Monday 20th April until the end of May, IIL, in collaboration with Eesti Uuringukeskus O\u00dc, will be conducting a satisfaction survey on bus routes in the counties of Harju, L\u00e4\u00e4ne, Rapla and L\u00e4\u00e4ne-Viru. We will be mapping passenger satisfaction regarding various aspects affecting the customer experience\u2026        <\/div>\n      \n      \n    <\/div>\n\n    <\/article>\n\n        <article class=\"bde-loop-item ee-post\">\n                <a class=\"bde-loop-item__image-link ee-post-image-link\" href=\"https:\/\/iil.ee\/en\/soiduplaanid\/muudatused-joelahtme-siseliinidel-j17-ja-j18-alates-20-aprillist\" aria-label=\"Changes to J\u00f5el\u00e4htme internal routes J17 and J18 from 20 April\">\n      <div class=\"bde-loop-item__image ee-post-image\">\n          <img loading=\"lazy\" decoding=\"async\" width=\"1920\" height=\"1080\" src=\"https:\/\/iil.ee\/wp-content\/uploads\/2025\/06\/Iil-1.jpg\" class=\"attachment-full size-full wp-post-image\" alt=\"\" srcset=\"https:\/\/iil.ee\/wp-content\/uploads\/2025\/06\/Iil-1.jpg 1920w, https:\/\/iil.ee\/wp-content\/uploads\/2025\/06\/Iil-1-300x169.jpg 300w, https:\/\/iil.ee\/wp-content\/uploads\/2025\/06\/Iil-1-1024x576.jpg 1024w, https:\/\/iil.ee\/wp-content\/uploads\/2025\/06\/Iil-1-768x432.jpg 768w, https:\/\/iil.ee\/wp-content\/uploads\/2025\/06\/Iil-1-1536x864.jpg 1536w, https:\/\/iil.ee\/wp-content\/uploads\/2025\/06\/Iil-1-18x10.jpg 18w\" sizes=\"auto, (max-width: 1920px) 100vw, 1920px\" \/>      <\/div>\n    <\/a>\n  \n      \n    <div class=\"bde-loop-item__wrap ee-post-wrap\">\n      \n          <h3 class=\"ee-post-title\">\n    <a class=\"bde-loop-item__title-link ee-post-title-link\" href=\"https:\/\/iil.ee\/en\/soiduplaanid\/muudatused-joelahtme-siseliinidel-j17-ja-j18-alates-20-aprillist\" >\n        Changes to J\u00f5el\u00e4htme internal routes J17 and J18 from 20 April    <\/a>\n    <\/h3>\n          <div class=\"bde-loop-item__post-meta ee-post-meta\">\n                                                    <span class=\"bde-loop-item__meta-date bde-loop-item__meta-item ee-post-meta-date ee-post-meta-item\">\n                                          13.04.26                                      <\/span>\n                                    \n        <\/div>\n      <ul class=\"bde-loop-item__post-tax ee-post-taxonomy\"><li class=\"bde-loop-item__tax-item ee-post-taxonomy-item\">Timetables<\/li><\/ul>        <div class=\"bde-loop-item__content ee-post-content\">\n            From 20.04.2026, the following changes will be made to the J\u00f5el\u00e4htme internal routes J17 and J18: Route J17 will operate on all school days, the timetable will not change. Service on route J18 will be discontinued.        <\/div>\n      \n      \n    <\/div>\n\n    <\/article>\n\n        <article class=\"bde-loop-item ee-post\">\n                <a class=\"bde-loop-item__image-link ee-post-image-link\" href=\"https:\/\/iil.ee\/en\/soiduplaanid\/raplamaa-uued-soiduplaanid\" aria-label=\"Raplamaa bus timetables from 13th April 2026\">\n      <div class=\"bde-loop-item__image ee-post-image\">\n          <img loading=\"lazy\" decoding=\"async\" width=\"1920\" height=\"1080\" src=\"https:\/\/iil.ee\/wp-content\/uploads\/2025\/06\/Iil-11.jpg\" class=\"attachment-full size-full wp-post-image\" alt=\"\" srcset=\"https:\/\/iil.ee\/wp-content\/uploads\/2025\/06\/Iil-11.jpg 1920w, https:\/\/iil.ee\/wp-content\/uploads\/2025\/06\/Iil-11-300x169.jpg 300w, https:\/\/iil.ee\/wp-content\/uploads\/2025\/06\/Iil-11-1024x576.jpg 1024w, https:\/\/iil.ee\/wp-content\/uploads\/2025\/06\/Iil-11-768x432.jpg 768w, https:\/\/iil.ee\/wp-content\/uploads\/2025\/06\/Iil-11-1536x864.jpg 1536w, https:\/\/iil.ee\/wp-content\/uploads\/2025\/06\/Iil-11-18x10.jpg 18w\" sizes=\"auto, (max-width: 1920px) 100vw, 1920px\" \/>      <\/div>\n    <\/a>\n  \n      \n    <div class=\"bde-loop-item__wrap ee-post-wrap\">\n      \n          <h3 class=\"ee-post-title\">\n    <a class=\"bde-loop-item__title-link ee-post-title-link\" href=\"https:\/\/iil.ee\/en\/soiduplaanid\/raplamaa-uued-soiduplaanid\" >\n        Raplamaa bus timetables from 13th April 2026    <\/a>\n    <\/h3>\n          <div class=\"bde-loop-item__post-meta ee-post-meta\">\n                                                    <span class=\"bde-loop-item__meta-date bde-loop-item__meta-item ee-post-meta-date ee-post-meta-item\">\n                                          02.04.26                                      <\/span>\n                                    \n        <\/div>\n      <ul class=\"bde-loop-item__post-tax ee-post-taxonomy\"><li class=\"bde-loop-item__tax-item ee-post-taxonomy-item\">Timetables<\/li><\/ul>        <div class=\"bde-loop-item__content ee-post-content\">\n            From 13 April 2026, the timetables for Raplamaa bus routes no. 20, 31 and 34 will change. The routes will have the following changes: Route 20 Rapla \u2013 Kehtna On weekdays, the bus departing from Rapla bus station at 08:20 will start\u2026        <\/div>\n      \n      \n    <\/div>\n\n    <\/article>\n\n    <\/div>\n<\/div>\n  <\/div>\n<\/div>\n\n<\/div><div class=\"bde-advanced-tabs-content-18-301 bde-advanced-tabs-content\">\n<div tabindex=\"0\" role=\"tabpanel\" class=\"bde-tabs__panel js-panel\" id=\"\" aria-labelledby=\"\">\n  <div class=\"bde-tabs__panel-content\">\n    <div class=\"bde-post-list-18-311 bde-post-list\">\n<div class=\"bde-loop bde-loop-grid ee-posts ee-posts-grid\">    <article class=\"bde-loop-item ee-post\">\n                <a class=\"bde-loop-item__image-link ee-post-image-link\" href=\"https:\/\/iil.ee\/en\/soiduplaanid\/keila-linnaliinide-uus-liikumistee\" aria-label=\"The routes of Keila&#039;s city lines K11, K12, and K14 will change from May 4, 2026\">\n      <div class=\"bde-loop-item__image ee-post-image\">\n          <img loading=\"lazy\" decoding=\"async\" width=\"1920\" height=\"1080\" src=\"https:\/\/iil.ee\/wp-content\/uploads\/2025\/11\/vlcsnap-2025-11-24-13h53m19s572.png\" class=\"attachment-full size-full wp-post-image\" alt=\"\" srcset=\"https:\/\/iil.ee\/wp-content\/uploads\/2025\/11\/vlcsnap-2025-11-24-13h53m19s572.png 1920w, https:\/\/iil.ee\/wp-content\/uploads\/2025\/11\/vlcsnap-2025-11-24-13h53m19s572-300x169.png 300w, https:\/\/iil.ee\/wp-content\/uploads\/2025\/11\/vlcsnap-2025-11-24-13h53m19s572-1024x576.png 1024w, https:\/\/iil.ee\/wp-content\/uploads\/2025\/11\/vlcsnap-2025-11-24-13h53m19s572-768x432.png 768w, https:\/\/iil.ee\/wp-content\/uploads\/2025\/11\/vlcsnap-2025-11-24-13h53m19s572-1536x864.png 1536w, https:\/\/iil.ee\/wp-content\/uploads\/2025\/11\/vlcsnap-2025-11-24-13h53m19s572-18x10.png 18w\" sizes=\"auto, (max-width: 1920px) 100vw, 1920px\" \/>      <\/div>\n    <\/a>\n  \n      \n    <div class=\"bde-loop-item__wrap ee-post-wrap\">\n      \n          <h3 class=\"ee-post-title\">\n    <a class=\"bde-loop-item__title-link ee-post-title-link\" href=\"https:\/\/iil.ee\/en\/soiduplaanid\/keila-linnaliinide-uus-liikumistee\" >\n        The routes of Keila's city lines K11, K12, and K14 will change from May 4, 2026    <\/a>\n    <\/h3>\n          <div class=\"bde-loop-item__post-meta ee-post-meta\">\n                                                    <span class=\"bde-loop-item__meta-date bde-loop-item__meta-item ee-post-meta-date ee-post-meta-item\">\n                                          28.04.26                                      <\/span>\n                                    \n        <\/div>\n      <ul class=\"bde-loop-item__post-tax ee-post-taxonomy\"><li class=\"bde-loop-item__tax-item ee-post-taxonomy-item\">Timetables<\/li><\/ul>        <div class=\"bde-loop-item__content ee-post-content\">\n            From Monday, 4 May 2026, the routes of Keila\u2019s local bus lines K11, K12, and K14 will change between the Keila Church and Luha bus stops. Buses will no longer travel via Tallinna maantee but will henceforth use in both directions...        <\/div>\n      \n      \n    <\/div>\n\n    <\/article>\n\n        <article class=\"bde-loop-item ee-post\">\n                <a class=\"bde-loop-item__image-link ee-post-image-link\" href=\"https:\/\/iil.ee\/en\/soiduplaanid\/maardus-suletakse-ajutiselt-keemikute-ja-orumetsa-tanava-ristmik-perioodil-06-05-08-05-2026\" aria-label=\"The intersection of Keemikute and Orumetsa streets in Maardu will be temporarily closed from 06.05\u201308.05.2026.\">\n      <div class=\"bde-loop-item__image ee-post-image\">\n          <img loading=\"lazy\" decoding=\"async\" width=\"1920\" height=\"1080\" src=\"https:\/\/iil.ee\/wp-content\/uploads\/2025\/06\/Iil-38.jpg\" class=\"attachment-full size-full wp-post-image\" alt=\"\" srcset=\"https:\/\/iil.ee\/wp-content\/uploads\/2025\/06\/Iil-38.jpg 1920w, https:\/\/iil.ee\/wp-content\/uploads\/2025\/06\/Iil-38-300x169.jpg 300w, https:\/\/iil.ee\/wp-content\/uploads\/2025\/06\/Iil-38-1024x576.jpg 1024w, https:\/\/iil.ee\/wp-content\/uploads\/2025\/06\/Iil-38-768x432.jpg 768w, https:\/\/iil.ee\/wp-content\/uploads\/2025\/06\/Iil-38-1536x864.jpg 1536w, https:\/\/iil.ee\/wp-content\/uploads\/2025\/06\/Iil-38-18x10.jpg 18w\" sizes=\"auto, (max-width: 1920px) 100vw, 1920px\" \/>      <\/div>\n    <\/a>\n  \n      \n    <div class=\"bde-loop-item__wrap ee-post-wrap\">\n      \n          <h3 class=\"ee-post-title\">\n    <a class=\"bde-loop-item__title-link ee-post-title-link\" href=\"https:\/\/iil.ee\/en\/soiduplaanid\/maardus-suletakse-ajutiselt-keemikute-ja-orumetsa-tanava-ristmik-perioodil-06-05-08-05-2026\" >\n        The intersection of Keemikute and Orumetsa streets in Maardu will be temporarily closed from 06.05\u201308.05.2026.    <\/a>\n    <\/h3>\n          <div class=\"bde-loop-item__post-meta ee-post-meta\">\n                                                    <span class=\"bde-loop-item__meta-date bde-loop-item__meta-item ee-post-meta-date ee-post-meta-item\">\n                                          28.04.26                                      <\/span>\n                                    \n        <\/div>\n      <ul class=\"bde-loop-item__post-tax ee-post-taxonomy\"><li class=\"bde-loop-item__tax-item ee-post-taxonomy-item\">Timetables<\/li><\/ul>        <div class=\"bde-loop-item__content ee-post-content\">\n            Due to the closure of the intersection of Keemikute and Orumetsa streets in the city of Maardu, bus routes will be temporarily diverted. The closure is planned from 6 May at 7:00 AM to 8 May at 11:00 PM. Bus routes 100, 101, 170, 171\u2026        <\/div>\n      \n      \n    <\/div>\n\n    <\/article>\n\n        <article class=\"bde-loop-item ee-post\">\n                <a class=\"bde-loop-item__image-link ee-post-image-link\" href=\"https:\/\/iil.ee\/en\/soiduplaanid\/liikluskorralduse-muudatus-laane-virumaal-2-mail-2026\" aria-label=\"Traffic management changes in L\u00e4\u00e4ne-Viru County on 2 May 2026\">\n      <div class=\"bde-loop-item__image ee-post-image\">\n          <img loading=\"lazy\" decoding=\"async\" width=\"1920\" height=\"1080\" src=\"https:\/\/iil.ee\/wp-content\/uploads\/2025\/06\/Iil-12.jpg\" class=\"attachment-full size-full wp-post-image\" alt=\"\" srcset=\"https:\/\/iil.ee\/wp-content\/uploads\/2025\/06\/Iil-12.jpg 1920w, https:\/\/iil.ee\/wp-content\/uploads\/2025\/06\/Iil-12-300x169.jpg 300w, https:\/\/iil.ee\/wp-content\/uploads\/2025\/06\/Iil-12-1024x576.jpg 1024w, https:\/\/iil.ee\/wp-content\/uploads\/2025\/06\/Iil-12-768x432.jpg 768w, https:\/\/iil.ee\/wp-content\/uploads\/2025\/06\/Iil-12-1536x864.jpg 1536w, https:\/\/iil.ee\/wp-content\/uploads\/2025\/06\/Iil-12-18x10.jpg 18w\" sizes=\"auto, (max-width: 1920px) 100vw, 1920px\" \/>      <\/div>\n    <\/a>\n  \n      \n    <div class=\"bde-loop-item__wrap ee-post-wrap\">\n      \n          <h3 class=\"ee-post-title\">\n    <a class=\"bde-loop-item__title-link ee-post-title-link\" href=\"https:\/\/iil.ee\/en\/soiduplaanid\/liikluskorralduse-muudatus-laane-virumaal-2-mail-2026\" >\n        Traffic management changes in L\u00e4\u00e4ne-Viru County on 2 May 2026    <\/a>\n    <\/h3>\n          <div class=\"bde-loop-item__post-meta ee-post-meta\">\n                                                    <span class=\"bde-loop-item__meta-date bde-loop-item__meta-item ee-post-meta-date ee-post-meta-item\">\n                                          22.04.26                                      <\/span>\n                                    \n        <\/div>\n      <ul class=\"bde-loop-item__post-tax ee-post-taxonomy\"><li class=\"bde-loop-item__tax-item ee-post-taxonomy-item\">Timetables<\/li><\/ul>        <div class=\"bde-loop-item__content ee-post-content\">\n            On the 2nd of May, the car event Drivestonia 2026 will take place in L\u00e4\u00e4ne-Viru county, in Vinni municipality, near Ulvi. In connection with the event, sections of the S\u00f5meru\u2013Kabala road and the Nurkse\u2013P\u00f5lula road will be closed between 9:00 AM and 2:00 PM. During the event, bus transport will be rerouted...        <\/div>\n      \n      \n    <\/div>\n\n    <\/article>\n\n        <article class=\"bde-loop-item ee-post\">\n                <a class=\"bde-loop-item__image-link ee-post-image-link\" href=\"https:\/\/iil.ee\/en\/iil\/iil-alustab-rahulolu-uuring-labiviimisega\" aria-label=\"IIL is starting to conduct a satisfaction survey\">\n      <div class=\"bde-loop-item__image ee-post-image\">\n          <img loading=\"lazy\" decoding=\"async\" width=\"1920\" height=\"1080\" src=\"https:\/\/iil.ee\/wp-content\/uploads\/2025\/06\/Iil-2.jpg\" class=\"attachment-full size-full wp-post-image\" alt=\"\" srcset=\"https:\/\/iil.ee\/wp-content\/uploads\/2025\/06\/Iil-2.jpg 1920w, https:\/\/iil.ee\/wp-content\/uploads\/2025\/06\/Iil-2-300x169.jpg 300w, https:\/\/iil.ee\/wp-content\/uploads\/2025\/06\/Iil-2-1024x576.jpg 1024w, https:\/\/iil.ee\/wp-content\/uploads\/2025\/06\/Iil-2-768x432.jpg 768w, https:\/\/iil.ee\/wp-content\/uploads\/2025\/06\/Iil-2-1536x864.jpg 1536w, https:\/\/iil.ee\/wp-content\/uploads\/2025\/06\/Iil-2-18x10.jpg 18w\" sizes=\"auto, (max-width: 1920px) 100vw, 1920px\" \/>      <\/div>\n    <\/a>\n  \n      \n    <div class=\"bde-loop-item__wrap ee-post-wrap\">\n      \n          <h3 class=\"ee-post-title\">\n    <a class=\"bde-loop-item__title-link ee-post-title-link\" href=\"https:\/\/iil.ee\/en\/iil\/iil-alustab-rahulolu-uuring-labiviimisega\" >\n        IIL is starting to conduct a satisfaction survey    <\/a>\n    <\/h3>\n          <div class=\"bde-loop-item__post-meta ee-post-meta\">\n                                                    <span class=\"bde-loop-item__meta-date bde-loop-item__meta-item ee-post-meta-date ee-post-meta-item\">\n                                          17.04.26                                      <\/span>\n                                    \n        <\/div>\n      <ul class=\"bde-loop-item__post-tax ee-post-taxonomy\"><li class=\"bde-loop-item__tax-item ee-post-taxonomy-item\">IIL<\/li><\/ul>        <div class=\"bde-loop-item__content ee-post-content\">\n            &nbsp; From Monday 20th April until the end of May, IIL, in collaboration with Eesti Uuringukeskus O\u00dc, will be conducting a satisfaction survey on bus routes in the counties of Harju, L\u00e4\u00e4ne, Rapla and L\u00e4\u00e4ne-Viru. We will be mapping passenger satisfaction regarding various aspects affecting the customer experience\u2026        <\/div>\n      \n      \n    <\/div>\n\n    <\/article>\n\n        <article class=\"bde-loop-item ee-post\">\n                <a class=\"bde-loop-item__image-link ee-post-image-link\" href=\"https:\/\/iil.ee\/en\/soiduplaanid\/muudatused-joelahtme-siseliinidel-j17-ja-j18-alates-20-aprillist\" aria-label=\"Changes to J\u00f5el\u00e4htme internal routes J17 and J18 from 20 April\">\n      <div class=\"bde-loop-item__image ee-post-image\">\n          <img loading=\"lazy\" decoding=\"async\" width=\"1920\" height=\"1080\" src=\"https:\/\/iil.ee\/wp-content\/uploads\/2025\/06\/Iil-1.jpg\" class=\"attachment-full size-full wp-post-image\" alt=\"\" srcset=\"https:\/\/iil.ee\/wp-content\/uploads\/2025\/06\/Iil-1.jpg 1920w, https:\/\/iil.ee\/wp-content\/uploads\/2025\/06\/Iil-1-300x169.jpg 300w, https:\/\/iil.ee\/wp-content\/uploads\/2025\/06\/Iil-1-1024x576.jpg 1024w, https:\/\/iil.ee\/wp-content\/uploads\/2025\/06\/Iil-1-768x432.jpg 768w, https:\/\/iil.ee\/wp-content\/uploads\/2025\/06\/Iil-1-1536x864.jpg 1536w, https:\/\/iil.ee\/wp-content\/uploads\/2025\/06\/Iil-1-18x10.jpg 18w\" sizes=\"auto, (max-width: 1920px) 100vw, 1920px\" \/>      <\/div>\n    <\/a>\n  \n      \n    <div class=\"bde-loop-item__wrap ee-post-wrap\">\n      \n          <h3 class=\"ee-post-title\">\n    <a class=\"bde-loop-item__title-link ee-post-title-link\" href=\"https:\/\/iil.ee\/en\/soiduplaanid\/muudatused-joelahtme-siseliinidel-j17-ja-j18-alates-20-aprillist\" >\n        Changes to J\u00f5el\u00e4htme internal routes J17 and J18 from 20 April    <\/a>\n    <\/h3>\n          <div class=\"bde-loop-item__post-meta ee-post-meta\">\n                                                    <span class=\"bde-loop-item__meta-date bde-loop-item__meta-item ee-post-meta-date ee-post-meta-item\">\n                                          13.04.26                                      <\/span>\n                                    \n        <\/div>\n      <ul class=\"bde-loop-item__post-tax ee-post-taxonomy\"><li class=\"bde-loop-item__tax-item ee-post-taxonomy-item\">Timetables<\/li><\/ul>        <div class=\"bde-loop-item__content ee-post-content\">\n            From 20.04.2026, the following changes will be made to the J\u00f5el\u00e4htme internal routes J17 and J18: Route J17 will operate on all school days, the timetable will not change. Service on route J18 will be discontinued.        <\/div>\n      \n      \n    <\/div>\n\n    <\/article>\n\n        <article class=\"bde-loop-item ee-post\">\n                <a class=\"bde-loop-item__image-link ee-post-image-link\" href=\"https:\/\/iil.ee\/en\/soiduplaanid\/raplamaa-uued-soiduplaanid\" aria-label=\"Raplamaa bus timetables from 13th April 2026\">\n      <div class=\"bde-loop-item__image ee-post-image\">\n          <img loading=\"lazy\" decoding=\"async\" width=\"1920\" height=\"1080\" src=\"https:\/\/iil.ee\/wp-content\/uploads\/2025\/06\/Iil-11.jpg\" class=\"attachment-full size-full wp-post-image\" alt=\"\" srcset=\"https:\/\/iil.ee\/wp-content\/uploads\/2025\/06\/Iil-11.jpg 1920w, https:\/\/iil.ee\/wp-content\/uploads\/2025\/06\/Iil-11-300x169.jpg 300w, https:\/\/iil.ee\/wp-content\/uploads\/2025\/06\/Iil-11-1024x576.jpg 1024w, https:\/\/iil.ee\/wp-content\/uploads\/2025\/06\/Iil-11-768x432.jpg 768w, https:\/\/iil.ee\/wp-content\/uploads\/2025\/06\/Iil-11-1536x864.jpg 1536w, https:\/\/iil.ee\/wp-content\/uploads\/2025\/06\/Iil-11-18x10.jpg 18w\" sizes=\"auto, (max-width: 1920px) 100vw, 1920px\" \/>      <\/div>\n    <\/a>\n  \n      \n    <div class=\"bde-loop-item__wrap ee-post-wrap\">\n      \n          <h3 class=\"ee-post-title\">\n    <a class=\"bde-loop-item__title-link ee-post-title-link\" href=\"https:\/\/iil.ee\/en\/soiduplaanid\/raplamaa-uued-soiduplaanid\" >\n        Raplamaa bus timetables from 13th April 2026    <\/a>\n    <\/h3>\n          <div class=\"bde-loop-item__post-meta ee-post-meta\">\n                                                    <span class=\"bde-loop-item__meta-date bde-loop-item__meta-item ee-post-meta-date ee-post-meta-item\">\n                                          02.04.26                                      <\/span>\n                                    \n        <\/div>\n      <ul class=\"bde-loop-item__post-tax ee-post-taxonomy\"><li class=\"bde-loop-item__tax-item ee-post-taxonomy-item\">Timetables<\/li><\/ul>        <div class=\"bde-loop-item__content ee-post-content\">\n            From 13 April 2026, the timetables for Raplamaa bus routes no. 20, 31 and 34 will change. The routes will have the following changes: Route 20 Rapla \u2013 Kehtna On weekdays, the bus departing from Rapla bus station at 08:20 will start\u2026        <\/div>\n      \n      \n    <\/div>\n\n    <\/article>\n\n    <\/div>\n<\/div>\n  <\/div>\n<\/div>\n\n<\/div><div class=\"bde-advanced-tabs-content-18-303 bde-advanced-tabs-content\">\n<div tabindex=\"0\" role=\"tabpanel\" class=\"bde-tabs__panel js-panel\" id=\"\" aria-labelledby=\"\">\n  <div class=\"bde-tabs__panel-content\">\n    <div class=\"bde-post-list-18-312 bde-post-list\">\n<div class=\"bde-loop bde-loop-grid ee-posts ee-posts-grid\">    <article class=\"bde-loop-item ee-post\">\n                <a class=\"bde-loop-item__image-link ee-post-image-link\" href=\"https:\/\/iil.ee\/en\/soiduplaanid\/keila-linnaliinide-uus-liikumistee\" aria-label=\"The routes of Keila&#039;s city lines K11, K12, and K14 will change from May 4, 2026\">\n      <div class=\"bde-loop-item__image ee-post-image\">\n          <img loading=\"lazy\" decoding=\"async\" width=\"1920\" height=\"1080\" src=\"https:\/\/iil.ee\/wp-content\/uploads\/2025\/11\/vlcsnap-2025-11-24-13h53m19s572.png\" class=\"attachment-full size-full wp-post-image\" alt=\"\" srcset=\"https:\/\/iil.ee\/wp-content\/uploads\/2025\/11\/vlcsnap-2025-11-24-13h53m19s572.png 1920w, https:\/\/iil.ee\/wp-content\/uploads\/2025\/11\/vlcsnap-2025-11-24-13h53m19s572-300x169.png 300w, https:\/\/iil.ee\/wp-content\/uploads\/2025\/11\/vlcsnap-2025-11-24-13h53m19s572-1024x576.png 1024w, https:\/\/iil.ee\/wp-content\/uploads\/2025\/11\/vlcsnap-2025-11-24-13h53m19s572-768x432.png 768w, https:\/\/iil.ee\/wp-content\/uploads\/2025\/11\/vlcsnap-2025-11-24-13h53m19s572-1536x864.png 1536w, https:\/\/iil.ee\/wp-content\/uploads\/2025\/11\/vlcsnap-2025-11-24-13h53m19s572-18x10.png 18w\" sizes=\"auto, (max-width: 1920px) 100vw, 1920px\" \/>      <\/div>\n    <\/a>\n  \n      \n    <div class=\"bde-loop-item__wrap ee-post-wrap\">\n      \n          <h3 class=\"ee-post-title\">\n    <a class=\"bde-loop-item__title-link ee-post-title-link\" href=\"https:\/\/iil.ee\/en\/soiduplaanid\/keila-linnaliinide-uus-liikumistee\" >\n        The routes of Keila's city lines K11, K12, and K14 will change from May 4, 2026    <\/a>\n    <\/h3>\n          <div class=\"bde-loop-item__post-meta ee-post-meta\">\n                                                    <span class=\"bde-loop-item__meta-date bde-loop-item__meta-item ee-post-meta-date ee-post-meta-item\">\n                                          28.04.26                                      <\/span>\n                                    \n        <\/div>\n      <ul class=\"bde-loop-item__post-tax ee-post-taxonomy\"><li class=\"bde-loop-item__tax-item ee-post-taxonomy-item\">Timetables<\/li><\/ul>        <div class=\"bde-loop-item__content ee-post-content\">\n            From Monday, 4 May 2026, the routes of Keila\u2019s local bus lines K11, K12, and K14 will change between the Keila Church and Luha bus stops. Buses will no longer travel via Tallinna maantee but will henceforth use in both directions...        <\/div>\n      \n      \n    <\/div>\n\n    <\/article>\n\n        <article class=\"bde-loop-item ee-post\">\n                <a class=\"bde-loop-item__image-link ee-post-image-link\" href=\"https:\/\/iil.ee\/en\/soiduplaanid\/maardus-suletakse-ajutiselt-keemikute-ja-orumetsa-tanava-ristmik-perioodil-06-05-08-05-2026\" aria-label=\"The intersection of Keemikute and Orumetsa streets in Maardu will be temporarily closed from 06.05\u201308.05.2026.\">\n      <div class=\"bde-loop-item__image ee-post-image\">\n          <img loading=\"lazy\" decoding=\"async\" width=\"1920\" height=\"1080\" src=\"https:\/\/iil.ee\/wp-content\/uploads\/2025\/06\/Iil-38.jpg\" class=\"attachment-full size-full wp-post-image\" alt=\"\" srcset=\"https:\/\/iil.ee\/wp-content\/uploads\/2025\/06\/Iil-38.jpg 1920w, https:\/\/iil.ee\/wp-content\/uploads\/2025\/06\/Iil-38-300x169.jpg 300w, https:\/\/iil.ee\/wp-content\/uploads\/2025\/06\/Iil-38-1024x576.jpg 1024w, https:\/\/iil.ee\/wp-content\/uploads\/2025\/06\/Iil-38-768x432.jpg 768w, https:\/\/iil.ee\/wp-content\/uploads\/2025\/06\/Iil-38-1536x864.jpg 1536w, https:\/\/iil.ee\/wp-content\/uploads\/2025\/06\/Iil-38-18x10.jpg 18w\" sizes=\"auto, (max-width: 1920px) 100vw, 1920px\" \/>      <\/div>\n    <\/a>\n  \n      \n    <div class=\"bde-loop-item__wrap ee-post-wrap\">\n      \n          <h3 class=\"ee-post-title\">\n    <a class=\"bde-loop-item__title-link ee-post-title-link\" href=\"https:\/\/iil.ee\/en\/soiduplaanid\/maardus-suletakse-ajutiselt-keemikute-ja-orumetsa-tanava-ristmik-perioodil-06-05-08-05-2026\" >\n        The intersection of Keemikute and Orumetsa streets in Maardu will be temporarily closed from 06.05\u201308.05.2026.    <\/a>\n    <\/h3>\n          <div class=\"bde-loop-item__post-meta ee-post-meta\">\n                                                    <span class=\"bde-loop-item__meta-date bde-loop-item__meta-item ee-post-meta-date ee-post-meta-item\">\n                                          28.04.26                                      <\/span>\n                                    \n        <\/div>\n      <ul class=\"bde-loop-item__post-tax ee-post-taxonomy\"><li class=\"bde-loop-item__tax-item ee-post-taxonomy-item\">Timetables<\/li><\/ul>        <div class=\"bde-loop-item__content ee-post-content\">\n            Due to the closure of the intersection of Keemikute and Orumetsa streets in the city of Maardu, bus routes will be temporarily diverted. The closure is planned from 6 May at 7:00 AM to 8 May at 11:00 PM. Bus routes 100, 101, 170, 171\u2026        <\/div>\n      \n      \n    <\/div>\n\n    <\/article>\n\n        <article class=\"bde-loop-item ee-post\">\n                <a class=\"bde-loop-item__image-link ee-post-image-link\" href=\"https:\/\/iil.ee\/en\/soiduplaanid\/liikluskorralduse-muudatus-laane-virumaal-2-mail-2026\" aria-label=\"Traffic management changes in L\u00e4\u00e4ne-Viru County on 2 May 2026\">\n      <div class=\"bde-loop-item__image ee-post-image\">\n          <img loading=\"lazy\" decoding=\"async\" width=\"1920\" height=\"1080\" src=\"https:\/\/iil.ee\/wp-content\/uploads\/2025\/06\/Iil-12.jpg\" class=\"attachment-full size-full wp-post-image\" alt=\"\" srcset=\"https:\/\/iil.ee\/wp-content\/uploads\/2025\/06\/Iil-12.jpg 1920w, https:\/\/iil.ee\/wp-content\/uploads\/2025\/06\/Iil-12-300x169.jpg 300w, https:\/\/iil.ee\/wp-content\/uploads\/2025\/06\/Iil-12-1024x576.jpg 1024w, https:\/\/iil.ee\/wp-content\/uploads\/2025\/06\/Iil-12-768x432.jpg 768w, https:\/\/iil.ee\/wp-content\/uploads\/2025\/06\/Iil-12-1536x864.jpg 1536w, https:\/\/iil.ee\/wp-content\/uploads\/2025\/06\/Iil-12-18x10.jpg 18w\" sizes=\"auto, (max-width: 1920px) 100vw, 1920px\" \/>      <\/div>\n    <\/a>\n  \n      \n    <div class=\"bde-loop-item__wrap ee-post-wrap\">\n      \n          <h3 class=\"ee-post-title\">\n    <a class=\"bde-loop-item__title-link ee-post-title-link\" href=\"https:\/\/iil.ee\/en\/soiduplaanid\/liikluskorralduse-muudatus-laane-virumaal-2-mail-2026\" >\n        Traffic management changes in L\u00e4\u00e4ne-Viru County on 2 May 2026    <\/a>\n    <\/h3>\n          <div class=\"bde-loop-item__post-meta ee-post-meta\">\n                                                    <span class=\"bde-loop-item__meta-date bde-loop-item__meta-item ee-post-meta-date ee-post-meta-item\">\n                                          22.04.26                                      <\/span>\n                                    \n        <\/div>\n      <ul class=\"bde-loop-item__post-tax ee-post-taxonomy\"><li class=\"bde-loop-item__tax-item ee-post-taxonomy-item\">Timetables<\/li><\/ul>        <div class=\"bde-loop-item__content ee-post-content\">\n            On the 2nd of May, the car event Drivestonia 2026 will take place in L\u00e4\u00e4ne-Viru county, in Vinni municipality, near Ulvi. In connection with the event, sections of the S\u00f5meru\u2013Kabala road and the Nurkse\u2013P\u00f5lula road will be closed between 9:00 AM and 2:00 PM. During the event, bus transport will be rerouted...        <\/div>\n      \n      \n    <\/div>\n\n    <\/article>\n\n        <article class=\"bde-loop-item ee-post\">\n                <a class=\"bde-loop-item__image-link ee-post-image-link\" href=\"https:\/\/iil.ee\/en\/iil\/iil-alustab-rahulolu-uuring-labiviimisega\" aria-label=\"IIL is starting to conduct a satisfaction survey\">\n      <div class=\"bde-loop-item__image ee-post-image\">\n          <img loading=\"lazy\" decoding=\"async\" width=\"1920\" height=\"1080\" src=\"https:\/\/iil.ee\/wp-content\/uploads\/2025\/06\/Iil-2.jpg\" class=\"attachment-full size-full wp-post-image\" alt=\"\" srcset=\"https:\/\/iil.ee\/wp-content\/uploads\/2025\/06\/Iil-2.jpg 1920w, https:\/\/iil.ee\/wp-content\/uploads\/2025\/06\/Iil-2-300x169.jpg 300w, https:\/\/iil.ee\/wp-content\/uploads\/2025\/06\/Iil-2-1024x576.jpg 1024w, https:\/\/iil.ee\/wp-content\/uploads\/2025\/06\/Iil-2-768x432.jpg 768w, https:\/\/iil.ee\/wp-content\/uploads\/2025\/06\/Iil-2-1536x864.jpg 1536w, https:\/\/iil.ee\/wp-content\/uploads\/2025\/06\/Iil-2-18x10.jpg 18w\" sizes=\"auto, (max-width: 1920px) 100vw, 1920px\" \/>      <\/div>\n    <\/a>\n  \n      \n    <div class=\"bde-loop-item__wrap ee-post-wrap\">\n      \n          <h3 class=\"ee-post-title\">\n    <a class=\"bde-loop-item__title-link ee-post-title-link\" href=\"https:\/\/iil.ee\/en\/iil\/iil-alustab-rahulolu-uuring-labiviimisega\" >\n        IIL is starting to conduct a satisfaction survey    <\/a>\n    <\/h3>\n          <div class=\"bde-loop-item__post-meta ee-post-meta\">\n                                                    <span class=\"bde-loop-item__meta-date bde-loop-item__meta-item ee-post-meta-date ee-post-meta-item\">\n                                          17.04.26                                      <\/span>\n                                    \n        <\/div>\n      <ul class=\"bde-loop-item__post-tax ee-post-taxonomy\"><li class=\"bde-loop-item__tax-item ee-post-taxonomy-item\">IIL<\/li><\/ul>        <div class=\"bde-loop-item__content ee-post-content\">\n            &nbsp; From Monday 20th April until the end of May, IIL, in collaboration with Eesti Uuringukeskus O\u00dc, will be conducting a satisfaction survey on bus routes in the counties of Harju, L\u00e4\u00e4ne, Rapla and L\u00e4\u00e4ne-Viru. We will be mapping passenger satisfaction regarding various aspects affecting the customer experience\u2026        <\/div>\n      \n      \n    <\/div>\n\n    <\/article>\n\n        <article class=\"bde-loop-item ee-post\">\n                <a class=\"bde-loop-item__image-link ee-post-image-link\" href=\"https:\/\/iil.ee\/en\/soiduplaanid\/muudatused-joelahtme-siseliinidel-j17-ja-j18-alates-20-aprillist\" aria-label=\"Changes to J\u00f5el\u00e4htme internal routes J17 and J18 from 20 April\">\n      <div class=\"bde-loop-item__image ee-post-image\">\n          <img loading=\"lazy\" decoding=\"async\" width=\"1920\" height=\"1080\" src=\"https:\/\/iil.ee\/wp-content\/uploads\/2025\/06\/Iil-1.jpg\" class=\"attachment-full size-full wp-post-image\" alt=\"\" srcset=\"https:\/\/iil.ee\/wp-content\/uploads\/2025\/06\/Iil-1.jpg 1920w, https:\/\/iil.ee\/wp-content\/uploads\/2025\/06\/Iil-1-300x169.jpg 300w, https:\/\/iil.ee\/wp-content\/uploads\/2025\/06\/Iil-1-1024x576.jpg 1024w, https:\/\/iil.ee\/wp-content\/uploads\/2025\/06\/Iil-1-768x432.jpg 768w, https:\/\/iil.ee\/wp-content\/uploads\/2025\/06\/Iil-1-1536x864.jpg 1536w, https:\/\/iil.ee\/wp-content\/uploads\/2025\/06\/Iil-1-18x10.jpg 18w\" sizes=\"auto, (max-width: 1920px) 100vw, 1920px\" \/>      <\/div>\n    <\/a>\n  \n      \n    <div class=\"bde-loop-item__wrap ee-post-wrap\">\n      \n          <h3 class=\"ee-post-title\">\n    <a class=\"bde-loop-item__title-link ee-post-title-link\" href=\"https:\/\/iil.ee\/en\/soiduplaanid\/muudatused-joelahtme-siseliinidel-j17-ja-j18-alates-20-aprillist\" >\n        Changes to J\u00f5el\u00e4htme internal routes J17 and J18 from 20 April    <\/a>\n    <\/h3>\n          <div class=\"bde-loop-item__post-meta ee-post-meta\">\n                                                    <span class=\"bde-loop-item__meta-date bde-loop-item__meta-item ee-post-meta-date ee-post-meta-item\">\n                                          13.04.26                                      <\/span>\n                                    \n        <\/div>\n      <ul class=\"bde-loop-item__post-tax ee-post-taxonomy\"><li class=\"bde-loop-item__tax-item ee-post-taxonomy-item\">Timetables<\/li><\/ul>        <div class=\"bde-loop-item__content ee-post-content\">\n            From 20.04.2026, the following changes will be made to the J\u00f5el\u00e4htme internal routes J17 and J18: Route J17 will operate on all school days, the timetable will not change. Service on route J18 will be discontinued.        <\/div>\n      \n      \n    <\/div>\n\n    <\/article>\n\n        <article class=\"bde-loop-item ee-post\">\n                <a class=\"bde-loop-item__image-link ee-post-image-link\" href=\"https:\/\/iil.ee\/en\/soiduplaanid\/raplamaa-uued-soiduplaanid\" aria-label=\"Raplamaa bus timetables from 13th April 2026\">\n      <div class=\"bde-loop-item__image ee-post-image\">\n          <img loading=\"lazy\" decoding=\"async\" width=\"1920\" height=\"1080\" src=\"https:\/\/iil.ee\/wp-content\/uploads\/2025\/06\/Iil-11.jpg\" class=\"attachment-full size-full wp-post-image\" alt=\"\" srcset=\"https:\/\/iil.ee\/wp-content\/uploads\/2025\/06\/Iil-11.jpg 1920w, https:\/\/iil.ee\/wp-content\/uploads\/2025\/06\/Iil-11-300x169.jpg 300w, https:\/\/iil.ee\/wp-content\/uploads\/2025\/06\/Iil-11-1024x576.jpg 1024w, https:\/\/iil.ee\/wp-content\/uploads\/2025\/06\/Iil-11-768x432.jpg 768w, https:\/\/iil.ee\/wp-content\/uploads\/2025\/06\/Iil-11-1536x864.jpg 1536w, https:\/\/iil.ee\/wp-content\/uploads\/2025\/06\/Iil-11-18x10.jpg 18w\" sizes=\"auto, (max-width: 1920px) 100vw, 1920px\" \/>      <\/div>\n    <\/a>\n  \n      \n    <div class=\"bde-loop-item__wrap ee-post-wrap\">\n      \n          <h3 class=\"ee-post-title\">\n    <a class=\"bde-loop-item__title-link ee-post-title-link\" href=\"https:\/\/iil.ee\/en\/soiduplaanid\/raplamaa-uued-soiduplaanid\" >\n        Raplamaa bus timetables from 13th April 2026    <\/a>\n    <\/h3>\n          <div class=\"bde-loop-item__post-meta ee-post-meta\">\n                                                    <span class=\"bde-loop-item__meta-date bde-loop-item__meta-item ee-post-meta-date ee-post-meta-item\">\n                                          02.04.26                                      <\/span>\n                                    \n        <\/div>\n      <ul class=\"bde-loop-item__post-tax ee-post-taxonomy\"><li class=\"bde-loop-item__tax-item ee-post-taxonomy-item\">Timetables<\/li><\/ul>        <div class=\"bde-loop-item__content ee-post-content\">\n            From 13 April 2026, the timetables for Raplamaa bus routes no. 20, 31 and 34 will change. The routes will have the following changes: Route 20 Rapla \u2013 Kehtna On weekdays, the bus departing from Rapla bus station at 08:20 will start\u2026        <\/div>\n      \n      \n    <\/div>\n\n    <\/article>\n\n    <\/div>\n<\/div>\n  <\/div>\n<\/div>\n\n<\/div><div class=\"bde-advanced-tabs-content-18-305 bde-advanced-tabs-content\">\n<div tabindex=\"0\" role=\"tabpanel\" class=\"bde-tabs__panel js-panel\" id=\"\" aria-labelledby=\"\">\n  <div class=\"bde-tabs__panel-content\">\n    <div class=\"bde-post-list-18-313 bde-post-list\">\n<div class=\"bde-loop bde-loop-grid ee-posts ee-posts-grid\">    <article class=\"bde-loop-item ee-post\">\n                <a class=\"bde-loop-item__image-link ee-post-image-link\" href=\"https:\/\/iil.ee\/en\/soiduplaanid\/keila-linnaliinide-uus-liikumistee\" aria-label=\"The routes of Keila&#039;s city lines K11, K12, and K14 will change from May 4, 2026\">\n      <div class=\"bde-loop-item__image ee-post-image\">\n          <img loading=\"lazy\" decoding=\"async\" width=\"1920\" height=\"1080\" src=\"https:\/\/iil.ee\/wp-content\/uploads\/2025\/11\/vlcsnap-2025-11-24-13h53m19s572.png\" class=\"attachment-full size-full wp-post-image\" alt=\"\" srcset=\"https:\/\/iil.ee\/wp-content\/uploads\/2025\/11\/vlcsnap-2025-11-24-13h53m19s572.png 1920w, https:\/\/iil.ee\/wp-content\/uploads\/2025\/11\/vlcsnap-2025-11-24-13h53m19s572-300x169.png 300w, https:\/\/iil.ee\/wp-content\/uploads\/2025\/11\/vlcsnap-2025-11-24-13h53m19s572-1024x576.png 1024w, https:\/\/iil.ee\/wp-content\/uploads\/2025\/11\/vlcsnap-2025-11-24-13h53m19s572-768x432.png 768w, https:\/\/iil.ee\/wp-content\/uploads\/2025\/11\/vlcsnap-2025-11-24-13h53m19s572-1536x864.png 1536w, https:\/\/iil.ee\/wp-content\/uploads\/2025\/11\/vlcsnap-2025-11-24-13h53m19s572-18x10.png 18w\" sizes=\"auto, (max-width: 1920px) 100vw, 1920px\" \/>      <\/div>\n    <\/a>\n  \n      \n    <div class=\"bde-loop-item__wrap ee-post-wrap\">\n      \n          <h3 class=\"ee-post-title\">\n    <a class=\"bde-loop-item__title-link ee-post-title-link\" href=\"https:\/\/iil.ee\/en\/soiduplaanid\/keila-linnaliinide-uus-liikumistee\" >\n        The routes of Keila's city lines K11, K12, and K14 will change from May 4, 2026    <\/a>\n    <\/h3>\n          <div class=\"bde-loop-item__post-meta ee-post-meta\">\n                                                    <span class=\"bde-loop-item__meta-date bde-loop-item__meta-item ee-post-meta-date ee-post-meta-item\">\n                                          28.04.26                                      <\/span>\n                                    \n        <\/div>\n      <ul class=\"bde-loop-item__post-tax ee-post-taxonomy\"><li class=\"bde-loop-item__tax-item ee-post-taxonomy-item\">Timetables<\/li><\/ul>        <div class=\"bde-loop-item__content ee-post-content\">\n            From Monday, 4 May 2026, the routes of Keila\u2019s local bus lines K11, K12, and K14 will change between the Keila Church and Luha bus stops. Buses will no longer travel via Tallinna maantee but will henceforth use in both directions...        <\/div>\n      \n      \n    <\/div>\n\n    <\/article>\n\n        <article class=\"bde-loop-item ee-post\">\n                <a class=\"bde-loop-item__image-link ee-post-image-link\" href=\"https:\/\/iil.ee\/en\/soiduplaanid\/maardus-suletakse-ajutiselt-keemikute-ja-orumetsa-tanava-ristmik-perioodil-06-05-08-05-2026\" aria-label=\"The intersection of Keemikute and Orumetsa streets in Maardu will be temporarily closed from 06.05\u201308.05.2026.\">\n      <div class=\"bde-loop-item__image ee-post-image\">\n          <img loading=\"lazy\" decoding=\"async\" width=\"1920\" height=\"1080\" src=\"https:\/\/iil.ee\/wp-content\/uploads\/2025\/06\/Iil-38.jpg\" class=\"attachment-full size-full wp-post-image\" alt=\"\" srcset=\"https:\/\/iil.ee\/wp-content\/uploads\/2025\/06\/Iil-38.jpg 1920w, https:\/\/iil.ee\/wp-content\/uploads\/2025\/06\/Iil-38-300x169.jpg 300w, https:\/\/iil.ee\/wp-content\/uploads\/2025\/06\/Iil-38-1024x576.jpg 1024w, https:\/\/iil.ee\/wp-content\/uploads\/2025\/06\/Iil-38-768x432.jpg 768w, https:\/\/iil.ee\/wp-content\/uploads\/2025\/06\/Iil-38-1536x864.jpg 1536w, https:\/\/iil.ee\/wp-content\/uploads\/2025\/06\/Iil-38-18x10.jpg 18w\" sizes=\"auto, (max-width: 1920px) 100vw, 1920px\" \/>      <\/div>\n    <\/a>\n  \n      \n    <div class=\"bde-loop-item__wrap ee-post-wrap\">\n      \n          <h3 class=\"ee-post-title\">\n    <a class=\"bde-loop-item__title-link ee-post-title-link\" href=\"https:\/\/iil.ee\/en\/soiduplaanid\/maardus-suletakse-ajutiselt-keemikute-ja-orumetsa-tanava-ristmik-perioodil-06-05-08-05-2026\" >\n        The intersection of Keemikute and Orumetsa streets in Maardu will be temporarily closed from 06.05\u201308.05.2026.    <\/a>\n    <\/h3>\n          <div class=\"bde-loop-item__post-meta ee-post-meta\">\n                                                    <span class=\"bde-loop-item__meta-date bde-loop-item__meta-item ee-post-meta-date ee-post-meta-item\">\n                                          28.04.26                                      <\/span>\n                                    \n        <\/div>\n      <ul class=\"bde-loop-item__post-tax ee-post-taxonomy\"><li class=\"bde-loop-item__tax-item ee-post-taxonomy-item\">Timetables<\/li><\/ul>        <div class=\"bde-loop-item__content ee-post-content\">\n            Due to the closure of the intersection of Keemikute and Orumetsa streets in the city of Maardu, bus routes will be temporarily diverted. The closure is planned from 6 May at 7:00 AM to 8 May at 11:00 PM. Bus routes 100, 101, 170, 171\u2026        <\/div>\n      \n      \n    <\/div>\n\n    <\/article>\n\n        <article class=\"bde-loop-item ee-post\">\n                <a class=\"bde-loop-item__image-link ee-post-image-link\" href=\"https:\/\/iil.ee\/en\/soiduplaanid\/liikluskorralduse-muudatus-laane-virumaal-2-mail-2026\" aria-label=\"Traffic management changes in L\u00e4\u00e4ne-Viru County on 2 May 2026\">\n      <div class=\"bde-loop-item__image ee-post-image\">\n          <img loading=\"lazy\" decoding=\"async\" width=\"1920\" height=\"1080\" src=\"https:\/\/iil.ee\/wp-content\/uploads\/2025\/06\/Iil-12.jpg\" class=\"attachment-full size-full wp-post-image\" alt=\"\" srcset=\"https:\/\/iil.ee\/wp-content\/uploads\/2025\/06\/Iil-12.jpg 1920w, https:\/\/iil.ee\/wp-content\/uploads\/2025\/06\/Iil-12-300x169.jpg 300w, https:\/\/iil.ee\/wp-content\/uploads\/2025\/06\/Iil-12-1024x576.jpg 1024w, https:\/\/iil.ee\/wp-content\/uploads\/2025\/06\/Iil-12-768x432.jpg 768w, https:\/\/iil.ee\/wp-content\/uploads\/2025\/06\/Iil-12-1536x864.jpg 1536w, https:\/\/iil.ee\/wp-content\/uploads\/2025\/06\/Iil-12-18x10.jpg 18w\" sizes=\"auto, (max-width: 1920px) 100vw, 1920px\" \/>      <\/div>\n    <\/a>\n  \n      \n    <div class=\"bde-loop-item__wrap ee-post-wrap\">\n      \n          <h3 class=\"ee-post-title\">\n    <a class=\"bde-loop-item__title-link ee-post-title-link\" href=\"https:\/\/iil.ee\/en\/soiduplaanid\/liikluskorralduse-muudatus-laane-virumaal-2-mail-2026\" >\n        Traffic management changes in L\u00e4\u00e4ne-Viru County on 2 May 2026    <\/a>\n    <\/h3>\n          <div class=\"bde-loop-item__post-meta ee-post-meta\">\n                                                    <span class=\"bde-loop-item__meta-date bde-loop-item__meta-item ee-post-meta-date ee-post-meta-item\">\n                                          22.04.26                                      <\/span>\n                                    \n        <\/div>\n      <ul class=\"bde-loop-item__post-tax ee-post-taxonomy\"><li class=\"bde-loop-item__tax-item ee-post-taxonomy-item\">Timetables<\/li><\/ul>        <div class=\"bde-loop-item__content ee-post-content\">\n            On the 2nd of May, the car event Drivestonia 2026 will take place in L\u00e4\u00e4ne-Viru county, in Vinni municipality, near Ulvi. In connection with the event, sections of the S\u00f5meru\u2013Kabala road and the Nurkse\u2013P\u00f5lula road will be closed between 9:00 AM and 2:00 PM. During the event, bus transport will be rerouted...        <\/div>\n      \n      \n    <\/div>\n\n    <\/article>\n\n        <article class=\"bde-loop-item ee-post\">\n                <a class=\"bde-loop-item__image-link ee-post-image-link\" href=\"https:\/\/iil.ee\/en\/iil\/iil-alustab-rahulolu-uuring-labiviimisega\" aria-label=\"IIL is starting to conduct a satisfaction survey\">\n      <div class=\"bde-loop-item__image ee-post-image\">\n          <img loading=\"lazy\" decoding=\"async\" width=\"1920\" height=\"1080\" src=\"https:\/\/iil.ee\/wp-content\/uploads\/2025\/06\/Iil-2.jpg\" class=\"attachment-full size-full wp-post-image\" alt=\"\" srcset=\"https:\/\/iil.ee\/wp-content\/uploads\/2025\/06\/Iil-2.jpg 1920w, https:\/\/iil.ee\/wp-content\/uploads\/2025\/06\/Iil-2-300x169.jpg 300w, https:\/\/iil.ee\/wp-content\/uploads\/2025\/06\/Iil-2-1024x576.jpg 1024w, https:\/\/iil.ee\/wp-content\/uploads\/2025\/06\/Iil-2-768x432.jpg 768w, https:\/\/iil.ee\/wp-content\/uploads\/2025\/06\/Iil-2-1536x864.jpg 1536w, https:\/\/iil.ee\/wp-content\/uploads\/2025\/06\/Iil-2-18x10.jpg 18w\" sizes=\"auto, (max-width: 1920px) 100vw, 1920px\" \/>      <\/div>\n    <\/a>\n  \n      \n    <div class=\"bde-loop-item__wrap ee-post-wrap\">\n      \n          <h3 class=\"ee-post-title\">\n    <a class=\"bde-loop-item__title-link ee-post-title-link\" href=\"https:\/\/iil.ee\/en\/iil\/iil-alustab-rahulolu-uuring-labiviimisega\" >\n        IIL is starting to conduct a satisfaction survey    <\/a>\n    <\/h3>\n          <div class=\"bde-loop-item__post-meta ee-post-meta\">\n                                                    <span class=\"bde-loop-item__meta-date bde-loop-item__meta-item ee-post-meta-date ee-post-meta-item\">\n                                          17.04.26                                      <\/span>\n                                    \n        <\/div>\n      <ul class=\"bde-loop-item__post-tax ee-post-taxonomy\"><li class=\"bde-loop-item__tax-item ee-post-taxonomy-item\">IIL<\/li><\/ul>        <div class=\"bde-loop-item__content ee-post-content\">\n            &nbsp; From Monday 20th April until the end of May, IIL, in collaboration with Eesti Uuringukeskus O\u00dc, will be conducting a satisfaction survey on bus routes in the counties of Harju, L\u00e4\u00e4ne, Rapla and L\u00e4\u00e4ne-Viru. We will be mapping passenger satisfaction regarding various aspects affecting the customer experience\u2026        <\/div>\n      \n      \n    <\/div>\n\n    <\/article>\n\n        <article class=\"bde-loop-item ee-post\">\n                <a class=\"bde-loop-item__image-link ee-post-image-link\" href=\"https:\/\/iil.ee\/en\/soiduplaanid\/muudatused-joelahtme-siseliinidel-j17-ja-j18-alates-20-aprillist\" aria-label=\"Changes to J\u00f5el\u00e4htme internal routes J17 and J18 from 20 April\">\n      <div class=\"bde-loop-item__image ee-post-image\">\n          <img loading=\"lazy\" decoding=\"async\" width=\"1920\" height=\"1080\" src=\"https:\/\/iil.ee\/wp-content\/uploads\/2025\/06\/Iil-1.jpg\" class=\"attachment-full size-full wp-post-image\" alt=\"\" srcset=\"https:\/\/iil.ee\/wp-content\/uploads\/2025\/06\/Iil-1.jpg 1920w, https:\/\/iil.ee\/wp-content\/uploads\/2025\/06\/Iil-1-300x169.jpg 300w, https:\/\/iil.ee\/wp-content\/uploads\/2025\/06\/Iil-1-1024x576.jpg 1024w, https:\/\/iil.ee\/wp-content\/uploads\/2025\/06\/Iil-1-768x432.jpg 768w, https:\/\/iil.ee\/wp-content\/uploads\/2025\/06\/Iil-1-1536x864.jpg 1536w, https:\/\/iil.ee\/wp-content\/uploads\/2025\/06\/Iil-1-18x10.jpg 18w\" sizes=\"auto, (max-width: 1920px) 100vw, 1920px\" \/>      <\/div>\n    <\/a>\n  \n      \n    <div class=\"bde-loop-item__wrap ee-post-wrap\">\n      \n          <h3 class=\"ee-post-title\">\n    <a class=\"bde-loop-item__title-link ee-post-title-link\" href=\"https:\/\/iil.ee\/en\/soiduplaanid\/muudatused-joelahtme-siseliinidel-j17-ja-j18-alates-20-aprillist\" >\n        Changes to J\u00f5el\u00e4htme internal routes J17 and J18 from 20 April    <\/a>\n    <\/h3>\n          <div class=\"bde-loop-item__post-meta ee-post-meta\">\n                                                    <span class=\"bde-loop-item__meta-date bde-loop-item__meta-item ee-post-meta-date ee-post-meta-item\">\n                                          13.04.26                                      <\/span>\n                                    \n        <\/div>\n      <ul class=\"bde-loop-item__post-tax ee-post-taxonomy\"><li class=\"bde-loop-item__tax-item ee-post-taxonomy-item\">Timetables<\/li><\/ul>        <div class=\"bde-loop-item__content ee-post-content\">\n            From 20.04.2026, the following changes will be made to the J\u00f5el\u00e4htme internal routes J17 and J18: Route J17 will operate on all school days, the timetable will not change. Service on route J18 will be discontinued.        <\/div>\n      \n      \n    <\/div>\n\n    <\/article>\n\n        <article class=\"bde-loop-item ee-post\">\n                <a class=\"bde-loop-item__image-link ee-post-image-link\" href=\"https:\/\/iil.ee\/en\/soiduplaanid\/raplamaa-uued-soiduplaanid\" aria-label=\"Raplamaa bus timetables from 13th April 2026\">\n      <div class=\"bde-loop-item__image ee-post-image\">\n          <img loading=\"lazy\" decoding=\"async\" width=\"1920\" height=\"1080\" src=\"https:\/\/iil.ee\/wp-content\/uploads\/2025\/06\/Iil-11.jpg\" class=\"attachment-full size-full wp-post-image\" alt=\"\" srcset=\"https:\/\/iil.ee\/wp-content\/uploads\/2025\/06\/Iil-11.jpg 1920w, https:\/\/iil.ee\/wp-content\/uploads\/2025\/06\/Iil-11-300x169.jpg 300w, https:\/\/iil.ee\/wp-content\/uploads\/2025\/06\/Iil-11-1024x576.jpg 1024w, https:\/\/iil.ee\/wp-content\/uploads\/2025\/06\/Iil-11-768x432.jpg 768w, https:\/\/iil.ee\/wp-content\/uploads\/2025\/06\/Iil-11-1536x864.jpg 1536w, https:\/\/iil.ee\/wp-content\/uploads\/2025\/06\/Iil-11-18x10.jpg 18w\" sizes=\"auto, (max-width: 1920px) 100vw, 1920px\" \/>      <\/div>\n    <\/a>\n  \n      \n    <div class=\"bde-loop-item__wrap ee-post-wrap\">\n      \n          <h3 class=\"ee-post-title\">\n    <a class=\"bde-loop-item__title-link ee-post-title-link\" href=\"https:\/\/iil.ee\/en\/soiduplaanid\/raplamaa-uued-soiduplaanid\" >\n        Raplamaa bus timetables from 13th April 2026    <\/a>\n    <\/h3>\n          <div class=\"bde-loop-item__post-meta ee-post-meta\">\n                                                    <span class=\"bde-loop-item__meta-date bde-loop-item__meta-item ee-post-meta-date ee-post-meta-item\">\n                                          02.04.26                                      <\/span>\n                                    \n        <\/div>\n      <ul class=\"bde-loop-item__post-tax ee-post-taxonomy\"><li class=\"bde-loop-item__tax-item ee-post-taxonomy-item\">Timetables<\/li><\/ul>        <div class=\"bde-loop-item__content ee-post-content\">\n            From 13 April 2026, the timetables for Raplamaa bus routes no. 20, 31 and 34 will change. The routes will have the following changes: Route 20 Rapla \u2013 Kehtna On weekdays, the bus departing from Rapla bus station at 08:20 will start\u2026        <\/div>\n      \n      \n    <\/div>\n\n    <\/article>\n\n    <\/div>\n<\/div>\n  <\/div>\n<\/div>\n\n<\/div>\n<\/div>\n\n\n<\/div>\n  <\/div>\n<\/div>\n\n<\/div>\n<\/div>\n\n\n<\/div>\n  <\/div>\n<\/div>\n\n<\/div><div class=\"bde-advanced-tabs-content-18-210 bde-advanced-tabs-content\">\n<div tabindex=\"0\" role=\"tabpanel\" class=\"bde-tabs__panel js-panel\" id=\"\" aria-labelledby=\"\">\n  <div class=\"bde-tabs__panel-content\">\n    <div class=\"bde-post-list-18-213 bde-post-list\">\n<div class=\"bde-loop bde-loop-grid ee-posts ee-posts-grid\">    <article class=\"bde-loop-item ee-post\">\n                <a class=\"bde-loop-item__image-link ee-post-image-link\" href=\"https:\/\/iil.ee\/en\/soiduplaanid\/keila-linnaliinide-uus-liikumistee\" aria-label=\"The routes of Keila&#039;s city lines K11, K12, and K14 will change from May 4, 2026\">\n      <div class=\"bde-loop-item__image ee-post-image\">\n          <img loading=\"lazy\" decoding=\"async\" width=\"1920\" height=\"1080\" src=\"https:\/\/iil.ee\/wp-content\/uploads\/2025\/11\/vlcsnap-2025-11-24-13h53m19s572.png\" class=\"attachment-full size-full wp-post-image\" alt=\"\" srcset=\"https:\/\/iil.ee\/wp-content\/uploads\/2025\/11\/vlcsnap-2025-11-24-13h53m19s572.png 1920w, https:\/\/iil.ee\/wp-content\/uploads\/2025\/11\/vlcsnap-2025-11-24-13h53m19s572-300x169.png 300w, https:\/\/iil.ee\/wp-content\/uploads\/2025\/11\/vlcsnap-2025-11-24-13h53m19s572-1024x576.png 1024w, https:\/\/iil.ee\/wp-content\/uploads\/2025\/11\/vlcsnap-2025-11-24-13h53m19s572-768x432.png 768w, https:\/\/iil.ee\/wp-content\/uploads\/2025\/11\/vlcsnap-2025-11-24-13h53m19s572-1536x864.png 1536w, https:\/\/iil.ee\/wp-content\/uploads\/2025\/11\/vlcsnap-2025-11-24-13h53m19s572-18x10.png 18w\" sizes=\"auto, (max-width: 1920px) 100vw, 1920px\" \/>      <\/div>\n    <\/a>\n  \n      \n    <div class=\"bde-loop-item__wrap ee-post-wrap\">\n      \n          <h3 class=\"ee-post-title\">\n    <a class=\"bde-loop-item__title-link ee-post-title-link\" href=\"https:\/\/iil.ee\/en\/soiduplaanid\/keila-linnaliinide-uus-liikumistee\" >\n        The routes of Keila's city lines K11, K12, and K14 will change from May 4, 2026    <\/a>\n    <\/h3>\n          <div class=\"bde-loop-item__post-meta ee-post-meta\">\n                                                    <span class=\"bde-loop-item__meta-date bde-loop-item__meta-item ee-post-meta-date ee-post-meta-item\">\n                                          28.04.26                                      <\/span>\n                                    \n        <\/div>\n      <ul class=\"bde-loop-item__post-tax ee-post-taxonomy\"><li class=\"bde-loop-item__tax-item ee-post-taxonomy-item\">Timetables<\/li><\/ul>        <div class=\"bde-loop-item__content ee-post-content\">\n            From Monday, 4 May 2026, the routes of Keila\u2019s local bus lines K11, K12, and K14 will change between the Keila Church and Luha bus stops. Buses will no longer travel via Tallinna maantee but will henceforth use in both directions...        <\/div>\n      \n      \n    <\/div>\n\n    <\/article>\n\n        <article class=\"bde-loop-item ee-post\">\n                <a class=\"bde-loop-item__image-link ee-post-image-link\" href=\"https:\/\/iil.ee\/en\/soiduplaanid\/maardus-suletakse-ajutiselt-keemikute-ja-orumetsa-tanava-ristmik-perioodil-06-05-08-05-2026\" aria-label=\"The intersection of Keemikute and Orumetsa streets in Maardu will be temporarily closed from 06.05\u201308.05.2026.\">\n      <div class=\"bde-loop-item__image ee-post-image\">\n          <img loading=\"lazy\" decoding=\"async\" width=\"1920\" height=\"1080\" src=\"https:\/\/iil.ee\/wp-content\/uploads\/2025\/06\/Iil-38.jpg\" class=\"attachment-full size-full wp-post-image\" alt=\"\" srcset=\"https:\/\/iil.ee\/wp-content\/uploads\/2025\/06\/Iil-38.jpg 1920w, https:\/\/iil.ee\/wp-content\/uploads\/2025\/06\/Iil-38-300x169.jpg 300w, https:\/\/iil.ee\/wp-content\/uploads\/2025\/06\/Iil-38-1024x576.jpg 1024w, https:\/\/iil.ee\/wp-content\/uploads\/2025\/06\/Iil-38-768x432.jpg 768w, https:\/\/iil.ee\/wp-content\/uploads\/2025\/06\/Iil-38-1536x864.jpg 1536w, https:\/\/iil.ee\/wp-content\/uploads\/2025\/06\/Iil-38-18x10.jpg 18w\" sizes=\"auto, (max-width: 1920px) 100vw, 1920px\" \/>      <\/div>\n    <\/a>\n  \n      \n    <div class=\"bde-loop-item__wrap ee-post-wrap\">\n      \n          <h3 class=\"ee-post-title\">\n    <a class=\"bde-loop-item__title-link ee-post-title-link\" href=\"https:\/\/iil.ee\/en\/soiduplaanid\/maardus-suletakse-ajutiselt-keemikute-ja-orumetsa-tanava-ristmik-perioodil-06-05-08-05-2026\" >\n        The intersection of Keemikute and Orumetsa streets in Maardu will be temporarily closed from 06.05\u201308.05.2026.    <\/a>\n    <\/h3>\n          <div class=\"bde-loop-item__post-meta ee-post-meta\">\n                                                    <span class=\"bde-loop-item__meta-date bde-loop-item__meta-item ee-post-meta-date ee-post-meta-item\">\n                                          28.04.26                                      <\/span>\n                                    \n        <\/div>\n      <ul class=\"bde-loop-item__post-tax ee-post-taxonomy\"><li class=\"bde-loop-item__tax-item ee-post-taxonomy-item\">Timetables<\/li><\/ul>        <div class=\"bde-loop-item__content ee-post-content\">\n            Due to the closure of the intersection of Keemikute and Orumetsa streets in the city of Maardu, bus routes will be temporarily diverted. The closure is planned from 6 May at 7:00 AM to 8 May at 11:00 PM. Bus routes 100, 101, 170, 171\u2026        <\/div>\n      \n      \n    <\/div>\n\n    <\/article>\n\n        <article class=\"bde-loop-item ee-post\">\n                <a class=\"bde-loop-item__image-link ee-post-image-link\" href=\"https:\/\/iil.ee\/en\/soiduplaanid\/liikluskorralduse-muudatus-laane-virumaal-2-mail-2026\" aria-label=\"Traffic management changes in L\u00e4\u00e4ne-Viru County on 2 May 2026\">\n      <div class=\"bde-loop-item__image ee-post-image\">\n          <img loading=\"lazy\" decoding=\"async\" width=\"1920\" height=\"1080\" src=\"https:\/\/iil.ee\/wp-content\/uploads\/2025\/06\/Iil-12.jpg\" class=\"attachment-full size-full wp-post-image\" alt=\"\" srcset=\"https:\/\/iil.ee\/wp-content\/uploads\/2025\/06\/Iil-12.jpg 1920w, https:\/\/iil.ee\/wp-content\/uploads\/2025\/06\/Iil-12-300x169.jpg 300w, https:\/\/iil.ee\/wp-content\/uploads\/2025\/06\/Iil-12-1024x576.jpg 1024w, https:\/\/iil.ee\/wp-content\/uploads\/2025\/06\/Iil-12-768x432.jpg 768w, https:\/\/iil.ee\/wp-content\/uploads\/2025\/06\/Iil-12-1536x864.jpg 1536w, https:\/\/iil.ee\/wp-content\/uploads\/2025\/06\/Iil-12-18x10.jpg 18w\" sizes=\"auto, (max-width: 1920px) 100vw, 1920px\" \/>      <\/div>\n    <\/a>\n  \n      \n    <div class=\"bde-loop-item__wrap ee-post-wrap\">\n      \n          <h3 class=\"ee-post-title\">\n    <a class=\"bde-loop-item__title-link ee-post-title-link\" href=\"https:\/\/iil.ee\/en\/soiduplaanid\/liikluskorralduse-muudatus-laane-virumaal-2-mail-2026\" >\n        Traffic management changes in L\u00e4\u00e4ne-Viru County on 2 May 2026    <\/a>\n    <\/h3>\n          <div class=\"bde-loop-item__post-meta ee-post-meta\">\n                                                    <span class=\"bde-loop-item__meta-date bde-loop-item__meta-item ee-post-meta-date ee-post-meta-item\">\n                                          22.04.26                                      <\/span>\n                                    \n        <\/div>\n      <ul class=\"bde-loop-item__post-tax ee-post-taxonomy\"><li class=\"bde-loop-item__tax-item ee-post-taxonomy-item\">Timetables<\/li><\/ul>        <div class=\"bde-loop-item__content ee-post-content\">\n            On the 2nd of May, the car event Drivestonia 2026 will take place in L\u00e4\u00e4ne-Viru county, in Vinni municipality, near Ulvi. In connection with the event, sections of the S\u00f5meru\u2013Kabala road and the Nurkse\u2013P\u00f5lula road will be closed between 9:00 AM and 2:00 PM. During the event, bus transport will be rerouted...        <\/div>\n      \n      \n    <\/div>\n\n    <\/article>\n\n        <article class=\"bde-loop-item ee-post\">\n                <a class=\"bde-loop-item__image-link ee-post-image-link\" href=\"https:\/\/iil.ee\/en\/iil\/iil-alustab-rahulolu-uuring-labiviimisega\" aria-label=\"IIL is starting to conduct a satisfaction survey\">\n      <div class=\"bde-loop-item__image ee-post-image\">\n          <img loading=\"lazy\" decoding=\"async\" width=\"1920\" height=\"1080\" src=\"https:\/\/iil.ee\/wp-content\/uploads\/2025\/06\/Iil-2.jpg\" class=\"attachment-full size-full wp-post-image\" alt=\"\" srcset=\"https:\/\/iil.ee\/wp-content\/uploads\/2025\/06\/Iil-2.jpg 1920w, https:\/\/iil.ee\/wp-content\/uploads\/2025\/06\/Iil-2-300x169.jpg 300w, https:\/\/iil.ee\/wp-content\/uploads\/2025\/06\/Iil-2-1024x576.jpg 1024w, https:\/\/iil.ee\/wp-content\/uploads\/2025\/06\/Iil-2-768x432.jpg 768w, https:\/\/iil.ee\/wp-content\/uploads\/2025\/06\/Iil-2-1536x864.jpg 1536w, https:\/\/iil.ee\/wp-content\/uploads\/2025\/06\/Iil-2-18x10.jpg 18w\" sizes=\"auto, (max-width: 1920px) 100vw, 1920px\" \/>      <\/div>\n    <\/a>\n  \n      \n    <div class=\"bde-loop-item__wrap ee-post-wrap\">\n      \n          <h3 class=\"ee-post-title\">\n    <a class=\"bde-loop-item__title-link ee-post-title-link\" href=\"https:\/\/iil.ee\/en\/iil\/iil-alustab-rahulolu-uuring-labiviimisega\" >\n        IIL is starting to conduct a satisfaction survey    <\/a>\n    <\/h3>\n          <div class=\"bde-loop-item__post-meta ee-post-meta\">\n                                                    <span class=\"bde-loop-item__meta-date bde-loop-item__meta-item ee-post-meta-date ee-post-meta-item\">\n                                          17.04.26                                      <\/span>\n                                    \n        <\/div>\n      <ul class=\"bde-loop-item__post-tax ee-post-taxonomy\"><li class=\"bde-loop-item__tax-item ee-post-taxonomy-item\">IIL<\/li><\/ul>        <div class=\"bde-loop-item__content ee-post-content\">\n            &nbsp; From Monday 20th April until the end of May, IIL, in collaboration with Eesti Uuringukeskus O\u00dc, will be conducting a satisfaction survey on bus routes in the counties of Harju, L\u00e4\u00e4ne, Rapla and L\u00e4\u00e4ne-Viru. We will be mapping passenger satisfaction regarding various aspects affecting the customer experience\u2026        <\/div>\n      \n      \n    <\/div>\n\n    <\/article>\n\n        <article class=\"bde-loop-item ee-post\">\n                <a class=\"bde-loop-item__image-link ee-post-image-link\" href=\"https:\/\/iil.ee\/en\/soiduplaanid\/muudatused-joelahtme-siseliinidel-j17-ja-j18-alates-20-aprillist\" aria-label=\"Changes to J\u00f5el\u00e4htme internal routes J17 and J18 from 20 April\">\n      <div class=\"bde-loop-item__image ee-post-image\">\n          <img loading=\"lazy\" decoding=\"async\" width=\"1920\" height=\"1080\" src=\"https:\/\/iil.ee\/wp-content\/uploads\/2025\/06\/Iil-1.jpg\" class=\"attachment-full size-full wp-post-image\" alt=\"\" srcset=\"https:\/\/iil.ee\/wp-content\/uploads\/2025\/06\/Iil-1.jpg 1920w, https:\/\/iil.ee\/wp-content\/uploads\/2025\/06\/Iil-1-300x169.jpg 300w, https:\/\/iil.ee\/wp-content\/uploads\/2025\/06\/Iil-1-1024x576.jpg 1024w, https:\/\/iil.ee\/wp-content\/uploads\/2025\/06\/Iil-1-768x432.jpg 768w, https:\/\/iil.ee\/wp-content\/uploads\/2025\/06\/Iil-1-1536x864.jpg 1536w, https:\/\/iil.ee\/wp-content\/uploads\/2025\/06\/Iil-1-18x10.jpg 18w\" sizes=\"auto, (max-width: 1920px) 100vw, 1920px\" \/>      <\/div>\n    <\/a>\n  \n      \n    <div class=\"bde-loop-item__wrap ee-post-wrap\">\n      \n          <h3 class=\"ee-post-title\">\n    <a class=\"bde-loop-item__title-link ee-post-title-link\" href=\"https:\/\/iil.ee\/en\/soiduplaanid\/muudatused-joelahtme-siseliinidel-j17-ja-j18-alates-20-aprillist\" >\n        Changes to J\u00f5el\u00e4htme internal routes J17 and J18 from 20 April    <\/a>\n    <\/h3>\n          <div class=\"bde-loop-item__post-meta ee-post-meta\">\n                                                    <span class=\"bde-loop-item__meta-date bde-loop-item__meta-item ee-post-meta-date ee-post-meta-item\">\n                                          13.04.26                                      <\/span>\n                                    \n        <\/div>\n      <ul class=\"bde-loop-item__post-tax ee-post-taxonomy\"><li class=\"bde-loop-item__tax-item ee-post-taxonomy-item\">Timetables<\/li><\/ul>        <div class=\"bde-loop-item__content ee-post-content\">\n            From 20.04.2026, the following changes will be made to the J\u00f5el\u00e4htme internal routes J17 and J18: Route J17 will operate on all school days, the timetable will not change. Service on route J18 will be discontinued.        <\/div>\n      \n      \n    <\/div>\n\n    <\/article>\n\n        <article class=\"bde-loop-item ee-post\">\n                <a class=\"bde-loop-item__image-link ee-post-image-link\" href=\"https:\/\/iil.ee\/en\/soiduplaanid\/raplamaa-uued-soiduplaanid\" aria-label=\"Raplamaa bus timetables from 13th April 2026\">\n      <div class=\"bde-loop-item__image ee-post-image\">\n          <img loading=\"lazy\" decoding=\"async\" width=\"1920\" height=\"1080\" src=\"https:\/\/iil.ee\/wp-content\/uploads\/2025\/06\/Iil-11.jpg\" class=\"attachment-full size-full wp-post-image\" alt=\"\" srcset=\"https:\/\/iil.ee\/wp-content\/uploads\/2025\/06\/Iil-11.jpg 1920w, https:\/\/iil.ee\/wp-content\/uploads\/2025\/06\/Iil-11-300x169.jpg 300w, https:\/\/iil.ee\/wp-content\/uploads\/2025\/06\/Iil-11-1024x576.jpg 1024w, https:\/\/iil.ee\/wp-content\/uploads\/2025\/06\/Iil-11-768x432.jpg 768w, https:\/\/iil.ee\/wp-content\/uploads\/2025\/06\/Iil-11-1536x864.jpg 1536w, https:\/\/iil.ee\/wp-content\/uploads\/2025\/06\/Iil-11-18x10.jpg 18w\" sizes=\"auto, (max-width: 1920px) 100vw, 1920px\" \/>      <\/div>\n    <\/a>\n  \n      \n    <div class=\"bde-loop-item__wrap ee-post-wrap\">\n      \n          <h3 class=\"ee-post-title\">\n    <a class=\"bde-loop-item__title-link ee-post-title-link\" href=\"https:\/\/iil.ee\/en\/soiduplaanid\/raplamaa-uued-soiduplaanid\" >\n        Raplamaa bus timetables from 13th April 2026    <\/a>\n    <\/h3>\n          <div class=\"bde-loop-item__post-meta ee-post-meta\">\n                                                    <span class=\"bde-loop-item__meta-date bde-loop-item__meta-item ee-post-meta-date ee-post-meta-item\">\n                                          02.04.26                                      <\/span>\n                                    \n        <\/div>\n      <ul class=\"bde-loop-item__post-tax ee-post-taxonomy\"><li class=\"bde-loop-item__tax-item ee-post-taxonomy-item\">Timetables<\/li><\/ul>        <div class=\"bde-loop-item__content ee-post-content\">\n            From 13 April 2026, the timetables for Raplamaa bus routes no. 20, 31 and 34 will change. The routes will have the following changes: Route 20 Rapla \u2013 Kehtna On weekdays, the bus departing from Rapla bus station at 08:20 will start\u2026        <\/div>\n      \n      \n    <\/div>\n\n    <\/article>\n\n    <\/div>\n<\/div>\n  <\/div>\n<\/div>\n\n<\/div><div class=\"bde-advanced-tabs-content-18-217 bde-advanced-tabs-content\">\n<div tabindex=\"0\" role=\"tabpanel\" class=\"bde-tabs__panel js-panel\" id=\"\" aria-labelledby=\"\">\n  <div class=\"bde-tabs__panel-content\">\n    <div class=\"bde-post-list-18-218 bde-post-list\">\n<div class=\"bde-loop bde-loop-grid ee-posts ee-posts-grid\">    <article class=\"bde-loop-item ee-post\">\n                <a class=\"bde-loop-item__image-link ee-post-image-link\" href=\"https:\/\/iil.ee\/en\/soiduplaanid\/keila-linnaliinide-uus-liikumistee\" aria-label=\"The routes of Keila&#039;s city lines K11, K12, and K14 will change from May 4, 2026\">\n      <div class=\"bde-loop-item__image ee-post-image\">\n          <img loading=\"lazy\" decoding=\"async\" width=\"1920\" height=\"1080\" src=\"https:\/\/iil.ee\/wp-content\/uploads\/2025\/11\/vlcsnap-2025-11-24-13h53m19s572.png\" class=\"attachment-full size-full wp-post-image\" alt=\"\" srcset=\"https:\/\/iil.ee\/wp-content\/uploads\/2025\/11\/vlcsnap-2025-11-24-13h53m19s572.png 1920w, https:\/\/iil.ee\/wp-content\/uploads\/2025\/11\/vlcsnap-2025-11-24-13h53m19s572-300x169.png 300w, https:\/\/iil.ee\/wp-content\/uploads\/2025\/11\/vlcsnap-2025-11-24-13h53m19s572-1024x576.png 1024w, https:\/\/iil.ee\/wp-content\/uploads\/2025\/11\/vlcsnap-2025-11-24-13h53m19s572-768x432.png 768w, https:\/\/iil.ee\/wp-content\/uploads\/2025\/11\/vlcsnap-2025-11-24-13h53m19s572-1536x864.png 1536w, https:\/\/iil.ee\/wp-content\/uploads\/2025\/11\/vlcsnap-2025-11-24-13h53m19s572-18x10.png 18w\" sizes=\"auto, (max-width: 1920px) 100vw, 1920px\" \/>      <\/div>\n    <\/a>\n  \n      \n    <div class=\"bde-loop-item__wrap ee-post-wrap\">\n      \n          <h3 class=\"ee-post-title\">\n    <a class=\"bde-loop-item__title-link ee-post-title-link\" href=\"https:\/\/iil.ee\/en\/soiduplaanid\/keila-linnaliinide-uus-liikumistee\" >\n        The routes of Keila's city lines K11, K12, and K14 will change from May 4, 2026    <\/a>\n    <\/h3>\n          <div class=\"bde-loop-item__post-meta ee-post-meta\">\n                                                    <span class=\"bde-loop-item__meta-date bde-loop-item__meta-item ee-post-meta-date ee-post-meta-item\">\n                                          28.04.26                                      <\/span>\n                                    \n        <\/div>\n      <ul class=\"bde-loop-item__post-tax ee-post-taxonomy\"><li class=\"bde-loop-item__tax-item ee-post-taxonomy-item\">Timetables<\/li><\/ul>        <div class=\"bde-loop-item__content ee-post-content\">\n            From Monday, 4 May 2026, the routes of Keila\u2019s local bus lines K11, K12, and K14 will change between the Keila Church and Luha bus stops. Buses will no longer travel via Tallinna maantee but will henceforth use in both directions...        <\/div>\n      \n      \n    <\/div>\n\n    <\/article>\n\n        <article class=\"bde-loop-item ee-post\">\n                <a class=\"bde-loop-item__image-link ee-post-image-link\" href=\"https:\/\/iil.ee\/en\/soiduplaanid\/maardus-suletakse-ajutiselt-keemikute-ja-orumetsa-tanava-ristmik-perioodil-06-05-08-05-2026\" aria-label=\"The intersection of Keemikute and Orumetsa streets in Maardu will be temporarily closed from 06.05\u201308.05.2026.\">\n      <div class=\"bde-loop-item__image ee-post-image\">\n          <img loading=\"lazy\" decoding=\"async\" width=\"1920\" height=\"1080\" src=\"https:\/\/iil.ee\/wp-content\/uploads\/2025\/06\/Iil-38.jpg\" class=\"attachment-full size-full wp-post-image\" alt=\"\" srcset=\"https:\/\/iil.ee\/wp-content\/uploads\/2025\/06\/Iil-38.jpg 1920w, https:\/\/iil.ee\/wp-content\/uploads\/2025\/06\/Iil-38-300x169.jpg 300w, https:\/\/iil.ee\/wp-content\/uploads\/2025\/06\/Iil-38-1024x576.jpg 1024w, https:\/\/iil.ee\/wp-content\/uploads\/2025\/06\/Iil-38-768x432.jpg 768w, https:\/\/iil.ee\/wp-content\/uploads\/2025\/06\/Iil-38-1536x864.jpg 1536w, https:\/\/iil.ee\/wp-content\/uploads\/2025\/06\/Iil-38-18x10.jpg 18w\" sizes=\"auto, (max-width: 1920px) 100vw, 1920px\" \/>      <\/div>\n    <\/a>\n  \n      \n    <div class=\"bde-loop-item__wrap ee-post-wrap\">\n      \n          <h3 class=\"ee-post-title\">\n    <a class=\"bde-loop-item__title-link ee-post-title-link\" href=\"https:\/\/iil.ee\/en\/soiduplaanid\/maardus-suletakse-ajutiselt-keemikute-ja-orumetsa-tanava-ristmik-perioodil-06-05-08-05-2026\" >\n        The intersection of Keemikute and Orumetsa streets in Maardu will be temporarily closed from 06.05\u201308.05.2026.    <\/a>\n    <\/h3>\n          <div class=\"bde-loop-item__post-meta ee-post-meta\">\n                                                    <span class=\"bde-loop-item__meta-date bde-loop-item__meta-item ee-post-meta-date ee-post-meta-item\">\n                                          28.04.26                                      <\/span>\n                                    \n        <\/div>\n      <ul class=\"bde-loop-item__post-tax ee-post-taxonomy\"><li class=\"bde-loop-item__tax-item ee-post-taxonomy-item\">Timetables<\/li><\/ul>        <div class=\"bde-loop-item__content ee-post-content\">\n            Due to the closure of the intersection of Keemikute and Orumetsa streets in the city of Maardu, bus routes will be temporarily diverted. The closure is planned from 6 May at 7:00 AM to 8 May at 11:00 PM. Bus routes 100, 101, 170, 171\u2026        <\/div>\n      \n      \n    <\/div>\n\n    <\/article>\n\n        <article class=\"bde-loop-item ee-post\">\n                <a class=\"bde-loop-item__image-link ee-post-image-link\" href=\"https:\/\/iil.ee\/en\/soiduplaanid\/liikluskorralduse-muudatus-laane-virumaal-2-mail-2026\" aria-label=\"Traffic management changes in L\u00e4\u00e4ne-Viru County on 2 May 2026\">\n      <div class=\"bde-loop-item__image ee-post-image\">\n          <img loading=\"lazy\" decoding=\"async\" width=\"1920\" height=\"1080\" src=\"https:\/\/iil.ee\/wp-content\/uploads\/2025\/06\/Iil-12.jpg\" class=\"attachment-full size-full wp-post-image\" alt=\"\" srcset=\"https:\/\/iil.ee\/wp-content\/uploads\/2025\/06\/Iil-12.jpg 1920w, https:\/\/iil.ee\/wp-content\/uploads\/2025\/06\/Iil-12-300x169.jpg 300w, https:\/\/iil.ee\/wp-content\/uploads\/2025\/06\/Iil-12-1024x576.jpg 1024w, https:\/\/iil.ee\/wp-content\/uploads\/2025\/06\/Iil-12-768x432.jpg 768w, https:\/\/iil.ee\/wp-content\/uploads\/2025\/06\/Iil-12-1536x864.jpg 1536w, https:\/\/iil.ee\/wp-content\/uploads\/2025\/06\/Iil-12-18x10.jpg 18w\" sizes=\"auto, (max-width: 1920px) 100vw, 1920px\" \/>      <\/div>\n    <\/a>\n  \n      \n    <div class=\"bde-loop-item__wrap ee-post-wrap\">\n      \n          <h3 class=\"ee-post-title\">\n    <a class=\"bde-loop-item__title-link ee-post-title-link\" href=\"https:\/\/iil.ee\/en\/soiduplaanid\/liikluskorralduse-muudatus-laane-virumaal-2-mail-2026\" >\n        Traffic management changes in L\u00e4\u00e4ne-Viru County on 2 May 2026    <\/a>\n    <\/h3>\n          <div class=\"bde-loop-item__post-meta ee-post-meta\">\n                                                    <span class=\"bde-loop-item__meta-date bde-loop-item__meta-item ee-post-meta-date ee-post-meta-item\">\n                                          22.04.26                                      <\/span>\n                                    \n        <\/div>\n      <ul class=\"bde-loop-item__post-tax ee-post-taxonomy\"><li class=\"bde-loop-item__tax-item ee-post-taxonomy-item\">Timetables<\/li><\/ul>        <div class=\"bde-loop-item__content ee-post-content\">\n            On the 2nd of May, the car event Drivestonia 2026 will take place in L\u00e4\u00e4ne-Viru county, in Vinni municipality, near Ulvi. In connection with the event, sections of the S\u00f5meru\u2013Kabala road and the Nurkse\u2013P\u00f5lula road will be closed between 9:00 AM and 2:00 PM. During the event, bus transport will be rerouted...        <\/div>\n      \n      \n    <\/div>\n\n    <\/article>\n\n        <article class=\"bde-loop-item ee-post\">\n                <a class=\"bde-loop-item__image-link ee-post-image-link\" href=\"https:\/\/iil.ee\/en\/iil\/iil-alustab-rahulolu-uuring-labiviimisega\" aria-label=\"IIL is starting to conduct a satisfaction survey\">\n      <div class=\"bde-loop-item__image ee-post-image\">\n          <img loading=\"lazy\" decoding=\"async\" width=\"1920\" height=\"1080\" src=\"https:\/\/iil.ee\/wp-content\/uploads\/2025\/06\/Iil-2.jpg\" class=\"attachment-full size-full wp-post-image\" alt=\"\" srcset=\"https:\/\/iil.ee\/wp-content\/uploads\/2025\/06\/Iil-2.jpg 1920w, https:\/\/iil.ee\/wp-content\/uploads\/2025\/06\/Iil-2-300x169.jpg 300w, https:\/\/iil.ee\/wp-content\/uploads\/2025\/06\/Iil-2-1024x576.jpg 1024w, https:\/\/iil.ee\/wp-content\/uploads\/2025\/06\/Iil-2-768x432.jpg 768w, https:\/\/iil.ee\/wp-content\/uploads\/2025\/06\/Iil-2-1536x864.jpg 1536w, https:\/\/iil.ee\/wp-content\/uploads\/2025\/06\/Iil-2-18x10.jpg 18w\" sizes=\"auto, (max-width: 1920px) 100vw, 1920px\" \/>      <\/div>\n    <\/a>\n  \n      \n    <div class=\"bde-loop-item__wrap ee-post-wrap\">\n      \n          <h3 class=\"ee-post-title\">\n    <a class=\"bde-loop-item__title-link ee-post-title-link\" href=\"https:\/\/iil.ee\/en\/iil\/iil-alustab-rahulolu-uuring-labiviimisega\" >\n        IIL is starting to conduct a satisfaction survey    <\/a>\n    <\/h3>\n          <div class=\"bde-loop-item__post-meta ee-post-meta\">\n                                                    <span class=\"bde-loop-item__meta-date bde-loop-item__meta-item ee-post-meta-date ee-post-meta-item\">\n                                          17.04.26                                      <\/span>\n                                    \n        <\/div>\n      <ul class=\"bde-loop-item__post-tax ee-post-taxonomy\"><li class=\"bde-loop-item__tax-item ee-post-taxonomy-item\">IIL<\/li><\/ul>        <div class=\"bde-loop-item__content ee-post-content\">\n            &nbsp; From Monday 20th April until the end of May, IIL, in collaboration with Eesti Uuringukeskus O\u00dc, will be conducting a satisfaction survey on bus routes in the counties of Harju, L\u00e4\u00e4ne, Rapla and L\u00e4\u00e4ne-Viru. We will be mapping passenger satisfaction regarding various aspects affecting the customer experience\u2026        <\/div>\n      \n      \n    <\/div>\n\n    <\/article>\n\n        <article class=\"bde-loop-item ee-post\">\n                <a class=\"bde-loop-item__image-link ee-post-image-link\" href=\"https:\/\/iil.ee\/en\/soiduplaanid\/muudatused-joelahtme-siseliinidel-j17-ja-j18-alates-20-aprillist\" aria-label=\"Changes to J\u00f5el\u00e4htme internal routes J17 and J18 from 20 April\">\n      <div class=\"bde-loop-item__image ee-post-image\">\n          <img loading=\"lazy\" decoding=\"async\" width=\"1920\" height=\"1080\" src=\"https:\/\/iil.ee\/wp-content\/uploads\/2025\/06\/Iil-1.jpg\" class=\"attachment-full size-full wp-post-image\" alt=\"\" srcset=\"https:\/\/iil.ee\/wp-content\/uploads\/2025\/06\/Iil-1.jpg 1920w, https:\/\/iil.ee\/wp-content\/uploads\/2025\/06\/Iil-1-300x169.jpg 300w, https:\/\/iil.ee\/wp-content\/uploads\/2025\/06\/Iil-1-1024x576.jpg 1024w, https:\/\/iil.ee\/wp-content\/uploads\/2025\/06\/Iil-1-768x432.jpg 768w, https:\/\/iil.ee\/wp-content\/uploads\/2025\/06\/Iil-1-1536x864.jpg 1536w, https:\/\/iil.ee\/wp-content\/uploads\/2025\/06\/Iil-1-18x10.jpg 18w\" sizes=\"auto, (max-width: 1920px) 100vw, 1920px\" \/>      <\/div>\n    <\/a>\n  \n      \n    <div class=\"bde-loop-item__wrap ee-post-wrap\">\n      \n          <h3 class=\"ee-post-title\">\n    <a class=\"bde-loop-item__title-link ee-post-title-link\" href=\"https:\/\/iil.ee\/en\/soiduplaanid\/muudatused-joelahtme-siseliinidel-j17-ja-j18-alates-20-aprillist\" >\n        Changes to J\u00f5el\u00e4htme internal routes J17 and J18 from 20 April    <\/a>\n    <\/h3>\n          <div class=\"bde-loop-item__post-meta ee-post-meta\">\n                                                    <span class=\"bde-loop-item__meta-date bde-loop-item__meta-item ee-post-meta-date ee-post-meta-item\">\n                                          13.04.26                                      <\/span>\n                                    \n        <\/div>\n      <ul class=\"bde-loop-item__post-tax ee-post-taxonomy\"><li class=\"bde-loop-item__tax-item ee-post-taxonomy-item\">Timetables<\/li><\/ul>        <div class=\"bde-loop-item__content ee-post-content\">\n            From 20.04.2026, the following changes will be made to the J\u00f5el\u00e4htme internal routes J17 and J18: Route J17 will operate on all school days, the timetable will not change. Service on route J18 will be discontinued.        <\/div>\n      \n      \n    <\/div>\n\n    <\/article>\n\n        <article class=\"bde-loop-item ee-post\">\n                <a class=\"bde-loop-item__image-link ee-post-image-link\" href=\"https:\/\/iil.ee\/en\/soiduplaanid\/raplamaa-uued-soiduplaanid\" aria-label=\"Raplamaa bus timetables from 13th April 2026\">\n      <div class=\"bde-loop-item__image ee-post-image\">\n          <img loading=\"lazy\" decoding=\"async\" width=\"1920\" height=\"1080\" src=\"https:\/\/iil.ee\/wp-content\/uploads\/2025\/06\/Iil-11.jpg\" class=\"attachment-full size-full wp-post-image\" alt=\"\" srcset=\"https:\/\/iil.ee\/wp-content\/uploads\/2025\/06\/Iil-11.jpg 1920w, https:\/\/iil.ee\/wp-content\/uploads\/2025\/06\/Iil-11-300x169.jpg 300w, https:\/\/iil.ee\/wp-content\/uploads\/2025\/06\/Iil-11-1024x576.jpg 1024w, https:\/\/iil.ee\/wp-content\/uploads\/2025\/06\/Iil-11-768x432.jpg 768w, https:\/\/iil.ee\/wp-content\/uploads\/2025\/06\/Iil-11-1536x864.jpg 1536w, https:\/\/iil.ee\/wp-content\/uploads\/2025\/06\/Iil-11-18x10.jpg 18w\" sizes=\"auto, (max-width: 1920px) 100vw, 1920px\" \/>      <\/div>\n    <\/a>\n  \n      \n    <div class=\"bde-loop-item__wrap ee-post-wrap\">\n      \n          <h3 class=\"ee-post-title\">\n    <a class=\"bde-loop-item__title-link ee-post-title-link\" href=\"https:\/\/iil.ee\/en\/soiduplaanid\/raplamaa-uued-soiduplaanid\" >\n        Raplamaa bus timetables from 13th April 2026    <\/a>\n    <\/h3>\n          <div class=\"bde-loop-item__post-meta ee-post-meta\">\n                                                    <span class=\"bde-loop-item__meta-date bde-loop-item__meta-item ee-post-meta-date ee-post-meta-item\">\n                                          02.04.26                                      <\/span>\n                                    \n        <\/div>\n      <ul class=\"bde-loop-item__post-tax ee-post-taxonomy\"><li class=\"bde-loop-item__tax-item ee-post-taxonomy-item\">Timetables<\/li><\/ul>        <div class=\"bde-loop-item__content ee-post-content\">\n            From 13 April 2026, the timetables for Raplamaa bus routes no. 20, 31 and 34 will change. The routes will have the following changes: Route 20 Rapla \u2013 Kehtna On weekdays, the bus departing from Rapla bus station at 08:20 will start\u2026        <\/div>\n      \n      \n    <\/div>\n\n    <\/article>\n\n    <\/div>\n<\/div>\n  <\/div>\n<\/div>\n\n<\/div>\n<\/div>\n\n\n<\/div><div class=\"bde-button-18-224 bde-button\">\n    \n                                    \n    \n    \n    \n    \n            \n                    \n            \n            \n\n    \n    \n    \n    \n    \n    <a class=\"breakdance-link button-atom button-atom--custom bde-button__button\" href=\"https:\/\/iil.ee\/en\/news\/\" target=\"_self\" data-type=\"url\"  >\n\n    \n        <span class=\"button-atom__text\">Read all news<\/span>\n\n        \n        \n                <\/a>\n\n    \n\n\n<\/div><\/div>\n<\/section>","protected":false},"excerpt":{"rendered":"","protected":false},"author":2,"featured_media":0,"parent":0,"menu_order":0,"comment_status":"closed","ping_status":"closed","template":"","meta":{"_acf_changed":false,"_breakdance_hide_in_design_set":false,"_breakdance_tags":"","footnotes":""},"class_list":["post-18","page","type-page","status-publish","hentry"],"acf":[],"publishpress_future_action":{"enabled":false,"date":"2026-05-09 03:59:11","action":"change-status","newStatus":"draft","terms":[],"taxonomy":"","extraData":[]},"publishpress_future_workflow_manual_trigger":{"enabledWorkflows":[]},"_links":{"self":[{"href":"https:\/\/iil.ee\/en\/wp-json\/wp\/v2\/pages\/18","targetHints":{"allow":["GET"]}}],"collection":[{"href":"https:\/\/iil.ee\/en\/wp-json\/wp\/v2\/pages"}],"about":[{"href":"https:\/\/iil.ee\/en\/wp-json\/wp\/v2\/types\/page"}],"author":[{"embeddable":true,"href":"https:\/\/iil.ee\/en\/wp-json\/wp\/v2\/users\/2"}],"replies":[{"embeddable":true,"href":"https:\/\/iil.ee\/en\/wp-json\/wp\/v2\/comments?post=18"}],"version-history":[{"count":194,"href":"https:\/\/iil.ee\/en\/wp-json\/wp\/v2\/pages\/18\/revisions"}],"predecessor-version":[{"id":2036,"href":"https:\/\/iil.ee\/en\/wp-json\/wp\/v2\/pages\/18\/revisions\/2036"}],"wp:attachment":[{"href":"https:\/\/iil.ee\/en\/wp-json\/wp\/v2\/media?parent=18"}],"curies":[{"name":"wp","href":"https:\/\/api.w.org\/{rel}","templated":true}]}}